{"id":1078,"date":"2020-09-05T12:11:10","date_gmt":"2020-09-05T12:11:10","guid":{"rendered":"https:\/\/konrad-vetter.ch\/dervetter\/?page_id=1078"},"modified":"2020-10-11T17:07:55","modified_gmt":"2020-10-11T17:07:55","slug":"1984-2","status":"publish","type":"page","link":"https:\/\/konrad-vetter.ch\/dervetter\/1984-2\/","title":{"rendered":"1984"},"content":{"rendered":"\t\t<div data-elementor-type=\"wp-page\" data-elementor-id=\"1078\" class=\"elementor elementor-1078\">\n\t\t\t\t\t\t<div class=\"elementor-inner\">\n\t\t\t\t<div class=\"elementor-section-wrap\">\n\t\t\t\t\t\t\t\t\t<section class=\"elementor-section elementor-top-section elementor-element elementor-element-55bf12ff elementor-section-boxed elementor-section-height-default elementor-section-height-default\" data-id=\"55bf12ff\" data-element_type=\"section\">\n\t\t\t\t\t\t<div class=\"elementor-container elementor-column-gap-default\">\n\t\t\t\t\t\t\t<div class=\"elementor-row\">\n\t\t\t\t\t<div class=\"elementor-column elementor-col-100 elementor-top-column elementor-element elementor-element-66ebfb8d\" data-id=\"66ebfb8d\" data-element_type=\"column\">\n\t\t\t<div class=\"elementor-column-wrap elementor-element-populated\">\n\t\t\t\t\t\t\t<div class=\"elementor-widget-wrap\">\n\t\t\t\t\t\t<div class=\"elementor-element elementor-element-3ec25f15 elementor-widget elementor-widget-heading\" data-id=\"3ec25f15\" data-element_type=\"widget\" data-widget_type=\"heading.default\">\n\t\t\t\t<div class=\"elementor-widget-container\">\n\t\t\t<h2 class=\"elementor-heading-title elementor-size-default\">1984<\/h2>\t\t<\/div>\n\t\t\t\t<\/div>\n\t\t\t\t\t\t<\/div>\n\t\t\t\t\t<\/div>\n\t\t<\/div>\n\t\t\t\t\t\t\t\t<\/div>\n\t\t\t\t\t<\/div>\n\t\t<\/section>\n\t\t\t\t<section class=\"elementor-section elementor-top-section elementor-element elementor-element-d19b815 elementor-section-boxed elementor-section-height-default elementor-section-height-default\" data-id=\"d19b815\" data-element_type=\"section\">\n\t\t\t\t\t\t<div class=\"elementor-container elementor-column-gap-default\">\n\t\t\t\t\t\t\t<div class=\"elementor-row\">\n\t\t\t\t\t<div class=\"elementor-column elementor-col-100 elementor-top-column elementor-element elementor-element-2db8b6d\" data-id=\"2db8b6d\" data-element_type=\"column\">\n\t\t\t<div class=\"elementor-column-wrap elementor-element-populated\">\n\t\t\t\t\t\t\t<div class=\"elementor-widget-wrap\">\n\t\t\t\t\t\t<div class=\"elementor-element elementor-element-17c6cb3 elementor-widget elementor-widget-image-gallery\" data-id=\"17c6cb3\" data-element_type=\"widget\" data-widget_type=\"image-gallery.default\">\n\t\t\t\t<div class=\"elementor-widget-container\">\n\t\t\t\t\t<div class=\"elementor-image-gallery\">\n\t\t\t\n\t\t<style type=\"text\/css\">\n\t\t\t#gallery-1 {\n\t\t\t\tmargin: auto;\n\t\t\t}\n\t\t\t#gallery-1 .gallery-item {\n\t\t\t\tfloat: left;\n\t\t\t\tmargin-top: 10px;\n\t\t\t\ttext-align: center;\n\t\t\t\twidth: 33%;\n\t\t\t}\n\t\t\t#gallery-1 img {\n\t\t\t\tborder: 2px solid #cfcfcf;\n\t\t\t}\n\t\t\t#gallery-1 .gallery-caption {\n\t\t\t\tmargin-left: 0;\n\t\t\t}\n\t\t\t\/* see gallery_shortcode() in wp-includes\/media.php *\/\n\t\t<\/style>\n\t\t<div id='gallery-1' class='gallery galleryid-1078 gallery-columns-3 gallery-size-medium'><dl class='gallery-item'>\n\t\t\t<dt class='gallery-icon portrait'>\n\t\t\t\t<a data-elementor-open-lightbox=\"yes\" data-elementor-lightbox-slideshow=\"17c6cb3\" data-elementor-lightbox-title=\"Farbiges Dreieck (Vorstudie)\" data-elementor-lightbox-description=\"Bleistift und Filzstift\" e-action-hash=\"#elementor-action%3Aaction%3Dlightbox%26settings%3DeyJpZCI6OTg0LCJ1cmwiOiJodHRwczpcL1wva29ucmFkLXZldHRlci5jaFwvZGVydmV0dGVyXC93cC1jb250ZW50XC91cGxvYWRzXC8yMDIwXC8wOVwvMDkwX0ZhcmJEcmVpZWNrVm9yc3R1ZGllLmpwZyIsInNsaWRlc2hvdyI6IjE3YzZjYjMifQ%3D%3D\" href='https:\/\/konrad-vetter.ch\/dervetter\/wp-content\/uploads\/2020\/09\/090_FarbDreieckVorstudie.jpg'><img width=\"288\" height=\"300\" src=\"https:\/\/konrad-vetter.ch\/dervetter\/wp-content\/uploads\/2020\/09\/090_FarbDreieckVorstudie-288x300.jpg\" class=\"attachment-medium size-medium\" alt=\"\" loading=\"lazy\" aria-describedby=\"gallery-1-984\" srcset=\"https:\/\/konrad-vetter.ch\/dervetter\/wp-content\/uploads\/2020\/09\/090_FarbDreieckVorstudie-288x300.jpg 288w, https:\/\/konrad-vetter.ch\/dervetter\/wp-content\/uploads\/2020\/09\/090_FarbDreieckVorstudie-984x1024.jpg 984w, https:\/\/konrad-vetter.ch\/dervetter\/wp-content\/uploads\/2020\/09\/090_FarbDreieckVorstudie-768x800.jpg 768w, https:\/\/konrad-vetter.ch\/dervetter\/wp-content\/uploads\/2020\/09\/090_FarbDreieckVorstudie-1475x1536.jpg 1475w, https:\/\/konrad-vetter.ch\/dervetter\/wp-content\/uploads\/2020\/09\/090_FarbDreieckVorstudie.jpg 1898w\" sizes=\"(max-width: 288px) 100vw, 288px\" \/><\/a>\n\t\t\t<\/dt>\n\t\t\t\t<dd class='wp-caption-text gallery-caption' id='gallery-1-984'>\n\t\t\t\tFarbiges Dreieck (Vorstudie)\n\t\t\t\t<\/dd><\/dl><dl class='gallery-item'>\n\t\t\t<dt class='gallery-icon landscape'>\n\t\t\t\t<a data-elementor-open-lightbox=\"yes\" data-elementor-lightbox-slideshow=\"17c6cb3\" data-elementor-lightbox-title=\"Farbiges Dreieck\" data-elementor-lightbox-description=\"Bleistift und Filzstift\" e-action-hash=\"#elementor-action%3Aaction%3Dlightbox%26settings%3DeyJpZCI6OTgzLCJ1cmwiOiJodHRwczpcL1wva29ucmFkLXZldHRlci5jaFwvZGVydmV0dGVyXC93cC1jb250ZW50XC91cGxvYWRzXC8yMDIwXC8wOVwvMDkyX0ZhcmJEcmVpZWNrLmpwZyIsInNsaWRlc2hvdyI6IjE3YzZjYjMifQ%3D%3D\" href='https:\/\/konrad-vetter.ch\/dervetter\/wp-content\/uploads\/2020\/09\/092_FarbDreieck.jpg'><img width=\"300\" height=\"267\" src=\"https:\/\/konrad-vetter.ch\/dervetter\/wp-content\/uploads\/2020\/09\/092_FarbDreieck-300x267.jpg\" class=\"attachment-medium size-medium\" alt=\"\" loading=\"lazy\" aria-describedby=\"gallery-1-983\" srcset=\"https:\/\/konrad-vetter.ch\/dervetter\/wp-content\/uploads\/2020\/09\/092_FarbDreieck-300x267.jpg 300w, https:\/\/konrad-vetter.ch\/dervetter\/wp-content\/uploads\/2020\/09\/092_FarbDreieck-1024x912.jpg 1024w, https:\/\/konrad-vetter.ch\/dervetter\/wp-content\/uploads\/2020\/09\/092_FarbDreieck-768x684.jpg 768w, https:\/\/konrad-vetter.ch\/dervetter\/wp-content\/uploads\/2020\/09\/092_FarbDreieck-1536x1368.jpg 1536w, https:\/\/konrad-vetter.ch\/dervetter\/wp-content\/uploads\/2020\/09\/092_FarbDreieck-2048x1824.jpg 2048w\" sizes=\"(max-width: 300px) 100vw, 300px\" \/><\/a>\n\t\t\t<\/dt>\n\t\t\t\t<dd class='wp-caption-text gallery-caption' id='gallery-1-983'>\n\t\t\t\tFarbiges Dreieck\n\t\t\t\t<\/dd><\/dl><dl class='gallery-item'>\n\t\t\t<dt class='gallery-icon landscape'>\n\t\t\t\t<a data-elementor-open-lightbox=\"yes\" data-elementor-lightbox-slideshow=\"17c6cb3\" data-elementor-lightbox-title=\"Mao I\" data-elementor-lightbox-description=\"Wasserfarben, Collage\" e-action-hash=\"#elementor-action%3Aaction%3Dlightbox%26settings%3DeyJpZCI6OTgyLCJ1cmwiOiJodHRwczpcL1wva29ucmFkLXZldHRlci5jaFwvZGVydmV0dGVyXC93cC1jb250ZW50XC91cGxvYWRzXC8yMDIwXC8wOVwvMDAxX01hb18xLXNjYWxlZC5qcGciLCJzbGlkZXNob3ciOiIxN2M2Y2IzIn0%3D\" href='https:\/\/konrad-vetter.ch\/dervetter\/wp-content\/uploads\/2020\/09\/001_Mao_1-scaled.jpg'><img width=\"300\" height=\"228\" src=\"https:\/\/konrad-vetter.ch\/dervetter\/wp-content\/uploads\/2020\/09\/001_Mao_1-300x228.jpg\" class=\"attachment-medium size-medium\" alt=\"\" loading=\"lazy\" aria-describedby=\"gallery-1-982\" srcset=\"https:\/\/konrad-vetter.ch\/dervetter\/wp-content\/uploads\/2020\/09\/001_Mao_1-300x228.jpg 300w, https:\/\/konrad-vetter.ch\/dervetter\/wp-content\/uploads\/2020\/09\/001_Mao_1-1024x778.jpg 1024w, https:\/\/konrad-vetter.ch\/dervetter\/wp-content\/uploads\/2020\/09\/001_Mao_1-768x583.jpg 768w, https:\/\/konrad-vetter.ch\/dervetter\/wp-content\/uploads\/2020\/09\/001_Mao_1-1536x1166.jpg 1536w, https:\/\/konrad-vetter.ch\/dervetter\/wp-content\/uploads\/2020\/09\/001_Mao_1-2048x1555.jpg 2048w\" sizes=\"(max-width: 300px) 100vw, 300px\" \/><\/a>\n\t\t\t<\/dt>\n\t\t\t\t<dd class='wp-caption-text gallery-caption' id='gallery-1-982'>\n\t\t\t\tMao I\n\n\t\t\t\t<\/dd><\/dl><br style=\"clear: both\" \/><dl class='gallery-item'>\n\t\t\t<dt class='gallery-icon portrait'>\n\t\t\t\t<a data-elementor-open-lightbox=\"yes\" data-elementor-lightbox-slideshow=\"17c6cb3\" data-elementor-lightbox-title=\"Mao II\" data-elementor-lightbox-description=\"Wasserfarben, Collage\" e-action-hash=\"#elementor-action%3Aaction%3Dlightbox%26settings%3DeyJpZCI6OTc4LCJ1cmwiOiJodHRwczpcL1wva29ucmFkLXZldHRlci5jaFwvZGVydmV0dGVyXC93cC1jb250ZW50XC91cGxvYWRzXC8yMDIwXC8wOVwvMDAyX01hb18yLmpwZyIsInNsaWRlc2hvdyI6IjE3YzZjYjMifQ%3D%3D\" href='https:\/\/konrad-vetter.ch\/dervetter\/wp-content\/uploads\/2020\/09\/002_Mao_2.jpg'><img width=\"251\" height=\"300\" src=\"https:\/\/konrad-vetter.ch\/dervetter\/wp-content\/uploads\/2020\/09\/002_Mao_2-251x300.jpg\" class=\"attachment-medium size-medium\" alt=\"\" loading=\"lazy\" aria-describedby=\"gallery-1-978\" srcset=\"https:\/\/konrad-vetter.ch\/dervetter\/wp-content\/uploads\/2020\/09\/002_Mao_2-251x300.jpg 251w, https:\/\/konrad-vetter.ch\/dervetter\/wp-content\/uploads\/2020\/09\/002_Mao_2-858x1024.jpg 858w, https:\/\/konrad-vetter.ch\/dervetter\/wp-content\/uploads\/2020\/09\/002_Mao_2-768x917.jpg 768w, https:\/\/konrad-vetter.ch\/dervetter\/wp-content\/uploads\/2020\/09\/002_Mao_2.jpg 1282w\" sizes=\"(max-width: 251px) 100vw, 251px\" \/><\/a>\n\t\t\t<\/dt>\n\t\t\t\t<dd class='wp-caption-text gallery-caption' id='gallery-1-978'>\n\t\t\t\tMao II\n\n\t\t\t\t<\/dd><\/dl><dl class='gallery-item'>\n\t\t\t<dt class='gallery-icon portrait'>\n\t\t\t\t<a data-elementor-open-lightbox=\"yes\" data-elementor-lightbox-slideshow=\"17c6cb3\" data-elementor-lightbox-title=\"Mao III\" data-elementor-lightbox-description=\"Wasserfarben, Collage\" e-action-hash=\"#elementor-action%3Aaction%3Dlightbox%26settings%3DeyJpZCI6OTgwLCJ1cmwiOiJodHRwczpcL1wva29ucmFkLXZldHRlci5jaFwvZGVydmV0dGVyXC93cC1jb250ZW50XC91cGxvYWRzXC8yMDIwXC8wOVwvMDA0X01hb18zLmpwZyIsInNsaWRlc2hvdyI6IjE3YzZjYjMifQ%3D%3D\" href='https:\/\/konrad-vetter.ch\/dervetter\/wp-content\/uploads\/2020\/09\/004_Mao_3.jpg'><img width=\"297\" height=\"300\" src=\"https:\/\/konrad-vetter.ch\/dervetter\/wp-content\/uploads\/2020\/09\/004_Mao_3-297x300.jpg\" class=\"attachment-medium size-medium\" alt=\"\" loading=\"lazy\" aria-describedby=\"gallery-1-980\" srcset=\"https:\/\/konrad-vetter.ch\/dervetter\/wp-content\/uploads\/2020\/09\/004_Mao_3-297x300.jpg 297w, https:\/\/konrad-vetter.ch\/dervetter\/wp-content\/uploads\/2020\/09\/004_Mao_3-1012x1024.jpg 1012w, https:\/\/konrad-vetter.ch\/dervetter\/wp-content\/uploads\/2020\/09\/004_Mao_3-768x777.jpg 768w, https:\/\/konrad-vetter.ch\/dervetter\/wp-content\/uploads\/2020\/09\/004_Mao_3.jpg 1383w\" sizes=\"(max-width: 297px) 100vw, 297px\" \/><\/a>\n\t\t\t<\/dt>\n\t\t\t\t<dd class='wp-caption-text gallery-caption' id='gallery-1-980'>\n\t\t\t\tMao III\n\n\t\t\t\t<\/dd><\/dl><dl class='gallery-item'>\n\t\t\t<dt class='gallery-icon landscape'>\n\t\t\t\t<a data-elementor-open-lightbox=\"yes\" data-elementor-lightbox-slideshow=\"17c6cb3\" data-elementor-lightbox-title=\"Zusammengef\u00fcgtes Quadrat IV\" data-elementor-lightbox-description=\"Gouache auf Papier geklebt\" e-action-hash=\"#elementor-action%3Aaction%3Dlightbox%26settings%3DeyJpZCI6OTcxLCJ1cmwiOiJodHRwczpcL1wva29ucmFkLXZldHRlci5jaFwvZGVydmV0dGVyXC93cC1jb250ZW50XC91cGxvYWRzXC8yMDIwXC8wOVwvMTI2X1F1YWRyYXRfenVzYW1tZW5fNC5qcGciLCJzbGlkZXNob3ciOiIxN2M2Y2IzIn0%3D\" href='https:\/\/konrad-vetter.ch\/dervetter\/wp-content\/uploads\/2020\/09\/126_Quadrat_zusammen_4.jpg'><img width=\"300\" height=\"291\" src=\"https:\/\/konrad-vetter.ch\/dervetter\/wp-content\/uploads\/2020\/09\/126_Quadrat_zusammen_4-300x291.jpg\" class=\"attachment-medium size-medium\" alt=\"\" loading=\"lazy\" aria-describedby=\"gallery-1-971\" srcset=\"https:\/\/konrad-vetter.ch\/dervetter\/wp-content\/uploads\/2020\/09\/126_Quadrat_zusammen_4-300x291.jpg 300w, https:\/\/konrad-vetter.ch\/dervetter\/wp-content\/uploads\/2020\/09\/126_Quadrat_zusammen_4-1024x993.jpg 1024w, https:\/\/konrad-vetter.ch\/dervetter\/wp-content\/uploads\/2020\/09\/126_Quadrat_zusammen_4-768x745.jpg 768w, https:\/\/konrad-vetter.ch\/dervetter\/wp-content\/uploads\/2020\/09\/126_Quadrat_zusammen_4-1536x1489.jpg 1536w, https:\/\/konrad-vetter.ch\/dervetter\/wp-content\/uploads\/2020\/09\/126_Quadrat_zusammen_4-2048x1986.jpg 2048w\" sizes=\"(max-width: 300px) 100vw, 300px\" \/><\/a>\n\t\t\t<\/dt>\n\t\t\t\t<dd class='wp-caption-text gallery-caption' id='gallery-1-971'>\n\t\t\t\tZusammengef\u00fcgtes Quadrat IV\n\t\t\t\t<\/dd><\/dl><br style=\"clear: both\" \/><dl class='gallery-item'>\n\t\t\t<dt class='gallery-icon portrait'>\n\t\t\t\t<a data-elementor-open-lightbox=\"yes\" data-elementor-lightbox-slideshow=\"17c6cb3\" data-elementor-lightbox-title=\"13 zusammengef\u00fcgte Quadrate\" data-elementor-lightbox-description=\"Bleistift und Filzstift auf Papier geklebt\" e-action-hash=\"#elementor-action%3Aaction%3Dlightbox%26settings%3DeyJpZCI6OTcwLCJ1cmwiOiJodHRwczpcL1wva29ucmFkLXZldHRlci5jaFwvZGVydmV0dGVyXC93cC1jb250ZW50XC91cGxvYWRzXC8yMDIwXC8wOVwvMTI1X1F1YWRyYXRlXzEzX3p1c2FtbWVuXzEuanBnIiwic2xpZGVzaG93IjoiMTdjNmNiMyJ9\" href='https:\/\/konrad-vetter.ch\/dervetter\/wp-content\/uploads\/2020\/09\/125_Quadrate_13_zusammen_1.jpg'><img width=\"233\" height=\"300\" src=\"https:\/\/konrad-vetter.ch\/dervetter\/wp-content\/uploads\/2020\/09\/125_Quadrate_13_zusammen_1-233x300.jpg\" class=\"attachment-medium size-medium\" alt=\"\" loading=\"lazy\" aria-describedby=\"gallery-1-970\" srcset=\"https:\/\/konrad-vetter.ch\/dervetter\/wp-content\/uploads\/2020\/09\/125_Quadrate_13_zusammen_1-233x300.jpg 233w, https:\/\/konrad-vetter.ch\/dervetter\/wp-content\/uploads\/2020\/09\/125_Quadrate_13_zusammen_1-794x1024.jpg 794w, https:\/\/konrad-vetter.ch\/dervetter\/wp-content\/uploads\/2020\/09\/125_Quadrate_13_zusammen_1-768x991.jpg 768w, https:\/\/konrad-vetter.ch\/dervetter\/wp-content\/uploads\/2020\/09\/125_Quadrate_13_zusammen_1-1191x1536.jpg 1191w, https:\/\/konrad-vetter.ch\/dervetter\/wp-content\/uploads\/2020\/09\/125_Quadrate_13_zusammen_1-1588x2048.jpg 1588w, https:\/\/konrad-vetter.ch\/dervetter\/wp-content\/uploads\/2020\/09\/125_Quadrate_13_zusammen_1.jpg 1888w\" sizes=\"(max-width: 233px) 100vw, 233px\" \/><\/a>\n\t\t\t<\/dt>\n\t\t\t\t<dd class='wp-caption-text gallery-caption' id='gallery-1-970'>\n\t\t\t\t13 zusammengef\u00fcgte Quadrate\n\t\t\t\t<\/dd><\/dl><dl class='gallery-item'>\n\t\t\t<dt class='gallery-icon portrait'>\n\t\t\t\t<a data-elementor-open-lightbox=\"yes\" data-elementor-lightbox-slideshow=\"17c6cb3\" data-elementor-lightbox-title=\"13 zusammengef\u00fcgte Quadrate\" data-elementor-lightbox-description=\"Bleistift und Filzstift auf Papier geklebt\" e-action-hash=\"#elementor-action%3Aaction%3Dlightbox%26settings%3DeyJpZCI6OTY5LCJ1cmwiOiJodHRwczpcL1wva29ucmFkLXZldHRlci5jaFwvZGVydmV0dGVyXC93cC1jb250ZW50XC91cGxvYWRzXC8yMDIwXC8wOVwvMTI0X1F1YWRyYXRlXzEzX3p1c2FtbWVuLmpwZyIsInNsaWRlc2hvdyI6IjE3YzZjYjMifQ%3D%3D\" href='https:\/\/konrad-vetter.ch\/dervetter\/wp-content\/uploads\/2020\/09\/124_Quadrate_13_zusammen.jpg'><img width=\"234\" height=\"300\" src=\"https:\/\/konrad-vetter.ch\/dervetter\/wp-content\/uploads\/2020\/09\/124_Quadrate_13_zusammen-234x300.jpg\" class=\"attachment-medium size-medium\" alt=\"\" loading=\"lazy\" aria-describedby=\"gallery-1-969\" srcset=\"https:\/\/konrad-vetter.ch\/dervetter\/wp-content\/uploads\/2020\/09\/124_Quadrate_13_zusammen-234x300.jpg 234w, https:\/\/konrad-vetter.ch\/dervetter\/wp-content\/uploads\/2020\/09\/124_Quadrate_13_zusammen-797x1024.jpg 797w, https:\/\/konrad-vetter.ch\/dervetter\/wp-content\/uploads\/2020\/09\/124_Quadrate_13_zusammen-768x987.jpg 768w, https:\/\/konrad-vetter.ch\/dervetter\/wp-content\/uploads\/2020\/09\/124_Quadrate_13_zusammen-1196x1536.jpg 1196w, https:\/\/konrad-vetter.ch\/dervetter\/wp-content\/uploads\/2020\/09\/124_Quadrate_13_zusammen-1594x2048.jpg 1594w, https:\/\/konrad-vetter.ch\/dervetter\/wp-content\/uploads\/2020\/09\/124_Quadrate_13_zusammen.jpg 1891w\" sizes=\"(max-width: 234px) 100vw, 234px\" \/><\/a>\n\t\t\t<\/dt>\n\t\t\t\t<dd class='wp-caption-text gallery-caption' id='gallery-1-969'>\n\t\t\t\t13 zusammengef\u00fcgte Quadrate\n\t\t\t\t<\/dd><\/dl><dl class='gallery-item'>\n\t\t\t<dt class='gallery-icon portrait'>\n\t\t\t\t<a data-elementor-open-lightbox=\"yes\" data-elementor-lightbox-slideshow=\"17c6cb3\" data-elementor-lightbox-title=\"Zusammengef\u00fcgtes Quadrat I\" data-elementor-lightbox-description=\"Bleistift und Filzstift auf Papier geklebt\" e-action-hash=\"#elementor-action%3Aaction%3Dlightbox%26settings%3DeyJpZCI6OTY2LCJ1cmwiOiJodHRwczpcL1wva29ucmFkLXZldHRlci5jaFwvZGVydmV0dGVyXC93cC1jb250ZW50XC91cGxvYWRzXC8yMDIwXC8wOVwvMTIwX1F1YWRyYXRfenVzYW1tZW5fMS5qcGciLCJzbGlkZXNob3ciOiIxN2M2Y2IzIn0%3D\" href='https:\/\/konrad-vetter.ch\/dervetter\/wp-content\/uploads\/2020\/09\/120_Quadrat_zusammen_1.jpg'><img width=\"273\" height=\"300\" src=\"https:\/\/konrad-vetter.ch\/dervetter\/wp-content\/uploads\/2020\/09\/120_Quadrat_zusammen_1-273x300.jpg\" class=\"attachment-medium size-medium\" alt=\"\" loading=\"lazy\" aria-describedby=\"gallery-1-966\" srcset=\"https:\/\/konrad-vetter.ch\/dervetter\/wp-content\/uploads\/2020\/09\/120_Quadrat_zusammen_1-273x300.jpg 273w, https:\/\/konrad-vetter.ch\/dervetter\/wp-content\/uploads\/2020\/09\/120_Quadrat_zusammen_1-931x1024.jpg 931w, https:\/\/konrad-vetter.ch\/dervetter\/wp-content\/uploads\/2020\/09\/120_Quadrat_zusammen_1-768x844.jpg 768w, https:\/\/konrad-vetter.ch\/dervetter\/wp-content\/uploads\/2020\/09\/120_Quadrat_zusammen_1-1397x1536.jpg 1397w, https:\/\/konrad-vetter.ch\/dervetter\/wp-content\/uploads\/2020\/09\/120_Quadrat_zusammen_1-1863x2048.jpg 1863w\" sizes=\"(max-width: 273px) 100vw, 273px\" \/><\/a>\n\t\t\t<\/dt>\n\t\t\t\t<dd class='wp-caption-text gallery-caption' id='gallery-1-966'>\n\t\t\t\tZusammengef\u00fcgtes Quadrat I\n\t\t\t\t<\/dd><\/dl><br style=\"clear: both\" \/><dl class='gallery-item'>\n\t\t\t<dt class='gallery-icon portrait'>\n\t\t\t\t<a data-elementor-open-lightbox=\"yes\" data-elementor-lightbox-slideshow=\"17c6cb3\" data-elementor-lightbox-title=\"Zusammengef\u00fcgtes Quadrat II\" data-elementor-lightbox-description=\"Bleistift und Filzstift auf Papier geklebt\" e-action-hash=\"#elementor-action%3Aaction%3Dlightbox%26settings%3DeyJpZCI6OTY4LCJ1cmwiOiJodHRwczpcL1wva29ucmFkLXZldHRlci5jaFwvZGVydmV0dGVyXC93cC1jb250ZW50XC91cGxvYWRzXC8yMDIwXC8wOVwvMTIxX1F1YWRyYXRfenVzYW1tZW5fMi5qcGciLCJzbGlkZXNob3ciOiIxN2M2Y2IzIn0%3D\" href='https:\/\/konrad-vetter.ch\/dervetter\/wp-content\/uploads\/2020\/09\/121_Quadrat_zusammen_2.jpg'><img width=\"271\" height=\"300\" src=\"https:\/\/konrad-vetter.ch\/dervetter\/wp-content\/uploads\/2020\/09\/121_Quadrat_zusammen_2-271x300.jpg\" class=\"attachment-medium size-medium\" alt=\"\" loading=\"lazy\" aria-describedby=\"gallery-1-968\" srcset=\"https:\/\/konrad-vetter.ch\/dervetter\/wp-content\/uploads\/2020\/09\/121_Quadrat_zusammen_2-271x300.jpg 271w, https:\/\/konrad-vetter.ch\/dervetter\/wp-content\/uploads\/2020\/09\/121_Quadrat_zusammen_2-924x1024.jpg 924w, https:\/\/konrad-vetter.ch\/dervetter\/wp-content\/uploads\/2020\/09\/121_Quadrat_zusammen_2-768x851.jpg 768w, https:\/\/konrad-vetter.ch\/dervetter\/wp-content\/uploads\/2020\/09\/121_Quadrat_zusammen_2-1387x1536.jpg 1387w, https:\/\/konrad-vetter.ch\/dervetter\/wp-content\/uploads\/2020\/09\/121_Quadrat_zusammen_2-1849x2048.jpg 1849w\" sizes=\"(max-width: 271px) 100vw, 271px\" \/><\/a>\n\t\t\t<\/dt>\n\t\t\t\t<dd class='wp-caption-text gallery-caption' id='gallery-1-968'>\n\t\t\t\tZusammengef\u00fcgtes Quadrat II\n\t\t\t\t<\/dd><\/dl><dl class='gallery-item'>\n\t\t\t<dt class='gallery-icon landscape'>\n\t\t\t\t<a data-elementor-open-lightbox=\"yes\" data-elementor-lightbox-slideshow=\"17c6cb3\" data-elementor-lightbox-title=\"Zusammengef\u00fcgtes Quadrat III\" data-elementor-lightbox-description=\"Bleistift und Filzstift auf Papier geklebt\" e-action-hash=\"#elementor-action%3Aaction%3Dlightbox%26settings%3DeyJpZCI6OTY3LCJ1cmwiOiJodHRwczpcL1wva29ucmFkLXZldHRlci5jaFwvZGVydmV0dGVyXC93cC1jb250ZW50XC91cGxvYWRzXC8yMDIwXC8wOVwvMTIyX1F1YWRyYXRfenVzYW1tZW5fMy5qcGciLCJzbGlkZXNob3ciOiIxN2M2Y2IzIn0%3D\" href='https:\/\/konrad-vetter.ch\/dervetter\/wp-content\/uploads\/2020\/09\/122_Quadrat_zusammen_3.jpg'><img width=\"300\" height=\"300\" src=\"https:\/\/konrad-vetter.ch\/dervetter\/wp-content\/uploads\/2020\/09\/122_Quadrat_zusammen_3-300x300.jpg\" class=\"attachment-medium size-medium\" alt=\"\" loading=\"lazy\" aria-describedby=\"gallery-1-967\" srcset=\"https:\/\/konrad-vetter.ch\/dervetter\/wp-content\/uploads\/2020\/09\/122_Quadrat_zusammen_3-300x300.jpg 300w, https:\/\/konrad-vetter.ch\/dervetter\/wp-content\/uploads\/2020\/09\/122_Quadrat_zusammen_3-1024x1022.jpg 1024w, https:\/\/konrad-vetter.ch\/dervetter\/wp-content\/uploads\/2020\/09\/122_Quadrat_zusammen_3-150x150.jpg 150w, https:\/\/konrad-vetter.ch\/dervetter\/wp-content\/uploads\/2020\/09\/122_Quadrat_zusammen_3-768x766.jpg 768w, https:\/\/konrad-vetter.ch\/dervetter\/wp-content\/uploads\/2020\/09\/122_Quadrat_zusammen_3-1536x1533.jpg 1536w, https:\/\/konrad-vetter.ch\/dervetter\/wp-content\/uploads\/2020\/09\/122_Quadrat_zusammen_3-2048x2044.jpg 2048w\" sizes=\"(max-width: 300px) 100vw, 300px\" \/><\/a>\n\t\t\t<\/dt>\n\t\t\t\t<dd class='wp-caption-text gallery-caption' id='gallery-1-967'>\n\t\t\t\tZusammengef\u00fcgtes Quadrat III\n\t\t\t\t<\/dd><\/dl><dl class='gallery-item'>\n\t\t\t<dt class='gallery-icon portrait'>\n\t\t\t\t<a data-elementor-open-lightbox=\"yes\" data-elementor-lightbox-slideshow=\"17c6cb3\" data-elementor-lightbox-title=\"H\u00fcselispiel, vergr\u00f6ssert\" data-elementor-lightbox-description=\"Bleistift\" e-action-hash=\"#elementor-action%3Aaction%3Dlightbox%26settings%3DeyJpZCI6OTY1LCJ1cmwiOiJodHRwczpcL1wva29ucmFkLXZldHRlci5jaFwvZGVydmV0dGVyXC93cC1jb250ZW50XC91cGxvYWRzXC8yMDIwXC8wOVwvMTE5X0h1ZXNlcmxpc3BpZWxfVmVyZ3JvZXNzZXJ0LmpwZyIsInNsaWRlc2hvdyI6IjE3YzZjYjMifQ%3D%3D\" href='https:\/\/konrad-vetter.ch\/dervetter\/wp-content\/uploads\/2020\/09\/119_Hueserlispiel_Vergroessert.jpg'><img width=\"246\" height=\"300\" src=\"https:\/\/konrad-vetter.ch\/dervetter\/wp-content\/uploads\/2020\/09\/119_Hueserlispiel_Vergroessert-246x300.jpg\" class=\"attachment-medium size-medium\" alt=\"\" loading=\"lazy\" aria-describedby=\"gallery-1-965\" srcset=\"https:\/\/konrad-vetter.ch\/dervetter\/wp-content\/uploads\/2020\/09\/119_Hueserlispiel_Vergroessert-246x300.jpg 246w, https:\/\/konrad-vetter.ch\/dervetter\/wp-content\/uploads\/2020\/09\/119_Hueserlispiel_Vergroessert-841x1024.jpg 841w, https:\/\/konrad-vetter.ch\/dervetter\/wp-content\/uploads\/2020\/09\/119_Hueserlispiel_Vergroessert-768x935.jpg 768w, https:\/\/konrad-vetter.ch\/dervetter\/wp-content\/uploads\/2020\/09\/119_Hueserlispiel_Vergroessert-1262x1536.jpg 1262w, https:\/\/konrad-vetter.ch\/dervetter\/wp-content\/uploads\/2020\/09\/119_Hueserlispiel_Vergroessert-1682x2048.jpg 1682w, https:\/\/konrad-vetter.ch\/dervetter\/wp-content\/uploads\/2020\/09\/119_Hueserlispiel_Vergroessert.jpg 1995w\" sizes=\"(max-width: 246px) 100vw, 246px\" \/><\/a>\n\t\t\t<\/dt>\n\t\t\t\t<dd class='wp-caption-text gallery-caption' id='gallery-1-965'>\n\t\t\t\tH\u00fcselispiel, vergr\u00f6ssert\n\t\t\t\t<\/dd><\/dl><br style=\"clear: both\" \/><dl class='gallery-item'>\n\t\t\t<dt class='gallery-icon portrait'>\n\t\t\t\t<a data-elementor-open-lightbox=\"yes\" data-elementor-lightbox-slideshow=\"17c6cb3\" data-elementor-lightbox-title=\"Iseltwald\" data-elementor-lightbox-description=\"Bleistift\" e-action-hash=\"#elementor-action%3Aaction%3Dlightbox%26settings%3DeyJpZCI6OTY0LCJ1cmwiOiJodHRwczpcL1wva29ucmFkLXZldHRlci5jaFwvZGVydmV0dGVyXC93cC1jb250ZW50XC91cGxvYWRzXC8yMDIwXC8wOVwvMTE4X0lzZWx0d2FsZC5qcGciLCJzbGlkZXNob3ciOiIxN2M2Y2IzIn0%3D\" href='https:\/\/konrad-vetter.ch\/dervetter\/wp-content\/uploads\/2020\/09\/118_Iseltwald.jpg'><img width=\"214\" height=\"300\" src=\"https:\/\/konrad-vetter.ch\/dervetter\/wp-content\/uploads\/2020\/09\/118_Iseltwald-214x300.jpg\" class=\"attachment-medium size-medium\" alt=\"\" loading=\"lazy\" aria-describedby=\"gallery-1-964\" srcset=\"https:\/\/konrad-vetter.ch\/dervetter\/wp-content\/uploads\/2020\/09\/118_Iseltwald-214x300.jpg 214w, https:\/\/konrad-vetter.ch\/dervetter\/wp-content\/uploads\/2020\/09\/118_Iseltwald-729x1024.jpg 729w, https:\/\/konrad-vetter.ch\/dervetter\/wp-content\/uploads\/2020\/09\/118_Iseltwald-768x1078.jpg 768w, https:\/\/konrad-vetter.ch\/dervetter\/wp-content\/uploads\/2020\/09\/118_Iseltwald-1094x1536.jpg 1094w, https:\/\/konrad-vetter.ch\/dervetter\/wp-content\/uploads\/2020\/09\/118_Iseltwald-1458x2048.jpg 1458w, https:\/\/konrad-vetter.ch\/dervetter\/wp-content\/uploads\/2020\/09\/118_Iseltwald.jpg 1734w\" sizes=\"(max-width: 214px) 100vw, 214px\" \/><\/a>\n\t\t\t<\/dt>\n\t\t\t\t<dd class='wp-caption-text gallery-caption' id='gallery-1-964'>\n\t\t\t\tIseltwald\n\t\t\t\t<\/dd><\/dl>\n\t\t\t<br style='clear: both' \/>\n\t\t<\/div>\n\t\t<\/div>\n\t\t\t\t<\/div>\n\t\t\t\t<\/div>\n\t\t\t\t\t\t<\/div>\n\t\t\t\t\t<\/div>\n\t\t<\/div>\n\t\t\t\t\t\t\t\t<\/div>\n\t\t\t\t\t<\/div>\n\t\t<\/section>\n\t\t\t\t\t\t\t\t\t<\/div>\n\t\t\t<\/div>\n\t\t\t\t\t<\/div>\n\t\t","protected":false},"excerpt":{"rendered":"<p>1984 Farbiges Dreieck (Vorstudie) Farbiges Dreieck Mao I Mao II Mao III Zusammengef\u00fcgtes Quadrat IV 13 zusammengef\u00fcgte Quadrate 13 zusammengef\u00fcgte Quadrate Zusammengef\u00fcgtes Quadrat I Zusammengef\u00fcgtes Quadrat II Zusammengef\u00fcgtes Quadrat III H\u00fcselispiel, vergr\u00f6ssert Iseltwald<\/p>\n","protected":false},"author":1,"featured_media":0,"parent":0,"menu_order":40,"comment_status":"closed","ping_status":"closed","template":"elementor_header_footer","meta":[],"_links":{"self":[{"href":"https:\/\/konrad-vetter.ch\/dervetter\/wp-json\/wp\/v2\/pages\/1078"}],"collection":[{"href":"https:\/\/konrad-vetter.ch\/dervetter\/wp-json\/wp\/v2\/pages"}],"about":[{"href":"https:\/\/konrad-vetter.ch\/dervetter\/wp-json\/wp\/v2\/types\/page"}],"author":[{"embeddable":true,"href":"https:\/\/konrad-vetter.ch\/dervetter\/wp-json\/wp\/v2\/users\/1"}],"replies":[{"embeddable":true,"href":"https:\/\/konrad-vetter.ch\/dervetter\/wp-json\/wp\/v2\/comments?post=1078"}],"version-history":[{"count":4,"href":"https:\/\/konrad-vetter.ch\/dervetter\/wp-json\/wp\/v2\/pages\/1078\/revisions"}],"predecessor-version":[{"id":2462,"href":"https:\/\/konrad-vetter.ch\/dervetter\/wp-json\/wp\/v2\/pages\/1078\/revisions\/2462"}],"wp:attachment":[{"href":"https:\/\/konrad-vetter.ch\/dervetter\/wp-json\/wp\/v2\/media?parent=1078"}],"curies":[{"name":"wp","href":"https:\/\/api.w.org\/{rel}","templated":true}]}}