{"id":1328,"date":"2020-09-05T19:37:55","date_gmt":"2020-09-05T19:37:55","guid":{"rendered":"https:\/\/konrad-vetter.ch\/dervetter\/?page_id=1328"},"modified":"2020-10-11T20:40:42","modified_gmt":"2020-10-11T20:40:42","slug":"1992-2","status":"publish","type":"page","link":"https:\/\/konrad-vetter.ch\/dervetter\/1992-2\/","title":{"rendered":"1992"},"content":{"rendered":"\t\t<div data-elementor-type=\"wp-page\" data-elementor-id=\"1328\" class=\"elementor elementor-1328\">\n\t\t\t\t\t\t<div class=\"elementor-inner\">\n\t\t\t\t<div class=\"elementor-section-wrap\">\n\t\t\t\t\t\t\t\t\t<section class=\"elementor-section elementor-top-section elementor-element elementor-element-4bb41b2b elementor-section-boxed elementor-section-height-default elementor-section-height-default\" data-id=\"4bb41b2b\" data-element_type=\"section\">\n\t\t\t\t\t\t<div class=\"elementor-container elementor-column-gap-default\">\n\t\t\t\t\t\t\t<div class=\"elementor-row\">\n\t\t\t\t\t<div class=\"elementor-column elementor-col-100 elementor-top-column elementor-element elementor-element-4c0874e4\" data-id=\"4c0874e4\" data-element_type=\"column\">\n\t\t\t<div class=\"elementor-column-wrap elementor-element-populated\">\n\t\t\t\t\t\t\t<div class=\"elementor-widget-wrap\">\n\t\t\t\t\t\t<div class=\"elementor-element elementor-element-3bb8ece2 elementor-widget elementor-widget-heading\" data-id=\"3bb8ece2\" data-element_type=\"widget\" data-widget_type=\"heading.default\">\n\t\t\t\t<div class=\"elementor-widget-container\">\n\t\t\t<h2 class=\"elementor-heading-title elementor-size-default\">1992<\/h2>\t\t<\/div>\n\t\t\t\t<\/div>\n\t\t\t\t\t\t<\/div>\n\t\t\t\t\t<\/div>\n\t\t<\/div>\n\t\t\t\t\t\t\t\t<\/div>\n\t\t\t\t\t<\/div>\n\t\t<\/section>\n\t\t\t\t<section class=\"elementor-section elementor-top-section elementor-element elementor-element-926ce1f elementor-section-boxed elementor-section-height-default elementor-section-height-default\" data-id=\"926ce1f\" data-element_type=\"section\">\n\t\t\t\t\t\t<div class=\"elementor-container elementor-column-gap-default\">\n\t\t\t\t\t\t\t<div class=\"elementor-row\">\n\t\t\t\t\t<div class=\"elementor-column elementor-col-100 elementor-top-column elementor-element elementor-element-82c6f8f\" data-id=\"82c6f8f\" data-element_type=\"column\">\n\t\t\t<div class=\"elementor-column-wrap elementor-element-populated\">\n\t\t\t\t\t\t\t<div class=\"elementor-widget-wrap\">\n\t\t\t\t\t\t<div class=\"elementor-element elementor-element-01c35ed elementor-widget elementor-widget-image-gallery\" data-id=\"01c35ed\" data-element_type=\"widget\" data-widget_type=\"image-gallery.default\">\n\t\t\t\t<div class=\"elementor-widget-container\">\n\t\t\t\t\t<div class=\"elementor-image-gallery\">\n\t\t\t\n\t\t<style type=\"text\/css\">\n\t\t\t#gallery-1 {\n\t\t\t\tmargin: auto;\n\t\t\t}\n\t\t\t#gallery-1 .gallery-item {\n\t\t\t\tfloat: left;\n\t\t\t\tmargin-top: 10px;\n\t\t\t\ttext-align: center;\n\t\t\t\twidth: 33%;\n\t\t\t}\n\t\t\t#gallery-1 img {\n\t\t\t\tborder: 2px solid #cfcfcf;\n\t\t\t}\n\t\t\t#gallery-1 .gallery-caption {\n\t\t\t\tmargin-left: 0;\n\t\t\t}\n\t\t\t\/* see gallery_shortcode() in wp-includes\/media.php *\/\n\t\t<\/style>\n\t\t<div id='gallery-1' class='gallery galleryid-1328 gallery-columns-3 gallery-size-medium'><dl class='gallery-item'>\n\t\t\t<dt class='gallery-icon portrait'>\n\t\t\t\t<a data-elementor-open-lightbox=\"yes\" data-elementor-lightbox-slideshow=\"01c35ed\" data-elementor-lightbox-title=\"das Prinzip der Rose\" data-elementor-lightbox-description=\"Bleistift\" e-action-hash=\"#elementor-action%3Aaction%3Dlightbox%26settings%3DeyJpZCI6MTE2OSwidXJsIjoiaHR0cHM6XC9cL2tvbnJhZC12ZXR0ZXIuY2hcL2RlcnZldHRlclwvd3AtY29udGVudFwvdXBsb2Fkc1wvMjAyMFwvMDlcLzA2OV9EYXNQcmluemlwRGVyUm9zZS5qcGciLCJzbGlkZXNob3ciOiIwMWMzNWVkIn0%3D\" href='https:\/\/konrad-vetter.ch\/dervetter\/wp-content\/uploads\/2020\/09\/069_DasPrinzipDerRose.jpg'><img width=\"183\" height=\"300\" src=\"https:\/\/konrad-vetter.ch\/dervetter\/wp-content\/uploads\/2020\/09\/069_DasPrinzipDerRose-183x300.jpg\" class=\"attachment-medium size-medium\" alt=\"\" loading=\"lazy\" aria-describedby=\"gallery-1-1169\" srcset=\"https:\/\/konrad-vetter.ch\/dervetter\/wp-content\/uploads\/2020\/09\/069_DasPrinzipDerRose-183x300.jpg 183w, https:\/\/konrad-vetter.ch\/dervetter\/wp-content\/uploads\/2020\/09\/069_DasPrinzipDerRose-623x1024.jpg 623w, https:\/\/konrad-vetter.ch\/dervetter\/wp-content\/uploads\/2020\/09\/069_DasPrinzipDerRose-768x1262.jpg 768w, https:\/\/konrad-vetter.ch\/dervetter\/wp-content\/uploads\/2020\/09\/069_DasPrinzipDerRose-935x1536.jpg 935w, https:\/\/konrad-vetter.ch\/dervetter\/wp-content\/uploads\/2020\/09\/069_DasPrinzipDerRose.jpg 1227w\" sizes=\"(max-width: 183px) 100vw, 183px\" \/><\/a>\n\t\t\t<\/dt>\n\t\t\t\t<dd class='wp-caption-text gallery-caption' id='gallery-1-1169'>\n\t\t\t\tdas Prinzip der Rose\n\n\t\t\t\t<\/dd><\/dl><dl class='gallery-item'>\n\t\t\t<dt class='gallery-icon portrait'>\n\t\t\t\t<a data-elementor-open-lightbox=\"yes\" data-elementor-lightbox-slideshow=\"01c35ed\" data-elementor-lightbox-title=\"das Prinzip der Rose\" data-elementor-lightbox-description=\"Bleistift\" e-action-hash=\"#elementor-action%3Aaction%3Dlightbox%26settings%3DeyJpZCI6MTE3MSwidXJsIjoiaHR0cHM6XC9cL2tvbnJhZC12ZXR0ZXIuY2hcL2RlcnZldHRlclwvd3AtY29udGVudFwvdXBsb2Fkc1wvMjAyMFwvMDlcLzA3MV9EYXNQcmluemlwRGVyUm9zZS5qcGciLCJzbGlkZXNob3ciOiIwMWMzNWVkIn0%3D\" href='https:\/\/konrad-vetter.ch\/dervetter\/wp-content\/uploads\/2020\/09\/071_DasPrinzipDerRose.jpg'><img width=\"211\" height=\"300\" src=\"https:\/\/konrad-vetter.ch\/dervetter\/wp-content\/uploads\/2020\/09\/071_DasPrinzipDerRose-211x300.jpg\" class=\"attachment-medium size-medium\" alt=\"\" loading=\"lazy\" aria-describedby=\"gallery-1-1171\" srcset=\"https:\/\/konrad-vetter.ch\/dervetter\/wp-content\/uploads\/2020\/09\/071_DasPrinzipDerRose-211x300.jpg 211w, https:\/\/konrad-vetter.ch\/dervetter\/wp-content\/uploads\/2020\/09\/071_DasPrinzipDerRose-720x1024.jpg 720w, https:\/\/konrad-vetter.ch\/dervetter\/wp-content\/uploads\/2020\/09\/071_DasPrinzipDerRose-768x1093.jpg 768w, https:\/\/konrad-vetter.ch\/dervetter\/wp-content\/uploads\/2020\/09\/071_DasPrinzipDerRose-1080x1536.jpg 1080w, https:\/\/konrad-vetter.ch\/dervetter\/wp-content\/uploads\/2020\/09\/071_DasPrinzipDerRose.jpg 1268w\" sizes=\"(max-width: 211px) 100vw, 211px\" \/><\/a>\n\t\t\t<\/dt>\n\t\t\t\t<dd class='wp-caption-text gallery-caption' id='gallery-1-1171'>\n\t\t\t\tdas Prinzip der Rose\n\n\t\t\t\t<\/dd><\/dl><dl class='gallery-item'>\n\t\t\t<dt class='gallery-icon landscape'>\n\t\t\t\t<a data-elementor-open-lightbox=\"yes\" data-elementor-lightbox-slideshow=\"01c35ed\" data-elementor-lightbox-title=\"grau Lockerungs\u00fcbungen\" data-elementor-lightbox-description=\"Bleistift\" e-action-hash=\"#elementor-action%3Aaction%3Dlightbox%26settings%3DeyJpZCI6MTE4MSwidXJsIjoiaHR0cHM6XC9cL2tvbnJhZC12ZXR0ZXIuY2hcL2RlcnZldHRlclwvd3AtY29udGVudFwvdXBsb2Fkc1wvMjAyMFwvMDlcLzEwM19HcmF1TG9ja2VydW5nc1VlYnVuZ2VuLmpwZyIsInNsaWRlc2hvdyI6IjAxYzM1ZWQifQ%3D%3D\" href='https:\/\/konrad-vetter.ch\/dervetter\/wp-content\/uploads\/2020\/09\/103_GrauLockerungsUebungen.jpg'><img width=\"300\" height=\"177\" src=\"https:\/\/konrad-vetter.ch\/dervetter\/wp-content\/uploads\/2020\/09\/103_GrauLockerungsUebungen-300x177.jpg\" class=\"attachment-medium size-medium\" alt=\"\" loading=\"lazy\" aria-describedby=\"gallery-1-1181\" srcset=\"https:\/\/konrad-vetter.ch\/dervetter\/wp-content\/uploads\/2020\/09\/103_GrauLockerungsUebungen-300x177.jpg 300w, https:\/\/konrad-vetter.ch\/dervetter\/wp-content\/uploads\/2020\/09\/103_GrauLockerungsUebungen-1024x604.jpg 1024w, https:\/\/konrad-vetter.ch\/dervetter\/wp-content\/uploads\/2020\/09\/103_GrauLockerungsUebungen-768x453.jpg 768w, https:\/\/konrad-vetter.ch\/dervetter\/wp-content\/uploads\/2020\/09\/103_GrauLockerungsUebungen.jpg 1096w\" sizes=\"(max-width: 300px) 100vw, 300px\" \/><\/a>\n\t\t\t<\/dt>\n\t\t\t\t<dd class='wp-caption-text gallery-caption' id='gallery-1-1181'>\n\t\t\t\tgrau Lockerungs\u00fcbungen\n\n\t\t\t\t<\/dd><\/dl><br style=\"clear: both\" \/><dl class='gallery-item'>\n\t\t\t<dt class='gallery-icon portrait'>\n\t\t\t\t<a data-elementor-open-lightbox=\"yes\" data-elementor-lightbox-slideshow=\"01c35ed\" data-elementor-lightbox-title=\"grau\" data-elementor-lightbox-description=\"Bleistift\" e-action-hash=\"#elementor-action%3Aaction%3Dlightbox%26settings%3DeyJpZCI6MTE4MywidXJsIjoiaHR0cHM6XC9cL2tvbnJhZC12ZXR0ZXIuY2hcL2RlcnZldHRlclwvd3AtY29udGVudFwvdXBsb2Fkc1wvMjAyMFwvMDlcLzEwOV9HcmF1LmpwZyIsInNsaWRlc2hvdyI6IjAxYzM1ZWQifQ%3D%3D\" href='https:\/\/konrad-vetter.ch\/dervetter\/wp-content\/uploads\/2020\/09\/109_Grau.jpg'><img width=\"243\" height=\"300\" src=\"https:\/\/konrad-vetter.ch\/dervetter\/wp-content\/uploads\/2020\/09\/109_Grau-243x300.jpg\" class=\"attachment-medium size-medium\" alt=\"\" loading=\"lazy\" aria-describedby=\"gallery-1-1183\" srcset=\"https:\/\/konrad-vetter.ch\/dervetter\/wp-content\/uploads\/2020\/09\/109_Grau-243x300.jpg 243w, https:\/\/konrad-vetter.ch\/dervetter\/wp-content\/uploads\/2020\/09\/109_Grau.jpg 682w\" sizes=\"(max-width: 243px) 100vw, 243px\" \/><\/a>\n\t\t\t<\/dt>\n\t\t\t\t<dd class='wp-caption-text gallery-caption' id='gallery-1-1183'>\n\t\t\t\tgrau\n\t\t\t\t<\/dd><\/dl><dl class='gallery-item'>\n\t\t\t<dt class='gallery-icon landscape'>\n\t\t\t\t<a data-elementor-open-lightbox=\"yes\" data-elementor-lightbox-slideshow=\"01c35ed\" data-elementor-lightbox-title=\"B\u00e4nder\" data-elementor-lightbox-description=\"Bleistift\" e-action-hash=\"#elementor-action%3Aaction%3Dlightbox%26settings%3DeyJpZCI6MTE1NywidXJsIjoiaHR0cHM6XC9cL2tvbnJhZC12ZXR0ZXIuY2hcL2RlcnZldHRlclwvd3AtY29udGVudFwvdXBsb2Fkc1wvMjAyMFwvMDlcLzAwNV9CYWVuZGVyLmpwZyIsInNsaWRlc2hvdyI6IjAxYzM1ZWQifQ%3D%3D\" href='https:\/\/konrad-vetter.ch\/dervetter\/wp-content\/uploads\/2020\/09\/005_Baender.jpg'><img width=\"300\" height=\"283\" src=\"https:\/\/konrad-vetter.ch\/dervetter\/wp-content\/uploads\/2020\/09\/005_Baender-300x283.jpg\" class=\"attachment-medium size-medium\" alt=\"\" loading=\"lazy\" aria-describedby=\"gallery-1-1157\" srcset=\"https:\/\/konrad-vetter.ch\/dervetter\/wp-content\/uploads\/2020\/09\/005_Baender-300x283.jpg 300w, https:\/\/konrad-vetter.ch\/dervetter\/wp-content\/uploads\/2020\/09\/005_Baender-1024x966.jpg 1024w, https:\/\/konrad-vetter.ch\/dervetter\/wp-content\/uploads\/2020\/09\/005_Baender-768x724.jpg 768w, https:\/\/konrad-vetter.ch\/dervetter\/wp-content\/uploads\/2020\/09\/005_Baender-1536x1449.jpg 1536w, https:\/\/konrad-vetter.ch\/dervetter\/wp-content\/uploads\/2020\/09\/005_Baender.jpg 2004w\" sizes=\"(max-width: 300px) 100vw, 300px\" \/><\/a>\n\t\t\t<\/dt>\n\t\t\t\t<dd class='wp-caption-text gallery-caption' id='gallery-1-1157'>\n\t\t\t\tB\u00e4nder\n\t\t\t\t<\/dd><\/dl><dl class='gallery-item'>\n\t\t\t<dt class='gallery-icon landscape'>\n\t\t\t\t<a data-elementor-open-lightbox=\"yes\" data-elementor-lightbox-slideshow=\"01c35ed\" data-elementor-lightbox-title=\"B\u00e4nder\" data-elementor-lightbox-description=\"Bleistift\" e-action-hash=\"#elementor-action%3Aaction%3Dlightbox%26settings%3DeyJpZCI6MTE1OSwidXJsIjoiaHR0cHM6XC9cL2tvbnJhZC12ZXR0ZXIuY2hcL2RlcnZldHRlclwvd3AtY29udGVudFwvdXBsb2Fkc1wvMjAyMFwvMDlcLzAwN19CYWVuZGVyLmpwZyIsInNsaWRlc2hvdyI6IjAxYzM1ZWQifQ%3D%3D\" href='https:\/\/konrad-vetter.ch\/dervetter\/wp-content\/uploads\/2020\/09\/007_Baender.jpg'><img width=\"300\" height=\"218\" src=\"https:\/\/konrad-vetter.ch\/dervetter\/wp-content\/uploads\/2020\/09\/007_Baender-300x218.jpg\" class=\"attachment-medium size-medium\" alt=\"\" loading=\"lazy\" aria-describedby=\"gallery-1-1159\" srcset=\"https:\/\/konrad-vetter.ch\/dervetter\/wp-content\/uploads\/2020\/09\/007_Baender-300x218.jpg 300w, https:\/\/konrad-vetter.ch\/dervetter\/wp-content\/uploads\/2020\/09\/007_Baender-1024x744.jpg 1024w, https:\/\/konrad-vetter.ch\/dervetter\/wp-content\/uploads\/2020\/09\/007_Baender-768x558.jpg 768w, https:\/\/konrad-vetter.ch\/dervetter\/wp-content\/uploads\/2020\/09\/007_Baender-1536x1116.jpg 1536w, https:\/\/konrad-vetter.ch\/dervetter\/wp-content\/uploads\/2020\/09\/007_Baender.jpg 1805w\" sizes=\"(max-width: 300px) 100vw, 300px\" \/><\/a>\n\t\t\t<\/dt>\n\t\t\t\t<dd class='wp-caption-text gallery-caption' id='gallery-1-1159'>\n\t\t\t\tB\u00e4nder\n\t\t\t\t<\/dd><\/dl><br style=\"clear: both\" \/><dl class='gallery-item'>\n\t\t\t<dt class='gallery-icon landscape'>\n\t\t\t\t<a data-elementor-open-lightbox=\"yes\" data-elementor-lightbox-slideshow=\"01c35ed\" data-elementor-lightbox-title=\"Sternenkubus\" data-elementor-lightbox-description=\"Bleistift, Filzstift\n\" e-action-hash=\"#elementor-action%3Aaction%3Dlightbox%26settings%3DeyJpZCI6MTE2MSwidXJsIjoiaHR0cHM6XC9cL2tvbnJhZC12ZXR0ZXIuY2hcL2RlcnZldHRlclwvd3AtY29udGVudFwvdXBsb2Fkc1wvMjAyMFwvMDlcLzAxM19TdGVybmVua3VidXMuanBnIiwic2xpZGVzaG93IjoiMDFjMzVlZCJ9\" href='https:\/\/konrad-vetter.ch\/dervetter\/wp-content\/uploads\/2020\/09\/013_Sternenkubus.jpg'><img width=\"300\" height=\"300\" src=\"https:\/\/konrad-vetter.ch\/dervetter\/wp-content\/uploads\/2020\/09\/013_Sternenkubus-300x300.jpg\" class=\"attachment-medium size-medium\" alt=\"\" loading=\"lazy\" aria-describedby=\"gallery-1-1161\" srcset=\"https:\/\/konrad-vetter.ch\/dervetter\/wp-content\/uploads\/2020\/09\/013_Sternenkubus-300x300.jpg 300w, https:\/\/konrad-vetter.ch\/dervetter\/wp-content\/uploads\/2020\/09\/013_Sternenkubus-1024x1019.jpg 1024w, https:\/\/konrad-vetter.ch\/dervetter\/wp-content\/uploads\/2020\/09\/013_Sternenkubus-150x150.jpg 150w, https:\/\/konrad-vetter.ch\/dervetter\/wp-content\/uploads\/2020\/09\/013_Sternenkubus-768x765.jpg 768w, https:\/\/konrad-vetter.ch\/dervetter\/wp-content\/uploads\/2020\/09\/013_Sternenkubus-1536x1529.jpg 1536w, https:\/\/konrad-vetter.ch\/dervetter\/wp-content\/uploads\/2020\/09\/013_Sternenkubus.jpg 1771w\" sizes=\"(max-width: 300px) 100vw, 300px\" \/><\/a>\n\t\t\t<\/dt>\n\t\t\t\t<dd class='wp-caption-text gallery-caption' id='gallery-1-1161'>\n\t\t\t\tSternenkubus\n\t\t\t\t<\/dd><\/dl><dl class='gallery-item'>\n\t\t\t<dt class='gallery-icon portrait'>\n\t\t\t\t<a data-elementor-open-lightbox=\"yes\" data-elementor-lightbox-slideshow=\"01c35ed\" data-elementor-lightbox-title=\"versteckte Kuben\" data-elementor-lightbox-description=\"Bleistift\" e-action-hash=\"#elementor-action%3Aaction%3Dlightbox%26settings%3DeyJpZCI6MTE2MywidXJsIjoiaHR0cHM6XC9cL2tvbnJhZC12ZXR0ZXIuY2hcL2RlcnZldHRlclwvd3AtY29udGVudFwvdXBsb2Fkc1wvMjAyMFwvMDlcLzAxNV9WZXJzdGVja3RlS3ViZW4uanBnIiwic2xpZGVzaG93IjoiMDFjMzVlZCJ9\" href='https:\/\/konrad-vetter.ch\/dervetter\/wp-content\/uploads\/2020\/09\/015_VersteckteKuben.jpg'><img width=\"268\" height=\"300\" src=\"https:\/\/konrad-vetter.ch\/dervetter\/wp-content\/uploads\/2020\/09\/015_VersteckteKuben-268x300.jpg\" class=\"attachment-medium size-medium\" alt=\"\" loading=\"lazy\" aria-describedby=\"gallery-1-1163\" srcset=\"https:\/\/konrad-vetter.ch\/dervetter\/wp-content\/uploads\/2020\/09\/015_VersteckteKuben-268x300.jpg 268w, https:\/\/konrad-vetter.ch\/dervetter\/wp-content\/uploads\/2020\/09\/015_VersteckteKuben-915x1024.jpg 915w, https:\/\/konrad-vetter.ch\/dervetter\/wp-content\/uploads\/2020\/09\/015_VersteckteKuben-768x860.jpg 768w, https:\/\/konrad-vetter.ch\/dervetter\/wp-content\/uploads\/2020\/09\/015_VersteckteKuben-1372x1536.jpg 1372w, https:\/\/konrad-vetter.ch\/dervetter\/wp-content\/uploads\/2020\/09\/015_VersteckteKuben.jpg 1800w\" sizes=\"(max-width: 268px) 100vw, 268px\" \/><\/a>\n\t\t\t<\/dt>\n\t\t\t\t<dd class='wp-caption-text gallery-caption' id='gallery-1-1163'>\n\t\t\t\tversteckte Kuben\n\n\t\t\t\t<\/dd><\/dl><dl class='gallery-item'>\n\t\t\t<dt class='gallery-icon portrait'>\n\t\t\t\t<a data-elementor-open-lightbox=\"yes\" data-elementor-lightbox-slideshow=\"01c35ed\" data-elementor-lightbox-title=\"versteckte Kuben\" data-elementor-lightbox-description=\"Bleistift\" e-action-hash=\"#elementor-action%3Aaction%3Dlightbox%26settings%3DeyJpZCI6MTE2NSwidXJsIjoiaHR0cHM6XC9cL2tvbnJhZC12ZXR0ZXIuY2hcL2RlcnZldHRlclwvd3AtY29udGVudFwvdXBsb2Fkc1wvMjAyMFwvMDlcLzAxN19WZXJzdGVja3RlS3ViZW4uanBnIiwic2xpZGVzaG93IjoiMDFjMzVlZCJ9\" href='https:\/\/konrad-vetter.ch\/dervetter\/wp-content\/uploads\/2020\/09\/017_VersteckteKuben.jpg'><img width=\"243\" height=\"300\" src=\"https:\/\/konrad-vetter.ch\/dervetter\/wp-content\/uploads\/2020\/09\/017_VersteckteKuben-243x300.jpg\" class=\"attachment-medium size-medium\" alt=\"\" loading=\"lazy\" aria-describedby=\"gallery-1-1165\" srcset=\"https:\/\/konrad-vetter.ch\/dervetter\/wp-content\/uploads\/2020\/09\/017_VersteckteKuben-243x300.jpg 243w, https:\/\/konrad-vetter.ch\/dervetter\/wp-content\/uploads\/2020\/09\/017_VersteckteKuben-830x1024.jpg 830w, https:\/\/konrad-vetter.ch\/dervetter\/wp-content\/uploads\/2020\/09\/017_VersteckteKuben-768x948.jpg 768w, https:\/\/konrad-vetter.ch\/dervetter\/wp-content\/uploads\/2020\/09\/017_VersteckteKuben-1245x1536.jpg 1245w, https:\/\/konrad-vetter.ch\/dervetter\/wp-content\/uploads\/2020\/09\/017_VersteckteKuben.jpg 1523w\" sizes=\"(max-width: 243px) 100vw, 243px\" \/><\/a>\n\t\t\t<\/dt>\n\t\t\t\t<dd class='wp-caption-text gallery-caption' id='gallery-1-1165'>\n\t\t\t\tversteckte Kuben\n\n\t\t\t\t<\/dd><\/dl><br style=\"clear: both\" \/><dl class='gallery-item'>\n\t\t\t<dt class='gallery-icon landscape'>\n\t\t\t\t<a data-elementor-open-lightbox=\"yes\" data-elementor-lightbox-slideshow=\"01c35ed\" data-elementor-lightbox-title=\"ohne Titel\" data-elementor-lightbox-description=\"Bleistift\" e-action-hash=\"#elementor-action%3Aaction%3Dlightbox%26settings%3DeyJpZCI6MTE2NywidXJsIjoiaHR0cHM6XC9cL2tvbnJhZC12ZXR0ZXIuY2hcL2RlcnZldHRlclwvd3AtY29udGVudFwvdXBsb2Fkc1wvMjAyMFwvMDlcLzAyMV9PaG5lVGl0ZWwtc2NhbGVkLmpwZyIsInNsaWRlc2hvdyI6IjAxYzM1ZWQifQ%3D%3D\" href='https:\/\/konrad-vetter.ch\/dervetter\/wp-content\/uploads\/2020\/09\/021_OhneTitel-scaled.jpg'><img width=\"300\" height=\"228\" src=\"https:\/\/konrad-vetter.ch\/dervetter\/wp-content\/uploads\/2020\/09\/021_OhneTitel-300x228.jpg\" class=\"attachment-medium size-medium\" alt=\"\" loading=\"lazy\" aria-describedby=\"gallery-1-1167\" srcset=\"https:\/\/konrad-vetter.ch\/dervetter\/wp-content\/uploads\/2020\/09\/021_OhneTitel-300x228.jpg 300w, https:\/\/konrad-vetter.ch\/dervetter\/wp-content\/uploads\/2020\/09\/021_OhneTitel-1024x779.jpg 1024w, https:\/\/konrad-vetter.ch\/dervetter\/wp-content\/uploads\/2020\/09\/021_OhneTitel-768x584.jpg 768w, https:\/\/konrad-vetter.ch\/dervetter\/wp-content\/uploads\/2020\/09\/021_OhneTitel-1536x1168.jpg 1536w, https:\/\/konrad-vetter.ch\/dervetter\/wp-content\/uploads\/2020\/09\/021_OhneTitel-2048x1558.jpg 2048w\" sizes=\"(max-width: 300px) 100vw, 300px\" \/><\/a>\n\t\t\t<\/dt>\n\t\t\t\t<dd class='wp-caption-text gallery-caption' id='gallery-1-1167'>\n\t\t\t\tohne Titel\n\n\t\t\t\t<\/dd><\/dl><dl class='gallery-item'>\n\t\t\t<dt class='gallery-icon landscape'>\n\t\t\t\t<a data-elementor-open-lightbox=\"yes\" data-elementor-lightbox-slideshow=\"01c35ed\" data-elementor-lightbox-title=\"Band\" data-elementor-lightbox-description=\"Bleistift, Farbstift\n\" e-action-hash=\"#elementor-action%3Aaction%3Dlightbox%26settings%3DeyJpZCI6MTE3MywidXJsIjoiaHR0cHM6XC9cL2tvbnJhZC12ZXR0ZXIuY2hcL2RlcnZldHRlclwvd3AtY29udGVudFwvdXBsb2Fkc1wvMjAyMFwvMDlcLzA3OV9CYW5kLXNjYWxlZC5qcGciLCJzbGlkZXNob3ciOiIwMWMzNWVkIn0%3D\" href='https:\/\/konrad-vetter.ch\/dervetter\/wp-content\/uploads\/2020\/09\/079_Band-scaled.jpg'><img width=\"300\" height=\"227\" src=\"https:\/\/konrad-vetter.ch\/dervetter\/wp-content\/uploads\/2020\/09\/079_Band-300x227.jpg\" class=\"attachment-medium size-medium\" alt=\"\" loading=\"lazy\" aria-describedby=\"gallery-1-1173\" srcset=\"https:\/\/konrad-vetter.ch\/dervetter\/wp-content\/uploads\/2020\/09\/079_Band-300x227.jpg 300w, https:\/\/konrad-vetter.ch\/dervetter\/wp-content\/uploads\/2020\/09\/079_Band-1024x775.jpg 1024w, https:\/\/konrad-vetter.ch\/dervetter\/wp-content\/uploads\/2020\/09\/079_Band-768x581.jpg 768w, https:\/\/konrad-vetter.ch\/dervetter\/wp-content\/uploads\/2020\/09\/079_Band-1536x1163.jpg 1536w, https:\/\/konrad-vetter.ch\/dervetter\/wp-content\/uploads\/2020\/09\/079_Band-2048x1550.jpg 2048w\" sizes=\"(max-width: 300px) 100vw, 300px\" \/><\/a>\n\t\t\t<\/dt>\n\t\t\t\t<dd class='wp-caption-text gallery-caption' id='gallery-1-1173'>\n\t\t\t\tBand\n\t\t\t\t<\/dd><\/dl><dl class='gallery-item'>\n\t\t\t<dt class='gallery-icon landscape'>\n\t\t\t\t<a data-elementor-open-lightbox=\"yes\" data-elementor-lightbox-slideshow=\"01c35ed\" data-elementor-lightbox-title=\"Ornament\" data-elementor-lightbox-description=\"Maurisch14. Jh. Schwedisch 7. Jh\" e-action-hash=\"#elementor-action%3Aaction%3Dlightbox%26settings%3DeyJpZCI6MTE3NiwidXJsIjoiaHR0cHM6XC9cL2tvbnJhZC12ZXR0ZXIuY2hcL2RlcnZldHRlclwvd3AtY29udGVudFwvdXBsb2Fkc1wvMjAyMFwvMDlcLzA4Ml9Pcm5hbWVudC5qcGciLCJzbGlkZXNob3ciOiIwMWMzNWVkIn0%3D\" href='https:\/\/konrad-vetter.ch\/dervetter\/wp-content\/uploads\/2020\/09\/082_Ornament.jpg'><img width=\"300\" height=\"218\" src=\"https:\/\/konrad-vetter.ch\/dervetter\/wp-content\/uploads\/2020\/09\/082_Ornament-300x218.jpg\" class=\"attachment-medium size-medium\" alt=\"\" loading=\"lazy\" aria-describedby=\"gallery-1-1176\" srcset=\"https:\/\/konrad-vetter.ch\/dervetter\/wp-content\/uploads\/2020\/09\/082_Ornament-300x218.jpg 300w, https:\/\/konrad-vetter.ch\/dervetter\/wp-content\/uploads\/2020\/09\/082_Ornament-1024x744.jpg 1024w, https:\/\/konrad-vetter.ch\/dervetter\/wp-content\/uploads\/2020\/09\/082_Ornament-768x558.jpg 768w, https:\/\/konrad-vetter.ch\/dervetter\/wp-content\/uploads\/2020\/09\/082_Ornament-1536x1116.jpg 1536w, https:\/\/konrad-vetter.ch\/dervetter\/wp-content\/uploads\/2020\/09\/082_Ornament-2048x1488.jpg 2048w\" sizes=\"(max-width: 300px) 100vw, 300px\" \/><\/a>\n\t\t\t<\/dt>\n\t\t\t\t<dd class='wp-caption-text gallery-caption' id='gallery-1-1176'>\n\t\t\t\tOrnament\n\t\t\t\t<\/dd><\/dl><br style=\"clear: both\" \/><dl class='gallery-item'>\n\t\t\t<dt class='gallery-icon landscape'>\n\t\t\t\t<a data-elementor-open-lightbox=\"yes\" data-elementor-lightbox-slideshow=\"01c35ed\" data-elementor-lightbox-title=\"Ornament\" data-elementor-lightbox-description=\"Maurisch14. Jh. Schwedisch 7. Jh\" e-action-hash=\"#elementor-action%3Aaction%3Dlightbox%26settings%3DeyJpZCI6MTE3OSwidXJsIjoiaHR0cHM6XC9cL2tvbnJhZC12ZXR0ZXIuY2hcL2RlcnZldHRlclwvd3AtY29udGVudFwvdXBsb2Fkc1wvMjAyMFwvMDlcLzA4NV9Pcm5hbWVudC5qcGciLCJzbGlkZXNob3ciOiIwMWMzNWVkIn0%3D\" href='https:\/\/konrad-vetter.ch\/dervetter\/wp-content\/uploads\/2020\/09\/085_Ornament.jpg'><img width=\"300\" height=\"215\" src=\"https:\/\/konrad-vetter.ch\/dervetter\/wp-content\/uploads\/2020\/09\/085_Ornament-300x215.jpg\" class=\"attachment-medium size-medium\" alt=\"\" loading=\"lazy\" aria-describedby=\"gallery-1-1179\" srcset=\"https:\/\/konrad-vetter.ch\/dervetter\/wp-content\/uploads\/2020\/09\/085_Ornament-300x215.jpg 300w, https:\/\/konrad-vetter.ch\/dervetter\/wp-content\/uploads\/2020\/09\/085_Ornament-1024x734.jpg 1024w, https:\/\/konrad-vetter.ch\/dervetter\/wp-content\/uploads\/2020\/09\/085_Ornament-768x551.jpg 768w, https:\/\/konrad-vetter.ch\/dervetter\/wp-content\/uploads\/2020\/09\/085_Ornament-1536x1102.jpg 1536w, https:\/\/konrad-vetter.ch\/dervetter\/wp-content\/uploads\/2020\/09\/085_Ornament-2048x1469.jpg 2048w\" sizes=\"(max-width: 300px) 100vw, 300px\" \/><\/a>\n\t\t\t<\/dt>\n\t\t\t\t<dd class='wp-caption-text gallery-caption' id='gallery-1-1179'>\n\t\t\t\tOrnament\n\t\t\t\t<\/dd><\/dl>\n\t\t\t<br style='clear: both' \/>\n\t\t<\/div>\n\t\t<\/div>\n\t\t\t\t<\/div>\n\t\t\t\t<\/div>\n\t\t\t\t\t\t<\/div>\n\t\t\t\t\t<\/div>\n\t\t<\/div>\n\t\t\t\t\t\t\t\t<\/div>\n\t\t\t\t\t<\/div>\n\t\t<\/section>\n\t\t\t\t\t\t\t\t\t<\/div>\n\t\t\t<\/div>\n\t\t\t\t\t<\/div>\n\t\t","protected":false},"excerpt":{"rendered":"<p>1992 das Prinzip der Rose das Prinzip der Rose grau Lockerungs\u00fcbungen grau B\u00e4nder B\u00e4nder Sternenkubus versteckte Kuben versteckte Kuben ohne Titel Band Ornament Ornament<\/p>\n","protected":false},"author":1,"featured_media":0,"parent":0,"menu_order":48,"comment_status":"closed","ping_status":"closed","template":"elementor_header_footer","meta":[],"_links":{"self":[{"href":"https:\/\/konrad-vetter.ch\/dervetter\/wp-json\/wp\/v2\/pages\/1328"}],"collection":[{"href":"https:\/\/konrad-vetter.ch\/dervetter\/wp-json\/wp\/v2\/pages"}],"about":[{"href":"https:\/\/konrad-vetter.ch\/dervetter\/wp-json\/wp\/v2\/types\/page"}],"author":[{"embeddable":true,"href":"https:\/\/konrad-vetter.ch\/dervetter\/wp-json\/wp\/v2\/users\/1"}],"replies":[{"embeddable":true,"href":"https:\/\/konrad-vetter.ch\/dervetter\/wp-json\/wp\/v2\/comments?post=1328"}],"version-history":[{"count":4,"href":"https:\/\/konrad-vetter.ch\/dervetter\/wp-json\/wp\/v2\/pages\/1328\/revisions"}],"predecessor-version":[{"id":2472,"href":"https:\/\/konrad-vetter.ch\/dervetter\/wp-json\/wp\/v2\/pages\/1328\/revisions\/2472"}],"wp:attachment":[{"href":"https:\/\/konrad-vetter.ch\/dervetter\/wp-json\/wp\/v2\/media?parent=1328"}],"curies":[{"name":"wp","href":"https:\/\/api.w.org\/{rel}","templated":true}]}}