{"id":1466,"date":"2020-09-06T13:46:27","date_gmt":"2020-09-06T13:46:27","guid":{"rendered":"https:\/\/konrad-vetter.ch\/dervetter\/?page_id=1466"},"modified":"2020-10-11T21:13:05","modified_gmt":"2020-10-11T21:13:05","slug":"2000-2","status":"publish","type":"page","link":"https:\/\/konrad-vetter.ch\/dervetter\/2000-2\/","title":{"rendered":"2000"},"content":{"rendered":"\t\t<div data-elementor-type=\"wp-page\" data-elementor-id=\"1466\" class=\"elementor elementor-1466\">\n\t\t\t\t\t\t<div class=\"elementor-inner\">\n\t\t\t\t<div class=\"elementor-section-wrap\">\n\t\t\t\t\t\t\t\t\t<section class=\"elementor-section elementor-top-section elementor-element elementor-element-464daa3c elementor-section-boxed elementor-section-height-default elementor-section-height-default\" data-id=\"464daa3c\" data-element_type=\"section\">\n\t\t\t\t\t\t<div class=\"elementor-container elementor-column-gap-default\">\n\t\t\t\t\t\t\t<div class=\"elementor-row\">\n\t\t\t\t\t<div class=\"elementor-column elementor-col-100 elementor-top-column elementor-element elementor-element-6e9be8d\" data-id=\"6e9be8d\" data-element_type=\"column\">\n\t\t\t<div class=\"elementor-column-wrap elementor-element-populated\">\n\t\t\t\t\t\t\t<div class=\"elementor-widget-wrap\">\n\t\t\t\t\t\t<div class=\"elementor-element elementor-element-1da74a59 elementor-widget elementor-widget-heading\" data-id=\"1da74a59\" data-element_type=\"widget\" data-widget_type=\"heading.default\">\n\t\t\t\t<div class=\"elementor-widget-container\">\n\t\t\t<h2 class=\"elementor-heading-title elementor-size-default\">2000<\/h2>\t\t<\/div>\n\t\t\t\t<\/div>\n\t\t\t\t\t\t<\/div>\n\t\t\t\t\t<\/div>\n\t\t<\/div>\n\t\t\t\t\t\t\t\t<\/div>\n\t\t\t\t\t<\/div>\n\t\t<\/section>\n\t\t\t\t<section class=\"elementor-section elementor-top-section elementor-element elementor-element-9e9f1a6 elementor-section-boxed elementor-section-height-default elementor-section-height-default\" data-id=\"9e9f1a6\" data-element_type=\"section\">\n\t\t\t\t\t\t<div class=\"elementor-container elementor-column-gap-default\">\n\t\t\t\t\t\t\t<div class=\"elementor-row\">\n\t\t\t\t\t<div class=\"elementor-column elementor-col-100 elementor-top-column elementor-element elementor-element-6d08d3c\" data-id=\"6d08d3c\" data-element_type=\"column\">\n\t\t\t<div class=\"elementor-column-wrap elementor-element-populated\">\n\t\t\t\t\t\t\t<div class=\"elementor-widget-wrap\">\n\t\t\t\t\t\t<div class=\"elementor-element elementor-element-6ca841c elementor-widget elementor-widget-image-gallery\" data-id=\"6ca841c\" data-element_type=\"widget\" data-widget_type=\"image-gallery.default\">\n\t\t\t\t<div class=\"elementor-widget-container\">\n\t\t\t\t\t<div class=\"elementor-image-gallery\">\n\t\t\t\n\t\t<style type=\"text\/css\">\n\t\t\t#gallery-1 {\n\t\t\t\tmargin: auto;\n\t\t\t}\n\t\t\t#gallery-1 .gallery-item {\n\t\t\t\tfloat: left;\n\t\t\t\tmargin-top: 10px;\n\t\t\t\ttext-align: center;\n\t\t\t\twidth: 33%;\n\t\t\t}\n\t\t\t#gallery-1 img {\n\t\t\t\tborder: 2px solid #cfcfcf;\n\t\t\t}\n\t\t\t#gallery-1 .gallery-caption {\n\t\t\t\tmargin-left: 0;\n\t\t\t}\n\t\t\t\/* see gallery_shortcode() in wp-includes\/media.php *\/\n\t\t<\/style>\n\t\t<div id='gallery-1' class='gallery galleryid-1466 gallery-columns-3 gallery-size-medium'><dl class='gallery-item'>\n\t\t\t<dt class='gallery-icon portrait'>\n\t\t\t\t<a data-elementor-open-lightbox=\"yes\" data-elementor-lightbox-slideshow=\"6ca841c\" data-elementor-lightbox-title=\"Variationen auf einen r\u00f6mischen Fussboden\" data-elementor-lightbox-description=\"Wasserfarben\" e-action-hash=\"#elementor-action%3Aaction%3Dlightbox%26settings%3DeyJpZCI6MTM4NCwidXJsIjoiaHR0cHM6XC9cL2tvbnJhZC12ZXR0ZXIuY2hcL2RlcnZldHRlclwvd3AtY29udGVudFwvdXBsb2Fkc1wvMjAyMFwvMDlcLzM3X1ZhclJvZW1GdXNzYm9kZW4uanBnIiwic2xpZGVzaG93IjoiNmNhODQxYyJ9\" href='https:\/\/konrad-vetter.ch\/dervetter\/wp-content\/uploads\/2020\/09\/37_VarRoemFussboden.jpg'><img width=\"217\" height=\"300\" src=\"https:\/\/konrad-vetter.ch\/dervetter\/wp-content\/uploads\/2020\/09\/37_VarRoemFussboden-217x300.jpg\" class=\"attachment-medium size-medium\" alt=\"\" loading=\"lazy\" aria-describedby=\"gallery-1-1384\" srcset=\"https:\/\/konrad-vetter.ch\/dervetter\/wp-content\/uploads\/2020\/09\/37_VarRoemFussboden-217x300.jpg 217w, https:\/\/konrad-vetter.ch\/dervetter\/wp-content\/uploads\/2020\/09\/37_VarRoemFussboden-739x1024.jpg 739w, https:\/\/konrad-vetter.ch\/dervetter\/wp-content\/uploads\/2020\/09\/37_VarRoemFussboden-768x1064.jpg 768w, https:\/\/konrad-vetter.ch\/dervetter\/wp-content\/uploads\/2020\/09\/37_VarRoemFussboden-1109x1536.jpg 1109w, https:\/\/konrad-vetter.ch\/dervetter\/wp-content\/uploads\/2020\/09\/37_VarRoemFussboden.jpg 1399w\" sizes=\"(max-width: 217px) 100vw, 217px\" \/><\/a>\n\t\t\t<\/dt>\n\t\t\t\t<dd class='wp-caption-text gallery-caption' id='gallery-1-1384'>\n\t\t\t\tVariationen auf einen r\u00f6mischen Fussboden\n\t\t\t\t<\/dd><\/dl><dl class='gallery-item'>\n\t\t\t<dt class='gallery-icon portrait'>\n\t\t\t\t<a data-elementor-open-lightbox=\"yes\" data-elementor-lightbox-slideshow=\"6ca841c\" data-elementor-lightbox-title=\"Variationen auf einen r\u00f6mischen Fussboden\" data-elementor-lightbox-description=\"Wasserfarben\" e-action-hash=\"#elementor-action%3Aaction%3Dlightbox%26settings%3DeyJpZCI6MTM4NSwidXJsIjoiaHR0cHM6XC9cL2tvbnJhZC12ZXR0ZXIuY2hcL2RlcnZldHRlclwvd3AtY29udGVudFwvdXBsb2Fkc1wvMjAyMFwvMDlcLzM5X1ZhclJvZW1GdXNzYm9kZW4uanBnIiwic2xpZGVzaG93IjoiNmNhODQxYyJ9\" href='https:\/\/konrad-vetter.ch\/dervetter\/wp-content\/uploads\/2020\/09\/39_VarRoemFussboden.jpg'><img width=\"247\" height=\"300\" src=\"https:\/\/konrad-vetter.ch\/dervetter\/wp-content\/uploads\/2020\/09\/39_VarRoemFussboden-247x300.jpg\" class=\"attachment-medium size-medium\" alt=\"\" loading=\"lazy\" aria-describedby=\"gallery-1-1385\" srcset=\"https:\/\/konrad-vetter.ch\/dervetter\/wp-content\/uploads\/2020\/09\/39_VarRoemFussboden-247x300.jpg 247w, https:\/\/konrad-vetter.ch\/dervetter\/wp-content\/uploads\/2020\/09\/39_VarRoemFussboden-842x1024.jpg 842w, https:\/\/konrad-vetter.ch\/dervetter\/wp-content\/uploads\/2020\/09\/39_VarRoemFussboden-768x934.jpg 768w, https:\/\/konrad-vetter.ch\/dervetter\/wp-content\/uploads\/2020\/09\/39_VarRoemFussboden-1262x1536.jpg 1262w, https:\/\/konrad-vetter.ch\/dervetter\/wp-content\/uploads\/2020\/09\/39_VarRoemFussboden.jpg 1546w\" sizes=\"(max-width: 247px) 100vw, 247px\" \/><\/a>\n\t\t\t<\/dt>\n\t\t\t\t<dd class='wp-caption-text gallery-caption' id='gallery-1-1385'>\n\t\t\t\tVariationen auf einen r\u00f6mischen Fussboden\n\t\t\t\t<\/dd><\/dl><dl class='gallery-item'>\n\t\t\t<dt class='gallery-icon landscape'>\n\t\t\t\t<a data-elementor-open-lightbox=\"yes\" data-elementor-lightbox-slideshow=\"6ca841c\" data-elementor-lightbox-title=\"Variation auf einen r\u00f6mischen Fussboden\" data-elementor-lightbox-description=\"Collage\" e-action-hash=\"#elementor-action%3Aaction%3Dlightbox%26settings%3DeyJpZCI6MTM3OSwidXJsIjoiaHR0cHM6XC9cL2tvbnJhZC12ZXR0ZXIuY2hcL2RlcnZldHRlclwvd3AtY29udGVudFwvdXBsb2Fkc1wvMjAyMFwvMDlcLzAxNl9WYXJpYXRpb25GdXNzYm9kZW4uanBnIiwic2xpZGVzaG93IjoiNmNhODQxYyJ9\" href='https:\/\/konrad-vetter.ch\/dervetter\/wp-content\/uploads\/2020\/09\/016_VariationFussboden.jpg'><img width=\"300\" height=\"249\" src=\"https:\/\/konrad-vetter.ch\/dervetter\/wp-content\/uploads\/2020\/09\/016_VariationFussboden-300x249.jpg\" class=\"attachment-medium size-medium\" alt=\"\" loading=\"lazy\" aria-describedby=\"gallery-1-1379\" srcset=\"https:\/\/konrad-vetter.ch\/dervetter\/wp-content\/uploads\/2020\/09\/016_VariationFussboden-300x249.jpg 300w, https:\/\/konrad-vetter.ch\/dervetter\/wp-content\/uploads\/2020\/09\/016_VariationFussboden-768x638.jpg 768w, https:\/\/konrad-vetter.ch\/dervetter\/wp-content\/uploads\/2020\/09\/016_VariationFussboden.jpg 1014w\" sizes=\"(max-width: 300px) 100vw, 300px\" \/><\/a>\n\t\t\t<\/dt>\n\t\t\t\t<dd class='wp-caption-text gallery-caption' id='gallery-1-1379'>\n\t\t\t\tVariation auf einen r\u00f6mischen Fussboden\n\t\t\t\t<\/dd><\/dl><br style=\"clear: both\" \/><dl class='gallery-item'>\n\t\t\t<dt class='gallery-icon landscape'>\n\t\t\t\t<a data-elementor-open-lightbox=\"yes\" data-elementor-lightbox-slideshow=\"6ca841c\" data-elementor-lightbox-title=\"Variation auf einen r\u00f6mischen Fussboden\" data-elementor-lightbox-description=\"Collage\" e-action-hash=\"#elementor-action%3Aaction%3Dlightbox%26settings%3DeyJpZCI6MTM3NywidXJsIjoiaHR0cHM6XC9cL2tvbnJhZC12ZXR0ZXIuY2hcL2RlcnZldHRlclwvd3AtY29udGVudFwvdXBsb2Fkc1wvMjAyMFwvMDlcLzAxNV9WYXJpYXRpb25GdXNzYm9kZW4uanBnIiwic2xpZGVzaG93IjoiNmNhODQxYyJ9\" href='https:\/\/konrad-vetter.ch\/dervetter\/wp-content\/uploads\/2020\/09\/015_VariationFussboden.jpg'><img width=\"300\" height=\"229\" src=\"https:\/\/konrad-vetter.ch\/dervetter\/wp-content\/uploads\/2020\/09\/015_VariationFussboden-300x229.jpg\" class=\"attachment-medium size-medium\" alt=\"\" loading=\"lazy\" aria-describedby=\"gallery-1-1377\" srcset=\"https:\/\/konrad-vetter.ch\/dervetter\/wp-content\/uploads\/2020\/09\/015_VariationFussboden-300x229.jpg 300w, https:\/\/konrad-vetter.ch\/dervetter\/wp-content\/uploads\/2020\/09\/015_VariationFussboden-1024x783.jpg 1024w, https:\/\/konrad-vetter.ch\/dervetter\/wp-content\/uploads\/2020\/09\/015_VariationFussboden-768x587.jpg 768w, https:\/\/konrad-vetter.ch\/dervetter\/wp-content\/uploads\/2020\/09\/015_VariationFussboden.jpg 1097w\" sizes=\"(max-width: 300px) 100vw, 300px\" \/><\/a>\n\t\t\t<\/dt>\n\t\t\t\t<dd class='wp-caption-text gallery-caption' id='gallery-1-1377'>\n\t\t\t\tVariation auf einen r\u00f6mischen Fussboden\n\t\t\t\t<\/dd><\/dl><dl class='gallery-item'>\n\t\t\t<dt class='gallery-icon landscape'>\n\t\t\t\t<a data-elementor-open-lightbox=\"yes\" data-elementor-lightbox-slideshow=\"6ca841c\" data-elementor-lightbox-title=\"Variation auf einen r\u00f6mischen Fussboden\" data-elementor-lightbox-description=\"Collage\" e-action-hash=\"#elementor-action%3Aaction%3Dlightbox%26settings%3DeyJpZCI6MTM3NiwidXJsIjoiaHR0cHM6XC9cL2tvbnJhZC12ZXR0ZXIuY2hcL2RlcnZldHRlclwvd3AtY29udGVudFwvdXBsb2Fkc1wvMjAyMFwvMDlcLzAxM19WYXJpYXRpb21GdXNzYm9kZW4uanBnIiwic2xpZGVzaG93IjoiNmNhODQxYyJ9\" href='https:\/\/konrad-vetter.ch\/dervetter\/wp-content\/uploads\/2020\/09\/013_VariatiomFussboden.jpg'><img width=\"300\" height=\"230\" src=\"https:\/\/konrad-vetter.ch\/dervetter\/wp-content\/uploads\/2020\/09\/013_VariatiomFussboden-300x230.jpg\" class=\"attachment-medium size-medium\" alt=\"\" loading=\"lazy\" aria-describedby=\"gallery-1-1376\" srcset=\"https:\/\/konrad-vetter.ch\/dervetter\/wp-content\/uploads\/2020\/09\/013_VariatiomFussboden-300x230.jpg 300w, https:\/\/konrad-vetter.ch\/dervetter\/wp-content\/uploads\/2020\/09\/013_VariatiomFussboden-1024x785.jpg 1024w, https:\/\/konrad-vetter.ch\/dervetter\/wp-content\/uploads\/2020\/09\/013_VariatiomFussboden-768x589.jpg 768w, https:\/\/konrad-vetter.ch\/dervetter\/wp-content\/uploads\/2020\/09\/013_VariatiomFussboden.jpg 1096w\" sizes=\"(max-width: 300px) 100vw, 300px\" \/><\/a>\n\t\t\t<\/dt>\n\t\t\t\t<dd class='wp-caption-text gallery-caption' id='gallery-1-1376'>\n\t\t\t\tVariation auf einen r\u00f6mischen Fussboden\n\t\t\t\t<\/dd><\/dl><dl class='gallery-item'>\n\t\t\t<dt class='gallery-icon portrait'>\n\t\t\t\t<a data-elementor-open-lightbox=\"yes\" data-elementor-lightbox-slideshow=\"6ca841c\" data-elementor-lightbox-title=\"Amor infiniti\" data-elementor-lightbox-description=\"Filzstift auf Pauspapier\" e-action-hash=\"#elementor-action%3Aaction%3Dlightbox%26settings%3DeyJpZCI6MTM4NiwidXJsIjoiaHR0cHM6XC9cL2tvbnJhZC12ZXR0ZXIuY2hcL2RlcnZldHRlclwvd3AtY29udGVudFwvdXBsb2Fkc1wvMjAyMFwvMDlcLzQyX0Ftb3JJbmZpbml0aS5qcGciLCJzbGlkZXNob3ciOiI2Y2E4NDFjIn0%3D\" href='https:\/\/konrad-vetter.ch\/dervetter\/wp-content\/uploads\/2020\/09\/42_AmorInfiniti.jpg'><img width=\"244\" height=\"300\" src=\"https:\/\/konrad-vetter.ch\/dervetter\/wp-content\/uploads\/2020\/09\/42_AmorInfiniti-244x300.jpg\" class=\"attachment-medium size-medium\" alt=\"\" loading=\"lazy\" aria-describedby=\"gallery-1-1386\" srcset=\"https:\/\/konrad-vetter.ch\/dervetter\/wp-content\/uploads\/2020\/09\/42_AmorInfiniti-244x300.jpg 244w, https:\/\/konrad-vetter.ch\/dervetter\/wp-content\/uploads\/2020\/09\/42_AmorInfiniti-831x1024.jpg 831w, https:\/\/konrad-vetter.ch\/dervetter\/wp-content\/uploads\/2020\/09\/42_AmorInfiniti-768x946.jpg 768w, https:\/\/konrad-vetter.ch\/dervetter\/wp-content\/uploads\/2020\/09\/42_AmorInfiniti-1247x1536.jpg 1247w, https:\/\/konrad-vetter.ch\/dervetter\/wp-content\/uploads\/2020\/09\/42_AmorInfiniti.jpg 1572w\" sizes=\"(max-width: 244px) 100vw, 244px\" \/><\/a>\n\t\t\t<\/dt>\n\t\t\t\t<dd class='wp-caption-text gallery-caption' id='gallery-1-1386'>\n\t\t\t\tAmor infiniti\n\n\t\t\t\t<\/dd><\/dl><br style=\"clear: both\" \/><dl class='gallery-item'>\n\t\t\t<dt class='gallery-icon portrait'>\n\t\t\t\t<a data-elementor-open-lightbox=\"yes\" data-elementor-lightbox-slideshow=\"6ca841c\" data-elementor-lightbox-title=\"Amor infiniti\" data-elementor-lightbox-description=\"Bleistift\" e-action-hash=\"#elementor-action%3Aaction%3Dlightbox%26settings%3DeyJpZCI6MTM4NywidXJsIjoiaHR0cHM6XC9cL2tvbnJhZC12ZXR0ZXIuY2hcL2RlcnZldHRlclwvd3AtY29udGVudFwvdXBsb2Fkc1wvMjAyMFwvMDlcLzQ0X0Ftb3JJbmZpbml0aS5qcGciLCJzbGlkZXNob3ciOiI2Y2E4NDFjIn0%3D\" href='https:\/\/konrad-vetter.ch\/dervetter\/wp-content\/uploads\/2020\/09\/44_AmorInfiniti.jpg'><img width=\"239\" height=\"300\" src=\"https:\/\/konrad-vetter.ch\/dervetter\/wp-content\/uploads\/2020\/09\/44_AmorInfiniti-239x300.jpg\" class=\"attachment-medium size-medium\" alt=\"\" loading=\"lazy\" aria-describedby=\"gallery-1-1387\" srcset=\"https:\/\/konrad-vetter.ch\/dervetter\/wp-content\/uploads\/2020\/09\/44_AmorInfiniti-239x300.jpg 239w, https:\/\/konrad-vetter.ch\/dervetter\/wp-content\/uploads\/2020\/09\/44_AmorInfiniti-816x1024.jpg 816w, https:\/\/konrad-vetter.ch\/dervetter\/wp-content\/uploads\/2020\/09\/44_AmorInfiniti-768x964.jpg 768w, https:\/\/konrad-vetter.ch\/dervetter\/wp-content\/uploads\/2020\/09\/44_AmorInfiniti-1223x1536.jpg 1223w, https:\/\/konrad-vetter.ch\/dervetter\/wp-content\/uploads\/2020\/09\/44_AmorInfiniti.jpg 1546w\" sizes=\"(max-width: 239px) 100vw, 239px\" \/><\/a>\n\t\t\t<\/dt>\n\t\t\t\t<dd class='wp-caption-text gallery-caption' id='gallery-1-1387'>\n\t\t\t\tAmor infiniti\n\n\t\t\t\t<\/dd><\/dl><dl class='gallery-item'>\n\t\t\t<dt class='gallery-icon portrait'>\n\t\t\t\t<a data-elementor-open-lightbox=\"yes\" data-elementor-lightbox-slideshow=\"6ca841c\" data-elementor-lightbox-title=\"Amor infiniti\" data-elementor-lightbox-description=\"Bleistift\" e-action-hash=\"#elementor-action%3Aaction%3Dlightbox%26settings%3DeyJpZCI6MTM4OCwidXJsIjoiaHR0cHM6XC9cL2tvbnJhZC12ZXR0ZXIuY2hcL2RlcnZldHRlclwvd3AtY29udGVudFwvdXBsb2Fkc1wvMjAyMFwvMDlcLzQ2X0Ftb3JJbmZpbml0aS5qcGciLCJzbGlkZXNob3ciOiI2Y2E4NDFjIn0%3D\" href='https:\/\/konrad-vetter.ch\/dervetter\/wp-content\/uploads\/2020\/09\/46_AmorInfiniti.jpg'><img width=\"228\" height=\"300\" src=\"https:\/\/konrad-vetter.ch\/dervetter\/wp-content\/uploads\/2020\/09\/46_AmorInfiniti-228x300.jpg\" class=\"attachment-medium size-medium\" alt=\"\" loading=\"lazy\" aria-describedby=\"gallery-1-1388\" srcset=\"https:\/\/konrad-vetter.ch\/dervetter\/wp-content\/uploads\/2020\/09\/46_AmorInfiniti-228x300.jpg 228w, https:\/\/konrad-vetter.ch\/dervetter\/wp-content\/uploads\/2020\/09\/46_AmorInfiniti-779x1024.jpg 779w, https:\/\/konrad-vetter.ch\/dervetter\/wp-content\/uploads\/2020\/09\/46_AmorInfiniti-768x1010.jpg 768w, https:\/\/konrad-vetter.ch\/dervetter\/wp-content\/uploads\/2020\/09\/46_AmorInfiniti-1168x1536.jpg 1168w, https:\/\/konrad-vetter.ch\/dervetter\/wp-content\/uploads\/2020\/09\/46_AmorInfiniti.jpg 1195w\" sizes=\"(max-width: 228px) 100vw, 228px\" \/><\/a>\n\t\t\t<\/dt>\n\t\t\t\t<dd class='wp-caption-text gallery-caption' id='gallery-1-1388'>\n\t\t\t\tAmor infiniti\n\n\t\t\t\t<\/dd><\/dl><dl class='gallery-item'>\n\t\t\t<dt class='gallery-icon landscape'>\n\t\t\t\t<a data-elementor-open-lightbox=\"yes\" data-elementor-lightbox-slideshow=\"6ca841c\" data-elementor-lightbox-title=\"Amor infiniti\" data-elementor-lightbox-description=\"Bleistift\" e-action-hash=\"#elementor-action%3Aaction%3Dlightbox%26settings%3DeyJpZCI6MTM4OSwidXJsIjoiaHR0cHM6XC9cL2tvbnJhZC12ZXR0ZXIuY2hcL2RlcnZldHRlclwvd3AtY29udGVudFwvdXBsb2Fkc1wvMjAyMFwvMDlcLzUwX0Ftb3JJbmZpbml0aS5qcGciLCJzbGlkZXNob3ciOiI2Y2E4NDFjIn0%3D\" href='https:\/\/konrad-vetter.ch\/dervetter\/wp-content\/uploads\/2020\/09\/50_AmorInfiniti.jpg'><img width=\"300\" height=\"228\" src=\"https:\/\/konrad-vetter.ch\/dervetter\/wp-content\/uploads\/2020\/09\/50_AmorInfiniti-300x228.jpg\" class=\"attachment-medium size-medium\" alt=\"\" loading=\"lazy\" aria-describedby=\"gallery-1-1389\" srcset=\"https:\/\/konrad-vetter.ch\/dervetter\/wp-content\/uploads\/2020\/09\/50_AmorInfiniti-300x228.jpg 300w, https:\/\/konrad-vetter.ch\/dervetter\/wp-content\/uploads\/2020\/09\/50_AmorInfiniti-1024x779.jpg 1024w, https:\/\/konrad-vetter.ch\/dervetter\/wp-content\/uploads\/2020\/09\/50_AmorInfiniti-768x584.jpg 768w, https:\/\/konrad-vetter.ch\/dervetter\/wp-content\/uploads\/2020\/09\/50_AmorInfiniti-1536x1168.jpg 1536w, https:\/\/konrad-vetter.ch\/dervetter\/wp-content\/uploads\/2020\/09\/50_AmorInfiniti-2048x1557.jpg 2048w\" sizes=\"(max-width: 300px) 100vw, 300px\" \/><\/a>\n\t\t\t<\/dt>\n\t\t\t\t<dd class='wp-caption-text gallery-caption' id='gallery-1-1389'>\n\t\t\t\tAmor infiniti\n\n\t\t\t\t<\/dd><\/dl><br style=\"clear: both\" \/><dl class='gallery-item'>\n\t\t\t<dt class='gallery-icon portrait'>\n\t\t\t\t<a data-elementor-open-lightbox=\"yes\" data-elementor-lightbox-slideshow=\"6ca841c\" data-elementor-lightbox-title=\"ohne Titel\" data-elementor-lightbox-description=\"Bleistift, Farbstift\n\" e-action-hash=\"#elementor-action%3Aaction%3Dlightbox%26settings%3DeyJpZCI6MTM5MSwidXJsIjoiaHR0cHM6XC9cL2tvbnJhZC12ZXR0ZXIuY2hcL2RlcnZldHRlclwvd3AtY29udGVudFwvdXBsb2Fkc1wvMjAyMFwvMDlcLzA1NS1PaG5lVGl0ZWwuanBnIiwic2xpZGVzaG93IjoiNmNhODQxYyJ9\" href='https:\/\/konrad-vetter.ch\/dervetter\/wp-content\/uploads\/2020\/09\/055-OhneTitel.jpg'><img width=\"233\" height=\"300\" src=\"https:\/\/konrad-vetter.ch\/dervetter\/wp-content\/uploads\/2020\/09\/055-OhneTitel-233x300.jpg\" class=\"attachment-medium size-medium\" alt=\"\" loading=\"lazy\" aria-describedby=\"gallery-1-1391\" srcset=\"https:\/\/konrad-vetter.ch\/dervetter\/wp-content\/uploads\/2020\/09\/055-OhneTitel-233x300.jpg 233w, https:\/\/konrad-vetter.ch\/dervetter\/wp-content\/uploads\/2020\/09\/055-OhneTitel-796x1024.jpg 796w, https:\/\/konrad-vetter.ch\/dervetter\/wp-content\/uploads\/2020\/09\/055-OhneTitel-768x988.jpg 768w, https:\/\/konrad-vetter.ch\/dervetter\/wp-content\/uploads\/2020\/09\/055-OhneTitel-1193x1536.jpg 1193w, https:\/\/konrad-vetter.ch\/dervetter\/wp-content\/uploads\/2020\/09\/055-OhneTitel.jpg 1442w\" sizes=\"(max-width: 233px) 100vw, 233px\" \/><\/a>\n\t\t\t<\/dt>\n\t\t\t\t<dd class='wp-caption-text gallery-caption' id='gallery-1-1391'>\n\t\t\t\tohne Titel\n\n\t\t\t\t<\/dd><\/dl><dl class='gallery-item'>\n\t\t\t<dt class='gallery-icon landscape'>\n\t\t\t\t<a data-elementor-open-lightbox=\"yes\" data-elementor-lightbox-slideshow=\"6ca841c\" data-elementor-lightbox-title=\"aufgel\u00f6ste Kuben\" data-elementor-lightbox-description=\"Bleistift, Wasserfarben\" e-action-hash=\"#elementor-action%3Aaction%3Dlightbox%26settings%3DeyJpZCI6MTM5MiwidXJsIjoiaHR0cHM6XC9cL2tvbnJhZC12ZXR0ZXIuY2hcL2RlcnZldHRlclwvd3AtY29udGVudFwvdXBsb2Fkc1wvMjAyMFwvMDlcLzA1N19BdWZnZWxvZXN0ZUt1YmVuLmpwZyIsInNsaWRlc2hvdyI6IjZjYTg0MWMifQ%3D%3D\" href='https:\/\/konrad-vetter.ch\/dervetter\/wp-content\/uploads\/2020\/09\/057_AufgeloesteKuben.jpg'><img width=\"300\" height=\"167\" src=\"https:\/\/konrad-vetter.ch\/dervetter\/wp-content\/uploads\/2020\/09\/057_AufgeloesteKuben-300x167.jpg\" class=\"attachment-medium size-medium\" alt=\"\" loading=\"lazy\" aria-describedby=\"gallery-1-1392\" srcset=\"https:\/\/konrad-vetter.ch\/dervetter\/wp-content\/uploads\/2020\/09\/057_AufgeloesteKuben-300x167.jpg 300w, https:\/\/konrad-vetter.ch\/dervetter\/wp-content\/uploads\/2020\/09\/057_AufgeloesteKuben-1024x571.jpg 1024w, https:\/\/konrad-vetter.ch\/dervetter\/wp-content\/uploads\/2020\/09\/057_AufgeloesteKuben-768x428.jpg 768w, https:\/\/konrad-vetter.ch\/dervetter\/wp-content\/uploads\/2020\/09\/057_AufgeloesteKuben-1536x857.jpg 1536w, https:\/\/konrad-vetter.ch\/dervetter\/wp-content\/uploads\/2020\/09\/057_AufgeloesteKuben-2048x1142.jpg 2048w\" sizes=\"(max-width: 300px) 100vw, 300px\" \/><\/a>\n\t\t\t<\/dt>\n\t\t\t\t<dd class='wp-caption-text gallery-caption' id='gallery-1-1392'>\n\t\t\t\taufgel\u00f6ste Kuben\n\n\t\t\t\t<\/dd><\/dl><dl class='gallery-item'>\n\t\t\t<dt class='gallery-icon portrait'>\n\t\t\t\t<a data-elementor-open-lightbox=\"yes\" data-elementor-lightbox-slideshow=\"6ca841c\" data-elementor-lightbox-title=\"usw wie bei Escher\" data-elementor-lightbox-description=\"Bleistift\" e-action-hash=\"#elementor-action%3Aaction%3Dlightbox%26settings%3DeyJpZCI6MTM5MywidXJsIjoiaHR0cHM6XC9cL2tvbnJhZC12ZXR0ZXIuY2hcL2RlcnZldHRlclwvd3AtY29udGVudFwvdXBsb2Fkc1wvMjAyMFwvMDlcLzA1OV9Vc3dXaWVCZWlFc2NoZXIuanBnIiwic2xpZGVzaG93IjoiNmNhODQxYyJ9\" href='https:\/\/konrad-vetter.ch\/dervetter\/wp-content\/uploads\/2020\/09\/059_UswWieBeiEscher.jpg'><img width=\"212\" height=\"300\" src=\"https:\/\/konrad-vetter.ch\/dervetter\/wp-content\/uploads\/2020\/09\/059_UswWieBeiEscher-212x300.jpg\" class=\"attachment-medium size-medium\" alt=\"\" loading=\"lazy\" aria-describedby=\"gallery-1-1393\" srcset=\"https:\/\/konrad-vetter.ch\/dervetter\/wp-content\/uploads\/2020\/09\/059_UswWieBeiEscher-212x300.jpg 212w, https:\/\/konrad-vetter.ch\/dervetter\/wp-content\/uploads\/2020\/09\/059_UswWieBeiEscher-724x1024.jpg 724w, https:\/\/konrad-vetter.ch\/dervetter\/wp-content\/uploads\/2020\/09\/059_UswWieBeiEscher-768x1087.jpg 768w, https:\/\/konrad-vetter.ch\/dervetter\/wp-content\/uploads\/2020\/09\/059_UswWieBeiEscher-1086x1536.jpg 1086w, https:\/\/konrad-vetter.ch\/dervetter\/wp-content\/uploads\/2020\/09\/059_UswWieBeiEscher.jpg 1314w\" sizes=\"(max-width: 212px) 100vw, 212px\" \/><\/a>\n\t\t\t<\/dt>\n\t\t\t\t<dd class='wp-caption-text gallery-caption' id='gallery-1-1393'>\n\t\t\t\tusw wie bei Escher\n\n\t\t\t\t<\/dd><\/dl><br style=\"clear: both\" \/><dl class='gallery-item'>\n\t\t\t<dt class='gallery-icon portrait'>\n\t\t\t\t<a data-elementor-open-lightbox=\"yes\" data-elementor-lightbox-slideshow=\"6ca841c\" data-elementor-lightbox-title=\"Verbindung Erde und Himmel\" data-elementor-lightbox-description=\"Bleistift, Kugelschreiber\n\" e-action-hash=\"#elementor-action%3Aaction%3Dlightbox%26settings%3DeyJpZCI6MTM5NCwidXJsIjoiaHR0cHM6XC9cL2tvbnJhZC12ZXR0ZXIuY2hcL2RlcnZldHRlclwvd3AtY29udGVudFwvdXBsb2Fkc1wvMjAyMFwvMDlcLzA2MV9WZXJiaW5kdW5nRXJkZVVuZEhpbW1lbC5qcGciLCJzbGlkZXNob3ciOiI2Y2E4NDFjIn0%3D\" href='https:\/\/konrad-vetter.ch\/dervetter\/wp-content\/uploads\/2020\/09\/061_VerbindungErdeUndHimmel.jpg'><img width=\"215\" height=\"300\" src=\"https:\/\/konrad-vetter.ch\/dervetter\/wp-content\/uploads\/2020\/09\/061_VerbindungErdeUndHimmel-215x300.jpg\" class=\"attachment-medium size-medium\" alt=\"\" loading=\"lazy\" aria-describedby=\"gallery-1-1394\" srcset=\"https:\/\/konrad-vetter.ch\/dervetter\/wp-content\/uploads\/2020\/09\/061_VerbindungErdeUndHimmel-215x300.jpg 215w, https:\/\/konrad-vetter.ch\/dervetter\/wp-content\/uploads\/2020\/09\/061_VerbindungErdeUndHimmel-735x1024.jpg 735w, https:\/\/konrad-vetter.ch\/dervetter\/wp-content\/uploads\/2020\/09\/061_VerbindungErdeUndHimmel-768x1069.jpg 768w, https:\/\/konrad-vetter.ch\/dervetter\/wp-content\/uploads\/2020\/09\/061_VerbindungErdeUndHimmel-1103x1536.jpg 1103w, https:\/\/konrad-vetter.ch\/dervetter\/wp-content\/uploads\/2020\/09\/061_VerbindungErdeUndHimmel.jpg 1407w\" sizes=\"(max-width: 215px) 100vw, 215px\" \/><\/a>\n\t\t\t<\/dt>\n\t\t\t\t<dd class='wp-caption-text gallery-caption' id='gallery-1-1394'>\n\t\t\t\tVerbindung Erde und Himmel\n\n\t\t\t\t<\/dd><\/dl><dl class='gallery-item'>\n\t\t\t<dt class='gallery-icon landscape'>\n\t\t\t\t<a data-elementor-open-lightbox=\"yes\" data-elementor-lightbox-slideshow=\"6ca841c\" data-elementor-lightbox-title=\"Felsformation\" data-elementor-lightbox-description=\"Bleistift\" e-action-hash=\"#elementor-action%3Aaction%3Dlightbox%26settings%3DeyJpZCI6MTM5NSwidXJsIjoiaHR0cHM6XC9cL2tvbnJhZC12ZXR0ZXIuY2hcL2RlcnZldHRlclwvd3AtY29udGVudFwvdXBsb2Fkc1wvMjAyMFwvMDlcLzY2X0ZlbHNmb3JtYXRpb24uanBnIiwic2xpZGVzaG93IjoiNmNhODQxYyJ9\" href='https:\/\/konrad-vetter.ch\/dervetter\/wp-content\/uploads\/2020\/09\/66_Felsformation.jpg'><img width=\"300\" height=\"196\" src=\"https:\/\/konrad-vetter.ch\/dervetter\/wp-content\/uploads\/2020\/09\/66_Felsformation-300x196.jpg\" class=\"attachment-medium size-medium\" alt=\"\" loading=\"lazy\" aria-describedby=\"gallery-1-1395\" srcset=\"https:\/\/konrad-vetter.ch\/dervetter\/wp-content\/uploads\/2020\/09\/66_Felsformation-300x196.jpg 300w, https:\/\/konrad-vetter.ch\/dervetter\/wp-content\/uploads\/2020\/09\/66_Felsformation-1024x669.jpg 1024w, https:\/\/konrad-vetter.ch\/dervetter\/wp-content\/uploads\/2020\/09\/66_Felsformation-768x502.jpg 768w, https:\/\/konrad-vetter.ch\/dervetter\/wp-content\/uploads\/2020\/09\/66_Felsformation-1536x1004.jpg 1536w, https:\/\/konrad-vetter.ch\/dervetter\/wp-content\/uploads\/2020\/09\/66_Felsformation-2048x1339.jpg 2048w\" sizes=\"(max-width: 300px) 100vw, 300px\" \/><\/a>\n\t\t\t<\/dt>\n\t\t\t\t<dd class='wp-caption-text gallery-caption' id='gallery-1-1395'>\n\t\t\t\tFelsformation\n\t\t\t\t<\/dd><\/dl><dl class='gallery-item'>\n\t\t\t<dt class='gallery-icon portrait'>\n\t\t\t\t<a data-elementor-open-lightbox=\"yes\" data-elementor-lightbox-slideshow=\"6ca841c\" data-elementor-lightbox-title=\"Felsformation\" data-elementor-lightbox-description=\"Bleistift\" e-action-hash=\"#elementor-action%3Aaction%3Dlightbox%26settings%3DeyJpZCI6MTQwMCwidXJsIjoiaHR0cHM6XC9cL2tvbnJhZC12ZXR0ZXIuY2hcL2RlcnZldHRlclwvd3AtY29udGVudFwvdXBsb2Fkc1wvMjAyMFwvMDlcLzcyX0ZlbHNmb3JtYXRpb24uanBnIiwic2xpZGVzaG93IjoiNmNhODQxYyJ9\" href='https:\/\/konrad-vetter.ch\/dervetter\/wp-content\/uploads\/2020\/09\/72_Felsformation.jpg'><img width=\"238\" height=\"300\" src=\"https:\/\/konrad-vetter.ch\/dervetter\/wp-content\/uploads\/2020\/09\/72_Felsformation-238x300.jpg\" class=\"attachment-medium size-medium\" alt=\"\" loading=\"lazy\" aria-describedby=\"gallery-1-1400\" srcset=\"https:\/\/konrad-vetter.ch\/dervetter\/wp-content\/uploads\/2020\/09\/72_Felsformation-238x300.jpg 238w, https:\/\/konrad-vetter.ch\/dervetter\/wp-content\/uploads\/2020\/09\/72_Felsformation-814x1024.jpg 814w, https:\/\/konrad-vetter.ch\/dervetter\/wp-content\/uploads\/2020\/09\/72_Felsformation-768x966.jpg 768w, https:\/\/konrad-vetter.ch\/dervetter\/wp-content\/uploads\/2020\/09\/72_Felsformation-1221x1536.jpg 1221w, https:\/\/konrad-vetter.ch\/dervetter\/wp-content\/uploads\/2020\/09\/72_Felsformation.jpg 1432w\" sizes=\"(max-width: 238px) 100vw, 238px\" \/><\/a>\n\t\t\t<\/dt>\n\t\t\t\t<dd class='wp-caption-text gallery-caption' id='gallery-1-1400'>\n\t\t\t\tFelsformation\n\t\t\t\t<\/dd><\/dl><br style=\"clear: both\" \/><dl class='gallery-item'>\n\t\t\t<dt class='gallery-icon landscape'>\n\t\t\t\t<a data-elementor-open-lightbox=\"yes\" data-elementor-lightbox-slideshow=\"6ca841c\" data-elementor-lightbox-title=\"Felsformation\" data-elementor-lightbox-description=\"Bleistift\" e-action-hash=\"#elementor-action%3Aaction%3Dlightbox%26settings%3DeyJpZCI6MTM5OSwidXJsIjoiaHR0cHM6XC9cL2tvbnJhZC12ZXR0ZXIuY2hcL2RlcnZldHRlclwvd3AtY29udGVudFwvdXBsb2Fkc1wvMjAyMFwvMDlcLzcxX0ZlbHNmb3JtYXRpb24uanBnIiwic2xpZGVzaG93IjoiNmNhODQxYyJ9\" href='https:\/\/konrad-vetter.ch\/dervetter\/wp-content\/uploads\/2020\/09\/71_Felsformation.jpg'><img width=\"300\" height=\"207\" src=\"https:\/\/konrad-vetter.ch\/dervetter\/wp-content\/uploads\/2020\/09\/71_Felsformation-300x207.jpg\" class=\"attachment-medium size-medium\" alt=\"\" loading=\"lazy\" aria-describedby=\"gallery-1-1399\" srcset=\"https:\/\/konrad-vetter.ch\/dervetter\/wp-content\/uploads\/2020\/09\/71_Felsformation-300x207.jpg 300w, https:\/\/konrad-vetter.ch\/dervetter\/wp-content\/uploads\/2020\/09\/71_Felsformation-1024x708.jpg 1024w, https:\/\/konrad-vetter.ch\/dervetter\/wp-content\/uploads\/2020\/09\/71_Felsformation-768x531.jpg 768w, https:\/\/konrad-vetter.ch\/dervetter\/wp-content\/uploads\/2020\/09\/71_Felsformation-1536x1061.jpg 1536w, https:\/\/konrad-vetter.ch\/dervetter\/wp-content\/uploads\/2020\/09\/71_Felsformation.jpg 1945w\" sizes=\"(max-width: 300px) 100vw, 300px\" \/><\/a>\n\t\t\t<\/dt>\n\t\t\t\t<dd class='wp-caption-text gallery-caption' id='gallery-1-1399'>\n\t\t\t\tFelsformation\n\t\t\t\t<\/dd><\/dl><dl class='gallery-item'>\n\t\t\t<dt class='gallery-icon landscape'>\n\t\t\t\t<a data-elementor-open-lightbox=\"yes\" data-elementor-lightbox-slideshow=\"6ca841c\" data-elementor-lightbox-title=\"Felsformation\" data-elementor-lightbox-description=\"Bleistift\" e-action-hash=\"#elementor-action%3Aaction%3Dlightbox%26settings%3DeyJpZCI6MTM5OCwidXJsIjoiaHR0cHM6XC9cL2tvbnJhZC12ZXR0ZXIuY2hcL2RlcnZldHRlclwvd3AtY29udGVudFwvdXBsb2Fkc1wvMjAyMFwvMDlcLzcwX0ZlbHNmb3JtYXRpb24tc2NhbGVkLmpwZyIsInNsaWRlc2hvdyI6IjZjYTg0MWMifQ%3D%3D\" href='https:\/\/konrad-vetter.ch\/dervetter\/wp-content\/uploads\/2020\/09\/70_Felsformation-scaled.jpg'><img width=\"300\" height=\"176\" src=\"https:\/\/konrad-vetter.ch\/dervetter\/wp-content\/uploads\/2020\/09\/70_Felsformation-300x176.jpg\" class=\"attachment-medium size-medium\" alt=\"\" loading=\"lazy\" aria-describedby=\"gallery-1-1398\" srcset=\"https:\/\/konrad-vetter.ch\/dervetter\/wp-content\/uploads\/2020\/09\/70_Felsformation-300x176.jpg 300w, https:\/\/konrad-vetter.ch\/dervetter\/wp-content\/uploads\/2020\/09\/70_Felsformation-1024x600.jpg 1024w, https:\/\/konrad-vetter.ch\/dervetter\/wp-content\/uploads\/2020\/09\/70_Felsformation-768x450.jpg 768w, https:\/\/konrad-vetter.ch\/dervetter\/wp-content\/uploads\/2020\/09\/70_Felsformation-1536x900.jpg 1536w, https:\/\/konrad-vetter.ch\/dervetter\/wp-content\/uploads\/2020\/09\/70_Felsformation-2048x1200.jpg 2048w\" sizes=\"(max-width: 300px) 100vw, 300px\" \/><\/a>\n\t\t\t<\/dt>\n\t\t\t\t<dd class='wp-caption-text gallery-caption' id='gallery-1-1398'>\n\t\t\t\tFelsformation\n\t\t\t\t<\/dd><\/dl><dl class='gallery-item'>\n\t\t\t<dt class='gallery-icon landscape'>\n\t\t\t\t<a data-elementor-open-lightbox=\"yes\" data-elementor-lightbox-slideshow=\"6ca841c\" data-elementor-lightbox-title=\"Felsformation\" data-elementor-lightbox-description=\"Bleistift\" e-action-hash=\"#elementor-action%3Aaction%3Dlightbox%26settings%3DeyJpZCI6MTM5NywidXJsIjoiaHR0cHM6XC9cL2tvbnJhZC12ZXR0ZXIuY2hcL2RlcnZldHRlclwvd3AtY29udGVudFwvdXBsb2Fkc1wvMjAyMFwvMDlcLzY4X0ZlbHNmb3JtYXRpb24uanBnIiwic2xpZGVzaG93IjoiNmNhODQxYyJ9\" href='https:\/\/konrad-vetter.ch\/dervetter\/wp-content\/uploads\/2020\/09\/68_Felsformation.jpg'><img width=\"300\" height=\"221\" src=\"https:\/\/konrad-vetter.ch\/dervetter\/wp-content\/uploads\/2020\/09\/68_Felsformation-300x221.jpg\" class=\"attachment-medium size-medium\" alt=\"\" loading=\"lazy\" aria-describedby=\"gallery-1-1397\" srcset=\"https:\/\/konrad-vetter.ch\/dervetter\/wp-content\/uploads\/2020\/09\/68_Felsformation-300x221.jpg 300w, https:\/\/konrad-vetter.ch\/dervetter\/wp-content\/uploads\/2020\/09\/68_Felsformation-1024x753.jpg 1024w, https:\/\/konrad-vetter.ch\/dervetter\/wp-content\/uploads\/2020\/09\/68_Felsformation-768x565.jpg 768w, https:\/\/konrad-vetter.ch\/dervetter\/wp-content\/uploads\/2020\/09\/68_Felsformation-1536x1130.jpg 1536w, https:\/\/konrad-vetter.ch\/dervetter\/wp-content\/uploads\/2020\/09\/68_Felsformation-2048x1507.jpg 2048w\" sizes=\"(max-width: 300px) 100vw, 300px\" \/><\/a>\n\t\t\t<\/dt>\n\t\t\t\t<dd class='wp-caption-text gallery-caption' id='gallery-1-1397'>\n\t\t\t\tFelsformation\n\t\t\t\t<\/dd><\/dl><br style=\"clear: both\" \/><dl class='gallery-item'>\n\t\t\t<dt class='gallery-icon landscape'>\n\t\t\t\t<a data-elementor-open-lightbox=\"yes\" data-elementor-lightbox-slideshow=\"6ca841c\" data-elementor-lightbox-title=\"Felsformation\" data-elementor-lightbox-description=\"Bleistift\" e-action-hash=\"#elementor-action%3Aaction%3Dlightbox%26settings%3DeyJpZCI6MTM5NiwidXJsIjoiaHR0cHM6XC9cL2tvbnJhZC12ZXR0ZXIuY2hcL2RlcnZldHRlclwvd3AtY29udGVudFwvdXBsb2Fkc1wvMjAyMFwvMDlcLzY3X0ZlbHNmb3JtYXRpb24uanBnIiwic2xpZGVzaG93IjoiNmNhODQxYyJ9\" href='https:\/\/konrad-vetter.ch\/dervetter\/wp-content\/uploads\/2020\/09\/67_Felsformation.jpg'><img width=\"300\" height=\"212\" src=\"https:\/\/konrad-vetter.ch\/dervetter\/wp-content\/uploads\/2020\/09\/67_Felsformation-300x212.jpg\" class=\"attachment-medium size-medium\" alt=\"\" loading=\"lazy\" aria-describedby=\"gallery-1-1396\" srcset=\"https:\/\/konrad-vetter.ch\/dervetter\/wp-content\/uploads\/2020\/09\/67_Felsformation-300x212.jpg 300w, https:\/\/konrad-vetter.ch\/dervetter\/wp-content\/uploads\/2020\/09\/67_Felsformation-1024x723.jpg 1024w, https:\/\/konrad-vetter.ch\/dervetter\/wp-content\/uploads\/2020\/09\/67_Felsformation-768x543.jpg 768w, https:\/\/konrad-vetter.ch\/dervetter\/wp-content\/uploads\/2020\/09\/67_Felsformation-1536x1085.jpg 1536w, https:\/\/konrad-vetter.ch\/dervetter\/wp-content\/uploads\/2020\/09\/67_Felsformation-2048x1447.jpg 2048w\" sizes=\"(max-width: 300px) 100vw, 300px\" \/><\/a>\n\t\t\t<\/dt>\n\t\t\t\t<dd class='wp-caption-text gallery-caption' id='gallery-1-1396'>\n\t\t\t\tFelsformation\n\t\t\t\t<\/dd><\/dl><dl class='gallery-item'>\n\t\t\t<dt class='gallery-icon portrait'>\n\t\t\t\t<a data-elementor-open-lightbox=\"yes\" data-elementor-lightbox-slideshow=\"6ca841c\" data-elementor-lightbox-title=\"Felsformation\" data-elementor-lightbox-description=\"Bleistift\" e-action-hash=\"#elementor-action%3Aaction%3Dlightbox%26settings%3DeyJpZCI6MTQwMiwidXJsIjoiaHR0cHM6XC9cL2tvbnJhZC12ZXR0ZXIuY2hcL2RlcnZldHRlclwvd3AtY29udGVudFwvdXBsb2Fkc1wvMjAyMFwvMDlcLzc0X0ZlbHNmb3JtYXRpb24uanBnIiwic2xpZGVzaG93IjoiNmNhODQxYyJ9\" href='https:\/\/konrad-vetter.ch\/dervetter\/wp-content\/uploads\/2020\/09\/74_Felsformation.jpg'><img width=\"242\" height=\"300\" src=\"https:\/\/konrad-vetter.ch\/dervetter\/wp-content\/uploads\/2020\/09\/74_Felsformation-242x300.jpg\" class=\"attachment-medium size-medium\" alt=\"\" loading=\"lazy\" aria-describedby=\"gallery-1-1402\" srcset=\"https:\/\/konrad-vetter.ch\/dervetter\/wp-content\/uploads\/2020\/09\/74_Felsformation-242x300.jpg 242w, https:\/\/konrad-vetter.ch\/dervetter\/wp-content\/uploads\/2020\/09\/74_Felsformation-827x1024.jpg 827w, https:\/\/konrad-vetter.ch\/dervetter\/wp-content\/uploads\/2020\/09\/74_Felsformation-768x951.jpg 768w, https:\/\/konrad-vetter.ch\/dervetter\/wp-content\/uploads\/2020\/09\/74_Felsformation-1241x1536.jpg 1241w, https:\/\/konrad-vetter.ch\/dervetter\/wp-content\/uploads\/2020\/09\/74_Felsformation.jpg 1573w\" sizes=\"(max-width: 242px) 100vw, 242px\" \/><\/a>\n\t\t\t<\/dt>\n\t\t\t\t<dd class='wp-caption-text gallery-caption' id='gallery-1-1402'>\n\t\t\t\tFelsformation\n\t\t\t\t<\/dd><\/dl><dl class='gallery-item'>\n\t\t\t<dt class='gallery-icon portrait'>\n\t\t\t\t<a data-elementor-open-lightbox=\"yes\" data-elementor-lightbox-slideshow=\"6ca841c\" data-elementor-lightbox-title=\"Felsformation\" data-elementor-lightbox-description=\"Bleistift\" e-action-hash=\"#elementor-action%3Aaction%3Dlightbox%26settings%3DeyJpZCI6MTQwMywidXJsIjoiaHR0cHM6XC9cL2tvbnJhZC12ZXR0ZXIuY2hcL2RlcnZldHRlclwvd3AtY29udGVudFwvdXBsb2Fkc1wvMjAyMFwvMDlcLzc1X0ZlbHNmb3JtYXRpb24uanBnIiwic2xpZGVzaG93IjoiNmNhODQxYyJ9\" href='https:\/\/konrad-vetter.ch\/dervetter\/wp-content\/uploads\/2020\/09\/75_Felsformation.jpg'><img width=\"260\" height=\"300\" src=\"https:\/\/konrad-vetter.ch\/dervetter\/wp-content\/uploads\/2020\/09\/75_Felsformation-260x300.jpg\" class=\"attachment-medium size-medium\" alt=\"\" loading=\"lazy\" aria-describedby=\"gallery-1-1403\" srcset=\"https:\/\/konrad-vetter.ch\/dervetter\/wp-content\/uploads\/2020\/09\/75_Felsformation-260x300.jpg 260w, https:\/\/konrad-vetter.ch\/dervetter\/wp-content\/uploads\/2020\/09\/75_Felsformation-888x1024.jpg 888w, https:\/\/konrad-vetter.ch\/dervetter\/wp-content\/uploads\/2020\/09\/75_Felsformation-768x886.jpg 768w, https:\/\/konrad-vetter.ch\/dervetter\/wp-content\/uploads\/2020\/09\/75_Felsformation-1332x1536.jpg 1332w, https:\/\/konrad-vetter.ch\/dervetter\/wp-content\/uploads\/2020\/09\/75_Felsformation.jpg 1516w\" sizes=\"(max-width: 260px) 100vw, 260px\" \/><\/a>\n\t\t\t<\/dt>\n\t\t\t\t<dd class='wp-caption-text gallery-caption' id='gallery-1-1403'>\n\t\t\t\tFelsformation\n\t\t\t\t<\/dd><\/dl><br style=\"clear: both\" \/><dl class='gallery-item'>\n\t\t\t<dt class='gallery-icon portrait'>\n\t\t\t\t<a data-elementor-open-lightbox=\"yes\" data-elementor-lightbox-slideshow=\"6ca841c\" data-elementor-lightbox-title=\"Felsformation\" data-elementor-lightbox-description=\"Bleistift, Aquarell\n\" e-action-hash=\"#elementor-action%3Aaction%3Dlightbox%26settings%3DeyJpZCI6MTQwMSwidXJsIjoiaHR0cHM6XC9cL2tvbnJhZC12ZXR0ZXIuY2hcL2RlcnZldHRlclwvd3AtY29udGVudFwvdXBsb2Fkc1wvMjAyMFwvMDlcLzczX0ZlbHNmb3JtYXRpb24uanBnIiwic2xpZGVzaG93IjoiNmNhODQxYyJ9\" href='https:\/\/konrad-vetter.ch\/dervetter\/wp-content\/uploads\/2020\/09\/73_Felsformation.jpg'><img width=\"263\" height=\"300\" src=\"https:\/\/konrad-vetter.ch\/dervetter\/wp-content\/uploads\/2020\/09\/73_Felsformation-263x300.jpg\" class=\"attachment-medium size-medium\" alt=\"\" loading=\"lazy\" aria-describedby=\"gallery-1-1401\" srcset=\"https:\/\/konrad-vetter.ch\/dervetter\/wp-content\/uploads\/2020\/09\/73_Felsformation-263x300.jpg 263w, https:\/\/konrad-vetter.ch\/dervetter\/wp-content\/uploads\/2020\/09\/73_Felsformation-896x1024.jpg 896w, https:\/\/konrad-vetter.ch\/dervetter\/wp-content\/uploads\/2020\/09\/73_Felsformation-768x878.jpg 768w, https:\/\/konrad-vetter.ch\/dervetter\/wp-content\/uploads\/2020\/09\/73_Felsformation-1344x1536.jpg 1344w, https:\/\/konrad-vetter.ch\/dervetter\/wp-content\/uploads\/2020\/09\/73_Felsformation-1792x2048.jpg 1792w, https:\/\/konrad-vetter.ch\/dervetter\/wp-content\/uploads\/2020\/09\/73_Felsformation.jpg 1799w\" sizes=\"(max-width: 263px) 100vw, 263px\" \/><\/a>\n\t\t\t<\/dt>\n\t\t\t\t<dd class='wp-caption-text gallery-caption' id='gallery-1-1401'>\n\t\t\t\tFelsformation\n\t\t\t\t<\/dd><\/dl><dl class='gallery-item'>\n\t\t\t<dt class='gallery-icon landscape'>\n\t\t\t\t<a data-elementor-open-lightbox=\"yes\" data-elementor-lightbox-slideshow=\"6ca841c\" data-elementor-lightbox-title=\"Mutation\" data-elementor-lightbox-description=\"Bleistift, Kugelschreiber\n\" e-action-hash=\"#elementor-action%3Aaction%3Dlightbox%26settings%3DeyJpZCI6MTM3NSwidXJsIjoiaHR0cHM6XC9cL2tvbnJhZC12ZXR0ZXIuY2hcL2RlcnZldHRlclwvd3AtY29udGVudFwvdXBsb2Fkc1wvMjAyMFwvMDlcLzAxMF9NdXRhdGlvbi5qcGciLCJzbGlkZXNob3ciOiI2Y2E4NDFjIn0%3D\" href='https:\/\/konrad-vetter.ch\/dervetter\/wp-content\/uploads\/2020\/09\/010_Mutation.jpg'><img width=\"300\" height=\"213\" src=\"https:\/\/konrad-vetter.ch\/dervetter\/wp-content\/uploads\/2020\/09\/010_Mutation-300x213.jpg\" class=\"attachment-medium size-medium\" alt=\"\" loading=\"lazy\" aria-describedby=\"gallery-1-1375\" srcset=\"https:\/\/konrad-vetter.ch\/dervetter\/wp-content\/uploads\/2020\/09\/010_Mutation-300x213.jpg 300w, https:\/\/konrad-vetter.ch\/dervetter\/wp-content\/uploads\/2020\/09\/010_Mutation-1024x728.jpg 1024w, https:\/\/konrad-vetter.ch\/dervetter\/wp-content\/uploads\/2020\/09\/010_Mutation-768x546.jpg 768w, https:\/\/konrad-vetter.ch\/dervetter\/wp-content\/uploads\/2020\/09\/010_Mutation.jpg 1096w\" sizes=\"(max-width: 300px) 100vw, 300px\" \/><\/a>\n\t\t\t<\/dt>\n\t\t\t\t<dd class='wp-caption-text gallery-caption' id='gallery-1-1375'>\n\t\t\t\tMutation\n\t\t\t\t<\/dd><\/dl><dl class='gallery-item'>\n\t\t\t<dt class='gallery-icon portrait'>\n\t\t\t\t<a data-elementor-open-lightbox=\"yes\" data-elementor-lightbox-slideshow=\"6ca841c\" data-elementor-lightbox-title=\"Fragment\" data-elementor-lightbox-description=\"Bleistift\" e-action-hash=\"#elementor-action%3Aaction%3Dlightbox%26settings%3DeyJpZCI6MTQwNCwidXJsIjoiaHR0cHM6XC9cL2tvbnJhZC12ZXR0ZXIuY2hcL2RlcnZldHRlclwvd3AtY29udGVudFwvdXBsb2Fkc1wvMjAyMFwvMDlcLzA3N19GcmFnbWVudC5qcGciLCJzbGlkZXNob3ciOiI2Y2E4NDFjIn0%3D\" href='https:\/\/konrad-vetter.ch\/dervetter\/wp-content\/uploads\/2020\/09\/077_Fragment.jpg'><img width=\"279\" height=\"300\" src=\"https:\/\/konrad-vetter.ch\/dervetter\/wp-content\/uploads\/2020\/09\/077_Fragment-279x300.jpg\" class=\"attachment-medium size-medium\" alt=\"\" loading=\"lazy\" aria-describedby=\"gallery-1-1404\" srcset=\"https:\/\/konrad-vetter.ch\/dervetter\/wp-content\/uploads\/2020\/09\/077_Fragment-279x300.jpg 279w, https:\/\/konrad-vetter.ch\/dervetter\/wp-content\/uploads\/2020\/09\/077_Fragment-768x825.jpg 768w, https:\/\/konrad-vetter.ch\/dervetter\/wp-content\/uploads\/2020\/09\/077_Fragment.jpg 778w\" sizes=\"(max-width: 279px) 100vw, 279px\" \/><\/a>\n\t\t\t<\/dt>\n\t\t\t\t<dd class='wp-caption-text gallery-caption' id='gallery-1-1404'>\n\t\t\t\tFragment\n\t\t\t\t<\/dd><\/dl><br style=\"clear: both\" \/><dl class='gallery-item'>\n\t\t\t<dt class='gallery-icon landscape'>\n\t\t\t\t<a data-elementor-open-lightbox=\"yes\" data-elementor-lightbox-slideshow=\"6ca841c\" data-elementor-lightbox-title=\"Schlingformen\" data-elementor-lightbox-description=\"Bleistift\" e-action-hash=\"#elementor-action%3Aaction%3Dlightbox%26settings%3DeyJpZCI6MTQwNSwidXJsIjoiaHR0cHM6XC9cL2tvbnJhZC12ZXR0ZXIuY2hcL2RlcnZldHRlclwvd3AtY29udGVudFwvdXBsb2Fkc1wvMjAyMFwvMDlcLzA3OV9TY2hsaW5nZm9ybWVuLmpwZyIsInNsaWRlc2hvdyI6IjZjYTg0MWMifQ%3D%3D\" href='https:\/\/konrad-vetter.ch\/dervetter\/wp-content\/uploads\/2020\/09\/079_Schlingformen.jpg'><img width=\"300\" height=\"257\" src=\"https:\/\/konrad-vetter.ch\/dervetter\/wp-content\/uploads\/2020\/09\/079_Schlingformen-300x257.jpg\" class=\"attachment-medium size-medium\" alt=\"\" loading=\"lazy\" aria-describedby=\"gallery-1-1405\" srcset=\"https:\/\/konrad-vetter.ch\/dervetter\/wp-content\/uploads\/2020\/09\/079_Schlingformen-300x257.jpg 300w, https:\/\/konrad-vetter.ch\/dervetter\/wp-content\/uploads\/2020\/09\/079_Schlingformen-768x658.jpg 768w, https:\/\/konrad-vetter.ch\/dervetter\/wp-content\/uploads\/2020\/09\/079_Schlingformen.jpg 981w\" sizes=\"(max-width: 300px) 100vw, 300px\" \/><\/a>\n\t\t\t<\/dt>\n\t\t\t\t<dd class='wp-caption-text gallery-caption' id='gallery-1-1405'>\n\t\t\t\tSchlingformen\n\n\t\t\t\t<\/dd><\/dl><dl class='gallery-item'>\n\t\t\t<dt class='gallery-icon portrait'>\n\t\t\t\t<a data-elementor-open-lightbox=\"yes\" data-elementor-lightbox-slideshow=\"6ca841c\" data-elementor-lightbox-title=\"Farbstiftzeichnungen\" data-elementor-lightbox-description=\"Farbstift und Bleistift\n\" e-action-hash=\"#elementor-action%3Aaction%3Dlightbox%26settings%3DeyJpZCI6MTM4MiwidXJsIjoiaHR0cHM6XC9cL2tvbnJhZC12ZXR0ZXIuY2hcL2RlcnZldHRlclwvd3AtY29udGVudFwvdXBsb2Fkc1wvMjAyMFwvMDlcLzAyMl9GYXJic3RpZnQuanBnIiwic2xpZGVzaG93IjoiNmNhODQxYyJ9\" href='https:\/\/konrad-vetter.ch\/dervetter\/wp-content\/uploads\/2020\/09\/022_Farbstift.jpg'><img width=\"251\" height=\"300\" src=\"https:\/\/konrad-vetter.ch\/dervetter\/wp-content\/uploads\/2020\/09\/022_Farbstift-251x300.jpg\" class=\"attachment-medium size-medium\" alt=\"\" loading=\"lazy\" aria-describedby=\"gallery-1-1382\" srcset=\"https:\/\/konrad-vetter.ch\/dervetter\/wp-content\/uploads\/2020\/09\/022_Farbstift-251x300.jpg 251w, https:\/\/konrad-vetter.ch\/dervetter\/wp-content\/uploads\/2020\/09\/022_Farbstift-857x1024.jpg 857w, https:\/\/konrad-vetter.ch\/dervetter\/wp-content\/uploads\/2020\/09\/022_Farbstift-768x917.jpg 768w, https:\/\/konrad-vetter.ch\/dervetter\/wp-content\/uploads\/2020\/09\/022_Farbstift-1286x1536.jpg 1286w, https:\/\/konrad-vetter.ch\/dervetter\/wp-content\/uploads\/2020\/09\/022_Farbstift.jpg 1605w\" sizes=\"(max-width: 251px) 100vw, 251px\" \/><\/a>\n\t\t\t<\/dt>\n\t\t\t\t<dd class='wp-caption-text gallery-caption' id='gallery-1-1382'>\n\t\t\t\tFarbstiftzeichnungen\n\t\t\t\t<\/dd><\/dl><dl class='gallery-item'>\n\t\t\t<dt class='gallery-icon portrait'>\n\t\t\t\t<a data-elementor-open-lightbox=\"yes\" data-elementor-lightbox-slideshow=\"6ca841c\" data-elementor-lightbox-title=\"Farbstiftzeichnungen\" data-elementor-lightbox-description=\"Farbstift und Bleistift\" e-action-hash=\"#elementor-action%3Aaction%3Dlightbox%26settings%3DeyJpZCI6MTM4MCwidXJsIjoiaHR0cHM6XC9cL2tvbnJhZC12ZXR0ZXIuY2hcL2RlcnZldHRlclwvd3AtY29udGVudFwvdXBsb2Fkc1wvMjAyMFwvMDlcLzAxOF9GYXJic3RpZnQuanBnIiwic2xpZGVzaG93IjoiNmNhODQxYyJ9\" href='https:\/\/konrad-vetter.ch\/dervetter\/wp-content\/uploads\/2020\/09\/018_Farbstift.jpg'><img width=\"222\" height=\"300\" src=\"https:\/\/konrad-vetter.ch\/dervetter\/wp-content\/uploads\/2020\/09\/018_Farbstift-222x300.jpg\" class=\"attachment-medium size-medium\" alt=\"\" loading=\"lazy\" aria-describedby=\"gallery-1-1380\" srcset=\"https:\/\/konrad-vetter.ch\/dervetter\/wp-content\/uploads\/2020\/09\/018_Farbstift-222x300.jpg 222w, https:\/\/konrad-vetter.ch\/dervetter\/wp-content\/uploads\/2020\/09\/018_Farbstift-758x1024.jpg 758w, https:\/\/konrad-vetter.ch\/dervetter\/wp-content\/uploads\/2020\/09\/018_Farbstift-768x1038.jpg 768w, https:\/\/konrad-vetter.ch\/dervetter\/wp-content\/uploads\/2020\/09\/018_Farbstift-1137x1536.jpg 1137w, https:\/\/konrad-vetter.ch\/dervetter\/wp-content\/uploads\/2020\/09\/018_Farbstift.jpg 1401w\" sizes=\"(max-width: 222px) 100vw, 222px\" \/><\/a>\n\t\t\t<\/dt>\n\t\t\t\t<dd class='wp-caption-text gallery-caption' id='gallery-1-1380'>\n\t\t\t\tFarbstiftzeichnungen\n\t\t\t\t<\/dd><\/dl><br style=\"clear: both\" \/><dl class='gallery-item'>\n\t\t\t<dt class='gallery-icon portrait'>\n\t\t\t\t<a data-elementor-open-lightbox=\"yes\" data-elementor-lightbox-slideshow=\"6ca841c\" data-elementor-lightbox-title=\"Farbstiftzeichnungen\" data-elementor-lightbox-description=\"Farbstift und Bleistift\n\" e-action-hash=\"#elementor-action%3Aaction%3Dlightbox%26settings%3DeyJpZCI6MTM4MywidXJsIjoiaHR0cHM6XC9cL2tvbnJhZC12ZXR0ZXIuY2hcL2RlcnZldHRlclwvd3AtY29udGVudFwvdXBsb2Fkc1wvMjAyMFwvMDlcLzAyNF9GYXJic3RpZnQuanBnIiwic2xpZGVzaG93IjoiNmNhODQxYyJ9\" href='https:\/\/konrad-vetter.ch\/dervetter\/wp-content\/uploads\/2020\/09\/024_Farbstift.jpg'><img width=\"248\" height=\"300\" src=\"https:\/\/konrad-vetter.ch\/dervetter\/wp-content\/uploads\/2020\/09\/024_Farbstift-248x300.jpg\" class=\"attachment-medium size-medium\" alt=\"\" loading=\"lazy\" aria-describedby=\"gallery-1-1383\" srcset=\"https:\/\/konrad-vetter.ch\/dervetter\/wp-content\/uploads\/2020\/09\/024_Farbstift-248x300.jpg 248w, https:\/\/konrad-vetter.ch\/dervetter\/wp-content\/uploads\/2020\/09\/024_Farbstift-846x1024.jpg 846w, https:\/\/konrad-vetter.ch\/dervetter\/wp-content\/uploads\/2020\/09\/024_Farbstift-768x930.jpg 768w, https:\/\/konrad-vetter.ch\/dervetter\/wp-content\/uploads\/2020\/09\/024_Farbstift-1269x1536.jpg 1269w, https:\/\/konrad-vetter.ch\/dervetter\/wp-content\/uploads\/2020\/09\/024_Farbstift.jpg 1545w\" sizes=\"(max-width: 248px) 100vw, 248px\" \/><\/a>\n\t\t\t<\/dt>\n\t\t\t\t<dd class='wp-caption-text gallery-caption' id='gallery-1-1383'>\n\t\t\t\tFarbstiftzeichnungen\n\n\t\t\t\t<\/dd><\/dl><dl class='gallery-item'>\n\t\t\t<dt class='gallery-icon portrait'>\n\t\t\t\t<a data-elementor-open-lightbox=\"yes\" data-elementor-lightbox-slideshow=\"6ca841c\" data-elementor-lightbox-title=\"Farbstiftzeichnungen\" data-elementor-lightbox-description=\"Farbstift und Bleistift\" e-action-hash=\"#elementor-action%3Aaction%3Dlightbox%26settings%3DeyJpZCI6MTM4MSwidXJsIjoiaHR0cHM6XC9cL2tvbnJhZC12ZXR0ZXIuY2hcL2RlcnZldHRlclwvd3AtY29udGVudFwvdXBsb2Fkc1wvMjAyMFwvMDlcLzAyMF9GYXJic3RpZnQuanBnIiwic2xpZGVzaG93IjoiNmNhODQxYyJ9\" href='https:\/\/konrad-vetter.ch\/dervetter\/wp-content\/uploads\/2020\/09\/020_Farbstift.jpg'><img width=\"216\" height=\"300\" src=\"https:\/\/konrad-vetter.ch\/dervetter\/wp-content\/uploads\/2020\/09\/020_Farbstift-216x300.jpg\" class=\"attachment-medium size-medium\" alt=\"\" loading=\"lazy\" aria-describedby=\"gallery-1-1381\" srcset=\"https:\/\/konrad-vetter.ch\/dervetter\/wp-content\/uploads\/2020\/09\/020_Farbstift-216x300.jpg 216w, https:\/\/konrad-vetter.ch\/dervetter\/wp-content\/uploads\/2020\/09\/020_Farbstift-738x1024.jpg 738w, https:\/\/konrad-vetter.ch\/dervetter\/wp-content\/uploads\/2020\/09\/020_Farbstift-768x1066.jpg 768w, https:\/\/konrad-vetter.ch\/dervetter\/wp-content\/uploads\/2020\/09\/020_Farbstift-1107x1536.jpg 1107w, https:\/\/konrad-vetter.ch\/dervetter\/wp-content\/uploads\/2020\/09\/020_Farbstift.jpg 1405w\" sizes=\"(max-width: 216px) 100vw, 216px\" \/><\/a>\n\t\t\t<\/dt>\n\t\t\t\t<dd class='wp-caption-text gallery-caption' id='gallery-1-1381'>\n\t\t\t\tFarbstiftzeichnungen\n\n\t\t\t\t<\/dd><\/dl><dl class='gallery-item'>\n\t\t\t<dt class='gallery-icon portrait'>\n\t\t\t\t<a data-elementor-open-lightbox=\"yes\" data-elementor-lightbox-slideshow=\"6ca841c\" data-elementor-lightbox-title=\"Farbstiftzeichnungen\" data-elementor-lightbox-description=\"Farbstift und Bleistift\n\" e-action-hash=\"#elementor-action%3Aaction%3Dlightbox%26settings%3DeyJpZCI6MTM3OCwidXJsIjoiaHR0cHM6XC9cL2tvbnJhZC12ZXR0ZXIuY2hcL2RlcnZldHRlclwvd3AtY29udGVudFwvdXBsb2Fkc1wvMjAyMFwvMDlcLzAxNl9GYXJic3RpZnQuanBnIiwic2xpZGVzaG93IjoiNmNhODQxYyJ9\" href='https:\/\/konrad-vetter.ch\/dervetter\/wp-content\/uploads\/2020\/09\/016_Farbstift.jpg'><img width=\"248\" height=\"300\" src=\"https:\/\/konrad-vetter.ch\/dervetter\/wp-content\/uploads\/2020\/09\/016_Farbstift-248x300.jpg\" class=\"attachment-medium size-medium\" alt=\"\" loading=\"lazy\" aria-describedby=\"gallery-1-1378\" srcset=\"https:\/\/konrad-vetter.ch\/dervetter\/wp-content\/uploads\/2020\/09\/016_Farbstift-248x300.jpg 248w, https:\/\/konrad-vetter.ch\/dervetter\/wp-content\/uploads\/2020\/09\/016_Farbstift-847x1024.jpg 847w, https:\/\/konrad-vetter.ch\/dervetter\/wp-content\/uploads\/2020\/09\/016_Farbstift-768x929.jpg 768w, https:\/\/konrad-vetter.ch\/dervetter\/wp-content\/uploads\/2020\/09\/016_Farbstift-1270x1536.jpg 1270w, https:\/\/konrad-vetter.ch\/dervetter\/wp-content\/uploads\/2020\/09\/016_Farbstift.jpg 1560w\" sizes=\"(max-width: 248px) 100vw, 248px\" \/><\/a>\n\t\t\t<\/dt>\n\t\t\t\t<dd class='wp-caption-text gallery-caption' id='gallery-1-1378'>\n\t\t\t\tFarbstiftzeichnungen\n\t\t\t\t<\/dd><\/dl><br style=\"clear: both\" \/><dl class='gallery-item'>\n\t\t\t<dt class='gallery-icon landscape'>\n\t\t\t\t<a data-elementor-open-lightbox=\"yes\" data-elementor-lightbox-slideshow=\"6ca841c\" data-elementor-lightbox-title=\"blaue Collage\" data-elementor-lightbox-description=\"Collage\" e-action-hash=\"#elementor-action%3Aaction%3Dlightbox%26settings%3DeyJpZCI6MTQwNiwidXJsIjoiaHR0cHM6XC9cL2tvbnJhZC12ZXR0ZXIuY2hcL2RlcnZldHRlclwvd3AtY29udGVudFwvdXBsb2Fkc1wvMjAyMFwvMDlcLzE3OF9CbGF1ZUNvbGxhZ2UuanBnIiwic2xpZGVzaG93IjoiNmNhODQxYyJ9\" href='https:\/\/konrad-vetter.ch\/dervetter\/wp-content\/uploads\/2020\/09\/178_BlaueCollage.jpg'><img width=\"300\" height=\"223\" src=\"https:\/\/konrad-vetter.ch\/dervetter\/wp-content\/uploads\/2020\/09\/178_BlaueCollage-300x223.jpg\" class=\"attachment-medium size-medium\" alt=\"\" loading=\"lazy\" aria-describedby=\"gallery-1-1406\" srcset=\"https:\/\/konrad-vetter.ch\/dervetter\/wp-content\/uploads\/2020\/09\/178_BlaueCollage-300x223.jpg 300w, https:\/\/konrad-vetter.ch\/dervetter\/wp-content\/uploads\/2020\/09\/178_BlaueCollage-1024x760.jpg 1024w, https:\/\/konrad-vetter.ch\/dervetter\/wp-content\/uploads\/2020\/09\/178_BlaueCollage-768x570.jpg 768w, https:\/\/konrad-vetter.ch\/dervetter\/wp-content\/uploads\/2020\/09\/178_BlaueCollage-1536x1140.jpg 1536w, https:\/\/konrad-vetter.ch\/dervetter\/wp-content\/uploads\/2020\/09\/178_BlaueCollage-2048x1520.jpg 2048w\" sizes=\"(max-width: 300px) 100vw, 300px\" \/><\/a>\n\t\t\t<\/dt>\n\t\t\t\t<dd class='wp-caption-text gallery-caption' id='gallery-1-1406'>\n\t\t\t\tblaue Collage\n\n\t\t\t\t<\/dd><\/dl><dl class='gallery-item'>\n\t\t\t<dt class='gallery-icon landscape'>\n\t\t\t\t<a data-elementor-open-lightbox=\"yes\" data-elementor-lightbox-slideshow=\"6ca841c\" data-elementor-lightbox-title=\"blaue Collage\" data-elementor-lightbox-description=\"Collage\" e-action-hash=\"#elementor-action%3Aaction%3Dlightbox%26settings%3DeyJpZCI6MTQwNywidXJsIjoiaHR0cHM6XC9cL2tvbnJhZC12ZXR0ZXIuY2hcL2RlcnZldHRlclwvd3AtY29udGVudFwvdXBsb2Fkc1wvMjAyMFwvMDlcLzE4MF9CYWx1Q29sbGFnZS5qcGciLCJzbGlkZXNob3ciOiI2Y2E4NDFjIn0%3D\" href='https:\/\/konrad-vetter.ch\/dervetter\/wp-content\/uploads\/2020\/09\/180_BaluCollage.jpg'><img width=\"300\" height=\"227\" src=\"https:\/\/konrad-vetter.ch\/dervetter\/wp-content\/uploads\/2020\/09\/180_BaluCollage-300x227.jpg\" class=\"attachment-medium size-medium\" alt=\"\" loading=\"lazy\" aria-describedby=\"gallery-1-1407\" srcset=\"https:\/\/konrad-vetter.ch\/dervetter\/wp-content\/uploads\/2020\/09\/180_BaluCollage-300x227.jpg 300w, https:\/\/konrad-vetter.ch\/dervetter\/wp-content\/uploads\/2020\/09\/180_BaluCollage-1024x774.jpg 1024w, https:\/\/konrad-vetter.ch\/dervetter\/wp-content\/uploads\/2020\/09\/180_BaluCollage-768x581.jpg 768w, https:\/\/konrad-vetter.ch\/dervetter\/wp-content\/uploads\/2020\/09\/180_BaluCollage-1536x1162.jpg 1536w, https:\/\/konrad-vetter.ch\/dervetter\/wp-content\/uploads\/2020\/09\/180_BaluCollage-2048x1549.jpg 2048w\" sizes=\"(max-width: 300px) 100vw, 300px\" \/><\/a>\n\t\t\t<\/dt>\n\t\t\t\t<dd class='wp-caption-text gallery-caption' id='gallery-1-1407'>\n\t\t\t\tblaue Collage\n\n\t\t\t\t<\/dd><\/dl><dl class='gallery-item'>\n\t\t\t<dt class='gallery-icon portrait'>\n\t\t\t\t<a data-elementor-open-lightbox=\"yes\" data-elementor-lightbox-slideshow=\"6ca841c\" data-elementor-lightbox-title=\"Bleizeichnung rot\" data-elementor-lightbox-description=\"Echtantikglas, Blei\n\" e-action-hash=\"#elementor-action%3Aaction%3Dlightbox%26settings%3DeyJpZCI6MTQwOSwidXJsIjoiaHR0cHM6XC9cL2tvbnJhZC12ZXR0ZXIuY2hcL2RlcnZldHRlclwvd3AtY29udGVudFwvdXBsb2Fkc1wvMjAyMFwvMDlcLzA3X0JsZWl6ZWljaG51bmdfcm90LmpwZyIsInNsaWRlc2hvdyI6IjZjYTg0MWMifQ%3D%3D\" href='https:\/\/konrad-vetter.ch\/dervetter\/wp-content\/uploads\/2020\/09\/07_Bleizeichnung_rot.jpg'><img width=\"298\" height=\"300\" src=\"https:\/\/konrad-vetter.ch\/dervetter\/wp-content\/uploads\/2020\/09\/07_Bleizeichnung_rot-298x300.jpg\" class=\"attachment-medium size-medium\" alt=\"\" loading=\"lazy\" aria-describedby=\"gallery-1-1409\" srcset=\"https:\/\/konrad-vetter.ch\/dervetter\/wp-content\/uploads\/2020\/09\/07_Bleizeichnung_rot-298x300.jpg 298w, https:\/\/konrad-vetter.ch\/dervetter\/wp-content\/uploads\/2020\/09\/07_Bleizeichnung_rot-150x150.jpg 150w, https:\/\/konrad-vetter.ch\/dervetter\/wp-content\/uploads\/2020\/09\/07_Bleizeichnung_rot.jpg 596w\" sizes=\"(max-width: 298px) 100vw, 298px\" \/><\/a>\n\t\t\t<\/dt>\n\t\t\t\t<dd class='wp-caption-text gallery-caption' id='gallery-1-1409'>\n\t\t\t\tBleizeichnung rot\n\n\t\t\t\t<\/dd><\/dl><br style=\"clear: both\" \/><dl class='gallery-item'>\n\t\t\t<dt class='gallery-icon portrait'>\n\t\t\t\t<a data-elementor-open-lightbox=\"yes\" data-elementor-lightbox-slideshow=\"6ca841c\" data-elementor-lightbox-title=\"Bleizeichnung rose-weiss\" data-elementor-lightbox-description=\"Echtantikglas, Blei\" e-action-hash=\"#elementor-action%3Aaction%3Dlightbox%26settings%3DeyJpZCI6MTQxMCwidXJsIjoiaHR0cHM6XC9cL2tvbnJhZC12ZXR0ZXIuY2hcL2RlcnZldHRlclwvd3AtY29udGVudFwvdXBsb2Fkc1wvMjAyMFwvMDlcLzA5X0JsZWl6ZWljaG51bmdfcm9zZV93ZWlzcy5qcGciLCJzbGlkZXNob3ciOiI2Y2E4NDFjIn0%3D\" href='https:\/\/konrad-vetter.ch\/dervetter\/wp-content\/uploads\/2020\/09\/09_Bleizeichnung_rose_weiss.jpg'><img width=\"244\" height=\"300\" src=\"https:\/\/konrad-vetter.ch\/dervetter\/wp-content\/uploads\/2020\/09\/09_Bleizeichnung_rose_weiss-244x300.jpg\" class=\"attachment-medium size-medium\" alt=\"\" loading=\"lazy\" aria-describedby=\"gallery-1-1410\" srcset=\"https:\/\/konrad-vetter.ch\/dervetter\/wp-content\/uploads\/2020\/09\/09_Bleizeichnung_rose_weiss-244x300.jpg 244w, https:\/\/konrad-vetter.ch\/dervetter\/wp-content\/uploads\/2020\/09\/09_Bleizeichnung_rose_weiss.jpg 487w\" sizes=\"(max-width: 244px) 100vw, 244px\" \/><\/a>\n\t\t\t<\/dt>\n\t\t\t\t<dd class='wp-caption-text gallery-caption' id='gallery-1-1410'>\n\t\t\t\tBleizeichnung rose-weiss\n\n\t\t\t\t<\/dd><\/dl><dl class='gallery-item'>\n\t\t\t<dt class='gallery-icon portrait'>\n\t\t\t\t<a data-elementor-open-lightbox=\"yes\" data-elementor-lightbox-slideshow=\"6ca841c\" data-elementor-lightbox-title=\"Bleizeichnung vegetativ\" data-elementor-lightbox-description=\"Fenterglas, Blei\" e-action-hash=\"#elementor-action%3Aaction%3Dlightbox%26settings%3DeyJpZCI6MTQwOCwidXJsIjoiaHR0cHM6XC9cL2tvbnJhZC12ZXR0ZXIuY2hcL2RlcnZldHRlclwvd3AtY29udGVudFwvdXBsb2Fkc1wvMjAyMFwvMDlcLzEwX0JsZWl6ZWljaG51bmdfdmVnZXRhdGl2LmpwZyIsInNsaWRlc2hvdyI6IjZjYTg0MWMifQ%3D%3D\" href='https:\/\/konrad-vetter.ch\/dervetter\/wp-content\/uploads\/2020\/09\/10_Bleizeichnung_vegetativ.jpg'><img width=\"235\" height=\"300\" src=\"https:\/\/konrad-vetter.ch\/dervetter\/wp-content\/uploads\/2020\/09\/10_Bleizeichnung_vegetativ-235x300.jpg\" class=\"attachment-medium size-medium\" alt=\"\" loading=\"lazy\" aria-describedby=\"gallery-1-1408\" srcset=\"https:\/\/konrad-vetter.ch\/dervetter\/wp-content\/uploads\/2020\/09\/10_Bleizeichnung_vegetativ-235x300.jpg 235w, https:\/\/konrad-vetter.ch\/dervetter\/wp-content\/uploads\/2020\/09\/10_Bleizeichnung_vegetativ.jpg 470w\" sizes=\"(max-width: 235px) 100vw, 235px\" \/><\/a>\n\t\t\t<\/dt>\n\t\t\t\t<dd class='wp-caption-text gallery-caption' id='gallery-1-1408'>\n\t\t\t\tBleizeichnung vegetativ\n\n\t\t\t\t<\/dd><\/dl><dl class='gallery-item'>\n\t\t\t<dt class='gallery-icon portrait'>\n\t\t\t\t<a data-elementor-open-lightbox=\"yes\" data-elementor-lightbox-slideshow=\"6ca841c\" data-elementor-lightbox-title=\"Blaue Bleizeichnung\" data-elementor-lightbox-description=\"Glas, Blei\" e-action-hash=\"#elementor-action%3Aaction%3Dlightbox%26settings%3DeyJpZCI6MjQ5MCwidXJsIjoiaHR0cHM6XC9cL2tvbnJhZC12ZXR0ZXIuY2hcL2RlcnZldHRlclwvd3AtY29udGVudFwvdXBsb2Fkc1wvMjAyMFwvMTBcLzEyX0JsYXVlLUJsZWl6ZWljaG51bmctMS5qcGciLCJzbGlkZXNob3ciOiI2Y2E4NDFjIn0%3D\" href='https:\/\/konrad-vetter.ch\/dervetter\/wp-content\/uploads\/2020\/10\/12_Blaue-Bleizeichnung-1.jpg'><img width=\"214\" height=\"300\" src=\"https:\/\/konrad-vetter.ch\/dervetter\/wp-content\/uploads\/2020\/10\/12_Blaue-Bleizeichnung-1-214x300.jpg\" class=\"attachment-medium size-medium\" alt=\"\" loading=\"lazy\" aria-describedby=\"gallery-1-2490\" srcset=\"https:\/\/konrad-vetter.ch\/dervetter\/wp-content\/uploads\/2020\/10\/12_Blaue-Bleizeichnung-1-214x300.jpg 214w, https:\/\/konrad-vetter.ch\/dervetter\/wp-content\/uploads\/2020\/10\/12_Blaue-Bleizeichnung-1-730x1024.jpg 730w, https:\/\/konrad-vetter.ch\/dervetter\/wp-content\/uploads\/2020\/10\/12_Blaue-Bleizeichnung-1-768x1078.jpg 768w, https:\/\/konrad-vetter.ch\/dervetter\/wp-content\/uploads\/2020\/10\/12_Blaue-Bleizeichnung-1-1095x1536.jpg 1095w, https:\/\/konrad-vetter.ch\/dervetter\/wp-content\/uploads\/2020\/10\/12_Blaue-Bleizeichnung-1-1459x2048.jpg 1459w, https:\/\/konrad-vetter.ch\/dervetter\/wp-content\/uploads\/2020\/10\/12_Blaue-Bleizeichnung-1.jpg 1612w\" sizes=\"(max-width: 214px) 100vw, 214px\" \/><\/a>\n\t\t\t<\/dt>\n\t\t\t\t<dd class='wp-caption-text gallery-caption' id='gallery-1-2490'>\n\t\t\t\tBlaue Bleizeichnung\n\t\t\t\t<\/dd><\/dl><br style=\"clear: both\" \/><dl class='gallery-item'>\n\t\t\t<dt class='gallery-icon portrait'>\n\t\t\t\t<a data-elementor-open-lightbox=\"yes\" data-elementor-lightbox-slideshow=\"6ca841c\" data-elementor-lightbox-title=\"Bleizeichnung ultramarin\" data-elementor-lightbox-description=\"Glas, Echtantikglas, Blei\" e-action-hash=\"#elementor-action%3Aaction%3Dlightbox%26settings%3DeyJpZCI6MjMyMiwidXJsIjoiaHR0cHM6XC9cL2tvbnJhZC12ZXR0ZXIuY2hcL2RlcnZldHRlclwvd3AtY29udGVudFwvdXBsb2Fkc1wvMjAyMFwvMTBcLzEzX0JsZWl6ZWljaG51bmctdWx0cmFtYXJpbi5qcGciLCJzbGlkZXNob3ciOiI2Y2E4NDFjIn0%3D\" href='https:\/\/konrad-vetter.ch\/dervetter\/wp-content\/uploads\/2020\/10\/13_Bleizeichnung-ultramarin.jpg'><img width=\"231\" height=\"300\" src=\"https:\/\/konrad-vetter.ch\/dervetter\/wp-content\/uploads\/2020\/10\/13_Bleizeichnung-ultramarin-231x300.jpg\" class=\"attachment-medium size-medium\" alt=\"\" loading=\"lazy\" aria-describedby=\"gallery-1-2322\" srcset=\"https:\/\/konrad-vetter.ch\/dervetter\/wp-content\/uploads\/2020\/10\/13_Bleizeichnung-ultramarin-231x300.jpg 231w, https:\/\/konrad-vetter.ch\/dervetter\/wp-content\/uploads\/2020\/10\/13_Bleizeichnung-ultramarin-789x1024.jpg 789w, https:\/\/konrad-vetter.ch\/dervetter\/wp-content\/uploads\/2020\/10\/13_Bleizeichnung-ultramarin-768x996.jpg 768w, https:\/\/konrad-vetter.ch\/dervetter\/wp-content\/uploads\/2020\/10\/13_Bleizeichnung-ultramarin-1184x1536.jpg 1184w, https:\/\/konrad-vetter.ch\/dervetter\/wp-content\/uploads\/2020\/10\/13_Bleizeichnung-ultramarin-1578x2048.jpg 1578w, https:\/\/konrad-vetter.ch\/dervetter\/wp-content\/uploads\/2020\/10\/13_Bleizeichnung-ultramarin.jpg 1627w\" sizes=\"(max-width: 231px) 100vw, 231px\" \/><\/a>\n\t\t\t<\/dt>\n\t\t\t\t<dd class='wp-caption-text gallery-caption' id='gallery-1-2322'>\n\t\t\t\tBleizeichnung ultramarin\n\t\t\t\t<\/dd><\/dl>\n\t\t\t<br style='clear: both' \/>\n\t\t<\/div>\n\t\t<\/div>\n\t\t\t\t<\/div>\n\t\t\t\t<\/div>\n\t\t\t\t\t\t<\/div>\n\t\t\t\t\t<\/div>\n\t\t<\/div>\n\t\t\t\t\t\t\t\t<\/div>\n\t\t\t\t\t<\/div>\n\t\t<\/section>\n\t\t\t\t\t\t\t\t\t<\/div>\n\t\t\t<\/div>\n\t\t\t\t\t<\/div>\n\t\t","protected":false},"excerpt":{"rendered":"<p>2000 Variationen auf einen r\u00f6mischen Fussboden Variationen auf einen r\u00f6mischen Fussboden Variation auf einen r\u00f6mischen Fussboden Variation auf einen r\u00f6mischen Fussboden Variation auf einen r\u00f6mischen Fussboden Amor infiniti Amor infiniti Amor infiniti Amor infiniti ohne Titel aufgel\u00f6ste Kuben usw wie bei Escher Verbindung Erde und Himmel Felsformation Felsformation Felsformation Felsformation Felsformation Felsformation Felsformation Felsformation Felsformation [&hellip;]<\/p>\n","protected":false},"author":1,"featured_media":0,"parent":0,"menu_order":56,"comment_status":"closed","ping_status":"closed","template":"elementor_header_footer","meta":[],"_links":{"self":[{"href":"https:\/\/konrad-vetter.ch\/dervetter\/wp-json\/wp\/v2\/pages\/1466"}],"collection":[{"href":"https:\/\/konrad-vetter.ch\/dervetter\/wp-json\/wp\/v2\/pages"}],"about":[{"href":"https:\/\/konrad-vetter.ch\/dervetter\/wp-json\/wp\/v2\/types\/page"}],"author":[{"embeddable":true,"href":"https:\/\/konrad-vetter.ch\/dervetter\/wp-json\/wp\/v2\/users\/1"}],"replies":[{"embeddable":true,"href":"https:\/\/konrad-vetter.ch\/dervetter\/wp-json\/wp\/v2\/comments?post=1466"}],"version-history":[{"count":6,"href":"https:\/\/konrad-vetter.ch\/dervetter\/wp-json\/wp\/v2\/pages\/1466\/revisions"}],"predecessor-version":[{"id":2493,"href":"https:\/\/konrad-vetter.ch\/dervetter\/wp-json\/wp\/v2\/pages\/1466\/revisions\/2493"}],"wp:attachment":[{"href":"https:\/\/konrad-vetter.ch\/dervetter\/wp-json\/wp\/v2\/media?parent=1466"}],"curies":[{"name":"wp","href":"https:\/\/api.w.org\/{rel}","templated":true}]}}