{"id":1569,"date":"2020-09-20T13:19:48","date_gmt":"2020-09-20T13:19:48","guid":{"rendered":"https:\/\/konrad-vetter.ch\/dervetter\/?page_id=1569"},"modified":"2020-10-15T12:03:31","modified_gmt":"2020-10-15T12:03:31","slug":"jakobs-traum","status":"publish","type":"page","link":"https:\/\/konrad-vetter.ch\/dervetter\/jakobs-traum\/","title":{"rendered":"Jakobs Traum"},"content":{"rendered":"\t\t<div data-elementor-type=\"wp-page\" data-elementor-id=\"1569\" class=\"elementor elementor-1569\">\n\t\t\t\t\t\t<div class=\"elementor-inner\">\n\t\t\t\t<div class=\"elementor-section-wrap\">\n\t\t\t\t\t\t\t\t\t<section class=\"elementor-section elementor-top-section elementor-element elementor-element-516b7abd elementor-section-boxed elementor-section-height-default elementor-section-height-default\" data-id=\"516b7abd\" data-element_type=\"section\">\n\t\t\t\t\t\t<div class=\"elementor-container elementor-column-gap-default\">\n\t\t\t\t\t\t\t<div class=\"elementor-row\">\n\t\t\t\t\t<div class=\"elementor-column elementor-col-100 elementor-top-column elementor-element elementor-element-43b5e5f3\" data-id=\"43b5e5f3\" data-element_type=\"column\">\n\t\t\t<div class=\"elementor-column-wrap elementor-element-populated\">\n\t\t\t\t\t\t\t<div class=\"elementor-widget-wrap\">\n\t\t\t\t\t\t<div class=\"elementor-element elementor-element-46058fbb elementor-widget elementor-widget-heading\" data-id=\"46058fbb\" data-element_type=\"widget\" data-widget_type=\"heading.default\">\n\t\t\t\t<div class=\"elementor-widget-container\">\n\t\t\t<h2 class=\"elementor-heading-title elementor-size-default\">Jakobs Traum<\/h2>\t\t<\/div>\n\t\t\t\t<\/div>\n\t\t\t\t\t\t<\/div>\n\t\t\t\t\t<\/div>\n\t\t<\/div>\n\t\t\t\t\t\t\t\t<\/div>\n\t\t\t\t\t<\/div>\n\t\t<\/section>\n\t\t\t\t<section class=\"elementor-section elementor-top-section elementor-element elementor-element-24979e5c elementor-section-boxed elementor-section-height-default elementor-section-height-default\" data-id=\"24979e5c\" data-element_type=\"section\">\n\t\t\t\t\t\t<div class=\"elementor-container elementor-column-gap-default\">\n\t\t\t\t\t\t\t<div class=\"elementor-row\">\n\t\t\t\t\t<div class=\"elementor-column elementor-col-33 elementor-top-column elementor-element elementor-element-5f6259c3\" data-id=\"5f6259c3\" data-element_type=\"column\">\n\t\t\t<div class=\"elementor-column-wrap elementor-element-populated\">\n\t\t\t\t\t\t\t<div class=\"elementor-widget-wrap\">\n\t\t\t\t\t\t<div class=\"elementor-element elementor-element-44d673ee elementor-widget elementor-widget-image\" data-id=\"44d673ee\" data-element_type=\"widget\" data-widget_type=\"image.default\">\n\t\t\t\t<div class=\"elementor-widget-container\">\n\t\t\t\t\t\t\t\t<div class=\"elementor-image\">\n\t\t\t\t\t\t\t\t\t<figure class=\"wp-caption\">\n\t\t\t\t\t\t\t\t\t\t\t<a href=\"https:\/\/konrad-vetter.ch\/dervetter\/tuerme\/\">\n\t\t\t\t\t\t\t<img width=\"172\" height=\"300\" src=\"https:\/\/konrad-vetter.ch\/dervetter\/wp-content\/uploads\/2020\/09\/04_JK_4-1-172x300.jpg\" class=\"attachment-medium size-medium\" alt=\"\" loading=\"lazy\" srcset=\"https:\/\/konrad-vetter.ch\/dervetter\/wp-content\/uploads\/2020\/09\/04_JK_4-1-172x300.jpg 172w, https:\/\/konrad-vetter.ch\/dervetter\/wp-content\/uploads\/2020\/09\/04_JK_4-1-588x1024.jpg 588w, https:\/\/konrad-vetter.ch\/dervetter\/wp-content\/uploads\/2020\/09\/04_JK_4-1-768x1338.jpg 768w, https:\/\/konrad-vetter.ch\/dervetter\/wp-content\/uploads\/2020\/09\/04_JK_4-1-882x1536.jpg 882w, https:\/\/konrad-vetter.ch\/dervetter\/wp-content\/uploads\/2020\/09\/04_JK_4-1-1176x2048.jpg 1176w, https:\/\/konrad-vetter.ch\/dervetter\/wp-content\/uploads\/2020\/09\/04_JK_4-1.jpg 1370w\" sizes=\"(max-width: 172px) 100vw, 172px\" \/>\t\t\t\t\t\t\t\t<\/a>\n\t\t\t\t\t\t\t\t\t\t\t<figcaption class=\"widget-image-caption wp-caption-text\">Treppen<\/figcaption>\n\t\t\t\t\t\t\t\t\t\t<\/figure>\n\t\t\t\t\t\t\t\t<\/div>\n\t\t\t\t\t\t<\/div>\n\t\t\t\t<\/div>\n\t\t\t\t\t\t<\/div>\n\t\t\t\t\t<\/div>\n\t\t<\/div>\n\t\t\t\t<div class=\"elementor-column elementor-col-33 elementor-top-column elementor-element elementor-element-252cb56b\" data-id=\"252cb56b\" data-element_type=\"column\">\n\t\t\t<div class=\"elementor-column-wrap elementor-element-populated\">\n\t\t\t\t\t\t\t<div class=\"elementor-widget-wrap\">\n\t\t\t\t\t\t<div class=\"elementor-element elementor-element-23fa0cd8 elementor-widget elementor-widget-image\" data-id=\"23fa0cd8\" data-element_type=\"widget\" data-widget_type=\"image.default\">\n\t\t\t\t<div class=\"elementor-widget-container\">\n\t\t\t\t\t\t\t\t<div class=\"elementor-image\">\n\t\t\t\t\t\t\t\t\t<figure class=\"wp-caption\">\n\t\t\t\t\t\t\t\t\t\t\t<a href=\"https:\/\/konrad-vetter.ch\/dervetter\/tuerme-2\/\">\n\t\t\t\t\t\t\t<img width=\"204\" height=\"300\" src=\"https:\/\/konrad-vetter.ch\/dervetter\/wp-content\/uploads\/2020\/09\/01_Turm_1-204x300.jpg\" class=\"attachment-medium size-medium\" alt=\"\" loading=\"lazy\" srcset=\"https:\/\/konrad-vetter.ch\/dervetter\/wp-content\/uploads\/2020\/09\/01_Turm_1-204x300.jpg 204w, https:\/\/konrad-vetter.ch\/dervetter\/wp-content\/uploads\/2020\/09\/01_Turm_1-697x1024.jpg 697w, https:\/\/konrad-vetter.ch\/dervetter\/wp-content\/uploads\/2020\/09\/01_Turm_1-768x1128.jpg 768w, https:\/\/konrad-vetter.ch\/dervetter\/wp-content\/uploads\/2020\/09\/01_Turm_1.jpg 1016w\" sizes=\"(max-width: 204px) 100vw, 204px\" \/>\t\t\t\t\t\t\t\t<\/a>\n\t\t\t\t\t\t\t\t\t\t\t<figcaption class=\"widget-image-caption wp-caption-text\">T\u00fcrme<\/figcaption>\n\t\t\t\t\t\t\t\t\t\t<\/figure>\n\t\t\t\t\t\t\t\t<\/div>\n\t\t\t\t\t\t<\/div>\n\t\t\t\t<\/div>\n\t\t\t\t\t\t<\/div>\n\t\t\t\t\t<\/div>\n\t\t<\/div>\n\t\t\t\t<div class=\"elementor-column elementor-col-33 elementor-top-column elementor-element elementor-element-1f945f6e\" data-id=\"1f945f6e\" data-element_type=\"column\">\n\t\t\t<div class=\"elementor-column-wrap elementor-element-populated\">\n\t\t\t\t\t\t\t<div class=\"elementor-widget-wrap\">\n\t\t\t\t\t\t<div class=\"elementor-element elementor-element-7aa614c6 elementor-widget elementor-widget-image\" data-id=\"7aa614c6\" data-element_type=\"widget\" data-widget_type=\"image.default\">\n\t\t\t\t<div class=\"elementor-widget-container\">\n\t\t\t\t\t\t\t\t<div class=\"elementor-image\">\n\t\t\t\t\t\t\t\t\t<figure class=\"wp-caption\">\n\t\t\t\t\t\t\t\t\t\t\t<a href=\"https:\/\/konrad-vetter.ch\/dervetter\/relief\/\">\n\t\t\t\t\t\t\t<img width=\"300\" height=\"202\" src=\"https:\/\/konrad-vetter.ch\/dervetter\/wp-content\/uploads\/2020\/09\/05_Relief_5-300x202.jpg\" class=\"attachment-medium size-medium\" alt=\"\" loading=\"lazy\" srcset=\"https:\/\/konrad-vetter.ch\/dervetter\/wp-content\/uploads\/2020\/09\/05_Relief_5-300x202.jpg 300w, https:\/\/konrad-vetter.ch\/dervetter\/wp-content\/uploads\/2020\/09\/05_Relief_5-1024x690.jpg 1024w, https:\/\/konrad-vetter.ch\/dervetter\/wp-content\/uploads\/2020\/09\/05_Relief_5-768x518.jpg 768w, https:\/\/konrad-vetter.ch\/dervetter\/wp-content\/uploads\/2020\/09\/05_Relief_5-1536x1036.jpg 1536w, https:\/\/konrad-vetter.ch\/dervetter\/wp-content\/uploads\/2020\/09\/05_Relief_5-2048x1381.jpg 2048w\" sizes=\"(max-width: 300px) 100vw, 300px\" \/>\t\t\t\t\t\t\t\t<\/a>\n\t\t\t\t\t\t\t\t\t\t\t<figcaption class=\"widget-image-caption wp-caption-text\">Relief<\/figcaption>\n\t\t\t\t\t\t\t\t\t\t<\/figure>\n\t\t\t\t\t\t\t\t<\/div>\n\t\t\t\t\t\t<\/div>\n\t\t\t\t<\/div>\n\t\t\t\t\t\t<\/div>\n\t\t\t\t\t<\/div>\n\t\t<\/div>\n\t\t\t\t\t\t\t\t<\/div>\n\t\t\t\t\t<\/div>\n\t\t<\/section>\n\t\t\t\t<section class=\"elementor-section elementor-top-section elementor-element elementor-element-09a8def elementor-section-boxed elementor-section-height-default elementor-section-height-default\" data-id=\"09a8def\" data-element_type=\"section\">\n\t\t\t\t\t\t<div class=\"elementor-container elementor-column-gap-default\">\n\t\t\t\t\t\t\t<div class=\"elementor-row\">\n\t\t\t\t\t<div class=\"elementor-column elementor-col-100 elementor-top-column elementor-element elementor-element-c6f5f4c\" data-id=\"c6f5f4c\" data-element_type=\"column\">\n\t\t\t<div class=\"elementor-column-wrap\">\n\t\t\t\t\t\t\t<div class=\"elementor-widget-wrap\">\n\t\t\t\t\t\t\t\t<\/div>\n\t\t\t\t\t<\/div>\n\t\t<\/div>\n\t\t\t\t\t\t\t\t<\/div>\n\t\t\t\t\t<\/div>\n\t\t<\/section>\n\t\t\t\t<section class=\"elementor-section elementor-top-section elementor-element elementor-element-e6c4ff8 elementor-section-boxed elementor-section-height-default elementor-section-height-default\" data-id=\"e6c4ff8\" data-element_type=\"section\">\n\t\t\t\t\t\t<div class=\"elementor-container elementor-column-gap-default\">\n\t\t\t\t\t\t\t<div class=\"elementor-row\">\n\t\t\t\t\t<div class=\"elementor-column elementor-col-100 elementor-top-column elementor-element elementor-element-3dc7d60\" data-id=\"3dc7d60\" data-element_type=\"column\">\n\t\t\t<div class=\"elementor-column-wrap elementor-element-populated\">\n\t\t\t\t\t\t\t<div class=\"elementor-widget-wrap\">\n\t\t\t\t\t\t<div class=\"elementor-element elementor-element-2d51da8 elementor-widget elementor-widget-heading\" data-id=\"2d51da8\" data-element_type=\"widget\" data-widget_type=\"heading.default\">\n\t\t\t\t<div class=\"elementor-widget-container\">\n\t\t\t<h2 class=\"elementor-heading-title elementor-size-default\">Einzelausstellung Kunstmuseum Bern 1984<\/h2>\t\t<\/div>\n\t\t\t\t<\/div>\n\t\t\t\t\t\t<\/div>\n\t\t\t\t\t<\/div>\n\t\t<\/div>\n\t\t\t\t\t\t\t\t<\/div>\n\t\t\t\t\t<\/div>\n\t\t<\/section>\n\t\t\t\t<section class=\"elementor-section elementor-top-section elementor-element elementor-element-da91f3a elementor-section-boxed elementor-section-height-default elementor-section-height-default\" data-id=\"da91f3a\" data-element_type=\"section\">\n\t\t\t\t\t\t<div class=\"elementor-container elementor-column-gap-default\">\n\t\t\t\t\t\t\t<div class=\"elementor-row\">\n\t\t\t\t\t<div class=\"elementor-column elementor-col-100 elementor-top-column elementor-element elementor-element-beb6a17\" data-id=\"beb6a17\" data-element_type=\"column\">\n\t\t\t<div class=\"elementor-column-wrap elementor-element-populated\">\n\t\t\t\t\t\t\t<div class=\"elementor-widget-wrap\">\n\t\t\t\t\t\t<div class=\"elementor-element elementor-element-2d337b1 elementor-widget elementor-widget-heading\" data-id=\"2d337b1\" data-element_type=\"widget\" data-widget_type=\"heading.default\">\n\t\t\t\t<div class=\"elementor-widget-container\">\n\t\t\t<h2 class=\"elementor-heading-title elementor-size-default\">Einf\u00fchrungstext aus dem Katalog<\/h2>\t\t<\/div>\n\t\t\t\t<\/div>\n\t\t\t\t\t\t<\/div>\n\t\t\t\t\t<\/div>\n\t\t<\/div>\n\t\t\t\t\t\t\t\t<\/div>\n\t\t\t\t\t<\/div>\n\t\t<\/section>\n\t\t\t\t<section class=\"elementor-section elementor-top-section elementor-element elementor-element-3eaf179 elementor-section-boxed elementor-section-height-default elementor-section-height-default\" data-id=\"3eaf179\" data-element_type=\"section\">\n\t\t\t\t\t\t<div class=\"elementor-container elementor-column-gap-default\">\n\t\t\t\t\t\t\t<div class=\"elementor-row\">\n\t\t\t\t\t<div class=\"elementor-column elementor-col-100 elementor-top-column elementor-element elementor-element-080296a\" data-id=\"080296a\" data-element_type=\"column\">\n\t\t\t<div class=\"elementor-column-wrap elementor-element-populated\">\n\t\t\t\t\t\t\t<div class=\"elementor-widget-wrap\">\n\t\t\t\t\t\t<div class=\"elementor-element elementor-element-b59d93e elementor-widget elementor-widget-text-editor\" data-id=\"b59d93e\" data-element_type=\"widget\" data-widget_type=\"text-editor.default\">\n\t\t\t\t<div class=\"elementor-widget-container\">\n\t\t\t\t\t\t\t\t<div class=\"elementor-text-editor elementor-clearfix\">\n\t\t\t\t<p>KONRAD VETTER<\/p>\n<p>Konrad Vetter, 1982 60 Jahre alt geworden, arbeitet seit 40 Jahren als Glasmaler und hat unz\u00e4hlige alte Glasfenster&nbsp;instandgesetzt und zahlreiche Entw\u00fcrfe anderer K\u00fcnstler in Glasmalerei umgesetzt. In aller Stille ist aber in seinemAtelier ein eigenes plastisch-architektonisches Oeuvre entstanden. Nur eine einzige Episode in der k\u00fcnstlerischen<br>Laufbahn Konrad Vetters hat bisher in der Oeffentlichkeit zu reden gegeben: Die Zeit, da er zu Beginn der 1970er&nbsp;Jahre als Mitglied der &#8222;Arbeits-ganeinschaft Franz Eggenschwiler, Peter Meier, Konrad Vetter, Robert W\u00e4lti&#8220; an &#8211;&nbsp;heute legend\u00e4r gewordenen &#8211; Ausstellungen im Haus van der Grinten in Kranenburg, im Kunstmuseum Basel, im&nbsp;Kunstmuseum Luzern teilnahm.<br>In seiner Kunst hat sich Konrad Vetter dem Material Glas und der architektonischen Form rechtwinkliger, bzw.geometrisch einfacher Strukturen verschrieben. Glas: das Material, mit dem gotische Kathedralen mit einem&nbsp;\u00fcberirdischen Licht erf\u00fcllt wurden; Glas, im Mittelalter Symbol f\u00fcr Reinheit; Glas, so hart, dass nur der Diamant es&nbsp;schneidet, und gleichzeitig das durchsichtigste aller Materialien. Gl\u00e4serne Architektur: eine Vorstellung&nbsp;zeitgen\u00f6ssischer Bauten und zugleich eine Vision des &#8222;Hinrolischen Jerusalem&#8220;, das in der Vision des Johannes von&nbsp;lauterm Golde erbaut war, &#8222;gleich dem reinen Glase&#8220;.<br>1955 hatte Vetter begonnen, Scheiben zu gestalten, in denen die Bleiruten einfache geradlinige Strukturen in den&nbsp;Raum zeichneten. Er f\u00fcgte allm\u00e4hlich schwarzes oder farbiges Glas hinzu, sowie gekr\u00fcmmte, der heraldischen Form&nbsp;des &#8222;Fehs&#8220; entlehnte Linien. Zu Beginn der 1960er Jahre begann er dreidimensionale Modelle architektonischer&nbsp;Utopien zu entwickeln. Er besch\u00e4ftigte sich anf\u00e4nglich mit dam Kubus, indem er farbige Glasplatten ineinander f\u00fcgte.&nbsp;Die Mystik, die dem Glase und der geometrischen Form innewohnt, und die religi\u00f6se Grundhaltung Vetters f\u00fchrten&nbsp;jedoch bald zu einem tiefen Anliegen, in dem Vision, Traum und architektonisches Formgef\u00fchl zu einer einzigartigen&nbsp;Einheit verschmolzen: der Darstellung des Jakobstraums.<br>Aus dem Bibeltext geht hervor, dass mit der Leiter, auf der in Jakobs Traum Engel auf- und niedersteigen, der Weg&nbsp;aus der menschlichen Seele in die Unendlichkeit gemeint ist, der zugleich der Weg aus der Unendlichkeit in die&nbsp;menschliche Seele ist. Das Glas, das sowohl hartes &#8222;irdisches&#8220; Material, als auch durch seine optisch strukturlose&nbsp;Transparenz den Begriff der Transzendenz beschw\u00f6rt, mag als Quell der Inspiration sowohl am Ursprung von&nbsp;Vetters &#8222;Jakobstr\u00e4umen&#8220; stehen, als auch wiederum am Ende als realisierte Form. Vetters Treppen sind eigene&nbsp;gl\u00e4serne Architekturen oder aber verlieren sich in der unendlichen Zahl von St\u00e4ben und Schn\u00fcren. Die Treppen&nbsp;beginnen an einem Orte Irgend und enden an einem Orte Nirgend. Sie wirken wie ein Ausschnitt aus einem ewigen&nbsp;Rhythmus von Auf- und Niedersteigen. Den Eindruck der Unendlichkeit, der in diesen &#8222;Jakobsleitern&#8220; entsteht,&nbsp;erzeugen auch die Reliefs und Bodenplastiken, in denen sich gl\u00e4serne Schichten im D\u00e4mmer ihrer Transparenz&nbsp;verlieren oder durch Spiegelung endlose Raumfluchten vort\u00e4uschen.<br>Das Erstaunliche an dieser Evokation des unendlichen Raumes und der Bewegungsstr\u00f6me darin besteht in der&nbsp;Rationalit\u00e4t der Mittel. Die St\u00e4be, bzw. Schn\u00fcre, in denen die Treppen befestigt sind, sind nach strengen Rastern&nbsp;angeordnet, und die Treppen sind so exakt konstruiert, dass sie jeder Baumeister nachbauen k\u00f6nnte. Die Reliefs und&nbsp;Bodenplastiken sind nach einfachen geometrischen Grundformen, oft Rhomben, gegliedert. Auch die Zeichnungen&nbsp;bestehen aus einfachen Strukturen, die die Fl\u00e4che schematisch einteilen wie einen auf zwei Dimensionen&nbsp;reduzierten, wabenartig organisierten Raum. So wie die Skulpturen Modellcharakter haben, so wirken viele&nbsp;Zeichnungen wie Pl\u00e4ne oder Planskizzen und werden auch als solche f\u00fcr die Skulpturen verwendet.<br>Ratio und Mysterium gehen im Werk Vetters eine einzigartige, \u00fcberzeugende Verbindung ein. Ohne Anregungen aus&nbsp;dem Kubismus und der konstruktiven Kunst wohl kaum denkbar, ist diese Verbindung im Streben nach derSichtbarmachung der Vision einer kosmischen Ordnung und zugleich der Ahnung des Weltgeheimnisses zeitlos.<\/p>\n<p><span style=\"letter-spacing: 0px;\">Hans Christoph von Tavel<\/span><br><\/p>\t\t\t\t\t<\/div>\n\t\t\t\t\t\t<\/div>\n\t\t\t\t<\/div>\n\t\t\t\t<div class=\"elementor-element elementor-element-b94bcc3 elementor-widget elementor-widget-text-editor\" data-id=\"b94bcc3\" data-element_type=\"widget\" data-widget_type=\"text-editor.default\">\n\t\t\t\t<div class=\"elementor-widget-container\">\n\t\t\t\t\t\t\t\t<div class=\"elementor-text-editor elementor-clearfix\">\n\t\t\t\t<p><a href=\"https:\/\/konrad-vetter.ch\/dervetter\/wp-content\/uploads\/2020\/10\/Jakobs-Traum.pdf\" target=\"_blank\">Text Jakobs Traum<\/a><br><\/p>\t\t\t\t\t<\/div>\n\t\t\t\t\t\t<\/div>\n\t\t\t\t<\/div>\n\t\t\t\t\t\t<\/div>\n\t\t\t\t\t<\/div>\n\t\t<\/div>\n\t\t\t\t\t\t\t\t<\/div>\n\t\t\t\t\t<\/div>\n\t\t<\/section>\n\t\t\t\t\t\t\t\t\t<\/div>\n\t\t\t<\/div>\n\t\t\t\t\t<\/div>\n\t\t","protected":false},"excerpt":{"rendered":"<p>Jakobs Traum Treppen T\u00fcrme Relief Einzelausstellung Kunstmuseum Bern 1984 Einf\u00fchrungstext aus dem Katalog KONRAD VETTER Konrad Vetter, 1982 60 Jahre alt geworden, arbeitet seit 40 Jahren als Glasmaler und hat unz\u00e4hlige alte Glasfenster&nbsp;instandgesetzt und zahlreiche Entw\u00fcrfe anderer K\u00fcnstler in Glasmalerei umgesetzt. In aller Stille ist aber in seinemAtelier ein eigenes plastisch-architektonisches Oeuvre entstanden. Nur eine [&hellip;]<\/p>\n","protected":false},"author":1,"featured_media":0,"parent":0,"menu_order":0,"comment_status":"closed","ping_status":"closed","template":"elementor_header_footer","meta":[],"_links":{"self":[{"href":"https:\/\/konrad-vetter.ch\/dervetter\/wp-json\/wp\/v2\/pages\/1569"}],"collection":[{"href":"https:\/\/konrad-vetter.ch\/dervetter\/wp-json\/wp\/v2\/pages"}],"about":[{"href":"https:\/\/konrad-vetter.ch\/dervetter\/wp-json\/wp\/v2\/types\/page"}],"author":[{"embeddable":true,"href":"https:\/\/konrad-vetter.ch\/dervetter\/wp-json\/wp\/v2\/users\/1"}],"replies":[{"embeddable":true,"href":"https:\/\/konrad-vetter.ch\/dervetter\/wp-json\/wp\/v2\/comments?post=1569"}],"version-history":[{"count":14,"href":"https:\/\/konrad-vetter.ch\/dervetter\/wp-json\/wp\/v2\/pages\/1569\/revisions"}],"predecessor-version":[{"id":2562,"href":"https:\/\/konrad-vetter.ch\/dervetter\/wp-json\/wp\/v2\/pages\/1569\/revisions\/2562"}],"wp:attachment":[{"href":"https:\/\/konrad-vetter.ch\/dervetter\/wp-json\/wp\/v2\/media?parent=1569"}],"curies":[{"name":"wp","href":"https:\/\/api.w.org\/{rel}","templated":true}]}}