{"id":1996,"date":"2020-10-03T16:48:34","date_gmt":"2020-10-03T16:48:34","guid":{"rendered":"https:\/\/konrad-vetter.ch\/dervetter\/?page_id=1996"},"modified":"2020-10-12T10:03:17","modified_gmt":"2020-10-12T10:03:17","slug":"objekte","status":"publish","type":"page","link":"https:\/\/konrad-vetter.ch\/dervetter\/objekte\/","title":{"rendered":"Objekte"},"content":{"rendered":"\t\t<div data-elementor-type=\"wp-page\" data-elementor-id=\"1996\" class=\"elementor elementor-1996\">\n\t\t\t\t\t\t<div class=\"elementor-inner\">\n\t\t\t\t<div class=\"elementor-section-wrap\">\n\t\t\t\t\t\t\t\t\t<section class=\"elementor-section elementor-top-section elementor-element elementor-element-2ed1890c elementor-section-boxed elementor-section-height-default elementor-section-height-default\" data-id=\"2ed1890c\" data-element_type=\"section\">\n\t\t\t\t\t\t<div class=\"elementor-container elementor-column-gap-default\">\n\t\t\t\t\t\t\t<div class=\"elementor-row\">\n\t\t\t\t\t<div class=\"elementor-column elementor-col-100 elementor-top-column elementor-element elementor-element-7ce8e65d\" data-id=\"7ce8e65d\" data-element_type=\"column\">\n\t\t\t<div class=\"elementor-column-wrap elementor-element-populated\">\n\t\t\t\t\t\t\t<div class=\"elementor-widget-wrap\">\n\t\t\t\t\t\t<div class=\"elementor-element elementor-element-3796c3dd elementor-widget elementor-widget-heading\" data-id=\"3796c3dd\" data-element_type=\"widget\" data-widget_type=\"heading.default\">\n\t\t\t\t<div class=\"elementor-widget-container\">\n\t\t\t<h2 class=\"elementor-heading-title elementor-size-default\">Objekte<\/h2>\t\t<\/div>\n\t\t\t\t<\/div>\n\t\t\t\t\t\t<\/div>\n\t\t\t\t\t<\/div>\n\t\t<\/div>\n\t\t\t\t\t\t\t\t<\/div>\n\t\t\t\t\t<\/div>\n\t\t<\/section>\n\t\t\t\t<section class=\"elementor-section elementor-top-section elementor-element elementor-element-b72999f elementor-section-boxed elementor-section-height-default elementor-section-height-default\" data-id=\"b72999f\" data-element_type=\"section\">\n\t\t\t\t\t\t<div class=\"elementor-container elementor-column-gap-default\">\n\t\t\t\t\t\t\t<div class=\"elementor-row\">\n\t\t\t\t\t<div class=\"elementor-column elementor-col-100 elementor-top-column elementor-element elementor-element-5d3090a\" data-id=\"5d3090a\" data-element_type=\"column\">\n\t\t\t<div class=\"elementor-column-wrap elementor-element-populated\">\n\t\t\t\t\t\t\t<div class=\"elementor-widget-wrap\">\n\t\t\t\t\t\t<div class=\"elementor-element elementor-element-a41969a elementor-widget elementor-widget-text-editor\" data-id=\"a41969a\" data-element_type=\"widget\" data-widget_type=\"text-editor.default\">\n\t\t\t\t<div class=\"elementor-widget-container\">\n\t\t\t\t\t\t\t\t<div class=\"elementor-text-editor elementor-clearfix\">\n\t\t\t\t<p>Diverse Glasobjekte sind in der Zwischenzeit nur noch in der Erinnerung erhalten.&nbsp;<br>Das enorme Schaffen und Kreativit\u00e4t Konrad Vetters an seinen Objekten war einzigartig und vor allem das Aufstellen derjenigen war immer wieder ein nervenaufreibendes Erlebnis. Unvergesslich!<\/p>\t\t\t\t\t<\/div>\n\t\t\t\t\t\t<\/div>\n\t\t\t\t<\/div>\n\t\t\t\t\t\t<\/div>\n\t\t\t\t\t<\/div>\n\t\t<\/div>\n\t\t\t\t\t\t\t\t<\/div>\n\t\t\t\t\t<\/div>\n\t\t<\/section>\n\t\t\t\t<section class=\"elementor-section elementor-top-section elementor-element elementor-element-8d06047 elementor-section-boxed elementor-section-height-default elementor-section-height-default\" data-id=\"8d06047\" data-element_type=\"section\">\n\t\t\t\t\t\t<div class=\"elementor-container elementor-column-gap-default\">\n\t\t\t\t\t\t\t<div class=\"elementor-row\">\n\t\t\t\t\t<div class=\"elementor-column elementor-col-100 elementor-top-column elementor-element elementor-element-2b4ff49\" data-id=\"2b4ff49\" data-element_type=\"column\">\n\t\t\t<div class=\"elementor-column-wrap elementor-element-populated\">\n\t\t\t\t\t\t\t<div class=\"elementor-widget-wrap\">\n\t\t\t\t\t\t<div class=\"elementor-element elementor-element-dec8653 elementor-widget elementor-widget-image-gallery\" data-id=\"dec8653\" data-element_type=\"widget\" data-widget_type=\"image-gallery.default\">\n\t\t\t\t<div class=\"elementor-widget-container\">\n\t\t\t\t\t<div class=\"elementor-image-gallery\">\n\t\t\t\n\t\t<style type=\"text\/css\">\n\t\t\t#gallery-1 {\n\t\t\t\tmargin: auto;\n\t\t\t}\n\t\t\t#gallery-1 .gallery-item {\n\t\t\t\tfloat: left;\n\t\t\t\tmargin-top: 10px;\n\t\t\t\ttext-align: center;\n\t\t\t\twidth: 33%;\n\t\t\t}\n\t\t\t#gallery-1 img {\n\t\t\t\tborder: 2px solid #cfcfcf;\n\t\t\t}\n\t\t\t#gallery-1 .gallery-caption {\n\t\t\t\tmargin-left: 0;\n\t\t\t}\n\t\t\t\/* see gallery_shortcode() in wp-includes\/media.php *\/\n\t\t<\/style>\n\t\t<div id='gallery-1' class='gallery galleryid-1996 gallery-columns-3 gallery-size-medium'><dl class='gallery-item'>\n\t\t\t<dt class='gallery-icon landscape'>\n\t\t\t\t<a data-elementor-open-lightbox=\"yes\" data-elementor-lightbox-slideshow=\"dec8653\" data-elementor-lightbox-title=\"Klappw\u00fcrfel\" data-elementor-lightbox-description=\"Plexiglas\" e-action-hash=\"#elementor-action%3Aaction%3Dlightbox%26settings%3DeyJpZCI6MTk2MywidXJsIjoiaHR0cHM6XC9cL2tvbnJhZC12ZXR0ZXIuY2hcL2RlcnZldHRlclwvd3AtY29udGVudFwvdXBsb2Fkc1wvMjAyMFwvMTBcLzI3X0tsYXBwd3VlcmZlbF9wbGV4aS5qcGciLCJzbGlkZXNob3ciOiJkZWM4NjUzIn0%3D\" href='https:\/\/konrad-vetter.ch\/dervetter\/wp-content\/uploads\/2020\/10\/27_Klappwuerfel_plexi.jpg'><img width=\"300\" height=\"298\" src=\"https:\/\/konrad-vetter.ch\/dervetter\/wp-content\/uploads\/2020\/10\/27_Klappwuerfel_plexi-300x298.jpg\" class=\"attachment-medium size-medium\" alt=\"\" loading=\"lazy\" aria-describedby=\"gallery-1-1963\" srcset=\"https:\/\/konrad-vetter.ch\/dervetter\/wp-content\/uploads\/2020\/10\/27_Klappwuerfel_plexi-300x298.jpg 300w, https:\/\/konrad-vetter.ch\/dervetter\/wp-content\/uploads\/2020\/10\/27_Klappwuerfel_plexi-1024x1018.jpg 1024w, https:\/\/konrad-vetter.ch\/dervetter\/wp-content\/uploads\/2020\/10\/27_Klappwuerfel_plexi-150x150.jpg 150w, https:\/\/konrad-vetter.ch\/dervetter\/wp-content\/uploads\/2020\/10\/27_Klappwuerfel_plexi-768x764.jpg 768w, https:\/\/konrad-vetter.ch\/dervetter\/wp-content\/uploads\/2020\/10\/27_Klappwuerfel_plexi-1536x1527.jpg 1536w, https:\/\/konrad-vetter.ch\/dervetter\/wp-content\/uploads\/2020\/10\/27_Klappwuerfel_plexi-2048x2037.jpg 2048w\" sizes=\"(max-width: 300px) 100vw, 300px\" \/><\/a>\n\t\t\t<\/dt>\n\t\t\t\t<dd class='wp-caption-text gallery-caption' id='gallery-1-1963'>\n\t\t\t\tKlappw\u00fcrfel\n\t\t\t\t<\/dd><\/dl><dl class='gallery-item'>\n\t\t\t<dt class='gallery-icon landscape'>\n\t\t\t\t<a data-elementor-open-lightbox=\"yes\" data-elementor-lightbox-slideshow=\"dec8653\" data-elementor-lightbox-title=\"Klappw\u00fcrfel\" data-elementor-lightbox-description=\"Plexiglas\" e-action-hash=\"#elementor-action%3Aaction%3Dlightbox%26settings%3DeyJpZCI6MTk1MSwidXJsIjoiaHR0cHM6XC9cL2tvbnJhZC12ZXR0ZXIuY2hcL2RlcnZldHRlclwvd3AtY29udGVudFwvdXBsb2Fkc1wvMjAyMFwvMTBcLzE1X0tsYXBwd3VlcmZlbC1QbGV4aWdhbHMtc2NhbGVkLmpwZyIsInNsaWRlc2hvdyI6ImRlYzg2NTMifQ%3D%3D\" href='https:\/\/konrad-vetter.ch\/dervetter\/wp-content\/uploads\/2020\/10\/15_Klappwuerfel-Plexigals-scaled.jpg'><img width=\"300\" height=\"225\" src=\"https:\/\/konrad-vetter.ch\/dervetter\/wp-content\/uploads\/2020\/10\/15_Klappwuerfel-Plexigals-300x225.jpg\" class=\"attachment-medium size-medium\" alt=\"\" loading=\"lazy\" aria-describedby=\"gallery-1-1951\" srcset=\"https:\/\/konrad-vetter.ch\/dervetter\/wp-content\/uploads\/2020\/10\/15_Klappwuerfel-Plexigals-300x225.jpg 300w, https:\/\/konrad-vetter.ch\/dervetter\/wp-content\/uploads\/2020\/10\/15_Klappwuerfel-Plexigals-1024x768.jpg 1024w, https:\/\/konrad-vetter.ch\/dervetter\/wp-content\/uploads\/2020\/10\/15_Klappwuerfel-Plexigals-768x576.jpg 768w, https:\/\/konrad-vetter.ch\/dervetter\/wp-content\/uploads\/2020\/10\/15_Klappwuerfel-Plexigals-1536x1152.jpg 1536w, https:\/\/konrad-vetter.ch\/dervetter\/wp-content\/uploads\/2020\/10\/15_Klappwuerfel-Plexigals-2048x1536.jpg 2048w\" sizes=\"(max-width: 300px) 100vw, 300px\" \/><\/a>\n\t\t\t<\/dt>\n\t\t\t\t<dd class='wp-caption-text gallery-caption' id='gallery-1-1951'>\n\t\t\t\tKlappw\u00fcrfel\n\t\t\t\t<\/dd><\/dl><dl class='gallery-item'>\n\t\t\t<dt class='gallery-icon landscape'>\n\t\t\t\t<a data-elementor-open-lightbox=\"yes\" data-elementor-lightbox-slideshow=\"dec8653\" data-elementor-lightbox-title=\"Klappw\u00fcrfel\" data-elementor-lightbox-description=\"Plexiglas\" e-action-hash=\"#elementor-action%3Aaction%3Dlightbox%26settings%3DeyJpZCI6MTk0OSwidXJsIjoiaHR0cHM6XC9cL2tvbnJhZC12ZXR0ZXIuY2hcL2RlcnZldHRlclwvd3AtY29udGVudFwvdXBsb2Fkc1wvMjAyMFwvMTBcLzE0X0tsYXBwd3VlcmZlbC1QbGV4aWdhbHMtZGV0YWlsLXNjYWxlZC5qcGciLCJzbGlkZXNob3ciOiJkZWM4NjUzIn0%3D\" href='https:\/\/konrad-vetter.ch\/dervetter\/wp-content\/uploads\/2020\/10\/14_Klappwuerfel-Plexigals-detail-scaled.jpg'><img width=\"300\" height=\"225\" src=\"https:\/\/konrad-vetter.ch\/dervetter\/wp-content\/uploads\/2020\/10\/14_Klappwuerfel-Plexigals-detail-300x225.jpg\" class=\"attachment-medium size-medium\" alt=\"\" loading=\"lazy\" aria-describedby=\"gallery-1-1949\" srcset=\"https:\/\/konrad-vetter.ch\/dervetter\/wp-content\/uploads\/2020\/10\/14_Klappwuerfel-Plexigals-detail-300x225.jpg 300w, https:\/\/konrad-vetter.ch\/dervetter\/wp-content\/uploads\/2020\/10\/14_Klappwuerfel-Plexigals-detail-1024x768.jpg 1024w, https:\/\/konrad-vetter.ch\/dervetter\/wp-content\/uploads\/2020\/10\/14_Klappwuerfel-Plexigals-detail-768x576.jpg 768w, https:\/\/konrad-vetter.ch\/dervetter\/wp-content\/uploads\/2020\/10\/14_Klappwuerfel-Plexigals-detail-1536x1152.jpg 1536w, https:\/\/konrad-vetter.ch\/dervetter\/wp-content\/uploads\/2020\/10\/14_Klappwuerfel-Plexigals-detail-2048x1536.jpg 2048w\" sizes=\"(max-width: 300px) 100vw, 300px\" \/><\/a>\n\t\t\t<\/dt>\n\t\t\t\t<dd class='wp-caption-text gallery-caption' id='gallery-1-1949'>\n\t\t\t\tKlappw\u00fcrfel Detail\n\t\t\t\t<\/dd><\/dl><br style=\"clear: both\" \/><dl class='gallery-item'>\n\t\t\t<dt class='gallery-icon landscape'>\n\t\t\t\t<a data-elementor-open-lightbox=\"yes\" data-elementor-lightbox-slideshow=\"dec8653\" data-elementor-lightbox-title=\"Klappw\u00fcrfel klein Modell\" data-elementor-lightbox-description=\"Holz und Klebeband\" e-action-hash=\"#elementor-action%3Aaction%3Dlightbox%26settings%3DeyJpZCI6MTk2NCwidXJsIjoiaHR0cHM6XC9cL2tvbnJhZC12ZXR0ZXIuY2hcL2RlcnZldHRlclwvd3AtY29udGVudFwvdXBsb2Fkc1wvMjAyMFwvMTBcLzI4X0tsYXBwd3VlcmZlbF9rbGVpbi1zY2FsZWQuanBnIiwic2xpZGVzaG93IjoiZGVjODY1MyJ9\" href='https:\/\/konrad-vetter.ch\/dervetter\/wp-content\/uploads\/2020\/10\/28_Klappwuerfel_klein-scaled.jpg'><img width=\"300\" height=\"245\" src=\"https:\/\/konrad-vetter.ch\/dervetter\/wp-content\/uploads\/2020\/10\/28_Klappwuerfel_klein-300x245.jpg\" class=\"attachment-medium size-medium\" alt=\"\" loading=\"lazy\" aria-describedby=\"gallery-1-1964\" srcset=\"https:\/\/konrad-vetter.ch\/dervetter\/wp-content\/uploads\/2020\/10\/28_Klappwuerfel_klein-300x245.jpg 300w, https:\/\/konrad-vetter.ch\/dervetter\/wp-content\/uploads\/2020\/10\/28_Klappwuerfel_klein-1024x837.jpg 1024w, https:\/\/konrad-vetter.ch\/dervetter\/wp-content\/uploads\/2020\/10\/28_Klappwuerfel_klein-768x628.jpg 768w, https:\/\/konrad-vetter.ch\/dervetter\/wp-content\/uploads\/2020\/10\/28_Klappwuerfel_klein-1536x1255.jpg 1536w, https:\/\/konrad-vetter.ch\/dervetter\/wp-content\/uploads\/2020\/10\/28_Klappwuerfel_klein-2048x1674.jpg 2048w\" sizes=\"(max-width: 300px) 100vw, 300px\" \/><\/a>\n\t\t\t<\/dt>\n\t\t\t\t<dd class='wp-caption-text gallery-caption' id='gallery-1-1964'>\n\t\t\t\tKlappw\u00fcrfel klein Modell\n\t\t\t\t<\/dd><\/dl><dl class='gallery-item'>\n\t\t\t<dt class='gallery-icon landscape'>\n\t\t\t\t<a data-elementor-open-lightbox=\"yes\" data-elementor-lightbox-slideshow=\"dec8653\" data-elementor-lightbox-title=\"Klappw\u00fcrfel klein Modell\" data-elementor-lightbox-description=\"Holz, Klebeband\" e-action-hash=\"#elementor-action%3Aaction%3Dlightbox%26settings%3DeyJpZCI6MTk2MiwidXJsIjoiaHR0cHM6XC9cL2tvbnJhZC12ZXR0ZXIuY2hcL2RlcnZldHRlclwvd3AtY29udGVudFwvdXBsb2Fkc1wvMjAyMFwvMTBcLzI2X0tsYXBwd3VlcmZlbF9rbGVpbi1zY2FsZWQuanBnIiwic2xpZGVzaG93IjoiZGVjODY1MyJ9\" href='https:\/\/konrad-vetter.ch\/dervetter\/wp-content\/uploads\/2020\/10\/26_Klappwuerfel_klein-scaled.jpg'><img width=\"300\" height=\"247\" src=\"https:\/\/konrad-vetter.ch\/dervetter\/wp-content\/uploads\/2020\/10\/26_Klappwuerfel_klein-300x247.jpg\" class=\"attachment-medium size-medium\" alt=\"\" loading=\"lazy\" aria-describedby=\"gallery-1-1962\" srcset=\"https:\/\/konrad-vetter.ch\/dervetter\/wp-content\/uploads\/2020\/10\/26_Klappwuerfel_klein-300x247.jpg 300w, https:\/\/konrad-vetter.ch\/dervetter\/wp-content\/uploads\/2020\/10\/26_Klappwuerfel_klein-1024x843.jpg 1024w, https:\/\/konrad-vetter.ch\/dervetter\/wp-content\/uploads\/2020\/10\/26_Klappwuerfel_klein-768x633.jpg 768w, https:\/\/konrad-vetter.ch\/dervetter\/wp-content\/uploads\/2020\/10\/26_Klappwuerfel_klein-1536x1265.jpg 1536w, https:\/\/konrad-vetter.ch\/dervetter\/wp-content\/uploads\/2020\/10\/26_Klappwuerfel_klein-2048x1687.jpg 2048w\" sizes=\"(max-width: 300px) 100vw, 300px\" \/><\/a>\n\t\t\t<\/dt>\n\t\t\t\t<dd class='wp-caption-text gallery-caption' id='gallery-1-1962'>\n\t\t\t\tKlappw\u00fcrfel klein Modell\n\t\t\t\t<\/dd><\/dl><dl class='gallery-item'>\n\t\t\t<dt class='gallery-icon landscape'>\n\t\t\t\t<a data-elementor-open-lightbox=\"yes\" data-elementor-lightbox-slideshow=\"dec8653\" data-elementor-lightbox-title=\"Klappw\u00fcrfel klein Modell\" data-elementor-lightbox-description=\"Holz, Klebeband\" e-action-hash=\"#elementor-action%3Aaction%3Dlightbox%26settings%3DeyJpZCI6MTkzNCwidXJsIjoiaHR0cHM6XC9cL2tvbnJhZC12ZXR0ZXIuY2hcL2RlcnZldHRlclwvd3AtY29udGVudFwvdXBsb2Fkc1wvMjAyMFwvMTBcLzAxX0tsYXBwd3VlcmZlbC1Nb2RlbGwtLXNjYWxlZC5qcGciLCJzbGlkZXNob3ciOiJkZWM4NjUzIn0%3D\" href='https:\/\/konrad-vetter.ch\/dervetter\/wp-content\/uploads\/2020\/10\/01_Klappwuerfel-Modell--scaled.jpg'><img width=\"300\" height=\"210\" src=\"https:\/\/konrad-vetter.ch\/dervetter\/wp-content\/uploads\/2020\/10\/01_Klappwuerfel-Modell--300x210.jpg\" class=\"attachment-medium size-medium\" alt=\"\" loading=\"lazy\" aria-describedby=\"gallery-1-1934\" srcset=\"https:\/\/konrad-vetter.ch\/dervetter\/wp-content\/uploads\/2020\/10\/01_Klappwuerfel-Modell--300x210.jpg 300w, https:\/\/konrad-vetter.ch\/dervetter\/wp-content\/uploads\/2020\/10\/01_Klappwuerfel-Modell--1024x715.jpg 1024w, https:\/\/konrad-vetter.ch\/dervetter\/wp-content\/uploads\/2020\/10\/01_Klappwuerfel-Modell--768x537.jpg 768w, https:\/\/konrad-vetter.ch\/dervetter\/wp-content\/uploads\/2020\/10\/01_Klappwuerfel-Modell--1536x1073.jpg 1536w, https:\/\/konrad-vetter.ch\/dervetter\/wp-content\/uploads\/2020\/10\/01_Klappwuerfel-Modell--2048x1431.jpg 2048w\" sizes=\"(max-width: 300px) 100vw, 300px\" \/><\/a>\n\t\t\t<\/dt>\n\t\t\t\t<dd class='wp-caption-text gallery-caption' id='gallery-1-1934'>\n\t\t\t\tKlappw\u00fcrfel klein Modell\n\t\t\t\t<\/dd><\/dl><br style=\"clear: both\" \/><dl class='gallery-item'>\n\t\t\t<dt class='gallery-icon landscape'>\n\t\t\t\t<a data-elementor-open-lightbox=\"yes\" data-elementor-lightbox-slideshow=\"dec8653\" data-elementor-lightbox-title=\"Klappw\u00fcrfel klein Modell Detail\" data-elementor-lightbox-description=\"Holz, Klebeband\" e-action-hash=\"#elementor-action%3Aaction%3Dlightbox%26settings%3DeyJpZCI6MTkzNSwidXJsIjoiaHR0cHM6XC9cL2tvbnJhZC12ZXR0ZXIuY2hcL2RlcnZldHRlclwvd3AtY29udGVudFwvdXBsb2Fkc1wvMjAyMFwvMTBcLzAxX0tsYXBwd3VlcmZlbC1Nb2RlbGwtZGV0YWlsLXNjYWxlZC5qcGciLCJzbGlkZXNob3ciOiJkZWM4NjUzIn0%3D\" href='https:\/\/konrad-vetter.ch\/dervetter\/wp-content\/uploads\/2020\/10\/01_Klappwuerfel-Modell-detail-scaled.jpg'><img width=\"300\" height=\"225\" src=\"https:\/\/konrad-vetter.ch\/dervetter\/wp-content\/uploads\/2020\/10\/01_Klappwuerfel-Modell-detail-300x225.jpg\" class=\"attachment-medium size-medium\" alt=\"\" loading=\"lazy\" aria-describedby=\"gallery-1-1935\" srcset=\"https:\/\/konrad-vetter.ch\/dervetter\/wp-content\/uploads\/2020\/10\/01_Klappwuerfel-Modell-detail-300x225.jpg 300w, https:\/\/konrad-vetter.ch\/dervetter\/wp-content\/uploads\/2020\/10\/01_Klappwuerfel-Modell-detail-1024x768.jpg 1024w, https:\/\/konrad-vetter.ch\/dervetter\/wp-content\/uploads\/2020\/10\/01_Klappwuerfel-Modell-detail-768x576.jpg 768w, https:\/\/konrad-vetter.ch\/dervetter\/wp-content\/uploads\/2020\/10\/01_Klappwuerfel-Modell-detail-1536x1152.jpg 1536w, https:\/\/konrad-vetter.ch\/dervetter\/wp-content\/uploads\/2020\/10\/01_Klappwuerfel-Modell-detail-2048x1536.jpg 2048w\" sizes=\"(max-width: 300px) 100vw, 300px\" \/><\/a>\n\t\t\t<\/dt>\n\t\t\t\t<dd class='wp-caption-text gallery-caption' id='gallery-1-1935'>\n\t\t\t\tKlappw\u00fcrfel klein Modell Detail\n\t\t\t\t<\/dd><\/dl><dl class='gallery-item'>\n\t\t\t<dt class='gallery-icon portrait'>\n\t\t\t\t<a data-elementor-open-lightbox=\"yes\" data-elementor-lightbox-slideshow=\"dec8653\" data-elementor-lightbox-title=\"Objekt\" data-elementor-lightbox-description=\"Karton, Scotch\" e-action-hash=\"#elementor-action%3Aaction%3Dlightbox%26settings%3DeyJpZCI6MjAwMiwidXJsIjoiaHR0cHM6XC9cL2tvbnJhZC12ZXR0ZXIuY2hcL2RlcnZldHRlclwvd3AtY29udGVudFwvdXBsb2Fkc1wvMjAyMFwvMTBcLzAxX09iamVrdC5qcGciLCJzbGlkZXNob3ciOiJkZWM4NjUzIn0%3D\" href='https:\/\/konrad-vetter.ch\/dervetter\/wp-content\/uploads\/2020\/10\/01_Objekt.jpg'><img width=\"218\" height=\"300\" src=\"https:\/\/konrad-vetter.ch\/dervetter\/wp-content\/uploads\/2020\/10\/01_Objekt-218x300.jpg\" class=\"attachment-medium size-medium\" alt=\"\" loading=\"lazy\" aria-describedby=\"gallery-1-2002\" srcset=\"https:\/\/konrad-vetter.ch\/dervetter\/wp-content\/uploads\/2020\/10\/01_Objekt-218x300.jpg 218w, https:\/\/konrad-vetter.ch\/dervetter\/wp-content\/uploads\/2020\/10\/01_Objekt-744x1024.jpg 744w, https:\/\/konrad-vetter.ch\/dervetter\/wp-content\/uploads\/2020\/10\/01_Objekt-768x1057.jpg 768w, https:\/\/konrad-vetter.ch\/dervetter\/wp-content\/uploads\/2020\/10\/01_Objekt-1116x1536.jpg 1116w, https:\/\/konrad-vetter.ch\/dervetter\/wp-content\/uploads\/2020\/10\/01_Objekt.jpg 1413w\" sizes=\"(max-width: 218px) 100vw, 218px\" \/><\/a>\n\t\t\t<\/dt>\n\t\t\t\t<dd class='wp-caption-text gallery-caption' id='gallery-1-2002'>\n\t\t\t\tObjekt\n\t\t\t\t<\/dd><\/dl><dl class='gallery-item'>\n\t\t\t<dt class='gallery-icon portrait'>\n\t\t\t\t<a data-elementor-open-lightbox=\"yes\" data-elementor-lightbox-slideshow=\"dec8653\" data-elementor-lightbox-title=\"Glasobjekt\" data-elementor-lightbox-description=\"Glas, Spiegel\" e-action-hash=\"#elementor-action%3Aaction%3Dlightbox%26settings%3DeyJpZCI6MjAwMywidXJsIjoiaHR0cHM6XC9cL2tvbnJhZC12ZXR0ZXIuY2hcL2RlcnZldHRlclwvd3AtY29udGVudFwvdXBsb2Fkc1wvMjAyMFwvMTBcLzAyX09iamVrdC5qcGciLCJzbGlkZXNob3ciOiJkZWM4NjUzIn0%3D\" href='https:\/\/konrad-vetter.ch\/dervetter\/wp-content\/uploads\/2020\/10\/02_Objekt.jpg'><img width=\"194\" height=\"300\" src=\"https:\/\/konrad-vetter.ch\/dervetter\/wp-content\/uploads\/2020\/10\/02_Objekt-194x300.jpg\" class=\"attachment-medium size-medium\" alt=\"\" loading=\"lazy\" aria-describedby=\"gallery-1-2003\" srcset=\"https:\/\/konrad-vetter.ch\/dervetter\/wp-content\/uploads\/2020\/10\/02_Objekt-194x300.jpg 194w, https:\/\/konrad-vetter.ch\/dervetter\/wp-content\/uploads\/2020\/10\/02_Objekt-663x1024.jpg 663w, https:\/\/konrad-vetter.ch\/dervetter\/wp-content\/uploads\/2020\/10\/02_Objekt-768x1187.jpg 768w, https:\/\/konrad-vetter.ch\/dervetter\/wp-content\/uploads\/2020\/10\/02_Objekt-994x1536.jpg 994w, https:\/\/konrad-vetter.ch\/dervetter\/wp-content\/uploads\/2020\/10\/02_Objekt-1325x2048.jpg 1325w, https:\/\/konrad-vetter.ch\/dervetter\/wp-content\/uploads\/2020\/10\/02_Objekt.jpg 1408w\" sizes=\"(max-width: 194px) 100vw, 194px\" \/><\/a>\n\t\t\t<\/dt>\n\t\t\t\t<dd class='wp-caption-text gallery-caption' id='gallery-1-2003'>\n\t\t\t\tGlasobjekt\n\t\t\t\t<\/dd><\/dl><br style=\"clear: both\" \/><dl class='gallery-item'>\n\t\t\t<dt class='gallery-icon portrait'>\n\t\t\t\t<a data-elementor-open-lightbox=\"yes\" data-elementor-lightbox-slideshow=\"dec8653\" data-elementor-lightbox-title=\"Glasobjekt\" data-elementor-lightbox-description=\"Glas, Spiegel\" e-action-hash=\"#elementor-action%3Aaction%3Dlightbox%26settings%3DeyJpZCI6MjAwNCwidXJsIjoiaHR0cHM6XC9cL2tvbnJhZC12ZXR0ZXIuY2hcL2RlcnZldHRlclwvd3AtY29udGVudFwvdXBsb2Fkc1wvMjAyMFwvMTBcLzAzX09iamVrdC5qcGciLCJzbGlkZXNob3ciOiJkZWM4NjUzIn0%3D\" href='https:\/\/konrad-vetter.ch\/dervetter\/wp-content\/uploads\/2020\/10\/03_Objekt.jpg'><img width=\"258\" height=\"300\" src=\"https:\/\/konrad-vetter.ch\/dervetter\/wp-content\/uploads\/2020\/10\/03_Objekt-258x300.jpg\" class=\"attachment-medium size-medium\" alt=\"\" loading=\"lazy\" aria-describedby=\"gallery-1-2004\" srcset=\"https:\/\/konrad-vetter.ch\/dervetter\/wp-content\/uploads\/2020\/10\/03_Objekt-258x300.jpg 258w, https:\/\/konrad-vetter.ch\/dervetter\/wp-content\/uploads\/2020\/10\/03_Objekt-879x1024.jpg 879w, https:\/\/konrad-vetter.ch\/dervetter\/wp-content\/uploads\/2020\/10\/03_Objekt-768x894.jpg 768w, https:\/\/konrad-vetter.ch\/dervetter\/wp-content\/uploads\/2020\/10\/03_Objekt-1319x1536.jpg 1319w, https:\/\/konrad-vetter.ch\/dervetter\/wp-content\/uploads\/2020\/10\/03_Objekt-1759x2048.jpg 1759w, https:\/\/konrad-vetter.ch\/dervetter\/wp-content\/uploads\/2020\/10\/03_Objekt.jpg 1944w\" sizes=\"(max-width: 258px) 100vw, 258px\" \/><\/a>\n\t\t\t<\/dt>\n\t\t\t\t<dd class='wp-caption-text gallery-caption' id='gallery-1-2004'>\n\t\t\t\tGlasobjekt\n\t\t\t\t<\/dd><\/dl><dl class='gallery-item'>\n\t\t\t<dt class='gallery-icon portrait'>\n\t\t\t\t<a data-elementor-open-lightbox=\"yes\" data-elementor-lightbox-slideshow=\"dec8653\" data-elementor-lightbox-title=\"Objekt\" data-elementor-lightbox-description=\"Spiegel, Metall\" e-action-hash=\"#elementor-action%3Aaction%3Dlightbox%26settings%3DeyJpZCI6MjAwNywidXJsIjoiaHR0cHM6XC9cL2tvbnJhZC12ZXR0ZXIuY2hcL2RlcnZldHRlclwvd3AtY29udGVudFwvdXBsb2Fkc1wvMjAyMFwvMTBcLzA4X09iamVrdC1zY2FsZWQuanBnIiwic2xpZGVzaG93IjoiZGVjODY1MyJ9\" href='https:\/\/konrad-vetter.ch\/dervetter\/wp-content\/uploads\/2020\/10\/08_Objekt-scaled.jpg'><img width=\"225\" height=\"300\" src=\"https:\/\/konrad-vetter.ch\/dervetter\/wp-content\/uploads\/2020\/10\/08_Objekt-225x300.jpg\" class=\"attachment-medium size-medium\" alt=\"\" loading=\"lazy\" aria-describedby=\"gallery-1-2007\" srcset=\"https:\/\/konrad-vetter.ch\/dervetter\/wp-content\/uploads\/2020\/10\/08_Objekt-225x300.jpg 225w, https:\/\/konrad-vetter.ch\/dervetter\/wp-content\/uploads\/2020\/10\/08_Objekt-768x1024.jpg 768w, https:\/\/konrad-vetter.ch\/dervetter\/wp-content\/uploads\/2020\/10\/08_Objekt-1152x1536.jpg 1152w, https:\/\/konrad-vetter.ch\/dervetter\/wp-content\/uploads\/2020\/10\/08_Objekt-1536x2048.jpg 1536w, https:\/\/konrad-vetter.ch\/dervetter\/wp-content\/uploads\/2020\/10\/08_Objekt-scaled.jpg 1920w\" sizes=\"(max-width: 225px) 100vw, 225px\" \/><\/a>\n\t\t\t<\/dt>\n\t\t\t\t<dd class='wp-caption-text gallery-caption' id='gallery-1-2007'>\n\t\t\t\tObjekt\n\t\t\t\t<\/dd><\/dl><dl class='gallery-item'>\n\t\t\t<dt class='gallery-icon portrait'>\n\t\t\t\t<a data-elementor-open-lightbox=\"yes\" data-elementor-lightbox-slideshow=\"dec8653\" data-elementor-lightbox-title=\"Objekt\" data-elementor-lightbox-description=\"Spiegel, Metall\" e-action-hash=\"#elementor-action%3Aaction%3Dlightbox%26settings%3DeyJpZCI6MjAwOSwidXJsIjoiaHR0cHM6XC9cL2tvbnJhZC12ZXR0ZXIuY2hcL2RlcnZldHRlclwvd3AtY29udGVudFwvdXBsb2Fkc1wvMjAyMFwvMTBcLzEwX09iamVrdC1zY2FsZWQuanBnIiwic2xpZGVzaG93IjoiZGVjODY1MyJ9\" href='https:\/\/konrad-vetter.ch\/dervetter\/wp-content\/uploads\/2020\/10\/10_Objekt-scaled.jpg'><img width=\"225\" height=\"300\" src=\"https:\/\/konrad-vetter.ch\/dervetter\/wp-content\/uploads\/2020\/10\/10_Objekt-225x300.jpg\" class=\"attachment-medium size-medium\" alt=\"\" loading=\"lazy\" aria-describedby=\"gallery-1-2009\" srcset=\"https:\/\/konrad-vetter.ch\/dervetter\/wp-content\/uploads\/2020\/10\/10_Objekt-225x300.jpg 225w, https:\/\/konrad-vetter.ch\/dervetter\/wp-content\/uploads\/2020\/10\/10_Objekt-768x1024.jpg 768w, https:\/\/konrad-vetter.ch\/dervetter\/wp-content\/uploads\/2020\/10\/10_Objekt-1152x1536.jpg 1152w, https:\/\/konrad-vetter.ch\/dervetter\/wp-content\/uploads\/2020\/10\/10_Objekt-1536x2048.jpg 1536w, https:\/\/konrad-vetter.ch\/dervetter\/wp-content\/uploads\/2020\/10\/10_Objekt-scaled.jpg 1920w\" sizes=\"(max-width: 225px) 100vw, 225px\" \/><\/a>\n\t\t\t<\/dt>\n\t\t\t\t<dd class='wp-caption-text gallery-caption' id='gallery-1-2009'>\n\t\t\t\tObjekt\n\t\t\t\t<\/dd><\/dl><br style=\"clear: both\" \/><dl class='gallery-item'>\n\t\t\t<dt class='gallery-icon portrait'>\n\t\t\t\t<a data-elementor-open-lightbox=\"yes\" data-elementor-lightbox-slideshow=\"dec8653\" data-elementor-lightbox-title=\"Objekt Detail\" data-elementor-lightbox-description=\"Spiegel, Metall\" e-action-hash=\"#elementor-action%3Aaction%3Dlightbox%26settings%3DeyJpZCI6MjAwOCwidXJsIjoiaHR0cHM6XC9cL2tvbnJhZC12ZXR0ZXIuY2hcL2RlcnZldHRlclwvd3AtY29udGVudFwvdXBsb2Fkc1wvMjAyMFwvMTBcLzA5X09iamVrdC1zY2FsZWQuanBnIiwic2xpZGVzaG93IjoiZGVjODY1MyJ9\" href='https:\/\/konrad-vetter.ch\/dervetter\/wp-content\/uploads\/2020\/10\/09_Objekt-scaled.jpg'><img width=\"225\" height=\"300\" src=\"https:\/\/konrad-vetter.ch\/dervetter\/wp-content\/uploads\/2020\/10\/09_Objekt-225x300.jpg\" class=\"attachment-medium size-medium\" alt=\"\" loading=\"lazy\" aria-describedby=\"gallery-1-2008\" srcset=\"https:\/\/konrad-vetter.ch\/dervetter\/wp-content\/uploads\/2020\/10\/09_Objekt-225x300.jpg 225w, https:\/\/konrad-vetter.ch\/dervetter\/wp-content\/uploads\/2020\/10\/09_Objekt-768x1024.jpg 768w, https:\/\/konrad-vetter.ch\/dervetter\/wp-content\/uploads\/2020\/10\/09_Objekt-1152x1536.jpg 1152w, https:\/\/konrad-vetter.ch\/dervetter\/wp-content\/uploads\/2020\/10\/09_Objekt-1536x2048.jpg 1536w, https:\/\/konrad-vetter.ch\/dervetter\/wp-content\/uploads\/2020\/10\/09_Objekt-scaled.jpg 1920w\" sizes=\"(max-width: 225px) 100vw, 225px\" \/><\/a>\n\t\t\t<\/dt>\n\t\t\t\t<dd class='wp-caption-text gallery-caption' id='gallery-1-2008'>\n\t\t\t\tObjekt Detail\n\t\t\t\t<\/dd><\/dl><dl class='gallery-item'>\n\t\t\t<dt class='gallery-icon portrait'>\n\t\t\t\t<a data-elementor-open-lightbox=\"yes\" data-elementor-lightbox-slideshow=\"dec8653\" data-elementor-lightbox-title=\"Objekt\" data-elementor-lightbox-description=\"Spiegel\" e-action-hash=\"#elementor-action%3Aaction%3Dlightbox%26settings%3DeyJpZCI6NzY0LCJ1cmwiOiJodHRwczpcL1wva29ucmFkLXZldHRlci5jaFwvZGVydmV0dGVyXC93cC1jb250ZW50XC91cGxvYWRzXC8yMDIwXC8wOVwvMDVfT2JqZWt0LXNjYWxlZC5qcGciLCJzbGlkZXNob3ciOiJkZWM4NjUzIn0%3D\" href='https:\/\/konrad-vetter.ch\/dervetter\/wp-content\/uploads\/2020\/09\/05_Objekt-scaled.jpg'><img width=\"225\" height=\"300\" src=\"https:\/\/konrad-vetter.ch\/dervetter\/wp-content\/uploads\/2020\/09\/05_Objekt-225x300.jpg\" class=\"attachment-medium size-medium\" alt=\"\" loading=\"lazy\" aria-describedby=\"gallery-1-764\" srcset=\"https:\/\/konrad-vetter.ch\/dervetter\/wp-content\/uploads\/2020\/09\/05_Objekt-225x300.jpg 225w, https:\/\/konrad-vetter.ch\/dervetter\/wp-content\/uploads\/2020\/09\/05_Objekt-768x1024.jpg 768w, https:\/\/konrad-vetter.ch\/dervetter\/wp-content\/uploads\/2020\/09\/05_Objekt-1152x1536.jpg 1152w, https:\/\/konrad-vetter.ch\/dervetter\/wp-content\/uploads\/2020\/09\/05_Objekt-1536x2048.jpg 1536w, https:\/\/konrad-vetter.ch\/dervetter\/wp-content\/uploads\/2020\/09\/05_Objekt-scaled.jpg 1920w\" sizes=\"(max-width: 225px) 100vw, 225px\" \/><\/a>\n\t\t\t<\/dt>\n\t\t\t\t<dd class='wp-caption-text gallery-caption' id='gallery-1-764'>\n\t\t\t\tObjekt\n\t\t\t\t<\/dd><\/dl><dl class='gallery-item'>\n\t\t\t<dt class='gallery-icon portrait'>\n\t\t\t\t<a data-elementor-open-lightbox=\"yes\" data-elementor-lightbox-slideshow=\"dec8653\" data-elementor-lightbox-title=\"Glasobjekt\" data-elementor-lightbox-description=\"Glas\" e-action-hash=\"#elementor-action%3Aaction%3Dlightbox%26settings%3DeyJpZCI6MTk5NCwidXJsIjoiaHR0cHM6XC9cL2tvbnJhZC12ZXR0ZXIuY2hcL2RlcnZldHRlclwvd3AtY29udGVudFwvdXBsb2Fkc1wvMjAyMFwvMTBcLzU5X0dsYXNvYmpla3Qtc2NhbGVkLmpwZyIsInNsaWRlc2hvdyI6ImRlYzg2NTMifQ%3D%3D\" href='https:\/\/konrad-vetter.ch\/dervetter\/wp-content\/uploads\/2020\/10\/59_Glasobjekt-scaled.jpg'><img width=\"225\" height=\"300\" src=\"https:\/\/konrad-vetter.ch\/dervetter\/wp-content\/uploads\/2020\/10\/59_Glasobjekt-225x300.jpg\" class=\"attachment-medium size-medium\" alt=\"\" loading=\"lazy\" aria-describedby=\"gallery-1-1994\" srcset=\"https:\/\/konrad-vetter.ch\/dervetter\/wp-content\/uploads\/2020\/10\/59_Glasobjekt-225x300.jpg 225w, https:\/\/konrad-vetter.ch\/dervetter\/wp-content\/uploads\/2020\/10\/59_Glasobjekt-768x1024.jpg 768w, https:\/\/konrad-vetter.ch\/dervetter\/wp-content\/uploads\/2020\/10\/59_Glasobjekt-1152x1536.jpg 1152w, https:\/\/konrad-vetter.ch\/dervetter\/wp-content\/uploads\/2020\/10\/59_Glasobjekt-1536x2048.jpg 1536w, https:\/\/konrad-vetter.ch\/dervetter\/wp-content\/uploads\/2020\/10\/59_Glasobjekt-scaled.jpg 1920w\" sizes=\"(max-width: 225px) 100vw, 225px\" \/><\/a>\n\t\t\t<\/dt>\n\t\t\t\t<dd class='wp-caption-text gallery-caption' id='gallery-1-1994'>\n\t\t\t\tGlasobjekt\n\t\t\t\t<\/dd><\/dl><br style=\"clear: both\" \/><dl class='gallery-item'>\n\t\t\t<dt class='gallery-icon portrait'>\n\t\t\t\t<a data-elementor-open-lightbox=\"yes\" data-elementor-lightbox-slideshow=\"dec8653\" data-elementor-lightbox-title=\"Glasobjekt\" data-elementor-lightbox-description=\"Glas, Spiegel\" e-action-hash=\"#elementor-action%3Aaction%3Dlightbox%26settings%3DeyJpZCI6MTk5NSwidXJsIjoiaHR0cHM6XC9cL2tvbnJhZC12ZXR0ZXIuY2hcL2RlcnZldHRlclwvd3AtY29udGVudFwvdXBsb2Fkc1wvMjAyMFwvMTBcLzYwX0dsYXNvYmpla3QuanBnIiwic2xpZGVzaG93IjoiZGVjODY1MyJ9\" href='https:\/\/konrad-vetter.ch\/dervetter\/wp-content\/uploads\/2020\/10\/60_Glasobjekt.jpg'><img width=\"225\" height=\"300\" src=\"https:\/\/konrad-vetter.ch\/dervetter\/wp-content\/uploads\/2020\/10\/60_Glasobjekt-225x300.jpg\" class=\"attachment-medium size-medium\" alt=\"\" loading=\"lazy\" aria-describedby=\"gallery-1-1995\" srcset=\"https:\/\/konrad-vetter.ch\/dervetter\/wp-content\/uploads\/2020\/10\/60_Glasobjekt-225x300.jpg 225w, https:\/\/konrad-vetter.ch\/dervetter\/wp-content\/uploads\/2020\/10\/60_Glasobjekt-768x1024.jpg 768w, https:\/\/konrad-vetter.ch\/dervetter\/wp-content\/uploads\/2020\/10\/60_Glasobjekt-1152x1536.jpg 1152w, https:\/\/konrad-vetter.ch\/dervetter\/wp-content\/uploads\/2020\/10\/60_Glasobjekt-1536x2048.jpg 1536w, https:\/\/konrad-vetter.ch\/dervetter\/wp-content\/uploads\/2020\/10\/60_Glasobjekt.jpg 1862w\" sizes=\"(max-width: 225px) 100vw, 225px\" \/><\/a>\n\t\t\t<\/dt>\n\t\t\t\t<dd class='wp-caption-text gallery-caption' id='gallery-1-1995'>\n\t\t\t\tGlasobjekt\n\t\t\t\t<\/dd><\/dl><dl class='gallery-item'>\n\t\t\t<dt class='gallery-icon portrait'>\n\t\t\t\t<a data-elementor-open-lightbox=\"yes\" data-elementor-lightbox-slideshow=\"dec8653\" data-elementor-lightbox-title=\"Glasobjekt\" data-elementor-lightbox-description=\"Spiegel, Signalglas\" e-action-hash=\"#elementor-action%3Aaction%3Dlightbox%26settings%3DeyJpZCI6MjAwNiwidXJsIjoiaHR0cHM6XC9cL2tvbnJhZC12ZXR0ZXIuY2hcL2RlcnZldHRlclwvd3AtY29udGVudFwvdXBsb2Fkc1wvMjAyMFwvMTBcLzA2X09iamVrdC5qcGciLCJzbGlkZXNob3ciOiJkZWM4NjUzIn0%3D\" href='https:\/\/konrad-vetter.ch\/dervetter\/wp-content\/uploads\/2020\/10\/06_Objekt.jpg'><img width=\"256\" height=\"300\" src=\"https:\/\/konrad-vetter.ch\/dervetter\/wp-content\/uploads\/2020\/10\/06_Objekt-256x300.jpg\" class=\"attachment-medium size-medium\" alt=\"\" loading=\"lazy\" aria-describedby=\"gallery-1-2006\" srcset=\"https:\/\/konrad-vetter.ch\/dervetter\/wp-content\/uploads\/2020\/10\/06_Objekt-256x300.jpg 256w, https:\/\/konrad-vetter.ch\/dervetter\/wp-content\/uploads\/2020\/10\/06_Objekt-875x1024.jpg 875w, https:\/\/konrad-vetter.ch\/dervetter\/wp-content\/uploads\/2020\/10\/06_Objekt-768x899.jpg 768w, https:\/\/konrad-vetter.ch\/dervetter\/wp-content\/uploads\/2020\/10\/06_Objekt-1312x1536.jpg 1312w, https:\/\/konrad-vetter.ch\/dervetter\/wp-content\/uploads\/2020\/10\/06_Objekt-1749x2048.jpg 1749w, https:\/\/konrad-vetter.ch\/dervetter\/wp-content\/uploads\/2020\/10\/06_Objekt.jpg 1780w\" sizes=\"(max-width: 256px) 100vw, 256px\" \/><\/a>\n\t\t\t<\/dt>\n\t\t\t\t<dd class='wp-caption-text gallery-caption' id='gallery-1-2006'>\n\t\t\t\tGlasobjekt\n\t\t\t\t<\/dd><\/dl><dl class='gallery-item'>\n\t\t\t<dt class='gallery-icon landscape'>\n\t\t\t\t<a data-elementor-open-lightbox=\"yes\" data-elementor-lightbox-slideshow=\"dec8653\" data-elementor-lightbox-title=\"Schichtungen\" data-elementor-lightbox-description=\"Glas, Holz, Papier\" e-action-hash=\"#elementor-action%3Aaction%3Dlightbox%26settings%3DeyJpZCI6MTk5MywidXJsIjoiaHR0cHM6XC9cL2tvbnJhZC12ZXR0ZXIuY2hcL2RlcnZldHRlclwvd3AtY29udGVudFwvdXBsb2Fkc1wvMjAyMFwvMTBcLzU3X09iamVrdC5qcGciLCJzbGlkZXNob3ciOiJkZWM4NjUzIn0%3D\" href='https:\/\/konrad-vetter.ch\/dervetter\/wp-content\/uploads\/2020\/10\/57_Objekt.jpg'><img width=\"300\" height=\"247\" src=\"https:\/\/konrad-vetter.ch\/dervetter\/wp-content\/uploads\/2020\/10\/57_Objekt-300x247.jpg\" class=\"attachment-medium size-medium\" alt=\"\" loading=\"lazy\" aria-describedby=\"gallery-1-1993\" srcset=\"https:\/\/konrad-vetter.ch\/dervetter\/wp-content\/uploads\/2020\/10\/57_Objekt-300x247.jpg 300w, https:\/\/konrad-vetter.ch\/dervetter\/wp-content\/uploads\/2020\/10\/57_Objekt-1024x842.jpg 1024w, https:\/\/konrad-vetter.ch\/dervetter\/wp-content\/uploads\/2020\/10\/57_Objekt-768x631.jpg 768w, https:\/\/konrad-vetter.ch\/dervetter\/wp-content\/uploads\/2020\/10\/57_Objekt-1536x1263.jpg 1536w, https:\/\/konrad-vetter.ch\/dervetter\/wp-content\/uploads\/2020\/10\/57_Objekt-2048x1683.jpg 2048w\" sizes=\"(max-width: 300px) 100vw, 300px\" \/><\/a>\n\t\t\t<\/dt>\n\t\t\t\t<dd class='wp-caption-text gallery-caption' id='gallery-1-1993'>\n\t\t\t\tSchichtungen\n\t\t\t\t<\/dd><\/dl><br style=\"clear: both\" \/><dl class='gallery-item'>\n\t\t\t<dt class='gallery-icon portrait'>\n\t\t\t\t<a data-elementor-open-lightbox=\"yes\" data-elementor-lightbox-slideshow=\"dec8653\" data-elementor-lightbox-title=\"Nachtrag Jakob\" data-elementor-lightbox-description=\"Glas\" e-action-hash=\"#elementor-action%3Aaction%3Dlightbox%26settings%3DeyJpZCI6MTk0MywidXJsIjoiaHR0cHM6XC9cL2tvbnJhZC12ZXR0ZXIuY2hcL2RlcnZldHRlclwvd3AtY29udGVudFwvdXBsb2Fkc1wvMjAyMFwvMTBcLzA5X0dsYXNvYmpla3QuanBnIiwic2xpZGVzaG93IjoiZGVjODY1MyJ9\" href='https:\/\/konrad-vetter.ch\/dervetter\/wp-content\/uploads\/2020\/10\/09_Glasobjekt.jpg'><img width=\"223\" height=\"300\" src=\"https:\/\/konrad-vetter.ch\/dervetter\/wp-content\/uploads\/2020\/10\/09_Glasobjekt-223x300.jpg\" class=\"attachment-medium size-medium\" alt=\"\" loading=\"lazy\" aria-describedby=\"gallery-1-1943\" srcset=\"https:\/\/konrad-vetter.ch\/dervetter\/wp-content\/uploads\/2020\/10\/09_Glasobjekt-223x300.jpg 223w, https:\/\/konrad-vetter.ch\/dervetter\/wp-content\/uploads\/2020\/10\/09_Glasobjekt-762x1024.jpg 762w, https:\/\/konrad-vetter.ch\/dervetter\/wp-content\/uploads\/2020\/10\/09_Glasobjekt-768x1032.jpg 768w, https:\/\/konrad-vetter.ch\/dervetter\/wp-content\/uploads\/2020\/10\/09_Glasobjekt-1143x1536.jpg 1143w, https:\/\/konrad-vetter.ch\/dervetter\/wp-content\/uploads\/2020\/10\/09_Glasobjekt-1523x2048.jpg 1523w, https:\/\/konrad-vetter.ch\/dervetter\/wp-content\/uploads\/2020\/10\/09_Glasobjekt.jpg 1882w\" sizes=\"(max-width: 223px) 100vw, 223px\" \/><\/a>\n\t\t\t<\/dt>\n\t\t\t\t<dd class='wp-caption-text gallery-caption' id='gallery-1-1943'>\n\t\t\t\tNachtrag Jakob\n\n\t\t\t\t<\/dd><\/dl><dl class='gallery-item'>\n\t\t\t<dt class='gallery-icon portrait'>\n\t\t\t\t<a data-elementor-open-lightbox=\"yes\" data-elementor-lightbox-slideshow=\"dec8653\" data-elementor-lightbox-title=\"Stele gold\" data-elementor-lightbox-description=\"Spiegel \" e-action-hash=\"#elementor-action%3Aaction%3Dlightbox%26settings%3DeyJpZCI6MTk0NywidXJsIjoiaHR0cHM6XC9cL2tvbnJhZC12ZXR0ZXIuY2hcL2RlcnZldHRlclwvd3AtY29udGVudFwvdXBsb2Fkc1wvMjAyMFwvMTBcLzEyX1N0ZWxlLWdvbGQtc2NhbGVkLmpwZyIsInNsaWRlc2hvdyI6ImRlYzg2NTMifQ%3D%3D\" href='https:\/\/konrad-vetter.ch\/dervetter\/wp-content\/uploads\/2020\/10\/12_Stele-gold-scaled.jpg'><img width=\"205\" height=\"300\" src=\"https:\/\/konrad-vetter.ch\/dervetter\/wp-content\/uploads\/2020\/10\/12_Stele-gold-205x300.jpg\" class=\"attachment-medium size-medium\" alt=\"\" loading=\"lazy\" aria-describedby=\"gallery-1-1947\" srcset=\"https:\/\/konrad-vetter.ch\/dervetter\/wp-content\/uploads\/2020\/10\/12_Stele-gold-205x300.jpg 205w, https:\/\/konrad-vetter.ch\/dervetter\/wp-content\/uploads\/2020\/10\/12_Stele-gold-698x1024.jpg 698w, https:\/\/konrad-vetter.ch\/dervetter\/wp-content\/uploads\/2020\/10\/12_Stele-gold-768x1126.jpg 768w, https:\/\/konrad-vetter.ch\/dervetter\/wp-content\/uploads\/2020\/10\/12_Stele-gold-1048x1536.jpg 1048w, https:\/\/konrad-vetter.ch\/dervetter\/wp-content\/uploads\/2020\/10\/12_Stele-gold-1397x2048.jpg 1397w, https:\/\/konrad-vetter.ch\/dervetter\/wp-content\/uploads\/2020\/10\/12_Stele-gold-scaled.jpg 1746w\" sizes=\"(max-width: 205px) 100vw, 205px\" \/><\/a>\n\t\t\t<\/dt>\n\t\t\t\t<dd class='wp-caption-text gallery-caption' id='gallery-1-1947'>\n\t\t\t\tStele gold\n\t\t\t\t<\/dd><\/dl><dl class='gallery-item'>\n\t\t\t<dt class='gallery-icon landscape'>\n\t\t\t\t<a data-elementor-open-lightbox=\"yes\" data-elementor-lightbox-slideshow=\"dec8653\" data-elementor-lightbox-title=\"Stele gold Detail\" data-elementor-lightbox-description=\"Spiegel\" e-action-hash=\"#elementor-action%3Aaction%3Dlightbox%26settings%3DeyJpZCI6MTk0NiwidXJsIjoiaHR0cHM6XC9cL2tvbnJhZC12ZXR0ZXIuY2hcL2RlcnZldHRlclwvd3AtY29udGVudFwvdXBsb2Fkc1wvMjAyMFwvMTBcLzEyX1N0ZWxlLWdvbGQtZGV0YWlsLmpwZyIsInNsaWRlc2hvdyI6ImRlYzg2NTMifQ%3D%3D\" href='https:\/\/konrad-vetter.ch\/dervetter\/wp-content\/uploads\/2020\/10\/12_Stele-gold-detail.jpg'><img width=\"300\" height=\"225\" src=\"https:\/\/konrad-vetter.ch\/dervetter\/wp-content\/uploads\/2020\/10\/12_Stele-gold-detail-300x225.jpg\" class=\"attachment-medium size-medium\" alt=\"\" loading=\"lazy\" aria-describedby=\"gallery-1-1946\" srcset=\"https:\/\/konrad-vetter.ch\/dervetter\/wp-content\/uploads\/2020\/10\/12_Stele-gold-detail-300x225.jpg 300w, https:\/\/konrad-vetter.ch\/dervetter\/wp-content\/uploads\/2020\/10\/12_Stele-gold-detail-1024x768.jpg 1024w, https:\/\/konrad-vetter.ch\/dervetter\/wp-content\/uploads\/2020\/10\/12_Stele-gold-detail-768x576.jpg 768w, https:\/\/konrad-vetter.ch\/dervetter\/wp-content\/uploads\/2020\/10\/12_Stele-gold-detail-1536x1152.jpg 1536w, https:\/\/konrad-vetter.ch\/dervetter\/wp-content\/uploads\/2020\/10\/12_Stele-gold-detail-2048x1536.jpg 2048w\" sizes=\"(max-width: 300px) 100vw, 300px\" \/><\/a>\n\t\t\t<\/dt>\n\t\t\t\t<dd class='wp-caption-text gallery-caption' id='gallery-1-1946'>\n\t\t\t\tStele gold Detail\n\t\t\t\t<\/dd><\/dl><br style=\"clear: both\" \/><dl class='gallery-item'>\n\t\t\t<dt class='gallery-icon portrait'>\n\t\t\t\t<a data-elementor-open-lightbox=\"yes\" data-elementor-lightbox-slideshow=\"dec8653\" data-elementor-lightbox-title=\"Stelen schwarz\" data-elementor-lightbox-description=\"Glas\" e-action-hash=\"#elementor-action%3Aaction%3Dlightbox%26settings%3DeyJpZCI6MTk0MCwidXJsIjoiaHR0cHM6XC9cL2tvbnJhZC12ZXR0ZXIuY2hcL2RlcnZldHRlclwvd3AtY29udGVudFwvdXBsb2Fkc1wvMjAyMFwvMTBcLzA2X1N0ZWxlbi1zY2h3YXJ6LmpwZyIsInNsaWRlc2hvdyI6ImRlYzg2NTMifQ%3D%3D\" href='https:\/\/konrad-vetter.ch\/dervetter\/wp-content\/uploads\/2020\/10\/06_Stelen-schwarz.jpg'><img width=\"224\" height=\"300\" src=\"https:\/\/konrad-vetter.ch\/dervetter\/wp-content\/uploads\/2020\/10\/06_Stelen-schwarz-224x300.jpg\" class=\"attachment-medium size-medium\" alt=\"\" loading=\"lazy\" aria-describedby=\"gallery-1-1940\" srcset=\"https:\/\/konrad-vetter.ch\/dervetter\/wp-content\/uploads\/2020\/10\/06_Stelen-schwarz-224x300.jpg 224w, https:\/\/konrad-vetter.ch\/dervetter\/wp-content\/uploads\/2020\/10\/06_Stelen-schwarz-763x1024.jpg 763w, https:\/\/konrad-vetter.ch\/dervetter\/wp-content\/uploads\/2020\/10\/06_Stelen-schwarz-768x1031.jpg 768w, https:\/\/konrad-vetter.ch\/dervetter\/wp-content\/uploads\/2020\/10\/06_Stelen-schwarz-1145x1536.jpg 1145w, https:\/\/konrad-vetter.ch\/dervetter\/wp-content\/uploads\/2020\/10\/06_Stelen-schwarz-1526x2048.jpg 1526w, https:\/\/konrad-vetter.ch\/dervetter\/wp-content\/uploads\/2020\/10\/06_Stelen-schwarz.jpg 1869w\" sizes=\"(max-width: 224px) 100vw, 224px\" \/><\/a>\n\t\t\t<\/dt>\n\t\t\t\t<dd class='wp-caption-text gallery-caption' id='gallery-1-1940'>\n\t\t\t\tStelen schwarz\n\t\t\t\t<\/dd><\/dl><dl class='gallery-item'>\n\t\t\t<dt class='gallery-icon landscape'>\n\t\t\t\t<a data-elementor-open-lightbox=\"yes\" data-elementor-lightbox-slideshow=\"dec8653\" data-elementor-lightbox-title=\"Glasobjekt\" data-elementor-lightbox-description=\"Glas, Seeigel, Fensterglas\" e-action-hash=\"#elementor-action%3Aaction%3Dlightbox%26settings%3DeyJpZCI6MjAxMSwidXJsIjoiaHR0cHM6XC9cL2tvbnJhZC12ZXR0ZXIuY2hcL2RlcnZldHRlclwvd3AtY29udGVudFwvdXBsb2Fkc1wvMjAyMFwvMTBcLzEzX09iamVrdC5qcGciLCJzbGlkZXNob3ciOiJkZWM4NjUzIn0%3D\" href='https:\/\/konrad-vetter.ch\/dervetter\/wp-content\/uploads\/2020\/10\/13_Objekt.jpg'><img width=\"300\" height=\"250\" src=\"https:\/\/konrad-vetter.ch\/dervetter\/wp-content\/uploads\/2020\/10\/13_Objekt-300x250.jpg\" class=\"attachment-medium size-medium\" alt=\"\" loading=\"lazy\" aria-describedby=\"gallery-1-2011\" srcset=\"https:\/\/konrad-vetter.ch\/dervetter\/wp-content\/uploads\/2020\/10\/13_Objekt-300x250.jpg 300w, https:\/\/konrad-vetter.ch\/dervetter\/wp-content\/uploads\/2020\/10\/13_Objekt-1024x854.jpg 1024w, https:\/\/konrad-vetter.ch\/dervetter\/wp-content\/uploads\/2020\/10\/13_Objekt-768x640.jpg 768w, https:\/\/konrad-vetter.ch\/dervetter\/wp-content\/uploads\/2020\/10\/13_Objekt-1536x1281.jpg 1536w, https:\/\/konrad-vetter.ch\/dervetter\/wp-content\/uploads\/2020\/10\/13_Objekt-2048x1708.jpg 2048w\" sizes=\"(max-width: 300px) 100vw, 300px\" \/><\/a>\n\t\t\t<\/dt>\n\t\t\t\t<dd class='wp-caption-text gallery-caption' id='gallery-1-2011'>\n\t\t\t\tGlasobjekt\n\t\t\t\t<\/dd><\/dl><dl class='gallery-item'>\n\t\t\t<dt class='gallery-icon portrait'>\n\t\t\t\t<a data-elementor-open-lightbox=\"yes\" data-elementor-lightbox-slideshow=\"dec8653\" data-elementor-lightbox-title=\"Glasobjekt\" data-elementor-lightbox-description=\"Glas\" e-action-hash=\"#elementor-action%3Aaction%3Dlightbox%26settings%3DeyJpZCI6MjAxMCwidXJsIjoiaHR0cHM6XC9cL2tvbnJhZC12ZXR0ZXIuY2hcL2RlcnZldHRlclwvd3AtY29udGVudFwvdXBsb2Fkc1wvMjAyMFwvMTBcLzExX09iamVrdC1zY2FsZWQuanBnIiwic2xpZGVzaG93IjoiZGVjODY1MyJ9\" href='https:\/\/konrad-vetter.ch\/dervetter\/wp-content\/uploads\/2020\/10\/11_Objekt-scaled.jpg'><img width=\"225\" height=\"300\" src=\"https:\/\/konrad-vetter.ch\/dervetter\/wp-content\/uploads\/2020\/10\/11_Objekt-225x300.jpg\" class=\"attachment-medium size-medium\" alt=\"\" loading=\"lazy\" aria-describedby=\"gallery-1-2010\" srcset=\"https:\/\/konrad-vetter.ch\/dervetter\/wp-content\/uploads\/2020\/10\/11_Objekt-225x300.jpg 225w, https:\/\/konrad-vetter.ch\/dervetter\/wp-content\/uploads\/2020\/10\/11_Objekt-768x1024.jpg 768w, https:\/\/konrad-vetter.ch\/dervetter\/wp-content\/uploads\/2020\/10\/11_Objekt-1152x1536.jpg 1152w, https:\/\/konrad-vetter.ch\/dervetter\/wp-content\/uploads\/2020\/10\/11_Objekt-1536x2048.jpg 1536w, https:\/\/konrad-vetter.ch\/dervetter\/wp-content\/uploads\/2020\/10\/11_Objekt-scaled.jpg 1920w\" sizes=\"(max-width: 225px) 100vw, 225px\" \/><\/a>\n\t\t\t<\/dt>\n\t\t\t\t<dd class='wp-caption-text gallery-caption' id='gallery-1-2010'>\n\t\t\t\tGlasobjekt\n\t\t\t\t<\/dd><\/dl><br style=\"clear: both\" \/><dl class='gallery-item'>\n\t\t\t<dt class='gallery-icon portrait'>\n\t\t\t\t<a data-elementor-open-lightbox=\"yes\" data-elementor-lightbox-slideshow=\"dec8653\" data-elementor-lightbox-title=\"Objekt\" data-elementor-lightbox-description=\"Glas\" e-action-hash=\"#elementor-action%3Aaction%3Dlightbox%26settings%3DeyJpZCI6MjAxMiwidXJsIjoiaHR0cHM6XC9cL2tvbnJhZC12ZXR0ZXIuY2hcL2RlcnZldHRlclwvd3AtY29udGVudFwvdXBsb2Fkc1wvMjAyMFwvMTBcLzE0X09iamVrdC1zY2FsZWQuanBnIiwic2xpZGVzaG93IjoiZGVjODY1MyJ9\" href='https:\/\/konrad-vetter.ch\/dervetter\/wp-content\/uploads\/2020\/10\/14_Objekt-scaled.jpg'><img width=\"175\" height=\"300\" src=\"https:\/\/konrad-vetter.ch\/dervetter\/wp-content\/uploads\/2020\/10\/14_Objekt-175x300.jpg\" class=\"attachment-medium size-medium\" alt=\"\" loading=\"lazy\" aria-describedby=\"gallery-1-2012\" srcset=\"https:\/\/konrad-vetter.ch\/dervetter\/wp-content\/uploads\/2020\/10\/14_Objekt-175x300.jpg 175w, https:\/\/konrad-vetter.ch\/dervetter\/wp-content\/uploads\/2020\/10\/14_Objekt-596x1024.jpg 596w, https:\/\/konrad-vetter.ch\/dervetter\/wp-content\/uploads\/2020\/10\/14_Objekt-768x1320.jpg 768w, https:\/\/konrad-vetter.ch\/dervetter\/wp-content\/uploads\/2020\/10\/14_Objekt-894x1536.jpg 894w, https:\/\/konrad-vetter.ch\/dervetter\/wp-content\/uploads\/2020\/10\/14_Objekt-1192x2048.jpg 1192w, https:\/\/konrad-vetter.ch\/dervetter\/wp-content\/uploads\/2020\/10\/14_Objekt-scaled.jpg 1489w\" sizes=\"(max-width: 175px) 100vw, 175px\" \/><\/a>\n\t\t\t<\/dt>\n\t\t\t\t<dd class='wp-caption-text gallery-caption' id='gallery-1-2012'>\n\t\t\t\tObjekt\n\t\t\t\t<\/dd><\/dl><dl class='gallery-item'>\n\t\t\t<dt class='gallery-icon portrait'>\n\t\t\t\t<a data-elementor-open-lightbox=\"yes\" data-elementor-lightbox-slideshow=\"dec8653\" data-elementor-lightbox-title=\"Stele\" data-elementor-lightbox-description=\"Metall\" e-action-hash=\"#elementor-action%3Aaction%3Dlightbox%26settings%3DeyJpZCI6MjAxMywidXJsIjoiaHR0cHM6XC9cL2tvbnJhZC12ZXR0ZXIuY2hcL2RlcnZldHRlclwvd3AtY29udGVudFwvdXBsb2Fkc1wvMjAyMFwvMTBcLzE1X09iamVrdC1zY2FsZWQuanBnIiwic2xpZGVzaG93IjoiZGVjODY1MyJ9\" href='https:\/\/konrad-vetter.ch\/dervetter\/wp-content\/uploads\/2020\/10\/15_Objekt-scaled.jpg'><img width=\"190\" height=\"300\" src=\"https:\/\/konrad-vetter.ch\/dervetter\/wp-content\/uploads\/2020\/10\/15_Objekt-190x300.jpg\" class=\"attachment-medium size-medium\" alt=\"\" loading=\"lazy\" aria-describedby=\"gallery-1-2013\" srcset=\"https:\/\/konrad-vetter.ch\/dervetter\/wp-content\/uploads\/2020\/10\/15_Objekt-190x300.jpg 190w, https:\/\/konrad-vetter.ch\/dervetter\/wp-content\/uploads\/2020\/10\/15_Objekt-648x1024.jpg 648w, https:\/\/konrad-vetter.ch\/dervetter\/wp-content\/uploads\/2020\/10\/15_Objekt-768x1214.jpg 768w, https:\/\/konrad-vetter.ch\/dervetter\/wp-content\/uploads\/2020\/10\/15_Objekt-972x1536.jpg 972w, https:\/\/konrad-vetter.ch\/dervetter\/wp-content\/uploads\/2020\/10\/15_Objekt-1296x2048.jpg 1296w, https:\/\/konrad-vetter.ch\/dervetter\/wp-content\/uploads\/2020\/10\/15_Objekt-scaled.jpg 1620w\" sizes=\"(max-width: 190px) 100vw, 190px\" \/><\/a>\n\t\t\t<\/dt>\n\t\t\t\t<dd class='wp-caption-text gallery-caption' id='gallery-1-2013'>\n\t\t\t\tStele\n\t\t\t\t<\/dd><\/dl><dl class='gallery-item'>\n\t\t\t<dt class='gallery-icon portrait'>\n\t\t\t\t<a data-elementor-open-lightbox=\"yes\" data-elementor-lightbox-slideshow=\"dec8653\" data-elementor-lightbox-title=\"Glasobjekt\" data-elementor-lightbox-description=\"Glas\" e-action-hash=\"#elementor-action%3Aaction%3Dlightbox%26settings%3DeyJpZCI6MTk1MiwidXJsIjoiaHR0cHM6XC9cL2tvbnJhZC12ZXR0ZXIuY2hcL2RlcnZldHRlclwvd3AtY29udGVudFwvdXBsb2Fkc1wvMjAyMFwvMTBcLzE2X0dsYXNvYmpla3QuanBnIiwic2xpZGVzaG93IjoiZGVjODY1MyJ9\" href='https:\/\/konrad-vetter.ch\/dervetter\/wp-content\/uploads\/2020\/10\/16_Glasobjekt.jpg'><img width=\"223\" height=\"300\" src=\"https:\/\/konrad-vetter.ch\/dervetter\/wp-content\/uploads\/2020\/10\/16_Glasobjekt-223x300.jpg\" class=\"attachment-medium size-medium\" alt=\"\" loading=\"lazy\" aria-describedby=\"gallery-1-1952\" srcset=\"https:\/\/konrad-vetter.ch\/dervetter\/wp-content\/uploads\/2020\/10\/16_Glasobjekt-223x300.jpg 223w, https:\/\/konrad-vetter.ch\/dervetter\/wp-content\/uploads\/2020\/10\/16_Glasobjekt-760x1024.jpg 760w, https:\/\/konrad-vetter.ch\/dervetter\/wp-content\/uploads\/2020\/10\/16_Glasobjekt-768x1034.jpg 768w, https:\/\/konrad-vetter.ch\/dervetter\/wp-content\/uploads\/2020\/10\/16_Glasobjekt-1140x1536.jpg 1140w, https:\/\/konrad-vetter.ch\/dervetter\/wp-content\/uploads\/2020\/10\/16_Glasobjekt-1521x2048.jpg 1521w, https:\/\/konrad-vetter.ch\/dervetter\/wp-content\/uploads\/2020\/10\/16_Glasobjekt.jpg 1793w\" sizes=\"(max-width: 223px) 100vw, 223px\" \/><\/a>\n\t\t\t<\/dt>\n\t\t\t\t<dd class='wp-caption-text gallery-caption' id='gallery-1-1952'>\n\t\t\t\tGlasobjekt\n\t\t\t\t<\/dd><\/dl><br style=\"clear: both\" \/><dl class='gallery-item'>\n\t\t\t<dt class='gallery-icon portrait'>\n\t\t\t\t<a data-elementor-open-lightbox=\"yes\" data-elementor-lightbox-slideshow=\"dec8653\" data-elementor-lightbox-title=\"Objekt\" data-elementor-lightbox-description=\"dunkles Glas\" e-action-hash=\"#elementor-action%3Aaction%3Dlightbox%26settings%3DeyJpZCI6MjAxNCwidXJsIjoiaHR0cHM6XC9cL2tvbnJhZC12ZXR0ZXIuY2hcL2RlcnZldHRlclwvd3AtY29udGVudFwvdXBsb2Fkc1wvMjAyMFwvMTBcLzE2X09iamVrdC5qcGciLCJzbGlkZXNob3ciOiJkZWM4NjUzIn0%3D\" href='https:\/\/konrad-vetter.ch\/dervetter\/wp-content\/uploads\/2020\/10\/16_Objekt.jpg'><img width=\"277\" height=\"300\" src=\"https:\/\/konrad-vetter.ch\/dervetter\/wp-content\/uploads\/2020\/10\/16_Objekt-277x300.jpg\" class=\"attachment-medium size-medium\" alt=\"\" loading=\"lazy\" aria-describedby=\"gallery-1-2014\" srcset=\"https:\/\/konrad-vetter.ch\/dervetter\/wp-content\/uploads\/2020\/10\/16_Objekt-277x300.jpg 277w, https:\/\/konrad-vetter.ch\/dervetter\/wp-content\/uploads\/2020\/10\/16_Objekt-946x1024.jpg 946w, https:\/\/konrad-vetter.ch\/dervetter\/wp-content\/uploads\/2020\/10\/16_Objekt-768x831.jpg 768w, https:\/\/konrad-vetter.ch\/dervetter\/wp-content\/uploads\/2020\/10\/16_Objekt-1419x1536.jpg 1419w, https:\/\/konrad-vetter.ch\/dervetter\/wp-content\/uploads\/2020\/10\/16_Objekt.jpg 1716w\" sizes=\"(max-width: 277px) 100vw, 277px\" \/><\/a>\n\t\t\t<\/dt>\n\t\t\t\t<dd class='wp-caption-text gallery-caption' id='gallery-1-2014'>\n\t\t\t\tObjekt\n\t\t\t\t<\/dd><\/dl><dl class='gallery-item'>\n\t\t\t<dt class='gallery-icon landscape'>\n\t\t\t\t<a data-elementor-open-lightbox=\"yes\" data-elementor-lightbox-slideshow=\"dec8653\" data-elementor-lightbox-title=\"Objekt Detail\" data-elementor-lightbox-description=\"dunkles Glas\" e-action-hash=\"#elementor-action%3Aaction%3Dlightbox%26settings%3DeyJpZCI6MjAxNSwidXJsIjoiaHR0cHM6XC9cL2tvbnJhZC12ZXR0ZXIuY2hcL2RlcnZldHRlclwvd3AtY29udGVudFwvdXBsb2Fkc1wvMjAyMFwvMTBcLzE3X09iamVrdC1zY2FsZWQuanBnIiwic2xpZGVzaG93IjoiZGVjODY1MyJ9\" href='https:\/\/konrad-vetter.ch\/dervetter\/wp-content\/uploads\/2020\/10\/17_Objekt-scaled.jpg'><img width=\"300\" height=\"225\" src=\"https:\/\/konrad-vetter.ch\/dervetter\/wp-content\/uploads\/2020\/10\/17_Objekt-300x225.jpg\" class=\"attachment-medium size-medium\" alt=\"\" loading=\"lazy\" aria-describedby=\"gallery-1-2015\" srcset=\"https:\/\/konrad-vetter.ch\/dervetter\/wp-content\/uploads\/2020\/10\/17_Objekt-300x225.jpg 300w, https:\/\/konrad-vetter.ch\/dervetter\/wp-content\/uploads\/2020\/10\/17_Objekt-1024x768.jpg 1024w, https:\/\/konrad-vetter.ch\/dervetter\/wp-content\/uploads\/2020\/10\/17_Objekt-768x576.jpg 768w, https:\/\/konrad-vetter.ch\/dervetter\/wp-content\/uploads\/2020\/10\/17_Objekt-1536x1152.jpg 1536w, https:\/\/konrad-vetter.ch\/dervetter\/wp-content\/uploads\/2020\/10\/17_Objekt-2048x1536.jpg 2048w\" sizes=\"(max-width: 300px) 100vw, 300px\" \/><\/a>\n\t\t\t<\/dt>\n\t\t\t\t<dd class='wp-caption-text gallery-caption' id='gallery-1-2015'>\n\t\t\t\tObjekt Detail\n\t\t\t\t<\/dd><\/dl><dl class='gallery-item'>\n\t\t\t<dt class='gallery-icon landscape'>\n\t\t\t\t<a data-elementor-open-lightbox=\"yes\" data-elementor-lightbox-slideshow=\"dec8653\" data-elementor-lightbox-title=\"Kubus\" data-elementor-lightbox-description=\"Acrylglas\" e-action-hash=\"#elementor-action%3Aaction%3Dlightbox%26settings%3DeyJpZCI6MTk1NSwidXJsIjoiaHR0cHM6XC9cL2tvbnJhZC12ZXR0ZXIuY2hcL2RlcnZldHRlclwvd3AtY29udGVudFwvdXBsb2Fkc1wvMjAyMFwvMTBcLzE5X0t1YnVzLmpwZyIsInNsaWRlc2hvdyI6ImRlYzg2NTMifQ%3D%3D\" href='https:\/\/konrad-vetter.ch\/dervetter\/wp-content\/uploads\/2020\/10\/19_Kubus.jpg'><img width=\"300\" height=\"225\" src=\"https:\/\/konrad-vetter.ch\/dervetter\/wp-content\/uploads\/2020\/10\/19_Kubus-300x225.jpg\" class=\"attachment-medium size-medium\" alt=\"\" loading=\"lazy\" aria-describedby=\"gallery-1-1955\" srcset=\"https:\/\/konrad-vetter.ch\/dervetter\/wp-content\/uploads\/2020\/10\/19_Kubus-300x225.jpg 300w, https:\/\/konrad-vetter.ch\/dervetter\/wp-content\/uploads\/2020\/10\/19_Kubus-1024x768.jpg 1024w, https:\/\/konrad-vetter.ch\/dervetter\/wp-content\/uploads\/2020\/10\/19_Kubus-768x576.jpg 768w, https:\/\/konrad-vetter.ch\/dervetter\/wp-content\/uploads\/2020\/10\/19_Kubus-1536x1152.jpg 1536w, https:\/\/konrad-vetter.ch\/dervetter\/wp-content\/uploads\/2020\/10\/19_Kubus-2048x1536.jpg 2048w\" sizes=\"(max-width: 300px) 100vw, 300px\" \/><\/a>\n\t\t\t<\/dt>\n\t\t\t\t<dd class='wp-caption-text gallery-caption' id='gallery-1-1955'>\n\t\t\t\tKubus\n\t\t\t\t<\/dd><\/dl><br style=\"clear: both\" \/><dl class='gallery-item'>\n\t\t\t<dt class='gallery-icon landscape'>\n\t\t\t\t<a data-elementor-open-lightbox=\"yes\" data-elementor-lightbox-slideshow=\"dec8653\" data-elementor-lightbox-title=\"endloses Band\" data-elementor-lightbox-description=\"Gips\" e-action-hash=\"#elementor-action%3Aaction%3Dlightbox%26settings%3DeyJpZCI6MTkzNywidXJsIjoiaHR0cHM6XC9cL2tvbnJhZC12ZXR0ZXIuY2hcL2RlcnZldHRlclwvd3AtY29udGVudFwvdXBsb2Fkc1wvMjAyMFwvMTBcLzAzX0VuZGxvc2VzLUJhbmQuanBnIiwic2xpZGVzaG93IjoiZGVjODY1MyJ9\" href='https:\/\/konrad-vetter.ch\/dervetter\/wp-content\/uploads\/2020\/10\/03_Endloses-Band.jpg'><img width=\"300\" height=\"230\" src=\"https:\/\/konrad-vetter.ch\/dervetter\/wp-content\/uploads\/2020\/10\/03_Endloses-Band-300x230.jpg\" class=\"attachment-medium size-medium\" alt=\"\" loading=\"lazy\" aria-describedby=\"gallery-1-1937\" srcset=\"https:\/\/konrad-vetter.ch\/dervetter\/wp-content\/uploads\/2020\/10\/03_Endloses-Band-300x230.jpg 300w, https:\/\/konrad-vetter.ch\/dervetter\/wp-content\/uploads\/2020\/10\/03_Endloses-Band-1024x787.jpg 1024w, https:\/\/konrad-vetter.ch\/dervetter\/wp-content\/uploads\/2020\/10\/03_Endloses-Band-768x590.jpg 768w, https:\/\/konrad-vetter.ch\/dervetter\/wp-content\/uploads\/2020\/10\/03_Endloses-Band-1536x1180.jpg 1536w, https:\/\/konrad-vetter.ch\/dervetter\/wp-content\/uploads\/2020\/10\/03_Endloses-Band-2048x1573.jpg 2048w\" sizes=\"(max-width: 300px) 100vw, 300px\" \/><\/a>\n\t\t\t<\/dt>\n\t\t\t\t<dd class='wp-caption-text gallery-caption' id='gallery-1-1937'>\n\t\t\t\tendloses Band\n\n\t\t\t\t<\/dd><\/dl><dl class='gallery-item'>\n\t\t\t<dt class='gallery-icon portrait'>\n\t\t\t\t<a data-elementor-open-lightbox=\"yes\" data-elementor-lightbox-slideshow=\"dec8653\" data-elementor-lightbox-title=\"Ringe\" data-elementor-lightbox-description=\"Gips, Glas, Spiegel\" e-action-hash=\"#elementor-action%3Aaction%3Dlightbox%26settings%3DeyJpZCI6MTk1NiwidXJsIjoiaHR0cHM6XC9cL2tvbnJhZC12ZXR0ZXIuY2hcL2RlcnZldHRlclwvd3AtY29udGVudFwvdXBsb2Fkc1wvMjAyMFwvMTBcLzIwX1JpbmdlLmpwZyIsInNsaWRlc2hvdyI6ImRlYzg2NTMifQ%3D%3D\" href='https:\/\/konrad-vetter.ch\/dervetter\/wp-content\/uploads\/2020\/10\/20_Ringe.jpg'><img width=\"221\" height=\"300\" src=\"https:\/\/konrad-vetter.ch\/dervetter\/wp-content\/uploads\/2020\/10\/20_Ringe-221x300.jpg\" class=\"attachment-medium size-medium\" alt=\"\" loading=\"lazy\" aria-describedby=\"gallery-1-1956\" srcset=\"https:\/\/konrad-vetter.ch\/dervetter\/wp-content\/uploads\/2020\/10\/20_Ringe-221x300.jpg 221w, https:\/\/konrad-vetter.ch\/dervetter\/wp-content\/uploads\/2020\/10\/20_Ringe-756x1024.jpg 756w, https:\/\/konrad-vetter.ch\/dervetter\/wp-content\/uploads\/2020\/10\/20_Ringe-768x1041.jpg 768w, https:\/\/konrad-vetter.ch\/dervetter\/wp-content\/uploads\/2020\/10\/20_Ringe-1133x1536.jpg 1133w, https:\/\/konrad-vetter.ch\/dervetter\/wp-content\/uploads\/2020\/10\/20_Ringe-1511x2048.jpg 1511w, https:\/\/konrad-vetter.ch\/dervetter\/wp-content\/uploads\/2020\/10\/20_Ringe.jpg 1841w\" sizes=\"(max-width: 221px) 100vw, 221px\" \/><\/a>\n\t\t\t<\/dt>\n\t\t\t\t<dd class='wp-caption-text gallery-caption' id='gallery-1-1956'>\n\t\t\t\tRinge\n\t\t\t\t<\/dd><\/dl><dl class='gallery-item'>\n\t\t\t<dt class='gallery-icon landscape'>\n\t\t\t\t<a data-elementor-open-lightbox=\"yes\" data-elementor-lightbox-slideshow=\"dec8653\" data-elementor-lightbox-title=\"Ringe Detail\" data-elementor-lightbox-description=\"Gips, Glas, Spiegel\" e-action-hash=\"#elementor-action%3Aaction%3Dlightbox%26settings%3DeyJpZCI6MTkzOSwidXJsIjoiaHR0cHM6XC9cL2tvbnJhZC12ZXR0ZXIuY2hcL2RlcnZldHRlclwvd3AtY29udGVudFwvdXBsb2Fkc1wvMjAyMFwvMTBcLzA1X1JpbmdlLXNjYWxlZC5qcGciLCJzbGlkZXNob3ciOiJkZWM4NjUzIn0%3D\" href='https:\/\/konrad-vetter.ch\/dervetter\/wp-content\/uploads\/2020\/10\/05_Ringe-scaled.jpg'><img width=\"300\" height=\"225\" src=\"https:\/\/konrad-vetter.ch\/dervetter\/wp-content\/uploads\/2020\/10\/05_Ringe-300x225.jpg\" class=\"attachment-medium size-medium\" alt=\"\" loading=\"lazy\" aria-describedby=\"gallery-1-1939\" srcset=\"https:\/\/konrad-vetter.ch\/dervetter\/wp-content\/uploads\/2020\/10\/05_Ringe-300x225.jpg 300w, https:\/\/konrad-vetter.ch\/dervetter\/wp-content\/uploads\/2020\/10\/05_Ringe-1024x768.jpg 1024w, https:\/\/konrad-vetter.ch\/dervetter\/wp-content\/uploads\/2020\/10\/05_Ringe-768x576.jpg 768w, https:\/\/konrad-vetter.ch\/dervetter\/wp-content\/uploads\/2020\/10\/05_Ringe-1536x1152.jpg 1536w, https:\/\/konrad-vetter.ch\/dervetter\/wp-content\/uploads\/2020\/10\/05_Ringe-2048x1536.jpg 2048w\" sizes=\"(max-width: 300px) 100vw, 300px\" \/><\/a>\n\t\t\t<\/dt>\n\t\t\t\t<dd class='wp-caption-text gallery-caption' id='gallery-1-1939'>\n\t\t\t\tRinge Detail\n\t\t\t\t<\/dd><\/dl><br style=\"clear: both\" \/><dl class='gallery-item'>\n\t\t\t<dt class='gallery-icon landscape'>\n\t\t\t\t<a data-elementor-open-lightbox=\"yes\" data-elementor-lightbox-slideshow=\"dec8653\" data-elementor-lightbox-title=\"Tatzelwurm\" data-elementor-lightbox-description=\"Glas, Karton\" e-action-hash=\"#elementor-action%3Aaction%3Dlightbox%26settings%3DeyJpZCI6MTk0OCwidXJsIjoiaHR0cHM6XC9cL2tvbnJhZC12ZXR0ZXIuY2hcL2RlcnZldHRlclwvd3AtY29udGVudFwvdXBsb2Fkc1wvMjAyMFwvMTBcLzEzX1RhdHplbHd1cm0tR2xhcy1Ib2x6LXNjYWxlZC5qcGciLCJzbGlkZXNob3ciOiJkZWM4NjUzIn0%3D\" href='https:\/\/konrad-vetter.ch\/dervetter\/wp-content\/uploads\/2020\/10\/13_Tatzelwurm-Glas-Holz-scaled.jpg'><img width=\"300\" height=\"225\" src=\"https:\/\/konrad-vetter.ch\/dervetter\/wp-content\/uploads\/2020\/10\/13_Tatzelwurm-Glas-Holz-300x225.jpg\" class=\"attachment-medium size-medium\" alt=\"\" loading=\"lazy\" aria-describedby=\"gallery-1-1948\" srcset=\"https:\/\/konrad-vetter.ch\/dervetter\/wp-content\/uploads\/2020\/10\/13_Tatzelwurm-Glas-Holz-300x225.jpg 300w, https:\/\/konrad-vetter.ch\/dervetter\/wp-content\/uploads\/2020\/10\/13_Tatzelwurm-Glas-Holz-1024x768.jpg 1024w, https:\/\/konrad-vetter.ch\/dervetter\/wp-content\/uploads\/2020\/10\/13_Tatzelwurm-Glas-Holz-768x576.jpg 768w, https:\/\/konrad-vetter.ch\/dervetter\/wp-content\/uploads\/2020\/10\/13_Tatzelwurm-Glas-Holz-1536x1152.jpg 1536w, https:\/\/konrad-vetter.ch\/dervetter\/wp-content\/uploads\/2020\/10\/13_Tatzelwurm-Glas-Holz-2048x1536.jpg 2048w\" sizes=\"(max-width: 300px) 100vw, 300px\" \/><\/a>\n\t\t\t<\/dt>\n\t\t\t\t<dd class='wp-caption-text gallery-caption' id='gallery-1-1948'>\n\t\t\t\tTatzelwurm \n\t\t\t\t<\/dd><\/dl><dl class='gallery-item'>\n\t\t\t<dt class='gallery-icon landscape'>\n\t\t\t\t<a data-elementor-open-lightbox=\"yes\" data-elementor-lightbox-slideshow=\"dec8653\" data-elementor-lightbox-title=\"Tatzelwurm Detail\" data-elementor-lightbox-description=\"Glas, Karton\" e-action-hash=\"#elementor-action%3Aaction%3Dlightbox%26settings%3DeyJpZCI6MTk0MSwidXJsIjoiaHR0cHM6XC9cL2tvbnJhZC12ZXR0ZXIuY2hcL2RlcnZldHRlclwvd3AtY29udGVudFwvdXBsb2Fkc1wvMjAyMFwvMTBcLzA3X1RhdHplbHd1cm0tR2xhcy1Ib2x6LXNjYWxlZC5qcGciLCJzbGlkZXNob3ciOiJkZWM4NjUzIn0%3D\" href='https:\/\/konrad-vetter.ch\/dervetter\/wp-content\/uploads\/2020\/10\/07_Tatzelwurm-Glas-Holz-scaled.jpg'><img width=\"300\" height=\"225\" src=\"https:\/\/konrad-vetter.ch\/dervetter\/wp-content\/uploads\/2020\/10\/07_Tatzelwurm-Glas-Holz-300x225.jpg\" class=\"attachment-medium size-medium\" alt=\"\" loading=\"lazy\" aria-describedby=\"gallery-1-1941\" srcset=\"https:\/\/konrad-vetter.ch\/dervetter\/wp-content\/uploads\/2020\/10\/07_Tatzelwurm-Glas-Holz-300x225.jpg 300w, https:\/\/konrad-vetter.ch\/dervetter\/wp-content\/uploads\/2020\/10\/07_Tatzelwurm-Glas-Holz-1024x768.jpg 1024w, https:\/\/konrad-vetter.ch\/dervetter\/wp-content\/uploads\/2020\/10\/07_Tatzelwurm-Glas-Holz-768x576.jpg 768w, https:\/\/konrad-vetter.ch\/dervetter\/wp-content\/uploads\/2020\/10\/07_Tatzelwurm-Glas-Holz-1536x1152.jpg 1536w, https:\/\/konrad-vetter.ch\/dervetter\/wp-content\/uploads\/2020\/10\/07_Tatzelwurm-Glas-Holz-2048x1536.jpg 2048w\" sizes=\"(max-width: 300px) 100vw, 300px\" \/><\/a>\n\t\t\t<\/dt>\n\t\t\t\t<dd class='wp-caption-text gallery-caption' id='gallery-1-1941'>\n\t\t\t\tTatzelwurm Detail\n\t\t\t\t<\/dd><\/dl><dl class='gallery-item'>\n\t\t\t<dt class='gallery-icon landscape'>\n\t\t\t\t<a data-elementor-open-lightbox=\"yes\" data-elementor-lightbox-slideshow=\"dec8653\" data-elementor-lightbox-title=\"Muse\" data-elementor-lightbox-description=\"Objet trouv\u00e9\" e-action-hash=\"#elementor-action%3Aaction%3Dlightbox%26settings%3DeyJpZCI6MTk1NCwidXJsIjoiaHR0cHM6XC9cL2tvbnJhZC12ZXR0ZXIuY2hcL2RlcnZldHRlclwvd3AtY29udGVudFwvdXBsb2Fkc1wvMjAyMFwvMTBcLzE4X09iamV0LXRyb3V2ZS1zY2FsZWQuanBnIiwic2xpZGVzaG93IjoiZGVjODY1MyJ9\" href='https:\/\/konrad-vetter.ch\/dervetter\/wp-content\/uploads\/2020\/10\/18_Objet-trouve-scaled.jpg'><img width=\"300\" height=\"225\" src=\"https:\/\/konrad-vetter.ch\/dervetter\/wp-content\/uploads\/2020\/10\/18_Objet-trouve-300x225.jpg\" class=\"attachment-medium size-medium\" alt=\"\" loading=\"lazy\" aria-describedby=\"gallery-1-1954\" srcset=\"https:\/\/konrad-vetter.ch\/dervetter\/wp-content\/uploads\/2020\/10\/18_Objet-trouve-300x225.jpg 300w, https:\/\/konrad-vetter.ch\/dervetter\/wp-content\/uploads\/2020\/10\/18_Objet-trouve-1024x768.jpg 1024w, https:\/\/konrad-vetter.ch\/dervetter\/wp-content\/uploads\/2020\/10\/18_Objet-trouve-768x576.jpg 768w, https:\/\/konrad-vetter.ch\/dervetter\/wp-content\/uploads\/2020\/10\/18_Objet-trouve-1536x1152.jpg 1536w, https:\/\/konrad-vetter.ch\/dervetter\/wp-content\/uploads\/2020\/10\/18_Objet-trouve-2048x1536.jpg 2048w\" sizes=\"(max-width: 300px) 100vw, 300px\" \/><\/a>\n\t\t\t<\/dt>\n\t\t\t\t<dd class='wp-caption-text gallery-caption' id='gallery-1-1954'>\n\t\t\t\tMuse\n\t\t\t\t<\/dd><\/dl><br style=\"clear: both\" \/><dl class='gallery-item'>\n\t\t\t<dt class='gallery-icon landscape'>\n\t\t\t\t<a data-elementor-open-lightbox=\"yes\" data-elementor-lightbox-slideshow=\"dec8653\" data-elementor-lightbox-title=\"Glasobjekt\" data-elementor-lightbox-description=\"Glas, Spiegel\" e-action-hash=\"#elementor-action%3Aaction%3Dlightbox%26settings%3DeyJpZCI6MTk0NSwidXJsIjoiaHR0cHM6XC9cL2tvbnJhZC12ZXR0ZXIuY2hcL2RlcnZldHRlclwvd3AtY29udGVudFwvdXBsb2Fkc1wvMjAyMFwvMTBcLzExX0dsYXNvYmpla3QuanBnIiwic2xpZGVzaG93IjoiZGVjODY1MyJ9\" href='https:\/\/konrad-vetter.ch\/dervetter\/wp-content\/uploads\/2020\/10\/11_Glasobjekt.jpg'><img width=\"300\" height=\"225\" src=\"https:\/\/konrad-vetter.ch\/dervetter\/wp-content\/uploads\/2020\/10\/11_Glasobjekt-300x225.jpg\" class=\"attachment-medium size-medium\" alt=\"\" loading=\"lazy\" aria-describedby=\"gallery-1-1945\" srcset=\"https:\/\/konrad-vetter.ch\/dervetter\/wp-content\/uploads\/2020\/10\/11_Glasobjekt-300x225.jpg 300w, https:\/\/konrad-vetter.ch\/dervetter\/wp-content\/uploads\/2020\/10\/11_Glasobjekt-1024x768.jpg 1024w, https:\/\/konrad-vetter.ch\/dervetter\/wp-content\/uploads\/2020\/10\/11_Glasobjekt-768x576.jpg 768w, https:\/\/konrad-vetter.ch\/dervetter\/wp-content\/uploads\/2020\/10\/11_Glasobjekt-1536x1152.jpg 1536w, https:\/\/konrad-vetter.ch\/dervetter\/wp-content\/uploads\/2020\/10\/11_Glasobjekt-2048x1536.jpg 2048w\" sizes=\"(max-width: 300px) 100vw, 300px\" \/><\/a>\n\t\t\t<\/dt>\n\t\t\t\t<dd class='wp-caption-text gallery-caption' id='gallery-1-1945'>\n\t\t\t\tGlasobjekt\n\t\t\t\t<\/dd><\/dl><dl class='gallery-item'>\n\t\t\t<dt class='gallery-icon landscape'>\n\t\t\t\t<a data-elementor-open-lightbox=\"yes\" data-elementor-lightbox-slideshow=\"dec8653\" data-elementor-lightbox-title=\"Nachtrag Jakobs Traum\" data-elementor-lightbox-description=\"Farbiges Glas\" e-action-hash=\"#elementor-action%3Aaction%3Dlightbox%26settings%3DeyJpZCI6MTk2OSwidXJsIjoiaHR0cHM6XC9cL2tvbnJhZC12ZXR0ZXIuY2hcL2RlcnZldHRlclwvd3AtY29udGVudFwvdXBsb2Fkc1wvMjAyMFwvMTBcLzMzX05hY2h0cmFnSmFrb2JUcmF1bS5qcGciLCJzbGlkZXNob3ciOiJkZWM4NjUzIn0%3D\" href='https:\/\/konrad-vetter.ch\/dervetter\/wp-content\/uploads\/2020\/10\/33_NachtragJakobTraum.jpg'><img width=\"300\" height=\"273\" src=\"https:\/\/konrad-vetter.ch\/dervetter\/wp-content\/uploads\/2020\/10\/33_NachtragJakobTraum-300x273.jpg\" class=\"attachment-medium size-medium\" alt=\"\" loading=\"lazy\" aria-describedby=\"gallery-1-1969\" srcset=\"https:\/\/konrad-vetter.ch\/dervetter\/wp-content\/uploads\/2020\/10\/33_NachtragJakobTraum-300x273.jpg 300w, https:\/\/konrad-vetter.ch\/dervetter\/wp-content\/uploads\/2020\/10\/33_NachtragJakobTraum-1024x931.jpg 1024w, https:\/\/konrad-vetter.ch\/dervetter\/wp-content\/uploads\/2020\/10\/33_NachtragJakobTraum-768x698.jpg 768w, https:\/\/konrad-vetter.ch\/dervetter\/wp-content\/uploads\/2020\/10\/33_NachtragJakobTraum-1536x1396.jpg 1536w, https:\/\/konrad-vetter.ch\/dervetter\/wp-content\/uploads\/2020\/10\/33_NachtragJakobTraum-2048x1862.jpg 2048w\" sizes=\"(max-width: 300px) 100vw, 300px\" \/><\/a>\n\t\t\t<\/dt>\n\t\t\t\t<dd class='wp-caption-text gallery-caption' id='gallery-1-1969'>\n\t\t\t\tNachtrag Jakobs Traum\n\t\t\t\t<\/dd><\/dl><dl class='gallery-item'>\n\t\t\t<dt class='gallery-icon portrait'>\n\t\t\t\t<a data-elementor-open-lightbox=\"yes\" data-elementor-lightbox-slideshow=\"dec8653\" data-elementor-lightbox-title=\"Glasobjekt\" data-elementor-lightbox-description=\"Glas\" e-action-hash=\"#elementor-action%3Aaction%3Dlightbox%26settings%3DeyJpZCI6MTk4MywidXJsIjoiaHR0cHM6XC9cL2tvbnJhZC12ZXR0ZXIuY2hcL2RlcnZldHRlclwvd3AtY29udGVudFwvdXBsb2Fkc1wvMjAyMFwvMTBcLzQ3X0dsYXNvYmpla3Qtc2NhbGVkLmpwZyIsInNsaWRlc2hvdyI6ImRlYzg2NTMifQ%3D%3D\" href='https:\/\/konrad-vetter.ch\/dervetter\/wp-content\/uploads\/2020\/10\/47_Glasobjekt-scaled.jpg'><img width=\"242\" height=\"300\" src=\"https:\/\/konrad-vetter.ch\/dervetter\/wp-content\/uploads\/2020\/10\/47_Glasobjekt-242x300.jpg\" class=\"attachment-medium size-medium\" alt=\"\" loading=\"lazy\" aria-describedby=\"gallery-1-1983\" srcset=\"https:\/\/konrad-vetter.ch\/dervetter\/wp-content\/uploads\/2020\/10\/47_Glasobjekt-242x300.jpg 242w, https:\/\/konrad-vetter.ch\/dervetter\/wp-content\/uploads\/2020\/10\/47_Glasobjekt-826x1024.jpg 826w, https:\/\/konrad-vetter.ch\/dervetter\/wp-content\/uploads\/2020\/10\/47_Glasobjekt-768x952.jpg 768w, https:\/\/konrad-vetter.ch\/dervetter\/wp-content\/uploads\/2020\/10\/47_Glasobjekt-1239x1536.jpg 1239w, https:\/\/konrad-vetter.ch\/dervetter\/wp-content\/uploads\/2020\/10\/47_Glasobjekt-1652x2048.jpg 1652w\" sizes=\"(max-width: 242px) 100vw, 242px\" \/><\/a>\n\t\t\t<\/dt>\n\t\t\t\t<dd class='wp-caption-text gallery-caption' id='gallery-1-1983'>\n\t\t\t\tGlasobjekt\n\t\t\t\t<\/dd><\/dl><br style=\"clear: both\" \/><dl class='gallery-item'>\n\t\t\t<dt class='gallery-icon portrait'>\n\t\t\t\t<a data-elementor-open-lightbox=\"yes\" data-elementor-lightbox-slideshow=\"dec8653\" data-elementor-lightbox-title=\"Glasobjekt\" data-elementor-lightbox-description=\"Signalglas, Fensterglas\" e-action-hash=\"#elementor-action%3Aaction%3Dlightbox%26settings%3DeyJpZCI6MTk4NCwidXJsIjoiaHR0cHM6XC9cL2tvbnJhZC12ZXR0ZXIuY2hcL2RlcnZldHRlclwvd3AtY29udGVudFwvdXBsb2Fkc1wvMjAyMFwvMTBcLzQ4X0dsYXNvYmpla3Qtc2NhbGVkLmpwZyIsInNsaWRlc2hvdyI6ImRlYzg2NTMifQ%3D%3D\" href='https:\/\/konrad-vetter.ch\/dervetter\/wp-content\/uploads\/2020\/10\/48_Glasobjekt-scaled.jpg'><img width=\"248\" height=\"300\" src=\"https:\/\/konrad-vetter.ch\/dervetter\/wp-content\/uploads\/2020\/10\/48_Glasobjekt-248x300.jpg\" class=\"attachment-medium size-medium\" alt=\"\" loading=\"lazy\" aria-describedby=\"gallery-1-1984\" srcset=\"https:\/\/konrad-vetter.ch\/dervetter\/wp-content\/uploads\/2020\/10\/48_Glasobjekt-248x300.jpg 248w, https:\/\/konrad-vetter.ch\/dervetter\/wp-content\/uploads\/2020\/10\/48_Glasobjekt-846x1024.jpg 846w, https:\/\/konrad-vetter.ch\/dervetter\/wp-content\/uploads\/2020\/10\/48_Glasobjekt-768x929.jpg 768w, https:\/\/konrad-vetter.ch\/dervetter\/wp-content\/uploads\/2020\/10\/48_Glasobjekt-1270x1536.jpg 1270w, https:\/\/konrad-vetter.ch\/dervetter\/wp-content\/uploads\/2020\/10\/48_Glasobjekt-1693x2048.jpg 1693w\" sizes=\"(max-width: 248px) 100vw, 248px\" \/><\/a>\n\t\t\t<\/dt>\n\t\t\t\t<dd class='wp-caption-text gallery-caption' id='gallery-1-1984'>\n\t\t\t\tGlasobjekt\n\t\t\t\t<\/dd><\/dl><dl class='gallery-item'>\n\t\t\t<dt class='gallery-icon portrait'>\n\t\t\t\t<a data-elementor-open-lightbox=\"yes\" data-elementor-lightbox-slideshow=\"dec8653\" data-elementor-lightbox-title=\"Glasobjekt\" data-elementor-lightbox-description=\"Signalglas, Fensterglas\" e-action-hash=\"#elementor-action%3Aaction%3Dlightbox%26settings%3DeyJpZCI6MTk4NSwidXJsIjoiaHR0cHM6XC9cL2tvbnJhZC12ZXR0ZXIuY2hcL2RlcnZldHRlclwvd3AtY29udGVudFwvdXBsb2Fkc1wvMjAyMFwvMTBcLzQ5X0dsYXNvYmpla3Qtc2NhbGVkLmpwZyIsInNsaWRlc2hvdyI6ImRlYzg2NTMifQ%3D%3D\" href='https:\/\/konrad-vetter.ch\/dervetter\/wp-content\/uploads\/2020\/10\/49_Glasobjekt-scaled.jpg'><img width=\"241\" height=\"300\" src=\"https:\/\/konrad-vetter.ch\/dervetter\/wp-content\/uploads\/2020\/10\/49_Glasobjekt-241x300.jpg\" class=\"attachment-medium size-medium\" alt=\"\" loading=\"lazy\" aria-describedby=\"gallery-1-1985\" srcset=\"https:\/\/konrad-vetter.ch\/dervetter\/wp-content\/uploads\/2020\/10\/49_Glasobjekt-241x300.jpg 241w, https:\/\/konrad-vetter.ch\/dervetter\/wp-content\/uploads\/2020\/10\/49_Glasobjekt-824x1024.jpg 824w, https:\/\/konrad-vetter.ch\/dervetter\/wp-content\/uploads\/2020\/10\/49_Glasobjekt-768x955.jpg 768w, https:\/\/konrad-vetter.ch\/dervetter\/wp-content\/uploads\/2020\/10\/49_Glasobjekt-1236x1536.jpg 1236w, https:\/\/konrad-vetter.ch\/dervetter\/wp-content\/uploads\/2020\/10\/49_Glasobjekt-1648x2048.jpg 1648w\" sizes=\"(max-width: 241px) 100vw, 241px\" \/><\/a>\n\t\t\t<\/dt>\n\t\t\t\t<dd class='wp-caption-text gallery-caption' id='gallery-1-1985'>\n\t\t\t\tGlasobjekt\n\t\t\t\t<\/dd><\/dl><dl class='gallery-item'>\n\t\t\t<dt class='gallery-icon landscape'>\n\t\t\t\t<a data-elementor-open-lightbox=\"yes\" data-elementor-lightbox-slideshow=\"dec8653\" data-elementor-lightbox-title=\"Glasobjekt\" data-elementor-lightbox-description=\"Signalglas, Fensterglas\" e-action-hash=\"#elementor-action%3Aaction%3Dlightbox%26settings%3DeyJpZCI6MTk4NywidXJsIjoiaHR0cHM6XC9cL2tvbnJhZC12ZXR0ZXIuY2hcL2RlcnZldHRlclwvd3AtY29udGVudFwvdXBsb2Fkc1wvMjAyMFwvMTBcLzUxX0dsYXNvYmpla3Qtc2NhbGVkLmpwZyIsInNsaWRlc2hvdyI6ImRlYzg2NTMifQ%3D%3D\" href='https:\/\/konrad-vetter.ch\/dervetter\/wp-content\/uploads\/2020\/10\/51_Glasobjekt-scaled.jpg'><img width=\"300\" height=\"228\" src=\"https:\/\/konrad-vetter.ch\/dervetter\/wp-content\/uploads\/2020\/10\/51_Glasobjekt-300x228.jpg\" class=\"attachment-medium size-medium\" alt=\"\" loading=\"lazy\" aria-describedby=\"gallery-1-1987\" srcset=\"https:\/\/konrad-vetter.ch\/dervetter\/wp-content\/uploads\/2020\/10\/51_Glasobjekt-300x228.jpg 300w, https:\/\/konrad-vetter.ch\/dervetter\/wp-content\/uploads\/2020\/10\/51_Glasobjekt-1024x777.jpg 1024w, https:\/\/konrad-vetter.ch\/dervetter\/wp-content\/uploads\/2020\/10\/51_Glasobjekt-768x583.jpg 768w, https:\/\/konrad-vetter.ch\/dervetter\/wp-content\/uploads\/2020\/10\/51_Glasobjekt-1536x1166.jpg 1536w, https:\/\/konrad-vetter.ch\/dervetter\/wp-content\/uploads\/2020\/10\/51_Glasobjekt-2048x1554.jpg 2048w\" sizes=\"(max-width: 300px) 100vw, 300px\" \/><\/a>\n\t\t\t<\/dt>\n\t\t\t\t<dd class='wp-caption-text gallery-caption' id='gallery-1-1987'>\n\t\t\t\tGlasobjekt\n\t\t\t\t<\/dd><\/dl><br style=\"clear: both\" \/><dl class='gallery-item'>\n\t\t\t<dt class='gallery-icon portrait'>\n\t\t\t\t<a data-elementor-open-lightbox=\"yes\" data-elementor-lightbox-slideshow=\"dec8653\" data-elementor-lightbox-title=\"Glasobjekt\" data-elementor-lightbox-description=\"Signalglas, Fensterglas\" e-action-hash=\"#elementor-action%3Aaction%3Dlightbox%26settings%3DeyJpZCI6MTk4MiwidXJsIjoiaHR0cHM6XC9cL2tvbnJhZC12ZXR0ZXIuY2hcL2RlcnZldHRlclwvd3AtY29udGVudFwvdXBsb2Fkc1wvMjAyMFwvMTBcLzQ2X0dsYXNvYmpla3Qtc2NhbGVkLmpwZyIsInNsaWRlc2hvdyI6ImRlYzg2NTMifQ%3D%3D\" href='https:\/\/konrad-vetter.ch\/dervetter\/wp-content\/uploads\/2020\/10\/46_Glasobjekt-scaled.jpg'><img width=\"238\" height=\"300\" src=\"https:\/\/konrad-vetter.ch\/dervetter\/wp-content\/uploads\/2020\/10\/46_Glasobjekt-238x300.jpg\" class=\"attachment-medium size-medium\" alt=\"\" loading=\"lazy\" aria-describedby=\"gallery-1-1982\" srcset=\"https:\/\/konrad-vetter.ch\/dervetter\/wp-content\/uploads\/2020\/10\/46_Glasobjekt-238x300.jpg 238w, https:\/\/konrad-vetter.ch\/dervetter\/wp-content\/uploads\/2020\/10\/46_Glasobjekt-812x1024.jpg 812w, https:\/\/konrad-vetter.ch\/dervetter\/wp-content\/uploads\/2020\/10\/46_Glasobjekt-768x969.jpg 768w, https:\/\/konrad-vetter.ch\/dervetter\/wp-content\/uploads\/2020\/10\/46_Glasobjekt-1218x1536.jpg 1218w, https:\/\/konrad-vetter.ch\/dervetter\/wp-content\/uploads\/2020\/10\/46_Glasobjekt-1624x2048.jpg 1624w, https:\/\/konrad-vetter.ch\/dervetter\/wp-content\/uploads\/2020\/10\/46_Glasobjekt-scaled.jpg 2030w\" sizes=\"(max-width: 238px) 100vw, 238px\" \/><\/a>\n\t\t\t<\/dt>\n\t\t\t\t<dd class='wp-caption-text gallery-caption' id='gallery-1-1982'>\n\t\t\t\tGlasobjekt\n\t\t\t\t<\/dd><\/dl><dl class='gallery-item'>\n\t\t\t<dt class='gallery-icon landscape'>\n\t\t\t\t<a data-elementor-open-lightbox=\"yes\" data-elementor-lightbox-slideshow=\"dec8653\" data-elementor-lightbox-title=\"Glasobjekt\" data-elementor-lightbox-description=\"Signalglas, Fensterglas\" e-action-hash=\"#elementor-action%3Aaction%3Dlightbox%26settings%3DeyJpZCI6MTk4NiwidXJsIjoiaHR0cHM6XC9cL2tvbnJhZC12ZXR0ZXIuY2hcL2RlcnZldHRlclwvd3AtY29udGVudFwvdXBsb2Fkc1wvMjAyMFwvMTBcLzUwX0dsYXNvYmpla3Qtc2NhbGVkLmpwZyIsInNsaWRlc2hvdyI6ImRlYzg2NTMifQ%3D%3D\" href='https:\/\/konrad-vetter.ch\/dervetter\/wp-content\/uploads\/2020\/10\/50_Glasobjekt-scaled.jpg'><img width=\"300\" height=\"243\" src=\"https:\/\/konrad-vetter.ch\/dervetter\/wp-content\/uploads\/2020\/10\/50_Glasobjekt-300x243.jpg\" class=\"attachment-medium size-medium\" alt=\"\" loading=\"lazy\" aria-describedby=\"gallery-1-1986\" srcset=\"https:\/\/konrad-vetter.ch\/dervetter\/wp-content\/uploads\/2020\/10\/50_Glasobjekt-300x243.jpg 300w, https:\/\/konrad-vetter.ch\/dervetter\/wp-content\/uploads\/2020\/10\/50_Glasobjekt-1024x830.jpg 1024w, https:\/\/konrad-vetter.ch\/dervetter\/wp-content\/uploads\/2020\/10\/50_Glasobjekt-768x622.jpg 768w, https:\/\/konrad-vetter.ch\/dervetter\/wp-content\/uploads\/2020\/10\/50_Glasobjekt-1536x1245.jpg 1536w, https:\/\/konrad-vetter.ch\/dervetter\/wp-content\/uploads\/2020\/10\/50_Glasobjekt-2048x1660.jpg 2048w\" sizes=\"(max-width: 300px) 100vw, 300px\" \/><\/a>\n\t\t\t<\/dt>\n\t\t\t\t<dd class='wp-caption-text gallery-caption' id='gallery-1-1986'>\n\t\t\t\tGlasobjekt\n\t\t\t\t<\/dd><\/dl><dl class='gallery-item'>\n\t\t\t<dt class='gallery-icon landscape'>\n\t\t\t\t<a data-elementor-open-lightbox=\"yes\" data-elementor-lightbox-slideshow=\"dec8653\" data-elementor-lightbox-title=\"Glasobjekt\" data-elementor-lightbox-description=\"Glas\" e-action-hash=\"#elementor-action%3Aaction%3Dlightbox%26settings%3DeyJpZCI6MTk4OCwidXJsIjoiaHR0cHM6XC9cL2tvbnJhZC12ZXR0ZXIuY2hcL2RlcnZldHRlclwvd3AtY29udGVudFwvdXBsb2Fkc1wvMjAyMFwvMTBcLzUyX0dsYXNvYmpla3Qtc2NhbGVkLmpwZyIsInNsaWRlc2hvdyI6ImRlYzg2NTMifQ%3D%3D\" href='https:\/\/konrad-vetter.ch\/dervetter\/wp-content\/uploads\/2020\/10\/52_Glasobjekt-scaled.jpg'><img width=\"300\" height=\"244\" src=\"https:\/\/konrad-vetter.ch\/dervetter\/wp-content\/uploads\/2020\/10\/52_Glasobjekt-300x244.jpg\" class=\"attachment-medium size-medium\" alt=\"\" loading=\"lazy\" aria-describedby=\"gallery-1-1988\" srcset=\"https:\/\/konrad-vetter.ch\/dervetter\/wp-content\/uploads\/2020\/10\/52_Glasobjekt-300x244.jpg 300w, https:\/\/konrad-vetter.ch\/dervetter\/wp-content\/uploads\/2020\/10\/52_Glasobjekt-1024x832.jpg 1024w, https:\/\/konrad-vetter.ch\/dervetter\/wp-content\/uploads\/2020\/10\/52_Glasobjekt-768x624.jpg 768w, https:\/\/konrad-vetter.ch\/dervetter\/wp-content\/uploads\/2020\/10\/52_Glasobjekt-1536x1249.jpg 1536w, https:\/\/konrad-vetter.ch\/dervetter\/wp-content\/uploads\/2020\/10\/52_Glasobjekt-2048x1665.jpg 2048w\" sizes=\"(max-width: 300px) 100vw, 300px\" \/><\/a>\n\t\t\t<\/dt>\n\t\t\t\t<dd class='wp-caption-text gallery-caption' id='gallery-1-1988'>\n\t\t\t\tGlasobjekt\n\t\t\t\t<\/dd><\/dl><br style=\"clear: both\" \/><dl class='gallery-item'>\n\t\t\t<dt class='gallery-icon landscape'>\n\t\t\t\t<a data-elementor-open-lightbox=\"yes\" data-elementor-lightbox-slideshow=\"dec8653\" data-elementor-lightbox-title=\"4erTurm\" data-elementor-lightbox-description=\"Signalglas, Styropor, Metall\" e-action-hash=\"#elementor-action%3Aaction%3Dlightbox%26settings%3DeyJpZCI6MTk3OCwidXJsIjoiaHR0cHM6XC9cL2tvbnJhZC12ZXR0ZXIuY2hcL2RlcnZldHRlclwvd3AtY29udGVudFwvdXBsb2Fkc1wvMjAyMFwvMTBcLzQyXzRlclR1cm0tc2NhbGVkLmpwZyIsInNsaWRlc2hvdyI6ImRlYzg2NTMifQ%3D%3D\" href='https:\/\/konrad-vetter.ch\/dervetter\/wp-content\/uploads\/2020\/10\/42_4erTurm-scaled.jpg'><img width=\"300\" height=\"220\" src=\"https:\/\/konrad-vetter.ch\/dervetter\/wp-content\/uploads\/2020\/10\/42_4erTurm-300x220.jpg\" class=\"attachment-medium size-medium\" alt=\"\" loading=\"lazy\" aria-describedby=\"gallery-1-1978\" srcset=\"https:\/\/konrad-vetter.ch\/dervetter\/wp-content\/uploads\/2020\/10\/42_4erTurm-300x220.jpg 300w, https:\/\/konrad-vetter.ch\/dervetter\/wp-content\/uploads\/2020\/10\/42_4erTurm-1024x750.jpg 1024w, https:\/\/konrad-vetter.ch\/dervetter\/wp-content\/uploads\/2020\/10\/42_4erTurm-768x562.jpg 768w, https:\/\/konrad-vetter.ch\/dervetter\/wp-content\/uploads\/2020\/10\/42_4erTurm-1536x1124.jpg 1536w, https:\/\/konrad-vetter.ch\/dervetter\/wp-content\/uploads\/2020\/10\/42_4erTurm-2048x1499.jpg 2048w\" sizes=\"(max-width: 300px) 100vw, 300px\" \/><\/a>\n\t\t\t<\/dt>\n\t\t\t\t<dd class='wp-caption-text gallery-caption' id='gallery-1-1978'>\n\t\t\t\t4erTurm\n\t\t\t\t<\/dd><\/dl><dl class='gallery-item'>\n\t\t\t<dt class='gallery-icon portrait'>\n\t\t\t\t<a data-elementor-open-lightbox=\"yes\" data-elementor-lightbox-slideshow=\"dec8653\" data-elementor-lightbox-title=\"Durchdringung farbig\" data-elementor-lightbox-description=\"Signalglas\" e-action-hash=\"#elementor-action%3Aaction%3Dlightbox%26settings%3DeyJpZCI6MTk2NywidXJsIjoiaHR0cHM6XC9cL2tvbnJhZC12ZXR0ZXIuY2hcL2RlcnZldHRlclwvd3AtY29udGVudFwvdXBsb2Fkc1wvMjAyMFwvMTBcLzMxX0R1cmNoZHJpbmd1bmdfZmFyYmlnLmpwZyIsInNsaWRlc2hvdyI6ImRlYzg2NTMifQ%3D%3D\" href='https:\/\/konrad-vetter.ch\/dervetter\/wp-content\/uploads\/2020\/10\/31_Durchdringung_farbig.jpg'><img width=\"214\" height=\"300\" src=\"https:\/\/konrad-vetter.ch\/dervetter\/wp-content\/uploads\/2020\/10\/31_Durchdringung_farbig-214x300.jpg\" class=\"attachment-medium size-medium\" alt=\"\" loading=\"lazy\" aria-describedby=\"gallery-1-1967\" srcset=\"https:\/\/konrad-vetter.ch\/dervetter\/wp-content\/uploads\/2020\/10\/31_Durchdringung_farbig-214x300.jpg 214w, https:\/\/konrad-vetter.ch\/dervetter\/wp-content\/uploads\/2020\/10\/31_Durchdringung_farbig-729x1024.jpg 729w, https:\/\/konrad-vetter.ch\/dervetter\/wp-content\/uploads\/2020\/10\/31_Durchdringung_farbig-768x1078.jpg 768w, https:\/\/konrad-vetter.ch\/dervetter\/wp-content\/uploads\/2020\/10\/31_Durchdringung_farbig.jpg 1080w\" sizes=\"(max-width: 214px) 100vw, 214px\" \/><\/a>\n\t\t\t<\/dt>\n\t\t\t\t<dd class='wp-caption-text gallery-caption' id='gallery-1-1967'>\n\t\t\t\tDurchdringung farbig\n\t\t\t\t<\/dd><\/dl><dl class='gallery-item'>\n\t\t\t<dt class='gallery-icon landscape'>\n\t\t\t\t<a data-elementor-open-lightbox=\"yes\" data-elementor-lightbox-slideshow=\"dec8653\" data-elementor-lightbox-title=\"Glasspiral W\u00fcrfel\" data-elementor-lightbox-description=\"Glas, Metall\" e-action-hash=\"#elementor-action%3Aaction%3Dlightbox%26settings%3DeyJpZCI6MTk4MSwidXJsIjoiaHR0cHM6XC9cL2tvbnJhZC12ZXR0ZXIuY2hcL2RlcnZldHRlclwvd3AtY29udGVudFwvdXBsb2Fkc1wvMjAyMFwvMTBcLzQ1X0dsYXNzcGlyYWxXdWVyZmVsLmpwZyIsInNsaWRlc2hvdyI6ImRlYzg2NTMifQ%3D%3D\" href='https:\/\/konrad-vetter.ch\/dervetter\/wp-content\/uploads\/2020\/10\/45_GlasspiralWuerfel.jpg'><img width=\"300\" height=\"287\" src=\"https:\/\/konrad-vetter.ch\/dervetter\/wp-content\/uploads\/2020\/10\/45_GlasspiralWuerfel-300x287.jpg\" class=\"attachment-medium size-medium\" alt=\"\" loading=\"lazy\" aria-describedby=\"gallery-1-1981\" srcset=\"https:\/\/konrad-vetter.ch\/dervetter\/wp-content\/uploads\/2020\/10\/45_GlasspiralWuerfel-300x287.jpg 300w, https:\/\/konrad-vetter.ch\/dervetter\/wp-content\/uploads\/2020\/10\/45_GlasspiralWuerfel-1024x979.jpg 1024w, https:\/\/konrad-vetter.ch\/dervetter\/wp-content\/uploads\/2020\/10\/45_GlasspiralWuerfel-768x734.jpg 768w, https:\/\/konrad-vetter.ch\/dervetter\/wp-content\/uploads\/2020\/10\/45_GlasspiralWuerfel-1536x1468.jpg 1536w, https:\/\/konrad-vetter.ch\/dervetter\/wp-content\/uploads\/2020\/10\/45_GlasspiralWuerfel-2048x1957.jpg 2048w\" sizes=\"(max-width: 300px) 100vw, 300px\" \/><\/a>\n\t\t\t<\/dt>\n\t\t\t\t<dd class='wp-caption-text gallery-caption' id='gallery-1-1981'>\n\t\t\t\tGlasspiral\n\t\t\t\t<\/dd><\/dl><br style=\"clear: both\" \/><dl class='gallery-item'>\n\t\t\t<dt class='gallery-icon landscape'>\n\t\t\t\t<a data-elementor-open-lightbox=\"yes\" data-elementor-lightbox-slideshow=\"dec8653\" data-elementor-lightbox-title=\"Spiralkugel\" data-elementor-lightbox-description=\"Draht\" e-action-hash=\"#elementor-action%3Aaction%3Dlightbox%26settings%3DeyJpZCI6MTk3MSwidXJsIjoiaHR0cHM6XC9cL2tvbnJhZC12ZXR0ZXIuY2hcL2RlcnZldHRlclwvd3AtY29udGVudFwvdXBsb2Fkc1wvMjAyMFwvMTBcLzM1X1NwaXJhbGt1Z2VsLXNjYWxlZC5qcGciLCJzbGlkZXNob3ciOiJkZWM4NjUzIn0%3D\" href='https:\/\/konrad-vetter.ch\/dervetter\/wp-content\/uploads\/2020\/10\/35_Spiralkugel-scaled.jpg'><img width=\"300\" height=\"242\" src=\"https:\/\/konrad-vetter.ch\/dervetter\/wp-content\/uploads\/2020\/10\/35_Spiralkugel-300x242.jpg\" class=\"attachment-medium size-medium\" alt=\"\" loading=\"lazy\" aria-describedby=\"gallery-1-1971\" srcset=\"https:\/\/konrad-vetter.ch\/dervetter\/wp-content\/uploads\/2020\/10\/35_Spiralkugel-300x242.jpg 300w, https:\/\/konrad-vetter.ch\/dervetter\/wp-content\/uploads\/2020\/10\/35_Spiralkugel-1024x826.jpg 1024w, https:\/\/konrad-vetter.ch\/dervetter\/wp-content\/uploads\/2020\/10\/35_Spiralkugel-768x619.jpg 768w, https:\/\/konrad-vetter.ch\/dervetter\/wp-content\/uploads\/2020\/10\/35_Spiralkugel-1536x1239.jpg 1536w, https:\/\/konrad-vetter.ch\/dervetter\/wp-content\/uploads\/2020\/10\/35_Spiralkugel-2048x1651.jpg 2048w\" sizes=\"(max-width: 300px) 100vw, 300px\" \/><\/a>\n\t\t\t<\/dt>\n\t\t\t\t<dd class='wp-caption-text gallery-caption' id='gallery-1-1971'>\n\t\t\t\tSpiralkugel\n\t\t\t\t<\/dd><\/dl><dl class='gallery-item'>\n\t\t\t<dt class='gallery-icon landscape'>\n\t\t\t\t<a data-elementor-open-lightbox=\"yes\" data-elementor-lightbox-slideshow=\"dec8653\" data-elementor-lightbox-title=\"Spiralkugel\" data-elementor-lightbox-description=\"Acrylglas, Glas, Gips\" e-action-hash=\"#elementor-action%3Aaction%3Dlightbox%26settings%3DeyJpZCI6MTk3NCwidXJsIjoiaHR0cHM6XC9cL2tvbnJhZC12ZXR0ZXIuY2hcL2RlcnZldHRlclwvd3AtY29udGVudFwvdXBsb2Fkc1wvMjAyMFwvMTBcLzM4X1NwaXJhbGt1Z2VsLXNjYWxlZC5qcGciLCJzbGlkZXNob3ciOiJkZWM4NjUzIn0%3D\" href='https:\/\/konrad-vetter.ch\/dervetter\/wp-content\/uploads\/2020\/10\/38_Spiralkugel-scaled.jpg'><img width=\"300\" height=\"237\" src=\"https:\/\/konrad-vetter.ch\/dervetter\/wp-content\/uploads\/2020\/10\/38_Spiralkugel-300x237.jpg\" class=\"attachment-medium size-medium\" alt=\"\" loading=\"lazy\" aria-describedby=\"gallery-1-1974\" srcset=\"https:\/\/konrad-vetter.ch\/dervetter\/wp-content\/uploads\/2020\/10\/38_Spiralkugel-300x237.jpg 300w, https:\/\/konrad-vetter.ch\/dervetter\/wp-content\/uploads\/2020\/10\/38_Spiralkugel-1024x810.jpg 1024w, https:\/\/konrad-vetter.ch\/dervetter\/wp-content\/uploads\/2020\/10\/38_Spiralkugel-768x607.jpg 768w, https:\/\/konrad-vetter.ch\/dervetter\/wp-content\/uploads\/2020\/10\/38_Spiralkugel-1536x1215.jpg 1536w, https:\/\/konrad-vetter.ch\/dervetter\/wp-content\/uploads\/2020\/10\/38_Spiralkugel-2048x1620.jpg 2048w\" sizes=\"(max-width: 300px) 100vw, 300px\" \/><\/a>\n\t\t\t<\/dt>\n\t\t\t\t<dd class='wp-caption-text gallery-caption' id='gallery-1-1974'>\n\t\t\t\tSpiralkugel\n\t\t\t\t<\/dd><\/dl><dl class='gallery-item'>\n\t\t\t<dt class='gallery-icon landscape'>\n\t\t\t\t<a data-elementor-open-lightbox=\"yes\" data-elementor-lightbox-slideshow=\"dec8653\" data-elementor-lightbox-title=\"Spiralkugel\" data-elementor-lightbox-description=\"Acrylglas, Glas, Gips\" e-action-hash=\"#elementor-action%3Aaction%3Dlightbox%26settings%3DeyJpZCI6MTk3MiwidXJsIjoiaHR0cHM6XC9cL2tvbnJhZC12ZXR0ZXIuY2hcL2RlcnZldHRlclwvd3AtY29udGVudFwvdXBsb2Fkc1wvMjAyMFwvMTBcLzM2X1NwaXJhbGt1Z2VsLXNjYWxlZC5qcGciLCJzbGlkZXNob3ciOiJkZWM4NjUzIn0%3D\" href='https:\/\/konrad-vetter.ch\/dervetter\/wp-content\/uploads\/2020\/10\/36_Spiralkugel-scaled.jpg'><img width=\"300\" height=\"191\" src=\"https:\/\/konrad-vetter.ch\/dervetter\/wp-content\/uploads\/2020\/10\/36_Spiralkugel-300x191.jpg\" class=\"attachment-medium size-medium\" alt=\"\" loading=\"lazy\" aria-describedby=\"gallery-1-1972\" srcset=\"https:\/\/konrad-vetter.ch\/dervetter\/wp-content\/uploads\/2020\/10\/36_Spiralkugel-300x191.jpg 300w, https:\/\/konrad-vetter.ch\/dervetter\/wp-content\/uploads\/2020\/10\/36_Spiralkugel-1024x651.jpg 1024w, https:\/\/konrad-vetter.ch\/dervetter\/wp-content\/uploads\/2020\/10\/36_Spiralkugel-768x488.jpg 768w, https:\/\/konrad-vetter.ch\/dervetter\/wp-content\/uploads\/2020\/10\/36_Spiralkugel-1536x976.jpg 1536w, https:\/\/konrad-vetter.ch\/dervetter\/wp-content\/uploads\/2020\/10\/36_Spiralkugel-2048x1302.jpg 2048w\" sizes=\"(max-width: 300px) 100vw, 300px\" \/><\/a>\n\t\t\t<\/dt>\n\t\t\t\t<dd class='wp-caption-text gallery-caption' id='gallery-1-1972'>\n\t\t\t\tSpiralkugel\n\t\t\t\t<\/dd><\/dl><br style=\"clear: both\" \/><dl class='gallery-item'>\n\t\t\t<dt class='gallery-icon portrait'>\n\t\t\t\t<a data-elementor-open-lightbox=\"yes\" data-elementor-lightbox-slideshow=\"dec8653\" data-elementor-lightbox-title=\"Oktaeder\" data-elementor-lightbox-description=\"Glas, Echtantikglas\" e-action-hash=\"#elementor-action%3Aaction%3Dlightbox%26settings%3DeyJpZCI6MTk4MCwidXJsIjoiaHR0cHM6XC9cL2tvbnJhZC12ZXR0ZXIuY2hcL2RlcnZldHRlclwvd3AtY29udGVudFwvdXBsb2Fkc1wvMjAyMFwvMTBcLzQ0X09rdGFlZGVyLmpwZyIsInNsaWRlc2hvdyI6ImRlYzg2NTMifQ%3D%3D\" href='https:\/\/konrad-vetter.ch\/dervetter\/wp-content\/uploads\/2020\/10\/44_Oktaeder.jpg'><img width=\"288\" height=\"300\" src=\"https:\/\/konrad-vetter.ch\/dervetter\/wp-content\/uploads\/2020\/10\/44_Oktaeder-288x300.jpg\" class=\"attachment-medium size-medium\" alt=\"\" loading=\"lazy\" aria-describedby=\"gallery-1-1980\" srcset=\"https:\/\/konrad-vetter.ch\/dervetter\/wp-content\/uploads\/2020\/10\/44_Oktaeder-288x300.jpg 288w, https:\/\/konrad-vetter.ch\/dervetter\/wp-content\/uploads\/2020\/10\/44_Oktaeder-982x1024.jpg 982w, https:\/\/konrad-vetter.ch\/dervetter\/wp-content\/uploads\/2020\/10\/44_Oktaeder-768x801.jpg 768w, https:\/\/konrad-vetter.ch\/dervetter\/wp-content\/uploads\/2020\/10\/44_Oktaeder-1472x1536.jpg 1472w, https:\/\/konrad-vetter.ch\/dervetter\/wp-content\/uploads\/2020\/10\/44_Oktaeder.jpg 1944w\" sizes=\"(max-width: 288px) 100vw, 288px\" \/><\/a>\n\t\t\t<\/dt>\n\t\t\t\t<dd class='wp-caption-text gallery-caption' id='gallery-1-1980'>\n\t\t\t\tOktaeder\n\t\t\t\t<\/dd><\/dl><dl class='gallery-item'>\n\t\t\t<dt class='gallery-icon portrait'>\n\t\t\t\t<a data-elementor-open-lightbox=\"yes\" data-elementor-lightbox-slideshow=\"dec8653\" data-elementor-lightbox-title=\"Oktaeder\" data-elementor-lightbox-description=\"Glas, Echtantikglas\" e-action-hash=\"#elementor-action%3Aaction%3Dlightbox%26settings%3DeyJpZCI6MTk3OSwidXJsIjoiaHR0cHM6XC9cL2tvbnJhZC12ZXR0ZXIuY2hcL2RlcnZldHRlclwvd3AtY29udGVudFwvdXBsb2Fkc1wvMjAyMFwvMTBcLzQzX09rdGFlZGVyLmpwZyIsInNsaWRlc2hvdyI6ImRlYzg2NTMifQ%3D%3D\" href='https:\/\/konrad-vetter.ch\/dervetter\/wp-content\/uploads\/2020\/10\/43_Oktaeder.jpg'><img width=\"200\" height=\"300\" src=\"https:\/\/konrad-vetter.ch\/dervetter\/wp-content\/uploads\/2020\/10\/43_Oktaeder-200x300.jpg\" class=\"attachment-medium size-medium\" alt=\"\" loading=\"lazy\" aria-describedby=\"gallery-1-1979\" srcset=\"https:\/\/konrad-vetter.ch\/dervetter\/wp-content\/uploads\/2020\/10\/43_Oktaeder-200x300.jpg 200w, https:\/\/konrad-vetter.ch\/dervetter\/wp-content\/uploads\/2020\/10\/43_Oktaeder-683x1024.jpg 683w, https:\/\/konrad-vetter.ch\/dervetter\/wp-content\/uploads\/2020\/10\/43_Oktaeder-768x1152.jpg 768w, https:\/\/konrad-vetter.ch\/dervetter\/wp-content\/uploads\/2020\/10\/43_Oktaeder.jpg 882w\" sizes=\"(max-width: 200px) 100vw, 200px\" \/><\/a>\n\t\t\t<\/dt>\n\t\t\t\t<dd class='wp-caption-text gallery-caption' id='gallery-1-1979'>\n\t\t\t\tOktaeder\n\t\t\t\t<\/dd><\/dl><dl class='gallery-item'>\n\t\t\t<dt class='gallery-icon portrait'>\n\t\t\t\t<a data-elementor-open-lightbox=\"yes\" data-elementor-lightbox-slideshow=\"dec8653\" data-elementor-lightbox-title=\"Glas Acryl Treppe\" data-elementor-lightbox-description=\"Glas, Acryl\" e-action-hash=\"#elementor-action%3Aaction%3Dlightbox%26settings%3DeyJpZCI6MTk3NSwidXJsIjoiaHR0cHM6XC9cL2tvbnJhZC12ZXR0ZXIuY2hcL2RlcnZldHRlclwvd3AtY29udGVudFwvdXBsb2Fkc1wvMjAyMFwvMTBcLzM5X0dsYXNBY3J5bFRyZXBwZS1zY2FsZWQuanBnIiwic2xpZGVzaG93IjoiZGVjODY1MyJ9\" href='https:\/\/konrad-vetter.ch\/dervetter\/wp-content\/uploads\/2020\/10\/39_GlasAcrylTreppe-scaled.jpg'><img width=\"79\" height=\"300\" src=\"https:\/\/konrad-vetter.ch\/dervetter\/wp-content\/uploads\/2020\/10\/39_GlasAcrylTreppe-79x300.jpg\" class=\"attachment-medium size-medium\" alt=\"\" loading=\"lazy\" aria-describedby=\"gallery-1-1975\" srcset=\"https:\/\/konrad-vetter.ch\/dervetter\/wp-content\/uploads\/2020\/10\/39_GlasAcrylTreppe-79x300.jpg 79w, https:\/\/konrad-vetter.ch\/dervetter\/wp-content\/uploads\/2020\/10\/39_GlasAcrylTreppe-269x1024.jpg 269w, https:\/\/konrad-vetter.ch\/dervetter\/wp-content\/uploads\/2020\/10\/39_GlasAcrylTreppe-768x2922.jpg 768w, https:\/\/konrad-vetter.ch\/dervetter\/wp-content\/uploads\/2020\/10\/39_GlasAcrylTreppe-404x1536.jpg 404w, https:\/\/konrad-vetter.ch\/dervetter\/wp-content\/uploads\/2020\/10\/39_GlasAcrylTreppe-538x2048.jpg 538w, https:\/\/konrad-vetter.ch\/dervetter\/wp-content\/uploads\/2020\/10\/39_GlasAcrylTreppe-scaled.jpg 673w\" sizes=\"(max-width: 79px) 100vw, 79px\" \/><\/a>\n\t\t\t<\/dt>\n\t\t\t\t<dd class='wp-caption-text gallery-caption' id='gallery-1-1975'>\n\t\t\t\t Glas Acryl Treppe\n\t\t\t\t<\/dd><\/dl><br style=\"clear: both\" \/><dl class='gallery-item'>\n\t\t\t<dt class='gallery-icon portrait'>\n\t\t\t\t<a data-elementor-open-lightbox=\"yes\" data-elementor-lightbox-slideshow=\"dec8653\" data-elementor-lightbox-title=\"Glas in Holzkiste\" data-elementor-lightbox-description=\"Holz, Glas, Spiegel, Signalglas\" e-action-hash=\"#elementor-action%3Aaction%3Dlightbox%26settings%3DeyJpZCI6MTk3NywidXJsIjoiaHR0cHM6XC9cL2tvbnJhZC12ZXR0ZXIuY2hcL2RlcnZldHRlclwvd3AtY29udGVudFwvdXBsb2Fkc1wvMjAyMFwvMTBcLzQxX0dsYXNJbkhvbHpraXN0ZS1zY2FsZWQuanBnIiwic2xpZGVzaG93IjoiZGVjODY1MyJ9\" href='https:\/\/konrad-vetter.ch\/dervetter\/wp-content\/uploads\/2020\/10\/41_GlasInHolzkiste-scaled.jpg'><img width=\"130\" height=\"300\" src=\"https:\/\/konrad-vetter.ch\/dervetter\/wp-content\/uploads\/2020\/10\/41_GlasInHolzkiste-130x300.jpg\" class=\"attachment-medium size-medium\" alt=\"\" loading=\"lazy\" aria-describedby=\"gallery-1-1977\" srcset=\"https:\/\/konrad-vetter.ch\/dervetter\/wp-content\/uploads\/2020\/10\/41_GlasInHolzkiste-130x300.jpg 130w, https:\/\/konrad-vetter.ch\/dervetter\/wp-content\/uploads\/2020\/10\/41_GlasInHolzkiste-443x1024.jpg 443w, https:\/\/konrad-vetter.ch\/dervetter\/wp-content\/uploads\/2020\/10\/41_GlasInHolzkiste-768x1776.jpg 768w, https:\/\/konrad-vetter.ch\/dervetter\/wp-content\/uploads\/2020\/10\/41_GlasInHolzkiste-664x1536.jpg 664w, https:\/\/konrad-vetter.ch\/dervetter\/wp-content\/uploads\/2020\/10\/41_GlasInHolzkiste-885x2048.jpg 885w, https:\/\/konrad-vetter.ch\/dervetter\/wp-content\/uploads\/2020\/10\/41_GlasInHolzkiste-scaled.jpg 1107w\" sizes=\"(max-width: 130px) 100vw, 130px\" \/><\/a>\n\t\t\t<\/dt>\n\t\t\t\t<dd class='wp-caption-text gallery-caption' id='gallery-1-1977'>\n\t\t\t\tGlas in Holzkiste\n\t\t\t\t<\/dd><\/dl><dl class='gallery-item'>\n\t\t\t<dt class='gallery-icon portrait'>\n\t\t\t\t<a data-elementor-open-lightbox=\"yes\" data-elementor-lightbox-slideshow=\"dec8653\" data-elementor-lightbox-title=\"Glastreppe\" data-elementor-lightbox-description=\"Glas, Echtantikglas\" e-action-hash=\"#elementor-action%3Aaction%3Dlightbox%26settings%3DeyJpZCI6MTk3NiwidXJsIjoiaHR0cHM6XC9cL2tvbnJhZC12ZXR0ZXIuY2hcL2RlcnZldHRlclwvd3AtY29udGVudFwvdXBsb2Fkc1wvMjAyMFwvMTBcLzQwX0dsYXN0cmVwcGUtc2NhbGVkLmpwZyIsInNsaWRlc2hvdyI6ImRlYzg2NTMifQ%3D%3D\" href='https:\/\/konrad-vetter.ch\/dervetter\/wp-content\/uploads\/2020\/10\/40_Glastreppe-scaled.jpg'><img width=\"177\" height=\"300\" src=\"https:\/\/konrad-vetter.ch\/dervetter\/wp-content\/uploads\/2020\/10\/40_Glastreppe-177x300.jpg\" class=\"attachment-medium size-medium\" alt=\"\" loading=\"lazy\" aria-describedby=\"gallery-1-1976\" srcset=\"https:\/\/konrad-vetter.ch\/dervetter\/wp-content\/uploads\/2020\/10\/40_Glastreppe-177x300.jpg 177w, https:\/\/konrad-vetter.ch\/dervetter\/wp-content\/uploads\/2020\/10\/40_Glastreppe-603x1024.jpg 603w, https:\/\/konrad-vetter.ch\/dervetter\/wp-content\/uploads\/2020\/10\/40_Glastreppe-768x1304.jpg 768w, https:\/\/konrad-vetter.ch\/dervetter\/wp-content\/uploads\/2020\/10\/40_Glastreppe-905x1536.jpg 905w, https:\/\/konrad-vetter.ch\/dervetter\/wp-content\/uploads\/2020\/10\/40_Glastreppe-1206x2048.jpg 1206w, https:\/\/konrad-vetter.ch\/dervetter\/wp-content\/uploads\/2020\/10\/40_Glastreppe-scaled.jpg 1508w\" sizes=\"(max-width: 177px) 100vw, 177px\" \/><\/a>\n\t\t\t<\/dt>\n\t\t\t\t<dd class='wp-caption-text gallery-caption' id='gallery-1-1976'>\n\t\t\t\tGlastreppe\n\t\t\t\t<\/dd><\/dl><dl class='gallery-item'>\n\t\t\t<dt class='gallery-icon landscape'>\n\t\t\t\t<a data-elementor-open-lightbox=\"yes\" data-elementor-lightbox-slideshow=\"dec8653\" data-elementor-lightbox-title=\"Nachtrag Jakob Traum\" data-elementor-lightbox-description=\"Blei, Schnur, Karton\" e-action-hash=\"#elementor-action%3Aaction%3Dlightbox%26settings%3DeyJpZCI6MTk3MCwidXJsIjoiaHR0cHM6XC9cL2tvbnJhZC12ZXR0ZXIuY2hcL2RlcnZldHRlclwvd3AtY29udGVudFwvdXBsb2Fkc1wvMjAyMFwvMTBcLzM0X05hY2h0cmFnSmFrb2JUcmF1bS5qcGciLCJzbGlkZXNob3ciOiJkZWM4NjUzIn0%3D\" href='https:\/\/konrad-vetter.ch\/dervetter\/wp-content\/uploads\/2020\/10\/34_NachtragJakobTraum.jpg'><img width=\"300\" height=\"296\" src=\"https:\/\/konrad-vetter.ch\/dervetter\/wp-content\/uploads\/2020\/10\/34_NachtragJakobTraum-300x296.jpg\" class=\"attachment-medium size-medium\" alt=\"\" loading=\"lazy\" aria-describedby=\"gallery-1-1970\" srcset=\"https:\/\/konrad-vetter.ch\/dervetter\/wp-content\/uploads\/2020\/10\/34_NachtragJakobTraum-300x296.jpg 300w, https:\/\/konrad-vetter.ch\/dervetter\/wp-content\/uploads\/2020\/10\/34_NachtragJakobTraum-1024x1012.jpg 1024w, https:\/\/konrad-vetter.ch\/dervetter\/wp-content\/uploads\/2020\/10\/34_NachtragJakobTraum-768x759.jpg 768w, https:\/\/konrad-vetter.ch\/dervetter\/wp-content\/uploads\/2020\/10\/34_NachtragJakobTraum-1536x1518.jpg 1536w, https:\/\/konrad-vetter.ch\/dervetter\/wp-content\/uploads\/2020\/10\/34_NachtragJakobTraum-2048x2024.jpg 2048w\" sizes=\"(max-width: 300px) 100vw, 300px\" \/><\/a>\n\t\t\t<\/dt>\n\t\t\t\t<dd class='wp-caption-text gallery-caption' id='gallery-1-1970'>\n\t\t\t\tNachtrag Jakob Traum\n\t\t\t\t<\/dd><\/dl><br style=\"clear: both\" \/><dl class='gallery-item'>\n\t\t\t<dt class='gallery-icon portrait'>\n\t\t\t\t<a data-elementor-open-lightbox=\"yes\" data-elementor-lightbox-slideshow=\"dec8653\" data-elementor-lightbox-title=\"Nachtrag Jakob Traum\" data-elementor-lightbox-description=\"Eisen, Fensterglas\" e-action-hash=\"#elementor-action%3Aaction%3Dlightbox%26settings%3DeyJpZCI6MTk2OCwidXJsIjoiaHR0cHM6XC9cL2tvbnJhZC12ZXR0ZXIuY2hcL2RlcnZldHRlclwvd3AtY29udGVudFwvdXBsb2Fkc1wvMjAyMFwvMTBcLzMyX05hY2h0cmFnSmFrb2JUcmF1bS5qcGciLCJzbGlkZXNob3ciOiJkZWM4NjUzIn0%3D\" href='https:\/\/konrad-vetter.ch\/dervetter\/wp-content\/uploads\/2020\/10\/32_NachtragJakobTraum.jpg'><img width=\"297\" height=\"300\" src=\"https:\/\/konrad-vetter.ch\/dervetter\/wp-content\/uploads\/2020\/10\/32_NachtragJakobTraum-297x300.jpg\" class=\"attachment-medium size-medium\" alt=\"\" loading=\"lazy\" aria-describedby=\"gallery-1-1968\" srcset=\"https:\/\/konrad-vetter.ch\/dervetter\/wp-content\/uploads\/2020\/10\/32_NachtragJakobTraum-297x300.jpg 297w, https:\/\/konrad-vetter.ch\/dervetter\/wp-content\/uploads\/2020\/10\/32_NachtragJakobTraum-1015x1024.jpg 1015w, https:\/\/konrad-vetter.ch\/dervetter\/wp-content\/uploads\/2020\/10\/32_NachtragJakobTraum-768x775.jpg 768w, https:\/\/konrad-vetter.ch\/dervetter\/wp-content\/uploads\/2020\/10\/32_NachtragJakobTraum-1523x1536.jpg 1523w, https:\/\/konrad-vetter.ch\/dervetter\/wp-content\/uploads\/2020\/10\/32_NachtragJakobTraum-2031x2048.jpg 2031w\" sizes=\"(max-width: 297px) 100vw, 297px\" \/><\/a>\n\t\t\t<\/dt>\n\t\t\t\t<dd class='wp-caption-text gallery-caption' id='gallery-1-1968'>\n\t\t\t\tNachtrag\n\t\t\t\t<\/dd><\/dl><dl class='gallery-item'>\n\t\t\t<dt class='gallery-icon landscape'>\n\t\t\t\t<a data-elementor-open-lightbox=\"yes\" data-elementor-lightbox-slideshow=\"dec8653\" data-elementor-lightbox-title=\"Relief\" data-elementor-lightbox-description=\"Holz\" e-action-hash=\"#elementor-action%3Aaction%3Dlightbox%26settings%3DeyJpZCI6MTk2MCwidXJsIjoiaHR0cHM6XC9cL2tvbnJhZC12ZXR0ZXIuY2hcL2RlcnZldHRlclwvd3AtY29udGVudFwvdXBsb2Fkc1wvMjAyMFwvMTBcLzI0X1JlbGllZi1zY2FsZWQuanBnIiwic2xpZGVzaG93IjoiZGVjODY1MyJ9\" href='https:\/\/konrad-vetter.ch\/dervetter\/wp-content\/uploads\/2020\/10\/24_Relief-scaled.jpg'><img width=\"300\" height=\"193\" src=\"https:\/\/konrad-vetter.ch\/dervetter\/wp-content\/uploads\/2020\/10\/24_Relief-300x193.jpg\" class=\"attachment-medium size-medium\" alt=\"\" loading=\"lazy\" aria-describedby=\"gallery-1-1960\" srcset=\"https:\/\/konrad-vetter.ch\/dervetter\/wp-content\/uploads\/2020\/10\/24_Relief-300x193.jpg 300w, https:\/\/konrad-vetter.ch\/dervetter\/wp-content\/uploads\/2020\/10\/24_Relief-1024x659.jpg 1024w, https:\/\/konrad-vetter.ch\/dervetter\/wp-content\/uploads\/2020\/10\/24_Relief-768x494.jpg 768w, https:\/\/konrad-vetter.ch\/dervetter\/wp-content\/uploads\/2020\/10\/24_Relief-1536x989.jpg 1536w, https:\/\/konrad-vetter.ch\/dervetter\/wp-content\/uploads\/2020\/10\/24_Relief-2048x1318.jpg 2048w\" sizes=\"(max-width: 300px) 100vw, 300px\" \/><\/a>\n\t\t\t<\/dt>\n\t\t\t\t<dd class='wp-caption-text gallery-caption' id='gallery-1-1960'>\n\t\t\t\tRelief\n\t\t\t\t<\/dd><\/dl><dl class='gallery-item'>\n\t\t\t<dt class='gallery-icon portrait'>\n\t\t\t\t<a data-elementor-open-lightbox=\"yes\" data-elementor-lightbox-slideshow=\"dec8653\" data-elementor-lightbox-title=\"22_Stelen_farb_Mettlen\" data-elementor-lightbox-description=\"Holz\" e-action-hash=\"#elementor-action%3Aaction%3Dlightbox%26settings%3DeyJpZCI6MTk1OCwidXJsIjoiaHR0cHM6XC9cL2tvbnJhZC12ZXR0ZXIuY2hcL2RlcnZldHRlclwvd3AtY29udGVudFwvdXBsb2Fkc1wvMjAyMFwvMTBcLzIyX1N0ZWxlbl9mYXJiX01ldHRsZW4uanBnIiwic2xpZGVzaG93IjoiZGVjODY1MyJ9\" href='https:\/\/konrad-vetter.ch\/dervetter\/wp-content\/uploads\/2020\/10\/22_Stelen_farb_Mettlen.jpg'><img width=\"199\" height=\"300\" src=\"https:\/\/konrad-vetter.ch\/dervetter\/wp-content\/uploads\/2020\/10\/22_Stelen_farb_Mettlen-199x300.jpg\" class=\"attachment-medium size-medium\" alt=\"\" loading=\"lazy\" srcset=\"https:\/\/konrad-vetter.ch\/dervetter\/wp-content\/uploads\/2020\/10\/22_Stelen_farb_Mettlen-199x300.jpg 199w, https:\/\/konrad-vetter.ch\/dervetter\/wp-content\/uploads\/2020\/10\/22_Stelen_farb_Mettlen-681x1024.jpg 681w, https:\/\/konrad-vetter.ch\/dervetter\/wp-content\/uploads\/2020\/10\/22_Stelen_farb_Mettlen-768x1155.jpg 768w, https:\/\/konrad-vetter.ch\/dervetter\/wp-content\/uploads\/2020\/10\/22_Stelen_farb_Mettlen-1021x1536.jpg 1021w, https:\/\/konrad-vetter.ch\/dervetter\/wp-content\/uploads\/2020\/10\/22_Stelen_farb_Mettlen.jpg 1053w\" sizes=\"(max-width: 199px) 100vw, 199px\" \/><\/a>\n\t\t\t<\/dt><\/dl><br style=\"clear: both\" \/><dl class='gallery-item'>\n\t\t\t<dt class='gallery-icon landscape'>\n\t\t\t\t<a data-elementor-open-lightbox=\"yes\" data-elementor-lightbox-slideshow=\"dec8653\" data-elementor-lightbox-title=\"Klappw\u00fcrfel Holz\" data-elementor-lightbox-description=\"Holz, Metall\" e-action-hash=\"#elementor-action%3Aaction%3Dlightbox%26settings%3DeyJpZCI6MTk2NSwidXJsIjoiaHR0cHM6XC9cL2tvbnJhZC12ZXR0ZXIuY2hcL2RlcnZldHRlclwvd3AtY29udGVudFwvdXBsb2Fkc1wvMjAyMFwvMTBcLzI5X0tsYXBwd3VlcmZlbF9ob2x6LmpwZyIsInNsaWRlc2hvdyI6ImRlYzg2NTMifQ%3D%3D\" href='https:\/\/konrad-vetter.ch\/dervetter\/wp-content\/uploads\/2020\/10\/29_Klappwuerfel_holz.jpg'><img width=\"300\" height=\"196\" src=\"https:\/\/konrad-vetter.ch\/dervetter\/wp-content\/uploads\/2020\/10\/29_Klappwuerfel_holz-300x196.jpg\" class=\"attachment-medium size-medium\" alt=\"\" loading=\"lazy\" aria-describedby=\"gallery-1-1965\" srcset=\"https:\/\/konrad-vetter.ch\/dervetter\/wp-content\/uploads\/2020\/10\/29_Klappwuerfel_holz-300x196.jpg 300w, https:\/\/konrad-vetter.ch\/dervetter\/wp-content\/uploads\/2020\/10\/29_Klappwuerfel_holz-1024x670.jpg 1024w, https:\/\/konrad-vetter.ch\/dervetter\/wp-content\/uploads\/2020\/10\/29_Klappwuerfel_holz-768x502.jpg 768w, https:\/\/konrad-vetter.ch\/dervetter\/wp-content\/uploads\/2020\/10\/29_Klappwuerfel_holz-1536x1005.jpg 1536w, https:\/\/konrad-vetter.ch\/dervetter\/wp-content\/uploads\/2020\/10\/29_Klappwuerfel_holz.jpg 1590w\" sizes=\"(max-width: 300px) 100vw, 300px\" \/><\/a>\n\t\t\t<\/dt>\n\t\t\t\t<dd class='wp-caption-text gallery-caption' id='gallery-1-1965'>\n\t\t\t\tKlappw\u00fcrfel Holz\n\t\t\t\t<\/dd><\/dl><dl class='gallery-item'>\n\t\t\t<dt class='gallery-icon portrait'>\n\t\t\t\t<a data-elementor-open-lightbox=\"yes\" data-elementor-lightbox-slideshow=\"dec8653\" data-elementor-lightbox-title=\"Durchdringung gross\" data-elementor-lightbox-description=\"Holz, Metall\" e-action-hash=\"#elementor-action%3Aaction%3Dlightbox%26settings%3DeyJpZCI6MTk2NiwidXJsIjoiaHR0cHM6XC9cL2tvbnJhZC12ZXR0ZXIuY2hcL2RlcnZldHRlclwvd3AtY29udGVudFwvdXBsb2Fkc1wvMjAyMFwvMTBcLzMwX0R1cmNoZHJpbmd1bmdfZ3Jvc3Mtc2NhbGVkLmpwZyIsInNsaWRlc2hvdyI6ImRlYzg2NTMifQ%3D%3D\" href='https:\/\/konrad-vetter.ch\/dervetter\/wp-content\/uploads\/2020\/10\/30_Durchdringung_gross-scaled.jpg'><img width=\"235\" height=\"300\" src=\"https:\/\/konrad-vetter.ch\/dervetter\/wp-content\/uploads\/2020\/10\/30_Durchdringung_gross-235x300.jpg\" class=\"attachment-medium size-medium\" alt=\"\" loading=\"lazy\" aria-describedby=\"gallery-1-1966\" srcset=\"https:\/\/konrad-vetter.ch\/dervetter\/wp-content\/uploads\/2020\/10\/30_Durchdringung_gross-235x300.jpg 235w, https:\/\/konrad-vetter.ch\/dervetter\/wp-content\/uploads\/2020\/10\/30_Durchdringung_gross-803x1024.jpg 803w, https:\/\/konrad-vetter.ch\/dervetter\/wp-content\/uploads\/2020\/10\/30_Durchdringung_gross-768x979.jpg 768w, https:\/\/konrad-vetter.ch\/dervetter\/wp-content\/uploads\/2020\/10\/30_Durchdringung_gross-1205x1536.jpg 1205w, https:\/\/konrad-vetter.ch\/dervetter\/wp-content\/uploads\/2020\/10\/30_Durchdringung_gross-1607x2048.jpg 1607w, https:\/\/konrad-vetter.ch\/dervetter\/wp-content\/uploads\/2020\/10\/30_Durchdringung_gross-scaled.jpg 2009w\" sizes=\"(max-width: 235px) 100vw, 235px\" \/><\/a>\n\t\t\t<\/dt>\n\t\t\t\t<dd class='wp-caption-text gallery-caption' id='gallery-1-1966'>\n\t\t\t\tDurchdringung gross\n\t\t\t\t<\/dd><\/dl><dl class='gallery-item'>\n\t\t\t<dt class='gallery-icon portrait'>\n\t\t\t\t<a data-elementor-open-lightbox=\"yes\" data-elementor-lightbox-slideshow=\"dec8653\" data-elementor-lightbox-title=\"Objekt\" data-elementor-lightbox-description=\"Gips\" e-action-hash=\"#elementor-action%3Aaction%3Dlightbox%26settings%3DeyJpZCI6MTk2MSwidXJsIjoiaHR0cHM6XC9cL2tvbnJhZC12ZXR0ZXIuY2hcL2RlcnZldHRlclwvd3AtY29udGVudFwvdXBsb2Fkc1wvMjAyMFwvMTBcLzI1X0dpcHMtT2JqZWt0LXNjYWxlZC5qcGciLCJzbGlkZXNob3ciOiJkZWM4NjUzIn0%3D\" href='https:\/\/konrad-vetter.ch\/dervetter\/wp-content\/uploads\/2020\/10\/25_Gips-Objekt-scaled.jpg'><img width=\"248\" height=\"300\" src=\"https:\/\/konrad-vetter.ch\/dervetter\/wp-content\/uploads\/2020\/10\/25_Gips-Objekt-248x300.jpg\" class=\"attachment-medium size-medium\" alt=\"\" loading=\"lazy\" aria-describedby=\"gallery-1-1961\" srcset=\"https:\/\/konrad-vetter.ch\/dervetter\/wp-content\/uploads\/2020\/10\/25_Gips-Objekt-248x300.jpg 248w, https:\/\/konrad-vetter.ch\/dervetter\/wp-content\/uploads\/2020\/10\/25_Gips-Objekt-846x1024.jpg 846w, https:\/\/konrad-vetter.ch\/dervetter\/wp-content\/uploads\/2020\/10\/25_Gips-Objekt-768x930.jpg 768w, https:\/\/konrad-vetter.ch\/dervetter\/wp-content\/uploads\/2020\/10\/25_Gips-Objekt-1268x1536.jpg 1268w, https:\/\/konrad-vetter.ch\/dervetter\/wp-content\/uploads\/2020\/10\/25_Gips-Objekt-1691x2048.jpg 1691w\" sizes=\"(max-width: 248px) 100vw, 248px\" \/><\/a>\n\t\t\t<\/dt>\n\t\t\t\t<dd class='wp-caption-text gallery-caption' id='gallery-1-1961'>\n\t\t\t\tObjekt\n\t\t\t\t<\/dd><\/dl><br style=\"clear: both\" \/><dl class='gallery-item'>\n\t\t\t<dt class='gallery-icon portrait'>\n\t\t\t\t<a data-elementor-open-lightbox=\"yes\" data-elementor-lightbox-slideshow=\"dec8653\" data-elementor-lightbox-title=\"Feh\" data-elementor-lightbox-description=\"Gips, Draht\" e-action-hash=\"#elementor-action%3Aaction%3Dlightbox%26settings%3DeyJpZCI6MTk5MiwidXJsIjoiaHR0cHM6XC9cL2tvbnJhZC12ZXR0ZXIuY2hcL2RlcnZldHRlclwvd3AtY29udGVudFwvdXBsb2Fkc1wvMjAyMFwvMTBcLzU2X0ZlaC1zY2FsZWQuanBnIiwic2xpZGVzaG93IjoiZGVjODY1MyJ9\" href='https:\/\/konrad-vetter.ch\/dervetter\/wp-content\/uploads\/2020\/10\/56_Feh-scaled.jpg'><img width=\"269\" height=\"300\" src=\"https:\/\/konrad-vetter.ch\/dervetter\/wp-content\/uploads\/2020\/10\/56_Feh-269x300.jpg\" class=\"attachment-medium size-medium\" alt=\"\" loading=\"lazy\" aria-describedby=\"gallery-1-1992\" srcset=\"https:\/\/konrad-vetter.ch\/dervetter\/wp-content\/uploads\/2020\/10\/56_Feh-269x300.jpg 269w, https:\/\/konrad-vetter.ch\/dervetter\/wp-content\/uploads\/2020\/10\/56_Feh-918x1024.jpg 918w, https:\/\/konrad-vetter.ch\/dervetter\/wp-content\/uploads\/2020\/10\/56_Feh-768x857.jpg 768w, https:\/\/konrad-vetter.ch\/dervetter\/wp-content\/uploads\/2020\/10\/56_Feh-1377x1536.jpg 1377w, https:\/\/konrad-vetter.ch\/dervetter\/wp-content\/uploads\/2020\/10\/56_Feh-1836x2048.jpg 1836w\" sizes=\"(max-width: 269px) 100vw, 269px\" \/><\/a>\n\t\t\t<\/dt>\n\t\t\t\t<dd class='wp-caption-text gallery-caption' id='gallery-1-1992'>\n\t\t\t\tFeh\n\t\t\t\t<\/dd><\/dl><dl class='gallery-item'>\n\t\t\t<dt class='gallery-icon landscape'>\n\t\t\t\t<a data-elementor-open-lightbox=\"yes\" data-elementor-lightbox-slideshow=\"dec8653\" data-elementor-lightbox-title=\"Objekt\" data-elementor-lightbox-description=\"Gips\" e-action-hash=\"#elementor-action%3Aaction%3Dlightbox%26settings%3DeyJpZCI6MTk1OSwidXJsIjoiaHR0cHM6XC9cL2tvbnJhZC12ZXR0ZXIuY2hcL2RlcnZldHRlclwvd3AtY29udGVudFwvdXBsb2Fkc1wvMjAyMFwvMTBcLzIzX09iamVrdC1zY2FsZWQuanBnIiwic2xpZGVzaG93IjoiZGVjODY1MyJ9\" href='https:\/\/konrad-vetter.ch\/dervetter\/wp-content\/uploads\/2020\/10\/23_Objekt-scaled.jpg'><img width=\"300\" height=\"242\" src=\"https:\/\/konrad-vetter.ch\/dervetter\/wp-content\/uploads\/2020\/10\/23_Objekt-300x242.jpg\" class=\"attachment-medium size-medium\" alt=\"\" loading=\"lazy\" aria-describedby=\"gallery-1-1959\" srcset=\"https:\/\/konrad-vetter.ch\/dervetter\/wp-content\/uploads\/2020\/10\/23_Objekt-300x242.jpg 300w, https:\/\/konrad-vetter.ch\/dervetter\/wp-content\/uploads\/2020\/10\/23_Objekt-1024x826.jpg 1024w, https:\/\/konrad-vetter.ch\/dervetter\/wp-content\/uploads\/2020\/10\/23_Objekt-768x619.jpg 768w, https:\/\/konrad-vetter.ch\/dervetter\/wp-content\/uploads\/2020\/10\/23_Objekt-1536x1239.jpg 1536w, https:\/\/konrad-vetter.ch\/dervetter\/wp-content\/uploads\/2020\/10\/23_Objekt-2048x1651.jpg 2048w\" sizes=\"(max-width: 300px) 100vw, 300px\" \/><\/a>\n\t\t\t<\/dt>\n\t\t\t\t<dd class='wp-caption-text gallery-caption' id='gallery-1-1959'>\n\t\t\t\tObjekt\n\t\t\t\t<\/dd><\/dl><dl class='gallery-item'>\n\t\t\t<dt class='gallery-icon portrait'>\n\t\t\t\t<a data-elementor-open-lightbox=\"yes\" data-elementor-lightbox-slideshow=\"dec8653\" data-elementor-lightbox-title=\"Spiralkugel\" data-elementor-lightbox-description=\"Plastilin\" e-action-hash=\"#elementor-action%3Aaction%3Dlightbox%26settings%3DeyJpZCI6MTk3MywidXJsIjoiaHR0cHM6XC9cL2tvbnJhZC12ZXR0ZXIuY2hcL2RlcnZldHRlclwvd3AtY29udGVudFwvdXBsb2Fkc1wvMjAyMFwvMTBcLzM3X1NwaXJhbGt1Z2VsLXNjYWxlZC5qcGciLCJzbGlkZXNob3ciOiJkZWM4NjUzIn0%3D\" href='https:\/\/konrad-vetter.ch\/dervetter\/wp-content\/uploads\/2020\/10\/37_Spiralkugel-scaled.jpg'><img width=\"237\" height=\"300\" src=\"https:\/\/konrad-vetter.ch\/dervetter\/wp-content\/uploads\/2020\/10\/37_Spiralkugel-237x300.jpg\" class=\"attachment-medium size-medium\" alt=\"\" loading=\"lazy\" aria-describedby=\"gallery-1-1973\" srcset=\"https:\/\/konrad-vetter.ch\/dervetter\/wp-content\/uploads\/2020\/10\/37_Spiralkugel-237x300.jpg 237w, https:\/\/konrad-vetter.ch\/dervetter\/wp-content\/uploads\/2020\/10\/37_Spiralkugel-810x1024.jpg 810w, https:\/\/konrad-vetter.ch\/dervetter\/wp-content\/uploads\/2020\/10\/37_Spiralkugel-768x971.jpg 768w, https:\/\/konrad-vetter.ch\/dervetter\/wp-content\/uploads\/2020\/10\/37_Spiralkugel-1215x1536.jpg 1215w, https:\/\/konrad-vetter.ch\/dervetter\/wp-content\/uploads\/2020\/10\/37_Spiralkugel-1620x2048.jpg 1620w, https:\/\/konrad-vetter.ch\/dervetter\/wp-content\/uploads\/2020\/10\/37_Spiralkugel-scaled.jpg 2025w\" sizes=\"(max-width: 237px) 100vw, 237px\" \/><\/a>\n\t\t\t<\/dt>\n\t\t\t\t<dd class='wp-caption-text gallery-caption' id='gallery-1-1973'>\n\t\t\t\tSpiralkugel\n\t\t\t\t<\/dd><\/dl><br style=\"clear: both\" \/><dl class='gallery-item'>\n\t\t\t<dt class='gallery-icon portrait'>\n\t\t\t\t<a data-elementor-open-lightbox=\"yes\" data-elementor-lightbox-slideshow=\"dec8653\" data-elementor-lightbox-title=\"Feh\" data-elementor-lightbox-description=\"Gips\" e-action-hash=\"#elementor-action%3Aaction%3Dlightbox%26settings%3DeyJpZCI6MTk5MCwidXJsIjoiaHR0cHM6XC9cL2tvbnJhZC12ZXR0ZXIuY2hcL2RlcnZldHRlclwvd3AtY29udGVudFwvdXBsb2Fkc1wvMjAyMFwvMTBcLzU0X0ZlaC1zY2FsZWQuanBnIiwic2xpZGVzaG93IjoiZGVjODY1MyJ9\" href='https:\/\/konrad-vetter.ch\/dervetter\/wp-content\/uploads\/2020\/10\/54_Feh-scaled.jpg'><img width=\"224\" height=\"300\" src=\"https:\/\/konrad-vetter.ch\/dervetter\/wp-content\/uploads\/2020\/10\/54_Feh-224x300.jpg\" class=\"attachment-medium size-medium\" alt=\"\" loading=\"lazy\" aria-describedby=\"gallery-1-1990\" srcset=\"https:\/\/konrad-vetter.ch\/dervetter\/wp-content\/uploads\/2020\/10\/54_Feh-224x300.jpg 224w, https:\/\/konrad-vetter.ch\/dervetter\/wp-content\/uploads\/2020\/10\/54_Feh-766x1024.jpg 766w, https:\/\/konrad-vetter.ch\/dervetter\/wp-content\/uploads\/2020\/10\/54_Feh-768x1027.jpg 768w, https:\/\/konrad-vetter.ch\/dervetter\/wp-content\/uploads\/2020\/10\/54_Feh-1149x1536.jpg 1149w, https:\/\/konrad-vetter.ch\/dervetter\/wp-content\/uploads\/2020\/10\/54_Feh-1532x2048.jpg 1532w, https:\/\/konrad-vetter.ch\/dervetter\/wp-content\/uploads\/2020\/10\/54_Feh-scaled.jpg 1915w\" sizes=\"(max-width: 224px) 100vw, 224px\" \/><\/a>\n\t\t\t<\/dt>\n\t\t\t\t<dd class='wp-caption-text gallery-caption' id='gallery-1-1990'>\n\t\t\t\tFeh\n\t\t\t\t<\/dd><\/dl><dl class='gallery-item'>\n\t\t\t<dt class='gallery-icon landscape'>\n\t\t\t\t<a data-elementor-open-lightbox=\"yes\" data-elementor-lightbox-slideshow=\"dec8653\" data-elementor-lightbox-title=\"Feh\" data-elementor-lightbox-description=\"Gips\" e-action-hash=\"#elementor-action%3Aaction%3Dlightbox%26settings%3DeyJpZCI6MTk5MSwidXJsIjoiaHR0cHM6XC9cL2tvbnJhZC12ZXR0ZXIuY2hcL2RlcnZldHRlclwvd3AtY29udGVudFwvdXBsb2Fkc1wvMjAyMFwvMTBcLzU1X0ZlaC5qcGciLCJzbGlkZXNob3ciOiJkZWM4NjUzIn0%3D\" href='https:\/\/konrad-vetter.ch\/dervetter\/wp-content\/uploads\/2020\/10\/55_Feh.jpg'><img width=\"300\" height=\"249\" src=\"https:\/\/konrad-vetter.ch\/dervetter\/wp-content\/uploads\/2020\/10\/55_Feh-300x249.jpg\" class=\"attachment-medium size-medium\" alt=\"\" loading=\"lazy\" aria-describedby=\"gallery-1-1991\" srcset=\"https:\/\/konrad-vetter.ch\/dervetter\/wp-content\/uploads\/2020\/10\/55_Feh-300x249.jpg 300w, https:\/\/konrad-vetter.ch\/dervetter\/wp-content\/uploads\/2020\/10\/55_Feh-1024x849.jpg 1024w, https:\/\/konrad-vetter.ch\/dervetter\/wp-content\/uploads\/2020\/10\/55_Feh-768x636.jpg 768w, https:\/\/konrad-vetter.ch\/dervetter\/wp-content\/uploads\/2020\/10\/55_Feh.jpg 1249w\" sizes=\"(max-width: 300px) 100vw, 300px\" \/><\/a>\n\t\t\t<\/dt>\n\t\t\t\t<dd class='wp-caption-text gallery-caption' id='gallery-1-1991'>\n\t\t\t\tFeh\n\t\t\t\t<\/dd><\/dl><dl class='gallery-item'>\n\t\t\t<dt class='gallery-icon portrait'>\n\t\t\t\t<a data-elementor-open-lightbox=\"yes\" data-elementor-lightbox-slideshow=\"dec8653\" data-elementor-lightbox-title=\"Paradiesschaukel\" data-elementor-lightbox-description=\"Gips\" e-action-hash=\"#elementor-action%3Aaction%3Dlightbox%26settings%3DeyJpZCI6MTk4OSwidXJsIjoiaHR0cHM6XC9cL2tvbnJhZC12ZXR0ZXIuY2hcL2RlcnZldHRlclwvd3AtY29udGVudFwvdXBsb2Fkc1wvMjAyMFwvMTBcLzUzX1BhcmFkaWVzc2NoYXVrZWwuanBnIiwic2xpZGVzaG93IjoiZGVjODY1MyJ9\" href='https:\/\/konrad-vetter.ch\/dervetter\/wp-content\/uploads\/2020\/10\/53_Paradiesschaukel.jpg'><img width=\"200\" height=\"300\" src=\"https:\/\/konrad-vetter.ch\/dervetter\/wp-content\/uploads\/2020\/10\/53_Paradiesschaukel-200x300.jpg\" class=\"attachment-medium size-medium\" alt=\"\" loading=\"lazy\" aria-describedby=\"gallery-1-1989\" srcset=\"https:\/\/konrad-vetter.ch\/dervetter\/wp-content\/uploads\/2020\/10\/53_Paradiesschaukel-200x300.jpg 200w, https:\/\/konrad-vetter.ch\/dervetter\/wp-content\/uploads\/2020\/10\/53_Paradiesschaukel-684x1024.jpg 684w, https:\/\/konrad-vetter.ch\/dervetter\/wp-content\/uploads\/2020\/10\/53_Paradiesschaukel-768x1150.jpg 768w, https:\/\/konrad-vetter.ch\/dervetter\/wp-content\/uploads\/2020\/10\/53_Paradiesschaukel-1026x1536.jpg 1026w, https:\/\/konrad-vetter.ch\/dervetter\/wp-content\/uploads\/2020\/10\/53_Paradiesschaukel.jpg 1194w\" sizes=\"(max-width: 200px) 100vw, 200px\" \/><\/a>\n\t\t\t<\/dt>\n\t\t\t\t<dd class='wp-caption-text gallery-caption' id='gallery-1-1989'>\n\t\t\t\tParadiesschaukel\n\t\t\t\t<\/dd><\/dl><br style=\"clear: both\" \/>\n\t\t<\/div>\n\t\t<\/div>\n\t\t\t\t<\/div>\n\t\t\t\t<\/div>\n\t\t\t\t\t\t<\/div>\n\t\t\t\t\t<\/div>\n\t\t<\/div>\n\t\t\t\t\t\t\t\t<\/div>\n\t\t\t\t\t<\/div>\n\t\t<\/section>\n\t\t\t\t\t\t\t\t\t<\/div>\n\t\t\t<\/div>\n\t\t\t\t\t<\/div>\n\t\t","protected":false},"excerpt":{"rendered":"<p>Objekte Diverse Glasobjekte sind in der Zwischenzeit nur noch in der Erinnerung erhalten.&nbsp;Das enorme Schaffen und Kreativit\u00e4t Konrad Vetters an seinen Objekten war einzigartig und vor allem das Aufstellen derjenigen war immer wieder ein nervenaufreibendes Erlebnis. Unvergesslich! Klappw\u00fcrfel Klappw\u00fcrfel Klappw\u00fcrfel Detail Klappw\u00fcrfel klein Modell Klappw\u00fcrfel klein Modell Klappw\u00fcrfel klein Modell Klappw\u00fcrfel klein Modell Detail Objekt [&hellip;]<\/p>\n","protected":false},"author":1,"featured_media":0,"parent":0,"menu_order":60,"comment_status":"closed","ping_status":"closed","template":"elementor_header_footer","meta":[],"_links":{"self":[{"href":"https:\/\/konrad-vetter.ch\/dervetter\/wp-json\/wp\/v2\/pages\/1996"}],"collection":[{"href":"https:\/\/konrad-vetter.ch\/dervetter\/wp-json\/wp\/v2\/pages"}],"about":[{"href":"https:\/\/konrad-vetter.ch\/dervetter\/wp-json\/wp\/v2\/types\/page"}],"author":[{"embeddable":true,"href":"https:\/\/konrad-vetter.ch\/dervetter\/wp-json\/wp\/v2\/users\/1"}],"replies":[{"embeddable":true,"href":"https:\/\/konrad-vetter.ch\/dervetter\/wp-json\/wp\/v2\/comments?post=1996"}],"version-history":[{"count":7,"href":"https:\/\/konrad-vetter.ch\/dervetter\/wp-json\/wp\/v2\/pages\/1996\/revisions"}],"predecessor-version":[{"id":2509,"href":"https:\/\/konrad-vetter.ch\/dervetter\/wp-json\/wp\/v2\/pages\/1996\/revisions\/2509"}],"wp:attachment":[{"href":"https:\/\/konrad-vetter.ch\/dervetter\/wp-json\/wp\/v2\/media?parent=1996"}],"curies":[{"name":"wp","href":"https:\/\/api.w.org\/{rel}","templated":true}]}}