{"id":2570,"date":"2020-10-16T12:15:14","date_gmt":"2020-10-16T12:15:14","guid":{"rendered":"https:\/\/konrad-vetter.ch\/dervetter\/?page_id=2570"},"modified":"2020-10-16T12:21:18","modified_gmt":"2020-10-16T12:21:18","slug":"les-haende","status":"publish","type":"page","link":"https:\/\/konrad-vetter.ch\/dervetter\/buecher\/les-haende\/","title":{"rendered":"Le&#8217;s H\u00e4nde"},"content":{"rendered":"\t\t<div data-elementor-type=\"wp-page\" data-elementor-id=\"2570\" class=\"elementor elementor-2570\">\n\t\t\t\t\t\t<div class=\"elementor-inner\">\n\t\t\t\t<div class=\"elementor-section-wrap\">\n\t\t\t\t\t\t\t\t\t<section class=\"elementor-section elementor-top-section elementor-element elementor-element-1a5b2072 elementor-section-boxed elementor-section-height-default elementor-section-height-default\" data-id=\"1a5b2072\" data-element_type=\"section\">\n\t\t\t\t\t\t<div class=\"elementor-container elementor-column-gap-default\">\n\t\t\t\t\t\t\t<div class=\"elementor-row\">\n\t\t\t\t\t<div class=\"elementor-column elementor-col-100 elementor-top-column elementor-element elementor-element-1da6f40c\" data-id=\"1da6f40c\" data-element_type=\"column\">\n\t\t\t<div class=\"elementor-column-wrap elementor-element-populated\">\n\t\t\t\t\t\t\t<div class=\"elementor-widget-wrap\">\n\t\t\t\t\t\t<div class=\"elementor-element elementor-element-5a075f6 elementor-widget elementor-widget-heading\" data-id=\"5a075f6\" data-element_type=\"widget\" data-widget_type=\"heading.default\">\n\t\t\t\t<div class=\"elementor-widget-container\">\n\t\t\t<h2 class=\"elementor-heading-title elementor-size-default\">Le's H\u00e4nde<\/h2>\t\t<\/div>\n\t\t\t\t<\/div>\n\t\t\t\t\t\t<\/div>\n\t\t\t\t\t<\/div>\n\t\t<\/div>\n\t\t\t\t\t\t\t\t<\/div>\n\t\t\t\t\t<\/div>\n\t\t<\/section>\n\t\t\t\t<section class=\"elementor-section elementor-top-section elementor-element elementor-element-d18b6db elementor-section-boxed elementor-section-height-default elementor-section-height-default\" data-id=\"d18b6db\" data-element_type=\"section\">\n\t\t\t\t\t\t<div class=\"elementor-container elementor-column-gap-default\">\n\t\t\t\t\t\t\t<div class=\"elementor-row\">\n\t\t\t\t\t<div class=\"elementor-column elementor-col-100 elementor-top-column elementor-element elementor-element-352a044\" data-id=\"352a044\" data-element_type=\"column\">\n\t\t\t<div class=\"elementor-column-wrap elementor-element-populated\">\n\t\t\t\t\t\t\t<div class=\"elementor-widget-wrap\">\n\t\t\t\t\t\t<div class=\"elementor-element elementor-element-7444d85 elementor-widget elementor-widget-text-editor\" data-id=\"7444d85\" data-element_type=\"widget\" data-widget_type=\"text-editor.default\">\n\t\t\t\t<div class=\"elementor-widget-container\">\n\t\t\t\t\t\t\t\t<div class=\"elementor-text-editor elementor-clearfix\">\n\t\t\t\t<p>Hommage an die H\u00e4nde von Leni Vetter<\/p>\t\t\t\t\t<\/div>\n\t\t\t\t\t\t<\/div>\n\t\t\t\t<\/div>\n\t\t\t\t<div class=\"elementor-element elementor-element-461ae3b elementor-widget elementor-widget-image-gallery\" data-id=\"461ae3b\" data-element_type=\"widget\" data-widget_type=\"image-gallery.default\">\n\t\t\t\t<div class=\"elementor-widget-container\">\n\t\t\t\t\t<div class=\"elementor-image-gallery\">\n\t\t\t\n\t\t<style type=\"text\/css\">\n\t\t\t#gallery-1 {\n\t\t\t\tmargin: auto;\n\t\t\t}\n\t\t\t#gallery-1 .gallery-item {\n\t\t\t\tfloat: left;\n\t\t\t\tmargin-top: 10px;\n\t\t\t\ttext-align: center;\n\t\t\t\twidth: 33%;\n\t\t\t}\n\t\t\t#gallery-1 img {\n\t\t\t\tborder: 2px solid #cfcfcf;\n\t\t\t}\n\t\t\t#gallery-1 .gallery-caption {\n\t\t\t\tmargin-left: 0;\n\t\t\t}\n\t\t\t\/* see gallery_shortcode() in wp-includes\/media.php *\/\n\t\t<\/style>\n\t\t<div id='gallery-1' class='gallery galleryid-2570 gallery-columns-3 gallery-size-medium'><dl class='gallery-item'>\n\t\t\t<dt class='gallery-icon landscape'>\n\t\t\t\t<a data-elementor-open-lightbox=\"yes\" data-elementor-lightbox-slideshow=\"461ae3b\" data-elementor-lightbox-title=\"Le&#039;s H\u00e4nde\" data-elementor-lightbox-description=\"Fotographie, Bleistift\" e-action-hash=\"#elementor-action%3Aaction%3Dlightbox%26settings%3DeyJpZCI6MTg0OCwidXJsIjoiaHR0cHM6XC9cL2tvbnJhZC12ZXR0ZXIuY2hcL2RlcnZldHRlclwvd3AtY29udGVudFwvdXBsb2Fkc1wvMjAyMFwvMDlcLzA0X0xlLXNjYWxlZC5qcGciLCJzbGlkZXNob3ciOiI0NjFhZTNiIn0%3D\" href='https:\/\/konrad-vetter.ch\/dervetter\/wp-content\/uploads\/2020\/09\/04_Le-scaled.jpg'><img width=\"300\" height=\"200\" src=\"https:\/\/konrad-vetter.ch\/dervetter\/wp-content\/uploads\/2020\/09\/04_Le-300x200.jpg\" class=\"attachment-medium size-medium\" alt=\"\" loading=\"lazy\" aria-describedby=\"gallery-1-1848\" srcset=\"https:\/\/konrad-vetter.ch\/dervetter\/wp-content\/uploads\/2020\/09\/04_Le-300x200.jpg 300w, https:\/\/konrad-vetter.ch\/dervetter\/wp-content\/uploads\/2020\/09\/04_Le-1024x683.jpg 1024w, https:\/\/konrad-vetter.ch\/dervetter\/wp-content\/uploads\/2020\/09\/04_Le-768x512.jpg 768w, https:\/\/konrad-vetter.ch\/dervetter\/wp-content\/uploads\/2020\/09\/04_Le-1536x1024.jpg 1536w, https:\/\/konrad-vetter.ch\/dervetter\/wp-content\/uploads\/2020\/09\/04_Le-2048x1365.jpg 2048w\" sizes=\"(max-width: 300px) 100vw, 300px\" \/><\/a>\n\t\t\t<\/dt>\n\t\t\t\t<dd class='wp-caption-text gallery-caption' id='gallery-1-1848'>\n\t\t\t\tLe&#8217;s H\u00e4nde\n\t\t\t\t<\/dd><\/dl><dl class='gallery-item'>\n\t\t\t<dt class='gallery-icon landscape'>\n\t\t\t\t<a data-elementor-open-lightbox=\"yes\" data-elementor-lightbox-slideshow=\"461ae3b\" data-elementor-lightbox-title=\"Le&#039;s H\u00e4nde\" data-elementor-lightbox-description=\"Fotographie, Bleistift, Farbstift\" e-action-hash=\"#elementor-action%3Aaction%3Dlightbox%26settings%3DeyJpZCI6MTg0NSwidXJsIjoiaHR0cHM6XC9cL2tvbnJhZC12ZXR0ZXIuY2hcL2RlcnZldHRlclwvd3AtY29udGVudFwvdXBsb2Fkc1wvMjAyMFwvMDlcLzAxX0xlLXNjYWxlZC5qcGciLCJzbGlkZXNob3ciOiI0NjFhZTNiIn0%3D\" href='https:\/\/konrad-vetter.ch\/dervetter\/wp-content\/uploads\/2020\/09\/01_Le-scaled.jpg'><img width=\"300\" height=\"200\" src=\"https:\/\/konrad-vetter.ch\/dervetter\/wp-content\/uploads\/2020\/09\/01_Le-300x200.jpg\" class=\"attachment-medium size-medium\" alt=\"\" loading=\"lazy\" aria-describedby=\"gallery-1-1845\" srcset=\"https:\/\/konrad-vetter.ch\/dervetter\/wp-content\/uploads\/2020\/09\/01_Le-300x200.jpg 300w, https:\/\/konrad-vetter.ch\/dervetter\/wp-content\/uploads\/2020\/09\/01_Le-1024x683.jpg 1024w, https:\/\/konrad-vetter.ch\/dervetter\/wp-content\/uploads\/2020\/09\/01_Le-768x512.jpg 768w, https:\/\/konrad-vetter.ch\/dervetter\/wp-content\/uploads\/2020\/09\/01_Le-1536x1024.jpg 1536w, https:\/\/konrad-vetter.ch\/dervetter\/wp-content\/uploads\/2020\/09\/01_Le-2048x1365.jpg 2048w\" sizes=\"(max-width: 300px) 100vw, 300px\" \/><\/a>\n\t\t\t<\/dt>\n\t\t\t\t<dd class='wp-caption-text gallery-caption' id='gallery-1-1845'>\n\t\t\t\tLe&#8217;s H\u00e4nde\n\t\t\t\t<\/dd><\/dl><dl class='gallery-item'>\n\t\t\t<dt class='gallery-icon landscape'>\n\t\t\t\t<a data-elementor-open-lightbox=\"yes\" data-elementor-lightbox-slideshow=\"461ae3b\" data-elementor-lightbox-title=\"Le&#039;s H\u00e4nde\" data-elementor-lightbox-description=\"Fotographie, Bleistift\" e-action-hash=\"#elementor-action%3Aaction%3Dlightbox%26settings%3DeyJpZCI6MTg1MCwidXJsIjoiaHR0cHM6XC9cL2tvbnJhZC12ZXR0ZXIuY2hcL2RlcnZldHRlclwvd3AtY29udGVudFwvdXBsb2Fkc1wvMjAyMFwvMDlcLzA2X0xlLXNjYWxlZC5qcGciLCJzbGlkZXNob3ciOiI0NjFhZTNiIn0%3D\" href='https:\/\/konrad-vetter.ch\/dervetter\/wp-content\/uploads\/2020\/09\/06_Le-scaled.jpg'><img width=\"300\" height=\"200\" src=\"https:\/\/konrad-vetter.ch\/dervetter\/wp-content\/uploads\/2020\/09\/06_Le-300x200.jpg\" class=\"attachment-medium size-medium\" alt=\"\" loading=\"lazy\" aria-describedby=\"gallery-1-1850\" srcset=\"https:\/\/konrad-vetter.ch\/dervetter\/wp-content\/uploads\/2020\/09\/06_Le-300x200.jpg 300w, https:\/\/konrad-vetter.ch\/dervetter\/wp-content\/uploads\/2020\/09\/06_Le-1024x683.jpg 1024w, https:\/\/konrad-vetter.ch\/dervetter\/wp-content\/uploads\/2020\/09\/06_Le-768x512.jpg 768w, https:\/\/konrad-vetter.ch\/dervetter\/wp-content\/uploads\/2020\/09\/06_Le-1536x1024.jpg 1536w, https:\/\/konrad-vetter.ch\/dervetter\/wp-content\/uploads\/2020\/09\/06_Le-2048x1365.jpg 2048w\" sizes=\"(max-width: 300px) 100vw, 300px\" \/><\/a>\n\t\t\t<\/dt>\n\t\t\t\t<dd class='wp-caption-text gallery-caption' id='gallery-1-1850'>\n\t\t\t\tLe&#8217;s H\u00e4nde\n\t\t\t\t<\/dd><\/dl><br style=\"clear: both\" \/><dl class='gallery-item'>\n\t\t\t<dt class='gallery-icon landscape'>\n\t\t\t\t<a data-elementor-open-lightbox=\"yes\" data-elementor-lightbox-slideshow=\"461ae3b\" data-elementor-lightbox-title=\"Le&#039;s H\u00e4nde\" data-elementor-lightbox-description=\"Fotographie, Bleistift\" e-action-hash=\"#elementor-action%3Aaction%3Dlightbox%26settings%3DeyJpZCI6MTg1MSwidXJsIjoiaHR0cHM6XC9cL2tvbnJhZC12ZXR0ZXIuY2hcL2RlcnZldHRlclwvd3AtY29udGVudFwvdXBsb2Fkc1wvMjAyMFwvMDlcLzA3X0xlLXNjYWxlZC5qcGciLCJzbGlkZXNob3ciOiI0NjFhZTNiIn0%3D\" href='https:\/\/konrad-vetter.ch\/dervetter\/wp-content\/uploads\/2020\/09\/07_Le-scaled.jpg'><img width=\"300\" height=\"200\" src=\"https:\/\/konrad-vetter.ch\/dervetter\/wp-content\/uploads\/2020\/09\/07_Le-300x200.jpg\" class=\"attachment-medium size-medium\" alt=\"\" loading=\"lazy\" aria-describedby=\"gallery-1-1851\" srcset=\"https:\/\/konrad-vetter.ch\/dervetter\/wp-content\/uploads\/2020\/09\/07_Le-300x200.jpg 300w, https:\/\/konrad-vetter.ch\/dervetter\/wp-content\/uploads\/2020\/09\/07_Le-1024x683.jpg 1024w, https:\/\/konrad-vetter.ch\/dervetter\/wp-content\/uploads\/2020\/09\/07_Le-768x512.jpg 768w, https:\/\/konrad-vetter.ch\/dervetter\/wp-content\/uploads\/2020\/09\/07_Le-1536x1024.jpg 1536w, https:\/\/konrad-vetter.ch\/dervetter\/wp-content\/uploads\/2020\/09\/07_Le-2048x1365.jpg 2048w\" sizes=\"(max-width: 300px) 100vw, 300px\" \/><\/a>\n\t\t\t<\/dt>\n\t\t\t\t<dd class='wp-caption-text gallery-caption' id='gallery-1-1851'>\n\t\t\t\tLe&#8217;s H\u00e4nde\n\t\t\t\t<\/dd><\/dl><dl class='gallery-item'>\n\t\t\t<dt class='gallery-icon landscape'>\n\t\t\t\t<a data-elementor-open-lightbox=\"yes\" data-elementor-lightbox-slideshow=\"461ae3b\" data-elementor-lightbox-title=\"Le&#039;s H\u00e4nde\" data-elementor-lightbox-description=\"Fotographie, Bleistift\" e-action-hash=\"#elementor-action%3Aaction%3Dlightbox%26settings%3DeyJpZCI6MTg0OSwidXJsIjoiaHR0cHM6XC9cL2tvbnJhZC12ZXR0ZXIuY2hcL2RlcnZldHRlclwvd3AtY29udGVudFwvdXBsb2Fkc1wvMjAyMFwvMDlcLzA1X0xlLXNjYWxlZC5qcGciLCJzbGlkZXNob3ciOiI0NjFhZTNiIn0%3D\" href='https:\/\/konrad-vetter.ch\/dervetter\/wp-content\/uploads\/2020\/09\/05_Le-scaled.jpg'><img width=\"300\" height=\"200\" src=\"https:\/\/konrad-vetter.ch\/dervetter\/wp-content\/uploads\/2020\/09\/05_Le-300x200.jpg\" class=\"attachment-medium size-medium\" alt=\"\" loading=\"lazy\" aria-describedby=\"gallery-1-1849\" srcset=\"https:\/\/konrad-vetter.ch\/dervetter\/wp-content\/uploads\/2020\/09\/05_Le-300x200.jpg 300w, https:\/\/konrad-vetter.ch\/dervetter\/wp-content\/uploads\/2020\/09\/05_Le-1024x683.jpg 1024w, https:\/\/konrad-vetter.ch\/dervetter\/wp-content\/uploads\/2020\/09\/05_Le-768x512.jpg 768w, https:\/\/konrad-vetter.ch\/dervetter\/wp-content\/uploads\/2020\/09\/05_Le-1536x1024.jpg 1536w, https:\/\/konrad-vetter.ch\/dervetter\/wp-content\/uploads\/2020\/09\/05_Le-2048x1365.jpg 2048w\" sizes=\"(max-width: 300px) 100vw, 300px\" \/><\/a>\n\t\t\t<\/dt>\n\t\t\t\t<dd class='wp-caption-text gallery-caption' id='gallery-1-1849'>\n\t\t\t\tLe&#8217;s H\u00e4nde\n\t\t\t\t<\/dd><\/dl><dl class='gallery-item'>\n\t\t\t<dt class='gallery-icon landscape'>\n\t\t\t\t<a data-elementor-open-lightbox=\"yes\" data-elementor-lightbox-slideshow=\"461ae3b\" data-elementor-lightbox-title=\"Le&#039;s H\u00e4nde\" data-elementor-lightbox-description=\"Fotographie, Farbstift, Bleistift \" e-action-hash=\"#elementor-action%3Aaction%3Dlightbox%26settings%3DeyJpZCI6MTg0NiwidXJsIjoiaHR0cHM6XC9cL2tvbnJhZC12ZXR0ZXIuY2hcL2RlcnZldHRlclwvd3AtY29udGVudFwvdXBsb2Fkc1wvMjAyMFwvMDlcLzAyX0xlLXNjYWxlZC5qcGciLCJzbGlkZXNob3ciOiI0NjFhZTNiIn0%3D\" href='https:\/\/konrad-vetter.ch\/dervetter\/wp-content\/uploads\/2020\/09\/02_Le-scaled.jpg'><img width=\"300\" height=\"200\" src=\"https:\/\/konrad-vetter.ch\/dervetter\/wp-content\/uploads\/2020\/09\/02_Le-300x200.jpg\" class=\"attachment-medium size-medium\" alt=\"\" loading=\"lazy\" aria-describedby=\"gallery-1-1846\" srcset=\"https:\/\/konrad-vetter.ch\/dervetter\/wp-content\/uploads\/2020\/09\/02_Le-300x200.jpg 300w, https:\/\/konrad-vetter.ch\/dervetter\/wp-content\/uploads\/2020\/09\/02_Le-1024x683.jpg 1024w, https:\/\/konrad-vetter.ch\/dervetter\/wp-content\/uploads\/2020\/09\/02_Le-768x512.jpg 768w, https:\/\/konrad-vetter.ch\/dervetter\/wp-content\/uploads\/2020\/09\/02_Le-1536x1024.jpg 1536w, https:\/\/konrad-vetter.ch\/dervetter\/wp-content\/uploads\/2020\/09\/02_Le-2048x1365.jpg 2048w\" sizes=\"(max-width: 300px) 100vw, 300px\" \/><\/a>\n\t\t\t<\/dt>\n\t\t\t\t<dd class='wp-caption-text gallery-caption' id='gallery-1-1846'>\n\t\t\t\tLe&#8217;s H\u00e4nde\n\t\t\t\t<\/dd><\/dl><br style=\"clear: both\" \/><dl class='gallery-item'>\n\t\t\t<dt class='gallery-icon landscape'>\n\t\t\t\t<a data-elementor-open-lightbox=\"yes\" data-elementor-lightbox-slideshow=\"461ae3b\" data-elementor-lightbox-title=\"Le&#039;s H\u00e4nde\" data-elementor-lightbox-description=\"Fotographie, Bleistift\" e-action-hash=\"#elementor-action%3Aaction%3Dlightbox%26settings%3DeyJpZCI6MTg0NywidXJsIjoiaHR0cHM6XC9cL2tvbnJhZC12ZXR0ZXIuY2hcL2RlcnZldHRlclwvd3AtY29udGVudFwvdXBsb2Fkc1wvMjAyMFwvMDlcLzAzX0xlLXNjYWxlZC5qcGciLCJzbGlkZXNob3ciOiI0NjFhZTNiIn0%3D\" href='https:\/\/konrad-vetter.ch\/dervetter\/wp-content\/uploads\/2020\/09\/03_Le-scaled.jpg'><img width=\"300\" height=\"200\" src=\"https:\/\/konrad-vetter.ch\/dervetter\/wp-content\/uploads\/2020\/09\/03_Le-300x200.jpg\" class=\"attachment-medium size-medium\" alt=\"\" loading=\"lazy\" aria-describedby=\"gallery-1-1847\" srcset=\"https:\/\/konrad-vetter.ch\/dervetter\/wp-content\/uploads\/2020\/09\/03_Le-300x200.jpg 300w, https:\/\/konrad-vetter.ch\/dervetter\/wp-content\/uploads\/2020\/09\/03_Le-1024x683.jpg 1024w, https:\/\/konrad-vetter.ch\/dervetter\/wp-content\/uploads\/2020\/09\/03_Le-768x512.jpg 768w, https:\/\/konrad-vetter.ch\/dervetter\/wp-content\/uploads\/2020\/09\/03_Le-1536x1024.jpg 1536w, https:\/\/konrad-vetter.ch\/dervetter\/wp-content\/uploads\/2020\/09\/03_Le-2048x1365.jpg 2048w\" sizes=\"(max-width: 300px) 100vw, 300px\" \/><\/a>\n\t\t\t<\/dt>\n\t\t\t\t<dd class='wp-caption-text gallery-caption' id='gallery-1-1847'>\n\t\t\t\tLe&#8217;s H\u00e4nde\n\t\t\t\t<\/dd><\/dl>\n\t\t\t<br style='clear: both' \/>\n\t\t<\/div>\n\t\t<\/div>\n\t\t\t\t<\/div>\n\t\t\t\t<\/div>\n\t\t\t\t\t\t<\/div>\n\t\t\t\t\t<\/div>\n\t\t<\/div>\n\t\t\t\t\t\t\t\t<\/div>\n\t\t\t\t\t<\/div>\n\t\t<\/section>\n\t\t\t\t\t\t\t\t\t<\/div>\n\t\t\t<\/div>\n\t\t\t\t\t<\/div>\n\t\t","protected":false},"excerpt":{"rendered":"<p>Le&#8217;s H\u00e4nde Hommage an die H\u00e4nde von Leni Vetter Le&#8217;s H\u00e4nde Le&#8217;s H\u00e4nde Le&#8217;s H\u00e4nde Le&#8217;s H\u00e4nde Le&#8217;s H\u00e4nde Le&#8217;s H\u00e4nde Le&#8217;s H\u00e4nde<\/p>\n","protected":false},"author":1,"featured_media":0,"parent":1608,"menu_order":13,"comment_status":"closed","ping_status":"closed","template":"elementor_header_footer","meta":[],"_links":{"self":[{"href":"https:\/\/konrad-vetter.ch\/dervetter\/wp-json\/wp\/v2\/pages\/2570"}],"collection":[{"href":"https:\/\/konrad-vetter.ch\/dervetter\/wp-json\/wp\/v2\/pages"}],"about":[{"href":"https:\/\/konrad-vetter.ch\/dervetter\/wp-json\/wp\/v2\/types\/page"}],"author":[{"embeddable":true,"href":"https:\/\/konrad-vetter.ch\/dervetter\/wp-json\/wp\/v2\/users\/1"}],"replies":[{"embeddable":true,"href":"https:\/\/konrad-vetter.ch\/dervetter\/wp-json\/wp\/v2\/comments?post=2570"}],"version-history":[{"count":3,"href":"https:\/\/konrad-vetter.ch\/dervetter\/wp-json\/wp\/v2\/pages\/2570\/revisions"}],"predecessor-version":[{"id":2573,"href":"https:\/\/konrad-vetter.ch\/dervetter\/wp-json\/wp\/v2\/pages\/2570\/revisions\/2573"}],"up":[{"embeddable":true,"href":"https:\/\/konrad-vetter.ch\/dervetter\/wp-json\/wp\/v2\/pages\/1608"}],"wp:attachment":[{"href":"https:\/\/konrad-vetter.ch\/dervetter\/wp-json\/wp\/v2\/media?parent=2570"}],"curies":[{"name":"wp","href":"https:\/\/api.w.org\/{rel}","templated":true}]}}