{"id":45,"date":"2020-08-23T15:02:22","date_gmt":"2020-08-23T15:02:22","guid":{"rendered":"https:\/\/konrad-vetter.ch\/dervetter\/?page_id=45"},"modified":"2022-02-14T10:02:52","modified_gmt":"2022-02-14T10:02:52","slug":"elementor-45","status":"publish","type":"page","link":"https:\/\/konrad-vetter.ch\/dervetter\/elementor-45\/","title":{"rendered":"Biographie"},"content":{"rendered":"\t\t<div data-elementor-type=\"wp-page\" data-elementor-id=\"45\" class=\"elementor elementor-45\">\n\t\t\t\t\t\t<div class=\"elementor-inner\">\n\t\t\t\t<div class=\"elementor-section-wrap\">\n\t\t\t\t\t\t\t\t\t<section class=\"elementor-section elementor-top-section elementor-element elementor-element-2ade9f6 elementor-section-boxed elementor-section-height-default elementor-section-height-default\" data-id=\"2ade9f6\" data-element_type=\"section\">\n\t\t\t\t\t\t<div class=\"elementor-container elementor-column-gap-default\">\n\t\t\t\t\t\t\t<div class=\"elementor-row\">\n\t\t\t\t\t<div class=\"elementor-column elementor-col-100 elementor-top-column elementor-element elementor-element-2fc9ec9\" data-id=\"2fc9ec9\" data-element_type=\"column\">\n\t\t\t<div class=\"elementor-column-wrap elementor-element-populated\">\n\t\t\t\t\t\t\t<div class=\"elementor-widget-wrap\">\n\t\t\t\t\t\t<div class=\"elementor-element elementor-element-538f57e elementor-widget elementor-widget-heading\" data-id=\"538f57e\" data-element_type=\"widget\" data-widget_type=\"heading.default\">\n\t\t\t\t<div class=\"elementor-widget-container\">\n\t\t\t<h2 class=\"elementor-heading-title elementor-size-medium\">Biographie<\/h2>\t\t<\/div>\n\t\t\t\t<\/div>\n\t\t\t\t\t\t<\/div>\n\t\t\t\t\t<\/div>\n\t\t<\/div>\n\t\t\t\t\t\t\t\t<\/div>\n\t\t\t\t\t<\/div>\n\t\t<\/section>\n\t\t\t\t<section class=\"elementor-section elementor-top-section elementor-element elementor-element-172736f elementor-section-boxed elementor-section-height-default elementor-section-height-default\" data-id=\"172736f\" data-element_type=\"section\">\n\t\t\t\t\t\t<div class=\"elementor-container elementor-column-gap-default\">\n\t\t\t\t\t\t\t<div class=\"elementor-row\">\n\t\t\t\t\t<div class=\"elementor-column elementor-col-100 elementor-top-column elementor-element elementor-element-73ec38f\" data-id=\"73ec38f\" data-element_type=\"column\">\n\t\t\t<div class=\"elementor-column-wrap elementor-element-populated\">\n\t\t\t\t\t\t\t<div class=\"elementor-widget-wrap\">\n\t\t\t\t\t\t<div class=\"elementor-element elementor-element-224f230 elementor-widget elementor-widget-text-editor\" data-id=\"224f230\" data-element_type=\"widget\" data-widget_type=\"text-editor.default\">\n\t\t\t\t<div class=\"elementor-widget-container\">\n\t\t\t\t\t\t\t\t<div class=\"elementor-text-editor elementor-clearfix\">\n\t\t\t\t<h2 class=\"elementor-heading-title elementor-size-default elementor-inline-editing pen\" style=\"font-family: Verdana, sans-serif; font-weight: 600; line-height: 3em; color: #757575; font-size: 12px; caret-color: #757575;\" data-elementor-setting-key=\"title\" data-pen-placeholder=\"Eingabe hier...\"><span style=\"letter-spacing: normal; white-space: normal; font-family: Arial, Helvetica, sans-serif; color: #ffffff;\"><span style=\"font-family: verdana, geneva; font-size: 14pt; font-weight: normal; color: #808080;\">Lebenslauf von Konrad Vetter<\/span><\/span><\/h2>\t\t\t\t\t<\/div>\n\t\t\t\t\t\t<\/div>\n\t\t\t\t<\/div>\n\t\t\t\t<section class=\"elementor-section elementor-inner-section elementor-element elementor-element-49ba5a3 elementor-section-boxed elementor-section-height-default elementor-section-height-default\" data-id=\"49ba5a3\" data-element_type=\"section\">\n\t\t\t\t\t\t<div class=\"elementor-container elementor-column-gap-default\">\n\t\t\t\t\t\t\t<div class=\"elementor-row\">\n\t\t\t\t\t<div class=\"elementor-column elementor-col-50 elementor-inner-column elementor-element elementor-element-01ceddb\" data-id=\"01ceddb\" data-element_type=\"column\">\n\t\t\t<div class=\"elementor-column-wrap elementor-element-populated\">\n\t\t\t\t\t\t\t<div class=\"elementor-widget-wrap\">\n\t\t\t\t\t\t<div class=\"elementor-element elementor-element-e8cf2b6 elementor-widget elementor-widget-text-editor\" data-id=\"e8cf2b6\" data-element_type=\"widget\" data-widget_type=\"text-editor.default\">\n\t\t\t\t<div class=\"elementor-widget-container\">\n\t\t\t\t\t\t\t\t<div class=\"elementor-text-editor elementor-clearfix\">\n\t\t\t\t<table style=\"caret-color: #000000; color: #000000; letter-spacing: normal;\" cellspacing=\"0\" cellpadding=\"0\"><tbody><tr><td style=\"width: 95px; height: 15px; border-style: solid; border-width: 1px 0px 0px 1px; border-color: #ffffff transparent transparent #ffffff; padding: 3px;\" valign=\"top\"><p style=\"margin-bottom: 0px;\"><span style=\"font-stretch: normal; font-size: 12px; line-height: normal; font-family: Verdana; font-variant-ligatures: common-ligatures; color: #807f7f;\">1922<\/span><\/p><\/td><td style=\"width: 373px; height: 15px; border-style: solid; border-width: 1px 1px 0px 0px; border-color: #ffffff #ffffff transparent transparent; padding: 3px;\" valign=\"top\"><p style=\"margin-bottom: 0px;\"><span style=\"font-stretch: normal; font-size: 12px; line-height: normal; font-family: Verdana; font-variant-ligatures: common-ligatures; color: #807f7f;\">geb. in Bern<\/span><\/p><\/td><\/tr><tr><td style=\"width: 95px; height: 15px; border-style: solid; border-width: 0px 0px 0px 1px; border-color: transparent transparent transparent #ffffff; padding: 3px;\" valign=\"middle\"><p style=\"margin-bottom: 0px;\"><span style=\"font-stretch: normal; font-size: 12px; line-height: normal; font-family: Verdana; font-variant-ligatures: common-ligatures; color: #807f7f;\">1938<\/span><\/p><\/td><td style=\"width: 373px; height: 15px; border-style: solid; border-width: 0px 1px 0px 0px; border-color: transparent #ffffff transparent transparent; padding: 3px;\" valign=\"middle\"><p style=\"margin-bottom: 0px;\"><span style=\"font-stretch: normal; font-size: 12px; line-height: normal; font-family: Verdana; font-variant-ligatures: common-ligatures; color: #807f7f;\">Austritt aus dem Gymnasium<\/span><\/p><\/td><\/tr><tr><td style=\"width: 95px; height: 45px; border-style: solid; border-width: 0px 0px 0px 1px; border-color: transparent transparent transparent #ffffff; padding: 3px;\" valign=\"top\"><p style=\"margin-bottom: 0px;\"><span style=\"font-stretch: normal; font-size: 12px; line-height: normal; font-family: Verdana; font-variant-ligatures: common-ligatures; color: #807f7f;\">1938\/42<\/span><\/p><\/td><td style=\"width: 373px; height: 45px; border-style: solid; border-width: 0px 1px 0px 0px; border-color: transparent #ffffff transparent transparent; padding: 3px;\" valign=\"top\"><p style=\"margin-bottom: 0px;\"><span style=\"font-stretch: normal; font-size: 12px; line-height: normal; font-family: Verdana; font-variant-ligatures: common-ligatures; color: #807f7f;\">Lehre als Glasmaler<\/span><\/p><p style=\"margin-bottom: 0px;\"><span style=\"font-stretch: normal; font-size: 12px; line-height: normal; font-family: Verdana; font-variant-ligatures: common-ligatures; color: #807f7f;\">Besuch der Kunstgewerbeschule in Bern<\/span><\/p><p style=\"margin-bottom: 0px;\"><span style=\"font-stretch: normal; font-size: 12px; line-height: normal; font-family: Verdana; font-variant-ligatures: common-ligatures; color: #807f7f;\">Freies Weiterarbeiten<\/span><\/p><\/td><\/tr><tr><td style=\"width: 95px; height: 15px; border-style: solid; border-width: 0px 0px 0px 1px; border-color: transparent transparent transparent #ffffff; padding: 3px;\" valign=\"top\"><p style=\"margin-bottom: 0px;\"><span style=\"font-stretch: normal; font-size: 12px; line-height: normal; font-family: Verdana; font-variant-ligatures: common-ligatures; color: #807f7f;\">1949<\/span><\/p><\/td><td style=\"width: 373px; height: 15px; border-style: solid; border-width: 0px 1px 0px 0px; border-color: transparent #ffffff transparent transparent; padding: 3px;\" valign=\"top\"><p style=\"margin-bottom: 0px;\"><span style=\"font-stretch: normal; font-size: 12px; line-height: normal; font-family: Verdana; font-variant-ligatures: common-ligatures; color: #807f7f;\">Heirat mit Helene Michel<\/span><\/p><\/td><\/tr><tr><td style=\"width: 95px; height: 15px; border-style: solid; border-width: 0px 0px 0px 1px; border-color: transparent transparent transparent #ffffff; padding: 3px;\" valign=\"top\"><p style=\"margin-bottom: 0px;\"><span style=\"font-stretch: normal; font-size: 12px; line-height: normal; font-family: Verdana; font-variant-ligatures: common-ligatures; color: #807f7f;\">1950\/52<\/span><\/p><\/td><td style=\"width: 373px; height: 15px; border-style: solid; border-width: 0px 1px 0px 0px; border-color: transparent #ffffff transparent transparent; padding: 3px;\" valign=\"top\"><p style=\"margin-bottom: 0px;\"><span style=\"font-stretch: normal; font-size: 12px; line-height: normal; font-family: Verdana; font-variant-ligatures: common-ligatures; color: #807f7f;\">Malschule Max v. M\u00fchlenen<\/span><\/p><\/td><\/tr><tr><td style=\"width: 95px; height: 15px; border-style: solid; border-width: 0px 0px 0px 1px; border-color: transparent transparent transparent #ffffff; padding: 3px;\" valign=\"top\"><p style=\"margin-bottom: 0px;\"><span style=\"font-stretch: normal; font-size: 12px; line-height: normal; font-family: Verdana; font-variant-ligatures: common-ligatures; color: #807f7f;\">1953<\/span><\/p><\/td><td style=\"width: 373px; height: 15px; border-style: solid; border-width: 0px 1px 0px 0px; border-color: transparent #ffffff transparent transparent; padding: 3px;\" valign=\"top\"><p style=\"margin-bottom: 0px;\"><span style=\"font-stretch: normal; font-size: 12px; line-height: normal; font-family: Verdana; font-variant-ligatures: common-ligatures; color: #807f7f;\">Geburt von Tochter Beatrice<\/span><\/p><\/td><\/tr><tr><td style=\"width: 95px; height: 15px; border-style: solid; border-width: 0px 0px 0px 1px; border-color: transparent transparent transparent #ffffff; padding: 3px;\" valign=\"top\"><p style=\"margin-bottom: 0px;\"><span style=\"font-stretch: normal; font-size: 12px; line-height: normal; font-family: Verdana; font-variant-ligatures: common-ligatures; color: #807f7f;\">56\/57\/58<\/span><\/p><\/td><td style=\"width: 373px; height: 15px; border-style: solid; border-width: 0px 1px 0px 0px; border-color: transparent #ffffff transparent transparent; padding: 3px;\" valign=\"top\"><p style=\"margin-bottom: 0px;\"><span style=\"font-stretch: normal; font-size: 12px; line-height: normal; font-family: Verdana; font-variant-ligatures: common-ligatures; color: #807f7f;\">Eidg. Stipendium f\u00fcr freie Kunst<\/span><\/p><\/td><\/tr><tr><td style=\"width: 95px; height: 30px; border-style: solid; border-width: 0px 0px 0px 1px; border-color: transparent transparent transparent #ffffff; padding: 3px;\" valign=\"top\"><p style=\"margin-bottom: 0px;\"><span style=\"font-stretch: normal; font-size: 12px; line-height: normal; font-family: Verdana; font-variant-ligatures: common-ligatures; color: #807f7f;\">ab 1955<\/span><\/p><\/td><td style=\"width: 373px; height: 30px; border-style: solid; border-width: 0px 1px 0px 0px; border-color: transparent #ffffff transparent transparent; padding: 3px;\" valign=\"top\"><p style=\"margin-bottom: 0px;\"><span style=\"font-stretch: normal; font-size: 12px; line-height: normal; font-family: Verdana; font-variant-ligatures: common-ligatures; color: #807f7f;\">Versuch der Ausdehnung der Glas-<\/span><\/p><p style=\"margin-bottom: 0px;\"><span style=\"font-stretch: normal; font-size: 12px; line-height: normal; font-family: Verdana; font-variant-ligatures: common-ligatures; color: #807f7f;\">malerei ins R\u00e4umliche<\/span><\/p><\/td><\/tr><tr><td style=\"width: 95px; height: 15px; border-style: solid; border-width: 0px 0px 0px 1px; border-color: transparent transparent transparent #ffffff; padding: 3px;\" valign=\"top\"><p style=\"margin-bottom: 0px;\"><span style=\"font-stretch: normal; font-size: 12px; line-height: normal; font-family: Verdana; font-variant-ligatures: common-ligatures; color: #807f7f;\">1956<\/span><\/p><\/td><td style=\"width: 373px; height: 15px; border-style: solid; border-width: 0px 1px 0px 0px; border-color: transparent #ffffff transparent transparent; padding: 3px;\" valign=\"top\"><p style=\"margin-bottom: 0px;\"><span style=\"font-stretch: normal; font-size: 12px; line-height: normal; font-family: Verdana; font-variant-ligatures: common-ligatures; color: #807f7f;\">Geburt von Sohn Thomas<\/span><\/p><\/td><\/tr><tr><td style=\"width: 95px; height: 30px; border-style: solid; border-width: 0px 0px 0px 1px; border-color: transparent transparent transparent #ffffff; padding: 3px;\" valign=\"top\"><p style=\"margin-bottom: 0px;\"><span style=\"font-stretch: normal; font-size: 12px; line-height: normal; font-family: Verdana; font-variant-ligatures: common-ligatures; color: #807f7f;\">1960\/70<\/span><\/p><\/td><td style=\"width: 373px; height: 30px; border-style: solid; border-width: 0px 1px 0px 0px; border-color: transparent #ffffff transparent transparent; padding: 3px;\" valign=\"top\"><p style=\"margin-bottom: 0px;\"><span style=\"font-stretch: normal; font-size: 12px; line-height: normal; font-family: Verdana; font-variant-ligatures: common-ligatures; color: #807f7f;\">Arbeitsgemeinschaft mit Franz Eggenschwiler,<\/span><\/p><p style=\"margin-bottom: 0px;\"><span style=\"font-stretch: normal; font-size: 12px; line-height: normal; font-family: Verdana; font-variant-ligatures: common-ligatures; color: #807f7f;\">Peter Meier und Robert W\u00e4lti<\/span><\/p><\/td><\/tr><tr><td style=\"width: 95px; height: 15px; border-style: solid; border-width: 0px 0px 0px 1px; border-color: transparent transparent transparent #ffffff; padding: 3px;\" valign=\"top\"><p style=\"margin-bottom: 0px;\"><span style=\"font-stretch: normal; font-size: 12px; line-height: normal; font-family: Verdana; font-variant-ligatures: common-ligatures; color: #807f7f;\">1962<\/span><\/p><\/td><td style=\"width: 373px; height: 15px; border-style: solid; border-width: 0px 1px 0px 0px; border-color: transparent #ffffff transparent transparent; padding: 3px;\" valign=\"top\"><p style=\"margin-bottom: 0px;\"><span style=\"font-stretch: normal; font-size: 12px; line-height: normal; font-family: Verdana; font-variant-ligatures: common-ligatures; color: #807f7f;\">Geburt von Sohn Benedikt<\/span><\/p><\/td><\/tr><tr><td style=\"width: 95px; height: 15px; border-style: solid; border-width: 0px 0px 0px 1px; border-color: transparent transparent transparent #ffffff; padding: 3px;\" valign=\"top\"><p style=\"margin-bottom: 0px;\"><span style=\"font-stretch: normal; font-size: 12px; line-height: normal; font-family: Verdana; font-variant-ligatures: common-ligatures; color: #807f7f;\">1964\/68<\/span><\/p><\/td><td style=\"width: 373px; height: 15px; border-style: solid; border-width: 0px 1px 0px 0px; border-color: transparent #ffffff transparent transparent; padding: 3px;\" valign=\"top\"><p style=\"margin-bottom: 0px;\"><span style=\"font-stretch: normal; font-size: 12px; line-height: normal; font-family: Verdana; font-variant-ligatures: common-ligatures; color: #807f7f;\">Konsulent Kant. Kunstkommission Bern<\/span><\/p><\/td><\/tr><tr><td style=\"width: 95px; height: 15px; border-style: solid; border-width: 0px 0px 0px 1px; border-color: transparent transparent transparent #ffffff; padding: 3px;\" valign=\"top\"><p style=\"margin-bottom: 0px;\"><span style=\"font-stretch: normal; font-size: 12px; line-height: normal; font-family: Verdana; font-variant-ligatures: common-ligatures; color: #807f7f;\">1965\/87<\/span><\/p><\/td><td style=\"width: 373px; height: 15px; border-style: solid; border-width: 0px 1px 0px 0px; border-color: transparent #ffffff transparent transparent; padding: 3px;\" valign=\"top\"><p style=\"margin-bottom: 0px;\"><span style=\"font-stretch: normal; font-size: 12px; line-height: normal; font-family: Verdana; font-variant-ligatures: common-ligatures; color: #807f7f;\">Eigenes Atelier f\u00fcr Glasmalerei in Bern<\/span><\/p><\/td><\/tr><tr><td style=\"width: 95px; height: 45px; border-style: solid; border-width: 0px 0px 0px 1px; border-color: transparent transparent transparent #ffffff; padding: 3px;\" valign=\"top\"><p style=\"margin-bottom: 0px;\"><span style=\"font-stretch: normal; font-size: 12px; line-height: normal; font-family: Verdana; font-variant-ligatures: common-ligatures; color: #807f7f;\">1980<\/span><\/p><\/td><td style=\"width: 373px; height: 45px; border-style: solid; border-width: 0px 1px 0px 0px; border-color: transparent #ffffff transparent transparent; padding: 3px;\" valign=\"top\"><p style=\"margin-bottom: 0px;\"><span style=\"font-stretch: normal; font-size: 12px; line-height: normal; font-family: Verdana; font-variant-ligatures: common-ligatures; color: #807f7f;\">Versuch den Themenkreis &#8222;Jakobs Traum&#8220;<\/span><\/p><p style=\"margin-bottom: 0px;\"><span style=\"font-stretch: normal; font-size: 12px; line-height: normal; font-family: Verdana; font-variant-ligatures: common-ligatures; color: #807f7f;\">zu schliessen.<\/span><\/p><p style=\"margin-bottom: 0px;\"><span style=\"font-stretch: normal; font-size: 12px; line-height: normal; font-family: Verdana; font-variant-ligatures: common-ligatures; color: #807f7f;\">Begonnen 1965, entstanden aus einem Traum 1965<\/span><\/p><\/td><\/tr><tr><td style=\"width: 95px; height: 15px; border-style: solid; border-width: 0px 0px 0px 1px; border-color: transparent transparent transparent #ffffff; padding: 3px;\" valign=\"top\"><p style=\"margin-bottom: 0px;\"><span style=\"font-stretch: normal; font-size: 12px; line-height: normal; font-family: Verdana; font-variant-ligatures: common-ligatures; color: #807f7f;\">1982<\/span><\/p><\/td><td style=\"width: 373px; height: 15px; border-style: solid; border-width: 0px 1px 0px 0px; border-color: transparent #ffffff transparent transparent; padding: 3px;\" valign=\"top\"><p style=\"margin-bottom: 0px;\"><span style=\"font-stretch: normal; font-size: 12px; line-height: normal; font-family: Verdana; font-variant-ligatures: common-ligatures; color: #807f7f;\">Nach kurzer schwerer Krankheit stirbt Thomas<\/span><\/p><\/td><\/tr><tr><td style=\"width: 95px; height: 15px; border-style: solid; border-width: 0px 0px 0px 1px; border-color: transparent transparent transparent #ffffff; padding: 3px;\" valign=\"top\"><p style=\"margin-bottom: 0px;\"><span style=\"font-stretch: normal; font-size: 12px; line-height: normal; font-family: Verdana; font-variant-ligatures: common-ligatures; color: #807f7f;\">1993\/99<\/span><\/p><\/td><td style=\"width: 373px; height: 15px; border-style: solid; border-width: 0px 1px 0px 0px; border-color: transparent #ffffff transparent transparent; padding: 3px;\" valign=\"top\"><p style=\"margin-bottom: 0px;\"><span style=\"font-stretch: normal; font-size: 12px; line-height: normal; font-family: Verdana; font-variant-ligatures: common-ligatures; color: #807f7f;\">Konsulent Eidg. Stipendium f\u00fcr angewandte Kunst<\/span><\/p><\/td><\/tr><tr><td style=\"width: 95px; height: 15px; border-style: solid; border-width: 0px 0px 0px 1px; border-color: transparent transparent transparent #ffffff; padding: 3px;\" valign=\"middle\"><p style=\"margin-bottom: 0px;\"><span style=\"font-stretch: normal; font-size: 12px; line-height: normal; font-family: Verdana; font-variant-ligatures: common-ligatures; color: #807f7f;\">2009<\/span><\/p><\/td><td style=\"width: 373px; height: 15px; border-style: solid; border-width: 0px 1px 0px 0px; border-color: transparent #ffffff transparent transparent; padding: 3px;\" valign=\"middle\"><p style=\"margin-bottom: 0px;\"><span style=\"font-stretch: normal; font-size: 12px; line-height: normal; font-family: Verdana; font-variant-ligatures: common-ligatures; color: #807f7f;\">Darmkrebs, Herzinfarkt<\/span><\/p><\/td><\/tr><tr><td style=\"width: 95px; height: 30px; border-style: solid; border-width: 0px 0px 0px 1px; border-color: transparent transparent transparent #ffffff; padding: 3px;\" valign=\"middle\"><p style=\"margin-bottom: 0px;\"><span style=\"font-stretch: normal; font-size: 12px; line-height: normal; font-family: Verdana; font-variant-ligatures: common-ligatures; color: #807f7f;\">16.03.2011<\/span><\/p><\/td><td style=\"width: 373px; height: 30px; border-style: solid; border-width: 0px 1px 0px 0px; border-color: transparent #ffffff transparent transparent; padding: 3px;\" valign=\"middle\"><p style=\"margin-bottom: 0px;\"><span style=\"font-stretch: normal; font-size: 12px; line-height: normal; font-family: Verdana; font-variant-ligatures: common-ligatures; color: #807f7f;\">Leni stirbt in den fr\u00fchen Morgenstunden an den Folgen eines Hirnschlags<\/span><\/p><\/td><\/tr><tr><td style=\"width: 95px; height: 15px; border-style: solid; border-width: 0px 0px 0px 1px; border-color: transparent transparent transparent #ffffff; padding: 3px;\" valign=\"middle\"><p style=\"margin-bottom: 0px;\"><span style=\"font-stretch: normal; font-size: 12px; line-height: normal; font-family: Verdana; font-variant-ligatures: common-ligatures; color: #807f7f;\">2011<\/span><\/p><\/td><td style=\"width: 373px; height: 15px; border-style: solid; border-width: 0px 1px 0px 0px; border-color: transparent #ffffff transparent transparent; padding: 3px;\" valign=\"middle\"><p style=\"margin-bottom: 0px;\"><span style=\"font-stretch: normal; font-size: 12px; line-height: normal; font-family: Verdana; font-variant-ligatures: common-ligatures; color: #807f7f;\">Ehrung der Gemeinde Muri-G\u00fcmligen mit dem &#8222;Muripreis&#8220;<\/span><\/p><\/td><\/tr><tr><td style=\"width: 95px; height: 45px; border-style: solid; border-width: 0px 0px 0px 1px; border-color: transparent transparent transparent #ffffff; padding: 3px;\" valign=\"top\"><p style=\"margin-bottom: 0px;\"><span style=\"font-stretch: normal; font-size: 12px; line-height: normal; font-family: Verdana; font-variant-ligatures: common-ligatures; color: #807f7f;\">bis 2013<\/span><\/p><\/td><td style=\"width: 373px; height: 45px; border-style: solid; border-width: 0px 1px 0px 0px; border-color: transparent #ffffff transparent transparent; padding: 3px;\" valign=\"top\"><p style=\"margin-bottom: 0px;\"><span style=\"font-stretch: normal; font-size: 12px; line-height: normal; font-family: Verdana; font-variant-ligatures: common-ligatures; color: #807f7f;\">Tagt\u00e4gliches Arbeiten, Entwickeln und Entwerfen<\/span><\/p><p style=\"margin-bottom: 0px;\"><span style=\"font-stretch: normal; font-size: 12px; line-height: normal; font-family: Verdana; font-variant-ligatures: common-ligatures; color: #807f7f;\">neuer Werke in seinem Atelier in G\u00fcmligen<\/span><\/p><p style=\"margin-bottom: 0px;\"><span style=\"font-stretch: normal; font-size: 12px; line-height: normal; font-family: Verdana; font-variant-ligatures: common-ligatures; color: #807f7f;\">(Anm. vom Webmaster)<\/span><\/p><\/td><\/tr><tr><td style=\"width: 95px; height: 30px; border-style: solid; border-width: 0px 0px 1px 1px; border-color: transparent transparent #ffffff #ffffff; padding: 3px;\" valign=\"top\"><p style=\"margin-bottom: 0px;\"><span style=\"font-stretch: normal; font-size: 12px; line-height: normal; font-family: Verdana; font-variant-ligatures: common-ligatures; color: #807f7f;\">10.10.2014<\/span><\/p><\/td><td style=\"width: 373px; height: 30px; border-style: solid; border-width: 0px 1px 1px 0px; border-color: transparent #ffffff #ffffff transparent; padding: 3px;\" valign=\"top\"><p style=\"margin-bottom: 0px;\"><span style=\"font-stretch: normal; font-size: 12px; line-height: normal; font-family: Verdana; font-variant-ligatures: common-ligatures; color: #807f7f;\">Koni stirbt nach 1 1\/2 j\u00e4hrigem Aufenthalt im\u00a0<\/span><\/p><p style=\"margin-bottom: 0px;\"><span style=\"font-stretch: normal; font-size: 12px; line-height: normal; font-family: Verdana; font-variant-ligatures: common-ligatures; color: #807f7f;\">Alterspflegeheim Nussbaumallee in G\u00fcmligen<\/span><\/p><\/td><\/tr><\/tbody><\/table>\t\t\t\t\t<\/div>\n\t\t\t\t\t\t<\/div>\n\t\t\t\t<\/div>\n\t\t\t\t\t\t<\/div>\n\t\t\t\t\t<\/div>\n\t\t<\/div>\n\t\t\t\t<div class=\"elementor-column elementor-col-50 elementor-inner-column elementor-element elementor-element-9501745\" data-id=\"9501745\" data-element_type=\"column\">\n\t\t\t<div class=\"elementor-column-wrap elementor-element-populated\">\n\t\t\t\t\t\t\t<div class=\"elementor-widget-wrap\">\n\t\t\t\t\t\t<div class=\"elementor-element elementor-element-561291c elementor-widget elementor-widget-image\" data-id=\"561291c\" data-element_type=\"widget\" data-widget_type=\"image.default\">\n\t\t\t\t<div class=\"elementor-widget-container\">\n\t\t\t\t\t\t\t\t<div class=\"elementor-image\">\n\t\t\t\t\t\t\t\t\t\t\t\t<img width=\"253\" height=\"350\" src=\"https:\/\/konrad-vetter.ch\/dervetter\/wp-content\/uploads\/2020\/10\/Koni_Bio.jpg\" class=\"attachment-large size-large\" alt=\"\" loading=\"lazy\" srcset=\"https:\/\/konrad-vetter.ch\/dervetter\/wp-content\/uploads\/2020\/10\/Koni_Bio.jpg 253w, https:\/\/konrad-vetter.ch\/dervetter\/wp-content\/uploads\/2020\/10\/Koni_Bio-217x300.jpg 217w\" sizes=\"(max-width: 253px) 100vw, 253px\" \/>\t\t\t\t\t\t\t\t\t\t\t\t\t\t<\/div>\n\t\t\t\t\t\t<\/div>\n\t\t\t\t<\/div>\n\t\t\t\t\t\t<\/div>\n\t\t\t\t\t<\/div>\n\t\t<\/div>\n\t\t\t\t\t\t\t\t<\/div>\n\t\t\t\t\t<\/div>\n\t\t<\/section>\n\t\t\t\t<div class=\"elementor-element elementor-element-40dc7eb elementor-widget elementor-widget-text-editor\" data-id=\"40dc7eb\" data-element_type=\"widget\" data-widget_type=\"text-editor.default\">\n\t\t\t\t<div class=\"elementor-widget-container\">\n\t\t\t\t\t\t\t\t<div class=\"elementor-text-editor elementor-clearfix\">\n\t\t\t\t\t\t\t\t\t<\/div>\n\t\t\t\t\t\t<\/div>\n\t\t\t\t<\/div>\n\t\t\t\t\t\t<\/div>\n\t\t\t\t\t<\/div>\n\t\t<\/div>\n\t\t\t\t\t\t\t\t<\/div>\n\t\t\t\t\t<\/div>\n\t\t<\/section>\n\t\t\t\t<section class=\"elementor-section elementor-top-section elementor-element elementor-element-41870df elementor-section-boxed elementor-section-height-default elementor-section-height-default\" data-id=\"41870df\" data-element_type=\"section\">\n\t\t\t\t\t\t<div class=\"elementor-container elementor-column-gap-default\">\n\t\t\t\t\t\t\t<div class=\"elementor-row\">\n\t\t\t\t\t<div class=\"elementor-column elementor-col-100 elementor-top-column elementor-element elementor-element-598fd18\" data-id=\"598fd18\" data-element_type=\"column\">\n\t\t\t<div class=\"elementor-column-wrap elementor-element-populated\">\n\t\t\t\t\t\t\t<div class=\"elementor-widget-wrap\">\n\t\t\t\t\t\t<div class=\"elementor-element elementor-element-162842b elementor-widget elementor-widget-heading\" data-id=\"162842b\" data-element_type=\"widget\" data-widget_type=\"heading.default\">\n\t\t\t\t<div class=\"elementor-widget-container\">\n\t\t\t<h2 class=\"elementor-heading-title elementor-size-default\"><font color=\"#808080\" face=\"verdana, geneva\" size=\"4\"><span style=\"caret-color: rgb(117, 117, 117); font-weight: normal; letter-spacing: normal; white-space: normal;\">Wichtige&nbsp;Ausstellungen<\/span><\/font><\/h2>\t\t<\/div>\n\t\t\t\t<\/div>\n\t\t\t\t\t\t<\/div>\n\t\t\t\t\t<\/div>\n\t\t<\/div>\n\t\t\t\t\t\t\t\t<\/div>\n\t\t\t\t\t<\/div>\n\t\t<\/section>\n\t\t\t\t<section class=\"elementor-section elementor-top-section elementor-element elementor-element-da3e2cb elementor-section-boxed elementor-section-height-default elementor-section-height-default\" data-id=\"da3e2cb\" data-element_type=\"section\">\n\t\t\t\t\t\t<div class=\"elementor-container elementor-column-gap-default\">\n\t\t\t\t\t\t\t<div class=\"elementor-row\">\n\t\t\t\t\t<div class=\"elementor-column elementor-col-100 elementor-top-column elementor-element elementor-element-39b6153\" data-id=\"39b6153\" data-element_type=\"column\">\n\t\t\t<div class=\"elementor-column-wrap elementor-element-populated\">\n\t\t\t\t\t\t\t<div class=\"elementor-widget-wrap\">\n\t\t\t\t\t\t<div class=\"elementor-element elementor-element-24f235d elementor-widget elementor-widget-text-editor\" data-id=\"24f235d\" data-element_type=\"widget\" data-widget_type=\"text-editor.default\">\n\t\t\t\t<div class=\"elementor-widget-container\">\n\t\t\t\t\t\t\t\t<div class=\"elementor-text-editor elementor-clearfix\">\n\t\t\t\t<table cellspacing=\"0\" cellpadding=\"0\"><tbody><tr><td style=\"width: 65.0px; height: 30.0px; padding: 4.0px 4.0px 4.0px 4.0px;\" valign=\"middle\"><p style=\"margin-bottom: 0px; font-stretch: normal; font-size: 12px; line-height: normal; font-family: Verdana; color: #807f7f;\">1957<\/p><\/td><td style=\"width: 400.0px; height: 30.0px; padding: 4.0px 4.0px 4.0px 4.0px;\" valign=\"middle\"><p style=\"margin-bottom: 0px; font-stretch: normal; font-size: 12px; line-height: normal; font-family: Verdana; color: #807f7f;\">Kunsthalle Bern\u00a0<\/p><p style=\"margin-bottom: 0px; font-stretch: normal; font-size: 12px; line-height: normal; font-family: Verdana; color: #807f7f;\">&#8222;Die Zeichnung im Schaffen junger Maler und Bildhauer&#8220;<\/p><\/td><\/tr><tr><td style=\"width: 65.0px; height: 30.0px; padding: 4.0px 4.0px 4.0px 4.0px;\" valign=\"middle\"><p style=\"margin-bottom: 0px; font-stretch: normal; font-size: 12px; line-height: normal; font-family: Verdana; color: #807f7f;\">1964<\/p><\/td><td style=\"width: 400.0px; height: 30.0px; padding: 4.0px 4.0px 4.0px 4.0px;\" valign=\"middle\"><p style=\"margin-bottom: 0px; font-stretch: normal; font-size: 12px; line-height: normal; font-family: Verdana; color: #807f7f;\">Galerie Schindler mit Franz Eggenschwiler und Peter Meier<\/p><p style=\"margin-bottom: 0px; font-stretch: normal; font-size: 12px; line-height: normal; font-family: Verdana; color: #807f7f;\">R\u00fcfenacht und Heuberger: &#8222;Au milieu des artistes&#8220; mit Kurt Blum<\/p><\/td><\/tr><tr><td style=\"width: 65.0px; height: 15.0px; padding: 4.0px 4.0px 4.0px 4.0px;\" valign=\"middle\"><p style=\"margin-bottom: 0px; font-stretch: normal; font-size: 12px; line-height: normal; font-family: Verdana; color: #807f7f;\">1966<\/p><\/td><td style=\"width: 400.0px; height: 15.0px; padding: 4.0px 4.0px 4.0px 4.0px;\" valign=\"middle\"><p style=\"margin-bottom: 0px; font-stretch: normal; font-size: 12px; line-height: normal; font-family: Verdana; color: #807f7f;\">&#8222;Roter Eindruck&#8220; bei Kn\u00f6ll, Einzelausstellung<\/p><\/td><\/tr><tr><td style=\"width: 65.0px; height: 45.0px; padding: 4.0px 4.0px 4.0px 4.0px;\" valign=\"middle\"><p style=\"margin-bottom: 0px; font-stretch: normal; font-size: 12px; line-height: normal; font-family: Verdana; color: #807f7f;\">1970<\/p><\/td><td style=\"width: 400.0px; height: 45.0px; padding: 4.0px 4.0px 4.0px 4.0px;\" valign=\"middle\"><p style=\"margin-bottom: 0px; font-stretch: normal; font-size: 12px; line-height: normal; font-family: Verdana; color: #807f7f;\">Ausstellung der Arbeitsgemeinschaft Franz Eggenschwiler,\u00a0<\/p><p style=\"margin-bottom: 0px; font-stretch: normal; font-size: 12px; line-height: normal; font-family: Verdana; color: #807f7f;\">Peter Meier, Konrad Vetter, Robert W\u00e4lti bei Hans van der Grinten, Kranenburg<\/p><\/td><\/tr><tr><td style=\"width: 65.0px; height: 30.0px; padding: 4.0px 4.0px 4.0px 4.0px;\" valign=\"middle\"><p style=\"margin-bottom: 0px; font-stretch: normal; font-size: 12px; line-height: normal; font-family: Helvetica; min-height: 14px;\">\u00a0<\/p><\/td><td style=\"width: 400.0px; height: 30.0px; padding: 4.0px 4.0px 4.0px 4.0px;\" valign=\"middle\"><p style=\"margin-bottom: 0px; font-stretch: normal; font-size: 12px; line-height: normal; font-family: Verdana; color: #807f7f;\">Ausstellung der Arbeitsgemeinschaft Franz Eggenschwiler,\u00a0<\/p><p style=\"margin-bottom: 0px; font-stretch: normal; font-size: 12px; line-height: normal; font-family: Verdana; color: #807f7f;\">Peter Meier, Konrad Vetter, Robert W\u00e4lti in der Kunsthalle K\u00f6ln<\/p><\/td><\/tr><tr><td style=\"width: 65.0px; height: 30.0px; padding: 4.0px 4.0px 4.0px 4.0px;\" valign=\"middle\"><p style=\"margin-bottom: 0px; font-stretch: normal; font-size: 12px; line-height: normal; font-family: Helvetica; min-height: 14px;\">\u00a0<\/p><\/td><td style=\"width: 400.0px; height: 30.0px; padding: 4.0px 4.0px 4.0px 4.0px;\" valign=\"middle\"><p style=\"margin-bottom: 0px; font-stretch: normal; font-size: 12px; line-height: normal; font-family: Verdana; color: #807f7f;\">Ausstellung der Arbeitsgemeinschaft Franz Eggenschwiler,\u00a0<\/p><p style=\"margin-bottom: 0px; font-stretch: normal; font-size: 12px; line-height: normal; font-family: Verdana; color: #807f7f;\">Peter Meier, Konrad Vetter, Robert W\u00e4lti im Kunsthaus Luzern<\/p><\/td><\/tr><tr><td style=\"width: 65.0px; height: 15.0px; padding: 4.0px 4.0px 4.0px 4.0px;\" valign=\"middle\"><p style=\"margin-bottom: 0px; font-stretch: normal; font-size: 12px; line-height: normal; font-family: Helvetica; min-height: 14px;\">\u00a0<\/p><\/td><td style=\"width: 400.0px; height: 15.0px; padding: 4.0px 4.0px 4.0px 4.0px;\" valign=\"middle\"><p style=\"margin-bottom: 0px; font-stretch: normal; font-size: 12px; line-height: normal; font-family: Verdana; color: #807f7f;\">Faltungen bei Toni Gerber, Bern<\/p><\/td><\/tr><tr><td style=\"width: 65.0px; height: 30.0px; padding: 4.0px 4.0px 4.0px 4.0px;\" valign=\"middle\"><p style=\"margin-bottom: 0px; font-stretch: normal; font-size: 12px; line-height: normal; font-family: Verdana; color: #807f7f;\">1971<\/p><\/td><td style=\"width: 400.0px; height: 30.0px; padding: 4.0px 4.0px 4.0px 4.0px;\" valign=\"middle\"><p style=\"margin-bottom: 0px; font-stretch: normal; font-size: 12px; line-height: normal; font-family: Verdana; color: #807f7f;\">Ausstellung der Arbeitsgemeinschaft Franz Eggenschwiler, Peter Meier, Konrad Vetter,\u00a0<\/p><p style=\"margin-bottom: 0px; font-stretch: normal; font-size: 12px; line-height: normal; font-family: Verdana; color: #807f7f;\">Robert W\u00e4lti im Kunstmuseum Basel<\/p><\/td><\/tr><tr><td style=\"width: 65.0px; height: 30.0px; padding: 4.0px 4.0px 4.0px 4.0px;\" valign=\"middle\"><p style=\"margin-bottom: 0px; font-stretch: normal; font-size: 12px; line-height: normal; font-family: Helvetica; min-height: 14px;\">\u00a0<\/p><\/td><td style=\"width: 400.0px; height: 30.0px; padding: 4.0px 4.0px 4.0px 4.0px;\" valign=\"middle\"><p style=\"margin-bottom: 0px; font-stretch: normal; font-size: 12px; line-height: normal; font-family: Verdana; color: #807f7f;\">Kunstmuseum Bern, weisser Saal\u00a0<\/p><p style=\"margin-bottom: 0px; font-stretch: normal; font-size: 12px; line-height: normal; font-family: Verdana; color: #807f7f;\">&#8222;Konkrete Kunst im Kt. Bern&#8220;<\/p><\/td><\/tr><tr><td style=\"width: 65.0px; height: 15.0px; padding: 4.0px 4.0px 4.0px 4.0px;\" valign=\"middle\"><p style=\"margin-bottom: 0px; font-stretch: normal; font-size: 12px; line-height: normal; font-family: Verdana; color: #807f7f;\">1975<\/p><\/td><td style=\"width: 400.0px; height: 15.0px; padding: 4.0px 4.0px 4.0px 4.0px;\" valign=\"middle\"><p style=\"margin-bottom: 0px; font-stretch: normal; font-size: 12px; line-height: normal; font-family: Verdana; color: #807f7f;\">Artistes Bernois \u00e0 Sion<\/p><\/td><\/tr><tr><td style=\"width: 65.0px; height: 30.0px; padding: 4.0px 4.0px 4.0px 4.0px;\" valign=\"middle\"><p style=\"margin-bottom: 0px; font-stretch: normal; font-size: 12px; line-height: normal; font-family: Helvetica; min-height: 14px;\">\u00a0<\/p><\/td><td style=\"width: 400.0px; height: 30.0px; padding: 4.0px 4.0px 4.0px 4.0px;\" valign=\"middle\"><p style=\"margin-bottom: 0px; font-stretch: normal; font-size: 12px; line-height: normal; font-family: Verdana; color: #807f7f;\">Schweizer Plastikausstellung in Biel\u00a0<\/p><p style=\"margin-bottom: 0px; font-stretch: normal; font-size: 12px; line-height: normal; font-family: Verdana; color: #807f7f;\">(Zeichnungen und Plastiken)<\/p><\/td><\/tr><tr><td style=\"width: 65.0px; height: 75.0px; padding: 4.0px 4.0px 4.0px 4.0px;\" valign=\"middle\"><p style=\"margin-bottom: 0px; font-stretch: normal; font-size: 12px; line-height: normal; font-family: Verdana; color: #807f7f;\">1975\/90<\/p><\/td><td style=\"width: 400.0px; height: 75.0px; padding: 4.0px 4.0px 4.0px 4.0px;\" valign=\"middle\"><p style=\"margin-bottom: 0px; font-stretch: normal; font-size: 12px; line-height: normal; font-family: Verdana; color: #807f7f;\">Einzel- und Gruppenausstellungen bei:\u00a0<\/p><p style=\"margin-bottom: 0px; font-stretch: normal; font-size: 12px; line-height: normal; font-family: Verdana; color: #807f7f;\">Ingrid Studer, Burgdorf<\/p><p style=\"margin-bottom: 0px; font-stretch: normal; font-size: 12px; line-height: normal; font-family: Verdana; color: #807f7f;\">Ruth Mentha, Muri<\/p><p style=\"margin-bottom: 0px; font-stretch: normal; font-size: 12px; line-height: normal; font-family: Verdana; color: #807f7f;\">Baeriswil, Fribourg<\/p><p style=\"margin-bottom: 0px; font-stretch: normal; font-size: 12px; line-height: normal; font-family: Verdana; color: #807f7f;\">Trudelhaus, Baden<\/p><\/td><\/tr><tr><td style=\"width: 65.0px; height: 15.0px; padding: 4.0px 4.0px 4.0px 4.0px;\" valign=\"middle\"><p style=\"margin-bottom: 0px; font-stretch: normal; font-size: 12px; line-height: normal; font-family: Verdana; color: #807f7f;\">1977<\/p><\/td><td style=\"width: 400.0px; height: 15.0px; padding: 4.0px 4.0px 4.0px 4.0px;\" valign=\"middle\"><p style=\"margin-bottom: 0px; font-stretch: normal; font-size: 12px; line-height: normal; font-family: Verdana; color: #807f7f;\">ETH Z\u00fcrich<\/p><\/td><\/tr><tr><td style=\"width: 65.0px; height: 15.0px; padding: 4.0px 4.0px 4.0px 4.0px;\" valign=\"middle\"><p style=\"margin-bottom: 0px; font-stretch: normal; font-size: 12px; line-height: normal; font-family: Helvetica; min-height: 14px;\">\u00a0<\/p><\/td><td style=\"width: 400.0px; height: 15.0px; padding: 4.0px 4.0px 4.0px 4.0px;\" valign=\"middle\"><p style=\"margin-bottom: 0px; font-stretch: normal; font-size: 12px; line-height: normal; font-family: Verdana; color: #807f7f;\">Kunsthalle Bern (Textil, Glas)<\/p><\/td><\/tr><tr><td style=\"width: 65.0px; height: 15.0px; padding: 4.0px 4.0px 4.0px 4.0px;\" valign=\"middle\"><p style=\"margin-bottom: 0px; font-stretch: normal; font-size: 12px; line-height: normal; font-family: Verdana; color: #807f7f;\">1979<\/p><\/td><td style=\"width: 400.0px; height: 15.0px; padding: 4.0px 4.0px 4.0px 4.0px;\" valign=\"middle\"><p style=\"margin-bottom: 0px; font-stretch: normal; font-size: 12px; line-height: normal; font-family: Verdana; color: #807f7f;\">Bellerive-Museum, Z\u00fcrich (Drachenausstellung)<\/p><\/td><\/tr><tr><td style=\"width: 65.0px; height: 15.0px; padding: 4.0px 4.0px 4.0px 4.0px;\" valign=\"middle\"><p style=\"margin-bottom: 0px; font-stretch: normal; font-size: 12px; line-height: normal; font-family: Verdana; color: #807f7f;\">1984<\/p><\/td><td style=\"width: 400.0px; height: 15.0px; padding: 4.0px 4.0px 4.0px 4.0px;\" valign=\"middle\"><p style=\"margin-bottom: 0px; font-stretch: normal; font-size: 12px; line-height: normal; font-family: Verdana; color: #807f7f;\">Kunstmuseum Bern &#8222;Jakobs Traum&#8220; Einzelausstellung<\/p><\/td><\/tr><tr><td style=\"width: 65.0px; height: 30.0px; padding: 4.0px 4.0px 4.0px 4.0px;\" valign=\"middle\"><p style=\"margin-bottom: 0px; font-stretch: normal; font-size: 12px; line-height: normal; font-family: Verdana; color: #807f7f;\">1989<\/p><\/td><td style=\"width: 400.0px; height: 30.0px; padding: 4.0px 4.0px 4.0px 4.0px;\" valign=\"middle\"><p style=\"margin-bottom: 0px; font-stretch: normal; font-size: 12px; line-height: normal; font-family: Verdana; color: #807f7f;\">Einzelausstellung &#8222;Zeichnungen aus 40 Jahren&#8220;<\/p><p style=\"margin-bottom: 0px; font-stretch: normal; font-size: 12px; line-height: normal; font-family: Verdana; color: #807f7f;\">im Museum von Nymwegen &#8222;Commanderie van Sint-Jan&#8220;<\/p><\/td><\/tr><tr><td style=\"width: 65.0px; height: 30.0px; padding: 4.0px 4.0px 4.0px 4.0px;\" valign=\"middle\"><p style=\"margin-bottom: 0px; font-stretch: normal; font-size: 12px; line-height: normal; font-family: Helvetica; min-height: 14px;\">\u00a0<\/p><\/td><td style=\"width: 400.0px; height: 30.0px; padding: 4.0px 4.0px 4.0px 4.0px;\" valign=\"middle\"><p style=\"margin-bottom: 0px; font-stretch: normal; font-size: 12px; line-height: normal; font-family: Verdana; color: #807f7f;\">Einzelausstellung &#8222;Zeichnungen aus 40 Jahren&#8220;<\/p><p style=\"margin-bottom: 0px; font-stretch: normal; font-size: 12px; line-height: normal; font-family: Verdana; color: #807f7f;\">im westf\u00e4llischen Landesmuseum f\u00fcr Kunst und Kultur in M\u00fcnster<\/p><\/td><\/tr><tr><td style=\"width: 65.0px; height: 30.0px; padding: 4.0px 4.0px 4.0px 4.0px;\" valign=\"middle\"><p style=\"margin-bottom: 0px; font-stretch: normal; font-size: 12px; line-height: normal; font-family: Verdana; color: #807f7f;\">1990<\/p><\/td><td style=\"width: 400.0px; height: 30.0px; padding: 4.0px 4.0px 4.0px 4.0px;\" valign=\"middle\"><p style=\"margin-bottom: 0px; font-stretch: normal; font-size: 12px; line-height: normal; font-family: Verdana; color: #807f7f;\">Einzelausstellung &#8222;Zeichnungen aus 40 Jahren&#8220;\u00a0<\/p><p style=\"margin-bottom: 0px; font-stretch: normal; font-size: 12px; line-height: normal; font-family: Verdana; color: #807f7f;\">Grafiksammlung ETH Z\u00fcrich<\/p><\/td><\/tr><tr><td style=\"width: 65.0px; height: 30.0px; padding: 4.0px 4.0px 4.0px 4.0px;\" valign=\"middle\"><p style=\"margin-bottom: 0px; font-stretch: normal; font-size: 12px; line-height: normal; font-family: Verdana; color: #807f7f;\">1992<\/p><\/td><td style=\"width: 400.0px; height: 30.0px; padding: 4.0px 4.0px 4.0px 4.0px;\" valign=\"middle\"><p style=\"margin-bottom: 0px; font-stretch: normal; font-size: 12px; line-height: normal; font-family: Verdana; color: #807f7f;\">Einzelausstellung im Mus\u00e9e du vitrail, Romont<\/p><p style=\"margin-bottom: 0px; font-stretch: normal; font-size: 12px; line-height: normal; font-family: Verdana; color: #807f7f;\">Glas und Zeichnungen<\/p><\/td><\/tr><tr><td style=\"width: 65.0px; height: 30.0px; padding: 4.0px 4.0px 4.0px 4.0px;\" valign=\"middle\"><p style=\"margin-bottom: 0px; font-stretch: normal; font-size: 12px; line-height: normal; font-family: Verdana; color: #807f7f;\">1996<\/p><\/td><td style=\"width: 400.0px; height: 30.0px; padding: 4.0px 4.0px 4.0px 4.0px;\" valign=\"middle\"><p style=\"margin-bottom: 0px; font-stretch: normal; font-size: 12px; line-height: normal; font-family: Verdana; color: #807f7f;\">Teilnahme an der schweiz. Ausstellung zeitgen\u00f6ssischer<\/p><p style=\"margin-bottom: 0px; font-stretch: normal; font-size: 12px; line-height: normal; font-family: Verdana; color: #807f7f;\">Kunst in Einsiedeln (Glasmalerei)<\/p><\/td><\/tr><tr><td style=\"width: 65.0px; height: 30.0px; padding: 4.0px 4.0px 4.0px 4.0px;\" valign=\"middle\"><p style=\"margin-bottom: 0px; font-stretch: normal; font-size: 12px; line-height: normal; font-family: Verdana; color: #807f7f;\">1997<\/p><\/td><td style=\"width: 400.0px; height: 30.0px; padding: 4.0px 4.0px 4.0px 4.0px;\" valign=\"middle\"><p style=\"margin-bottom: 0px; font-stretch: normal; font-size: 12px; line-height: normal; font-family: Verdana; color: #807f7f;\">Einzelausstelllung im B\u00e4rtschihus, G\u00fcmligen<\/p><p style=\"margin-bottom: 0px; font-stretch: normal; font-size: 12px; line-height: normal; font-family: Verdana; color: #807f7f;\">Werke von 1994 &#8211; 96<\/p><\/td><\/tr><tr><td style=\"width: 65.0px; height: 15.0px; padding: 4.0px 4.0px 4.0px 4.0px;\" valign=\"middle\"><p style=\"margin-bottom: 0px; font-stretch: normal; font-size: 12px; line-height: normal; font-family: Helvetica; min-height: 14px;\">\u00a0<\/p><\/td><td style=\"width: 400.0px; height: 15.0px; padding: 4.0px 4.0px 4.0px 4.0px;\" valign=\"middle\"><p style=\"margin-bottom: 0px; font-stretch: normal; font-size: 12px; line-height: normal; font-family: Verdana; color: #807f7f;\">Plastikausstellung Villa Mettlen, Muri &#8222;Berner K\u00fcnstler&#8220;<\/p><\/td><\/tr><tr><td style=\"width: 65.0px; height: 30.0px; padding: 4.0px 4.0px 4.0px 4.0px;\" valign=\"middle\"><p style=\"margin-bottom: 0px; font-stretch: normal; font-size: 12px; line-height: normal; font-family: Helvetica; min-height: 14px;\">\u00a0<\/p><\/td><td style=\"width: 400.0px; height: 30.0px; padding: 4.0px 4.0px 4.0px 4.0px;\" valign=\"middle\"><p style=\"margin-bottom: 0px; font-stretch: normal; font-size: 12px; line-height: normal; font-family: Verdana; color: #807f7f;\">Schweiz Konstruktiv &#8222;Regel und Abweichung&#8220; \u00a0<\/p><p style=\"margin-bottom: 0px; font-stretch: normal; font-size: 12px; line-height: normal; font-family: Verdana; color: #807f7f;\">Z\u00fcrich und Neuenburg<\/p><\/td><\/tr><tr><td style=\"width: 65.0px; height: 15.0px; padding: 4.0px 4.0px 4.0px 4.0px;\" valign=\"middle\"><p style=\"margin-bottom: 0px; font-stretch: normal; font-size: 12px; line-height: normal; font-family: Verdana; color: #807f7f;\">1998<\/p><\/td><td style=\"width: 400.0px; height: 15.0px; padding: 4.0px 4.0px 4.0px 4.0px;\" valign=\"middle\"><p style=\"margin-bottom: 0px; font-stretch: normal; font-size: 12px; line-height: normal; font-family: Verdana; color: #807f7f;\">&#8222;Le vitrail contemporain&#8220;, Mus\u00e9e du vitrail Romont<\/p><\/td><\/tr><tr><td style=\"width: 65.0px; height: 15.0px; padding: 4.0px 4.0px 4.0px 4.0px;\" valign=\"middle\"><p style=\"margin-bottom: 0px; font-stretch: normal; font-size: 12px; line-height: normal; font-family: Verdana; color: #807f7f;\">2004<\/p><\/td><td style=\"width: 400.0px; height: 15.0px; padding: 4.0px 4.0px 4.0px 4.0px;\" valign=\"middle\"><p style=\"margin-bottom: 0px; font-stretch: normal; font-size: 12px; line-height: normal; font-family: Verdana; color: #807f7f;\">Ausstellung mit Peter Meier in Steffisburg<\/p><\/td><\/tr><tr><td style=\"width: 65.0px; height: 15.0px; padding: 4.0px 4.0px 4.0px 4.0px;\" valign=\"middle\"><p style=\"margin-bottom: 0px; font-stretch: normal; font-size: 12px; line-height: normal; font-family: Verdana; color: #807f7f;\">2005<\/p><\/td><td style=\"width: 400.0px; height: 15.0px; padding: 4.0px 4.0px 4.0px 4.0px;\" valign=\"middle\"><p style=\"margin-bottom: 0px; font-stretch: normal; font-size: 12px; line-height: normal; font-family: Verdana; color: #807f7f;\">Ausstellung mit Peter Stein in Wittigkofen, Bern<\/p><\/td><\/tr><tr><td style=\"width: 65.0px; height: 30.0px; padding: 4.0px 4.0px 4.0px 4.0px;\" valign=\"middle\"><p style=\"margin-bottom: 0px; font-stretch: normal; font-size: 12px; line-height: normal; font-family: Verdana; color: #807f7f;\">2006<\/p><\/td><td style=\"width: 400.0px; height: 30.0px; padding: 4.0px 4.0px 4.0px 4.0px;\" valign=\"middle\"><p style=\"margin-bottom: 0px; font-stretch: normal; font-size: 12px; line-height: normal; font-family: Verdana; color: #807f7f;\">Retrospektive &#8222;Arbeitsgemeinschaft Franz Eggenschwiler,<\/p><p style=\"margin-bottom: 0px; font-stretch: normal; font-size: 12px; line-height: normal; font-family: Verdana; color: #807f7f;\">Peter Meier, Konrad Vetter, Robert W\u00e4lti&#8220; in Eriswil<\/p><\/td><\/tr><tr><td style=\"width: 65.0px; height: 45.0px; padding: 4.0px 4.0px 4.0px 4.0px;\" valign=\"middle\"><p style=\"margin-bottom: 0px; font-stretch: normal; font-size: 12px; line-height: normal; font-family: Verdana; color: #807f7f;\">seit 2000<\/p><\/td><td style=\"width: 400.0px; height: 45.0px; padding: 4.0px 4.0px 4.0px 4.0px;\" valign=\"middle\"><p style=\"margin-bottom: 0px; font-stretch: normal; font-size: 12px; line-height: normal; font-family: Verdana; color: #807f7f;\">Arbeit am Gestalten von B\u00fcchern \u00fcber Ezra Pound<\/p><p style=\"margin-bottom: 0px; font-stretch: normal; font-size: 12px; line-height: normal; font-family: Verdana; color: #807f7f;\">Dschellaledin Rumi (2 Bde), Altes Testament &#8222;Der Prediger&#8220;,<\/p><p style=\"margin-bottom: 0px; font-stretch: normal; font-size: 12px; line-height: normal; font-family: Verdana; color: #807f7f;\">Omar Khayyam, Lauretanische Litanei (nicht ausgestellt)<\/p><\/td><\/tr><\/tbody><\/table><p>\u00a0<\/p>\t\t\t\t\t<\/div>\n\t\t\t\t\t\t<\/div>\n\t\t\t\t<\/div>\n\t\t\t\t\t\t<\/div>\n\t\t\t\t\t<\/div>\n\t\t<\/div>\n\t\t\t\t\t\t\t\t<\/div>\n\t\t\t\t\t<\/div>\n\t\t<\/section>\n\t\t\t\t\t\t\t\t\t<\/div>\n\t\t\t<\/div>\n\t\t\t\t\t<\/div>\n\t\t","protected":false},"excerpt":{"rendered":"<p>Biographie Lebenslauf von Konrad Vetter 1922 geb. in Bern 1938 Austritt aus dem Gymnasium 1938\/42 Lehre als Glasmaler Besuch der Kunstgewerbeschule in Bern Freies Weiterarbeiten 1949 Heirat mit Helene Michel 1950\/52 Malschule Max v. M\u00fchlenen 1953 Geburt von Tochter Beatrice 56\/57\/58 Eidg. Stipendium f\u00fcr freie Kunst ab 1955 Versuch der Ausdehnung der Glas- malerei ins [&hellip;]<\/p>\n","protected":false},"author":1,"featured_media":0,"parent":0,"menu_order":0,"comment_status":"closed","ping_status":"closed","template":"elementor_header_footer","meta":[],"_links":{"self":[{"href":"https:\/\/konrad-vetter.ch\/dervetter\/wp-json\/wp\/v2\/pages\/45"}],"collection":[{"href":"https:\/\/konrad-vetter.ch\/dervetter\/wp-json\/wp\/v2\/pages"}],"about":[{"href":"https:\/\/konrad-vetter.ch\/dervetter\/wp-json\/wp\/v2\/types\/page"}],"author":[{"embeddable":true,"href":"https:\/\/konrad-vetter.ch\/dervetter\/wp-json\/wp\/v2\/users\/1"}],"replies":[{"embeddable":true,"href":"https:\/\/konrad-vetter.ch\/dervetter\/wp-json\/wp\/v2\/comments?post=45"}],"version-history":[{"count":25,"href":"https:\/\/konrad-vetter.ch\/dervetter\/wp-json\/wp\/v2\/pages\/45\/revisions"}],"predecessor-version":[{"id":2646,"href":"https:\/\/konrad-vetter.ch\/dervetter\/wp-json\/wp\/v2\/pages\/45\/revisions\/2646"}],"wp:attachment":[{"href":"https:\/\/konrad-vetter.ch\/dervetter\/wp-json\/wp\/v2\/media?parent=45"}],"curies":[{"name":"wp","href":"https:\/\/api.w.org\/{rel}","templated":true}]}}