{"id":593,"date":"2020-08-31T13:57:33","date_gmt":"2020-08-31T13:57:33","guid":{"rendered":"https:\/\/konrad-vetter.ch\/dervetter\/?page_id=593"},"modified":"2020-10-11T15:41:29","modified_gmt":"2020-10-11T15:41:29","slug":"1960-2","status":"publish","type":"page","link":"https:\/\/konrad-vetter.ch\/dervetter\/1960-2\/","title":{"rendered":"1960"},"content":{"rendered":"\t\t<div data-elementor-type=\"wp-page\" data-elementor-id=\"593\" class=\"elementor elementor-593\">\n\t\t\t\t\t\t<div class=\"elementor-inner\">\n\t\t\t\t<div class=\"elementor-section-wrap\">\n\t\t\t\t\t\t\t\t\t<section class=\"elementor-section elementor-top-section elementor-element elementor-element-3a3d1812 elementor-section-boxed elementor-section-height-default elementor-section-height-default\" data-id=\"3a3d1812\" data-element_type=\"section\">\n\t\t\t\t\t\t<div class=\"elementor-container elementor-column-gap-default\">\n\t\t\t\t\t\t\t<div class=\"elementor-row\">\n\t\t\t\t\t<div class=\"elementor-column elementor-col-100 elementor-top-column elementor-element elementor-element-46970a2c\" data-id=\"46970a2c\" data-element_type=\"column\">\n\t\t\t<div class=\"elementor-column-wrap elementor-element-populated\">\n\t\t\t\t\t\t\t<div class=\"elementor-widget-wrap\">\n\t\t\t\t\t\t<div class=\"elementor-element elementor-element-26ef8f79 elementor-widget elementor-widget-heading\" data-id=\"26ef8f79\" data-element_type=\"widget\" data-widget_type=\"heading.default\">\n\t\t\t\t<div class=\"elementor-widget-container\">\n\t\t\t<h2 class=\"elementor-heading-title elementor-size-default\">1960<\/h2>\t\t<\/div>\n\t\t\t\t<\/div>\n\t\t\t\t\t\t<\/div>\n\t\t\t\t\t<\/div>\n\t\t<\/div>\n\t\t\t\t\t\t\t\t<\/div>\n\t\t\t\t\t<\/div>\n\t\t<\/section>\n\t\t\t\t<section class=\"elementor-section elementor-top-section elementor-element elementor-element-c1532e9 elementor-section-boxed elementor-section-height-default elementor-section-height-default\" data-id=\"c1532e9\" data-element_type=\"section\">\n\t\t\t\t\t\t<div class=\"elementor-container elementor-column-gap-default\">\n\t\t\t\t\t\t\t<div class=\"elementor-row\">\n\t\t\t\t\t<div class=\"elementor-column elementor-col-100 elementor-top-column elementor-element elementor-element-4e6b550\" data-id=\"4e6b550\" data-element_type=\"column\">\n\t\t\t<div class=\"elementor-column-wrap elementor-element-populated\">\n\t\t\t\t\t\t\t<div class=\"elementor-widget-wrap\">\n\t\t\t\t\t\t<div class=\"elementor-element elementor-element-91c5de3 elementor-widget elementor-widget-image-gallery\" data-id=\"91c5de3\" data-element_type=\"widget\" data-widget_type=\"image-gallery.default\">\n\t\t\t\t<div class=\"elementor-widget-container\">\n\t\t\t\t\t<div class=\"elementor-image-gallery\">\n\t\t\t\n\t\t<style type=\"text\/css\">\n\t\t\t#gallery-1 {\n\t\t\t\tmargin: auto;\n\t\t\t}\n\t\t\t#gallery-1 .gallery-item {\n\t\t\t\tfloat: left;\n\t\t\t\tmargin-top: 10px;\n\t\t\t\ttext-align: center;\n\t\t\t\twidth: 33%;\n\t\t\t}\n\t\t\t#gallery-1 img {\n\t\t\t\tborder: 2px solid #cfcfcf;\n\t\t\t}\n\t\t\t#gallery-1 .gallery-caption {\n\t\t\t\tmargin-left: 0;\n\t\t\t}\n\t\t\t\/* see gallery_shortcode() in wp-includes\/media.php *\/\n\t\t<\/style>\n\t\t<div id='gallery-1' class='gallery galleryid-593 gallery-columns-3 gallery-size-medium'><dl class='gallery-item'>\n\t\t\t<dt class='gallery-icon portrait'>\n\t\t\t\t<a data-elementor-open-lightbox=\"yes\" data-elementor-lightbox-slideshow=\"91c5de3\" data-elementor-lightbox-title=\"Pfeilfeh\" data-elementor-lightbox-description=\"Bleistift\" e-action-hash=\"#elementor-action%3Aaction%3Dlightbox%26settings%3DeyJpZCI6NjY2LCJ1cmwiOiJodHRwczpcL1wva29ucmFkLXZldHRlci5jaFwvZGVydmV0dGVyXC93cC1jb250ZW50XC91cGxvYWRzXC8yMDIwXC8wOFwvNDhfUGZlaWxfRmVoLTEuanBnIiwic2xpZGVzaG93IjoiOTFjNWRlMyJ9\" href='https:\/\/konrad-vetter.ch\/dervetter\/wp-content\/uploads\/2020\/08\/48_Pfeil_Feh-1.jpg'><img width=\"210\" height=\"300\" src=\"https:\/\/konrad-vetter.ch\/dervetter\/wp-content\/uploads\/2020\/08\/48_Pfeil_Feh-1-210x300.jpg\" class=\"attachment-medium size-medium\" alt=\"\" loading=\"lazy\" aria-describedby=\"gallery-1-666\" srcset=\"https:\/\/konrad-vetter.ch\/dervetter\/wp-content\/uploads\/2020\/08\/48_Pfeil_Feh-1-210x300.jpg 210w, https:\/\/konrad-vetter.ch\/dervetter\/wp-content\/uploads\/2020\/08\/48_Pfeil_Feh-1-717x1024.jpg 717w, https:\/\/konrad-vetter.ch\/dervetter\/wp-content\/uploads\/2020\/08\/48_Pfeil_Feh-1-768x1097.jpg 768w, https:\/\/konrad-vetter.ch\/dervetter\/wp-content\/uploads\/2020\/08\/48_Pfeil_Feh-1-1075x1536.jpg 1075w, https:\/\/konrad-vetter.ch\/dervetter\/wp-content\/uploads\/2020\/08\/48_Pfeil_Feh-1-1433x2048.jpg 1433w, https:\/\/konrad-vetter.ch\/dervetter\/wp-content\/uploads\/2020\/08\/48_Pfeil_Feh-1.jpg 1707w\" sizes=\"(max-width: 210px) 100vw, 210px\" \/><\/a>\n\t\t\t<\/dt>\n\t\t\t\t<dd class='wp-caption-text gallery-caption' id='gallery-1-666'>\n\t\t\t\tPfeilfeh\n\t\t\t\t<\/dd><\/dl><dl class='gallery-item'>\n\t\t\t<dt class='gallery-icon portrait'>\n\t\t\t\t<a data-elementor-open-lightbox=\"yes\" data-elementor-lightbox-slideshow=\"91c5de3\" data-elementor-lightbox-title=\"kleiner Sonnengesang\" data-elementor-lightbox-description=\"Blei, Echtantikglas\" e-action-hash=\"#elementor-action%3Aaction%3Dlightbox%26settings%3DeyJpZCI6NjI4LCJ1cmwiOiJodHRwczpcL1wva29ucmFkLXZldHRlci5jaFwvZGVydmV0dGVyXC93cC1jb250ZW50XC91cGxvYWRzXC8yMDIwXC8wOFwvMDJfa2xfU29ubmVuZ2VzYW5nLmpwZyIsInNsaWRlc2hvdyI6IjkxYzVkZTMifQ%3D%3D\" href='https:\/\/konrad-vetter.ch\/dervetter\/wp-content\/uploads\/2020\/08\/02_kl_Sonnengesang.jpg'><img width=\"298\" height=\"300\" src=\"https:\/\/konrad-vetter.ch\/dervetter\/wp-content\/uploads\/2020\/08\/02_kl_Sonnengesang-298x300.jpg\" class=\"attachment-medium size-medium\" alt=\"\" loading=\"lazy\" aria-describedby=\"gallery-1-628\" srcset=\"https:\/\/konrad-vetter.ch\/dervetter\/wp-content\/uploads\/2020\/08\/02_kl_Sonnengesang-298x300.jpg 298w, https:\/\/konrad-vetter.ch\/dervetter\/wp-content\/uploads\/2020\/08\/02_kl_Sonnengesang-150x150.jpg 150w, https:\/\/konrad-vetter.ch\/dervetter\/wp-content\/uploads\/2020\/08\/02_kl_Sonnengesang-768x773.jpg 768w, https:\/\/konrad-vetter.ch\/dervetter\/wp-content\/uploads\/2020\/08\/02_kl_Sonnengesang.jpg 978w\" sizes=\"(max-width: 298px) 100vw, 298px\" \/><\/a>\n\t\t\t<\/dt>\n\t\t\t\t<dd class='wp-caption-text gallery-caption' id='gallery-1-628'>\n\t\t\t\tkleiner Sonnengesang\n\n\t\t\t\t<\/dd><\/dl><dl class='gallery-item'>\n\t\t\t<dt class='gallery-icon portrait'>\n\t\t\t\t<a data-elementor-open-lightbox=\"yes\" data-elementor-lightbox-slideshow=\"91c5de3\" data-elementor-lightbox-title=\"roter Pfeilfeh\" data-elementor-lightbox-description=\"Aquarell\" e-action-hash=\"#elementor-action%3Aaction%3Dlightbox%26settings%3DeyJpZCI6NjI5LCJ1cmwiOiJodHRwczpcL1wva29ucmFkLXZldHRlci5jaFwvZGVydmV0dGVyXC93cC1jb250ZW50XC91cGxvYWRzXC8yMDIwXC8wOFwvMDI4X0ZlaC5qcGciLCJzbGlkZXNob3ciOiI5MWM1ZGUzIn0%3D\" href='https:\/\/konrad-vetter.ch\/dervetter\/wp-content\/uploads\/2020\/08\/028_Feh.jpg'><img width=\"238\" height=\"300\" src=\"https:\/\/konrad-vetter.ch\/dervetter\/wp-content\/uploads\/2020\/08\/028_Feh-238x300.jpg\" class=\"attachment-medium size-medium\" alt=\"\" loading=\"lazy\" aria-describedby=\"gallery-1-629\" srcset=\"https:\/\/konrad-vetter.ch\/dervetter\/wp-content\/uploads\/2020\/08\/028_Feh-238x300.jpg 238w, https:\/\/konrad-vetter.ch\/dervetter\/wp-content\/uploads\/2020\/08\/028_Feh-814x1024.jpg 814w, https:\/\/konrad-vetter.ch\/dervetter\/wp-content\/uploads\/2020\/08\/028_Feh-768x966.jpg 768w, https:\/\/konrad-vetter.ch\/dervetter\/wp-content\/uploads\/2020\/08\/028_Feh.jpg 1134w\" sizes=\"(max-width: 238px) 100vw, 238px\" \/><\/a>\n\t\t\t<\/dt>\n\t\t\t\t<dd class='wp-caption-text gallery-caption' id='gallery-1-629'>\n\t\t\t\troter Pfeilfeh\n\n\t\t\t\t<\/dd><\/dl><br style=\"clear: both\" \/><dl class='gallery-item'>\n\t\t\t<dt class='gallery-icon portrait'>\n\t\t\t\t<a data-elementor-open-lightbox=\"yes\" data-elementor-lightbox-slideshow=\"91c5de3\" data-elementor-lightbox-title=\"Variation auf ein persisches Thema\" data-elementor-lightbox-description=\"Bleistift\" e-action-hash=\"#elementor-action%3Aaction%3Dlightbox%26settings%3DeyJpZCI6NjY4LCJ1cmwiOiJodHRwczpcL1wva29ucmFkLXZldHRlci5jaFwvZGVydmV0dGVyXC93cC1jb250ZW50XC91cGxvYWRzXC8yMDIwXC8wOFwvNTVfVmFyaWF0aW9uX1BlcnNpZW4tMS5qcGciLCJzbGlkZXNob3ciOiI5MWM1ZGUzIn0%3D\" href='https:\/\/konrad-vetter.ch\/dervetter\/wp-content\/uploads\/2020\/08\/55_Variation_Persien-1.jpg'><img width=\"219\" height=\"300\" src=\"https:\/\/konrad-vetter.ch\/dervetter\/wp-content\/uploads\/2020\/08\/55_Variation_Persien-1-219x300.jpg\" class=\"attachment-medium size-medium\" alt=\"\" loading=\"lazy\" aria-describedby=\"gallery-1-668\" srcset=\"https:\/\/konrad-vetter.ch\/dervetter\/wp-content\/uploads\/2020\/08\/55_Variation_Persien-1-219x300.jpg 219w, https:\/\/konrad-vetter.ch\/dervetter\/wp-content\/uploads\/2020\/08\/55_Variation_Persien-1-748x1024.jpg 748w, https:\/\/konrad-vetter.ch\/dervetter\/wp-content\/uploads\/2020\/08\/55_Variation_Persien-1-768x1051.jpg 768w, https:\/\/konrad-vetter.ch\/dervetter\/wp-content\/uploads\/2020\/08\/55_Variation_Persien-1-1122x1536.jpg 1122w, https:\/\/konrad-vetter.ch\/dervetter\/wp-content\/uploads\/2020\/08\/55_Variation_Persien-1-1496x2048.jpg 1496w, https:\/\/konrad-vetter.ch\/dervetter\/wp-content\/uploads\/2020\/08\/55_Variation_Persien-1.jpg 1778w\" sizes=\"(max-width: 219px) 100vw, 219px\" \/><\/a>\n\t\t\t<\/dt>\n\t\t\t\t<dd class='wp-caption-text gallery-caption' id='gallery-1-668'>\n\t\t\t\tVariation auf ein persisches Thema\n\n\t\t\t\t<\/dd><\/dl><dl class='gallery-item'>\n\t\t\t<dt class='gallery-icon landscape'>\n\t\t\t\t<a data-elementor-open-lightbox=\"yes\" data-elementor-lightbox-slideshow=\"91c5de3\" data-elementor-lightbox-title=\"tragendes Element\" data-elementor-lightbox-description=\"Bleistift\" e-action-hash=\"#elementor-action%3Aaction%3Dlightbox%26settings%3DeyJpZCI6NjcwLCJ1cmwiOiJodHRwczpcL1wva29ucmFkLXZldHRlci5jaFwvZGVydmV0dGVyXC93cC1jb250ZW50XC91cGxvYWRzXC8yMDIwXC8wOFwvNTdfVHJhZ2VuZGVzRWxlbWVudC0xLmpwZyIsInNsaWRlc2hvdyI6IjkxYzVkZTMifQ%3D%3D\" href='https:\/\/konrad-vetter.ch\/dervetter\/wp-content\/uploads\/2020\/08\/57_TragendesElement-1.jpg'><img width=\"300\" height=\"216\" src=\"https:\/\/konrad-vetter.ch\/dervetter\/wp-content\/uploads\/2020\/08\/57_TragendesElement-1-300x216.jpg\" class=\"attachment-medium size-medium\" alt=\"\" loading=\"lazy\" aria-describedby=\"gallery-1-670\" srcset=\"https:\/\/konrad-vetter.ch\/dervetter\/wp-content\/uploads\/2020\/08\/57_TragendesElement-1-300x216.jpg 300w, https:\/\/konrad-vetter.ch\/dervetter\/wp-content\/uploads\/2020\/08\/57_TragendesElement-1-1024x736.jpg 1024w, https:\/\/konrad-vetter.ch\/dervetter\/wp-content\/uploads\/2020\/08\/57_TragendesElement-1-768x552.jpg 768w, https:\/\/konrad-vetter.ch\/dervetter\/wp-content\/uploads\/2020\/08\/57_TragendesElement-1-1536x1104.jpg 1536w, https:\/\/konrad-vetter.ch\/dervetter\/wp-content\/uploads\/2020\/08\/57_TragendesElement-1-2048x1473.jpg 2048w\" sizes=\"(max-width: 300px) 100vw, 300px\" \/><\/a>\n\t\t\t<\/dt>\n\t\t\t\t<dd class='wp-caption-text gallery-caption' id='gallery-1-670'>\n\t\t\t\ttragendes Element\n\n\t\t\t\t<\/dd><\/dl><dl class='gallery-item'>\n\t\t\t<dt class='gallery-icon portrait'>\n\t\t\t\t<a data-elementor-open-lightbox=\"yes\" data-elementor-lightbox-slideshow=\"91c5de3\" data-elementor-lightbox-title=\"Feh\" data-elementor-lightbox-description=\"Fensterentwurf\" e-action-hash=\"#elementor-action%3Aaction%3Dlightbox%26settings%3DeyJpZCI6NjYwLCJ1cmwiOiJodHRwczpcL1wva29ucmFkLXZldHRlci5jaFwvZGVydmV0dGVyXC93cC1jb250ZW50XC91cGxvYWRzXC8yMDIwXC8wOFwvMDg0X0dsYXNGZWguanBnIiwic2xpZGVzaG93IjoiOTFjNWRlMyJ9\" href='https:\/\/konrad-vetter.ch\/dervetter\/wp-content\/uploads\/2020\/08\/084_GlasFeh.jpg'><img width=\"213\" height=\"300\" src=\"https:\/\/konrad-vetter.ch\/dervetter\/wp-content\/uploads\/2020\/08\/084_GlasFeh-213x300.jpg\" class=\"attachment-medium size-medium\" alt=\"\" loading=\"lazy\" aria-describedby=\"gallery-1-660\" srcset=\"https:\/\/konrad-vetter.ch\/dervetter\/wp-content\/uploads\/2020\/08\/084_GlasFeh-213x300.jpg 213w, https:\/\/konrad-vetter.ch\/dervetter\/wp-content\/uploads\/2020\/08\/084_GlasFeh-727x1024.jpg 727w, https:\/\/konrad-vetter.ch\/dervetter\/wp-content\/uploads\/2020\/08\/084_GlasFeh-768x1082.jpg 768w, https:\/\/konrad-vetter.ch\/dervetter\/wp-content\/uploads\/2020\/08\/084_GlasFeh-1090x1536.jpg 1090w, https:\/\/konrad-vetter.ch\/dervetter\/wp-content\/uploads\/2020\/08\/084_GlasFeh.jpg 1277w\" sizes=\"(max-width: 213px) 100vw, 213px\" \/><\/a>\n\t\t\t<\/dt>\n\t\t\t\t<dd class='wp-caption-text gallery-caption' id='gallery-1-660'>\n\t\t\t\tFeh\n\t\t\t\t<\/dd><\/dl><br style=\"clear: both\" \/><dl class='gallery-item'>\n\t\t\t<dt class='gallery-icon portrait'>\n\t\t\t\t<a data-elementor-open-lightbox=\"yes\" data-elementor-lightbox-slideshow=\"91c5de3\" data-elementor-lightbox-title=\"St. Georg\" data-elementor-lightbox-description=\"Fensterentwurf\" e-action-hash=\"#elementor-action%3Aaction%3Dlightbox%26settings%3DeyJpZCI6NjU5LCJ1cmwiOiJodHRwczpcL1wva29ucmFkLXZldHRlci5jaFwvZGVydmV0dGVyXC93cC1jb250ZW50XC91cGxvYWRzXC8yMDIwXC8wOFwvMDg2X0dsYXNTdEdlb3JnLmpwZyIsInNsaWRlc2hvdyI6IjkxYzVkZTMifQ%3D%3D\" href='https:\/\/konrad-vetter.ch\/dervetter\/wp-content\/uploads\/2020\/08\/086_GlasStGeorg.jpg'><img width=\"211\" height=\"300\" src=\"https:\/\/konrad-vetter.ch\/dervetter\/wp-content\/uploads\/2020\/08\/086_GlasStGeorg-211x300.jpg\" class=\"attachment-medium size-medium\" alt=\"\" loading=\"lazy\" aria-describedby=\"gallery-1-659\" srcset=\"https:\/\/konrad-vetter.ch\/dervetter\/wp-content\/uploads\/2020\/08\/086_GlasStGeorg-211x300.jpg 211w, https:\/\/konrad-vetter.ch\/dervetter\/wp-content\/uploads\/2020\/08\/086_GlasStGeorg-721x1024.jpg 721w, https:\/\/konrad-vetter.ch\/dervetter\/wp-content\/uploads\/2020\/08\/086_GlasStGeorg-768x1090.jpg 768w, https:\/\/konrad-vetter.ch\/dervetter\/wp-content\/uploads\/2020\/08\/086_GlasStGeorg-1082x1536.jpg 1082w, https:\/\/konrad-vetter.ch\/dervetter\/wp-content\/uploads\/2020\/08\/086_GlasStGeorg.jpg 1258w\" sizes=\"(max-width: 211px) 100vw, 211px\" \/><\/a>\n\t\t\t<\/dt>\n\t\t\t\t<dd class='wp-caption-text gallery-caption' id='gallery-1-659'>\n\t\t\t\tSt. Georg\n\n\t\t\t\t<\/dd><\/dl><dl class='gallery-item'>\n\t\t\t<dt class='gallery-icon landscape'>\n\t\t\t\t<a data-elementor-open-lightbox=\"yes\" data-elementor-lightbox-slideshow=\"91c5de3\" data-elementor-lightbox-title=\"Studie Paradies\" data-elementor-lightbox-description=\"Fensterentwurf\" e-action-hash=\"#elementor-action%3Aaction%3Dlightbox%26settings%3DeyJpZCI6NjU4LCJ1cmwiOiJodHRwczpcL1wva29ucmFkLXZldHRlci5jaFwvZGVydmV0dGVyXC93cC1jb250ZW50XC91cGxvYWRzXC8yMDIwXC8wOFwvMTExX1N0dWRpZVBhcmFkaWVzLmpwZyIsInNsaWRlc2hvdyI6IjkxYzVkZTMifQ%3D%3D\" href='https:\/\/konrad-vetter.ch\/dervetter\/wp-content\/uploads\/2020\/08\/111_StudieParadies.jpg'><img width=\"300\" height=\"223\" src=\"https:\/\/konrad-vetter.ch\/dervetter\/wp-content\/uploads\/2020\/08\/111_StudieParadies-300x223.jpg\" class=\"attachment-medium size-medium\" alt=\"\" loading=\"lazy\" aria-describedby=\"gallery-1-658\" srcset=\"https:\/\/konrad-vetter.ch\/dervetter\/wp-content\/uploads\/2020\/08\/111_StudieParadies-300x223.jpg 300w, https:\/\/konrad-vetter.ch\/dervetter\/wp-content\/uploads\/2020\/08\/111_StudieParadies-1024x760.jpg 1024w, https:\/\/konrad-vetter.ch\/dervetter\/wp-content\/uploads\/2020\/08\/111_StudieParadies-768x570.jpg 768w, https:\/\/konrad-vetter.ch\/dervetter\/wp-content\/uploads\/2020\/08\/111_StudieParadies-1536x1140.jpg 1536w, https:\/\/konrad-vetter.ch\/dervetter\/wp-content\/uploads\/2020\/08\/111_StudieParadies-2048x1520.jpg 2048w\" sizes=\"(max-width: 300px) 100vw, 300px\" \/><\/a>\n\t\t\t<\/dt>\n\t\t\t\t<dd class='wp-caption-text gallery-caption' id='gallery-1-658'>\n\t\t\t\tStudie Paradies\n\n\t\t\t\t<\/dd><\/dl><dl class='gallery-item'>\n\t\t\t<dt class='gallery-icon landscape'>\n\t\t\t\t<a data-elementor-open-lightbox=\"yes\" data-elementor-lightbox-slideshow=\"91c5de3\" data-elementor-lightbox-title=\"Studie Paradiesli\" data-elementor-lightbox-description=\"Fensterentwurf\" e-action-hash=\"#elementor-action%3Aaction%3Dlightbox%26settings%3DeyJpZCI6NjQzLCJ1cmwiOiJodHRwczpcL1wva29ucmFkLXZldHRlci5jaFwvZGVydmV0dGVyXC93cC1jb250ZW50XC91cGxvYWRzXC8yMDIwXC8wOFwvMTEzX1N0dWRpZVBhcmFkaWVzbGkuanBnIiwic2xpZGVzaG93IjoiOTFjNWRlMyJ9\" href='https:\/\/konrad-vetter.ch\/dervetter\/wp-content\/uploads\/2020\/08\/113_StudieParadiesli.jpg'><img width=\"300\" height=\"218\" src=\"https:\/\/konrad-vetter.ch\/dervetter\/wp-content\/uploads\/2020\/08\/113_StudieParadiesli-300x218.jpg\" class=\"attachment-medium size-medium\" alt=\"\" loading=\"lazy\" aria-describedby=\"gallery-1-643\" srcset=\"https:\/\/konrad-vetter.ch\/dervetter\/wp-content\/uploads\/2020\/08\/113_StudieParadiesli-300x218.jpg 300w, https:\/\/konrad-vetter.ch\/dervetter\/wp-content\/uploads\/2020\/08\/113_StudieParadiesli-1024x744.jpg 1024w, https:\/\/konrad-vetter.ch\/dervetter\/wp-content\/uploads\/2020\/08\/113_StudieParadiesli-768x558.jpg 768w, https:\/\/konrad-vetter.ch\/dervetter\/wp-content\/uploads\/2020\/08\/113_StudieParadiesli-1536x1116.jpg 1536w, https:\/\/konrad-vetter.ch\/dervetter\/wp-content\/uploads\/2020\/08\/113_StudieParadiesli-2048x1488.jpg 2048w\" sizes=\"(max-width: 300px) 100vw, 300px\" \/><\/a>\n\t\t\t<\/dt>\n\t\t\t\t<dd class='wp-caption-text gallery-caption' id='gallery-1-643'>\n\t\t\t\tStudie Paradiesli\n\n\t\t\t\t<\/dd><\/dl><br style=\"clear: both\" \/><dl class='gallery-item'>\n\t\t\t<dt class='gallery-icon portrait'>\n\t\t\t\t<a data-elementor-open-lightbox=\"yes\" data-elementor-lightbox-slideshow=\"91c5de3\" data-elementor-lightbox-title=\"Fensterentwurf\" data-elementor-lightbox-description=\"Fensterentwurf\" e-action-hash=\"#elementor-action%3Aaction%3Dlightbox%26settings%3DeyJpZCI6NjU3LCJ1cmwiOiJodHRwczpcL1wva29ucmFkLXZldHRlci5jaFwvZGVydmV0dGVyXC93cC1jb250ZW50XC91cGxvYWRzXC8yMDIwXC8wOFwvMTE3X0dsYXNFbnR3dXJmLmpwZyIsInNsaWRlc2hvdyI6IjkxYzVkZTMifQ%3D%3D\" href='https:\/\/konrad-vetter.ch\/dervetter\/wp-content\/uploads\/2020\/08\/117_GlasEntwurf.jpg'><img width=\"251\" height=\"300\" src=\"https:\/\/konrad-vetter.ch\/dervetter\/wp-content\/uploads\/2020\/08\/117_GlasEntwurf-251x300.jpg\" class=\"attachment-medium size-medium\" alt=\"\" loading=\"lazy\" aria-describedby=\"gallery-1-657\" srcset=\"https:\/\/konrad-vetter.ch\/dervetter\/wp-content\/uploads\/2020\/08\/117_GlasEntwurf-251x300.jpg 251w, https:\/\/konrad-vetter.ch\/dervetter\/wp-content\/uploads\/2020\/08\/117_GlasEntwurf-855x1024.jpg 855w, https:\/\/konrad-vetter.ch\/dervetter\/wp-content\/uploads\/2020\/08\/117_GlasEntwurf-768x920.jpg 768w, https:\/\/konrad-vetter.ch\/dervetter\/wp-content\/uploads\/2020\/08\/117_GlasEntwurf-1283x1536.jpg 1283w, https:\/\/konrad-vetter.ch\/dervetter\/wp-content\/uploads\/2020\/08\/117_GlasEntwurf.jpg 1581w\" sizes=\"(max-width: 251px) 100vw, 251px\" \/><\/a>\n\t\t\t<\/dt>\n\t\t\t\t<dd class='wp-caption-text gallery-caption' id='gallery-1-657'>\n\t\t\t\tFensterentwurf\n\t\t\t\t<\/dd><\/dl><dl class='gallery-item'>\n\t\t\t<dt class='gallery-icon portrait'>\n\t\t\t\t<a data-elementor-open-lightbox=\"yes\" data-elementor-lightbox-slideshow=\"91c5de3\" data-elementor-lightbox-title=\"Keilformation I (f\u00fcr Glas)\" data-elementor-lightbox-description=\"Bleistift Tempera und Collage\n\" e-action-hash=\"#elementor-action%3Aaction%3Dlightbox%26settings%3DeyJpZCI6NjY3LCJ1cmwiOiJodHRwczpcL1wva29ucmFkLXZldHRlci5jaFwvZGVydmV0dGVyXC93cC1jb250ZW50XC91cGxvYWRzXC8yMDIwXC8wOFwvNTRfS2VpbGZvcm1hdGlvbl8yLTEuanBnIiwic2xpZGVzaG93IjoiOTFjNWRlMyJ9\" href='https:\/\/konrad-vetter.ch\/dervetter\/wp-content\/uploads\/2020\/08\/54_Keilformation_2-1.jpg'><img width=\"265\" height=\"300\" src=\"https:\/\/konrad-vetter.ch\/dervetter\/wp-content\/uploads\/2020\/08\/54_Keilformation_2-1-265x300.jpg\" class=\"attachment-medium size-medium\" alt=\"\" loading=\"lazy\" aria-describedby=\"gallery-1-667\" srcset=\"https:\/\/konrad-vetter.ch\/dervetter\/wp-content\/uploads\/2020\/08\/54_Keilformation_2-1-265x300.jpg 265w, https:\/\/konrad-vetter.ch\/dervetter\/wp-content\/uploads\/2020\/08\/54_Keilformation_2-1-905x1024.jpg 905w, https:\/\/konrad-vetter.ch\/dervetter\/wp-content\/uploads\/2020\/08\/54_Keilformation_2-1-768x869.jpg 768w, https:\/\/konrad-vetter.ch\/dervetter\/wp-content\/uploads\/2020\/08\/54_Keilformation_2-1-1357x1536.jpg 1357w, https:\/\/konrad-vetter.ch\/dervetter\/wp-content\/uploads\/2020\/08\/54_Keilformation_2-1-1810x2048.jpg 1810w\" sizes=\"(max-width: 265px) 100vw, 265px\" \/><\/a>\n\t\t\t<\/dt>\n\t\t\t\t<dd class='wp-caption-text gallery-caption' id='gallery-1-667'>\n\t\t\t\tKeilformation I (f\u00fcr Glas)\n\n\t\t\t\t<\/dd><\/dl><dl class='gallery-item'>\n\t\t\t<dt class='gallery-icon landscape'>\n\t\t\t\t<a data-elementor-open-lightbox=\"yes\" data-elementor-lightbox-slideshow=\"91c5de3\" data-elementor-lightbox-title=\"Keilformation IV (f\u00fcr Glas)\" data-elementor-lightbox-description=\"Kugelschreiber, Tempera und Collage\" e-action-hash=\"#elementor-action%3Aaction%3Dlightbox%26settings%3DeyJpZCI6NjY5LCJ1cmwiOiJodHRwczpcL1wva29ucmFkLXZldHRlci5jaFwvZGVydmV0dGVyXC93cC1jb250ZW50XC91cGxvYWRzXC8yMDIwXC8wOFwvNTZfS2VpbGZvcm1hdGlvbl80LTEuanBnIiwic2xpZGVzaG93IjoiOTFjNWRlMyJ9\" href='https:\/\/konrad-vetter.ch\/dervetter\/wp-content\/uploads\/2020\/08\/56_Keilformation_4-1.jpg'><img width=\"300\" height=\"300\" src=\"https:\/\/konrad-vetter.ch\/dervetter\/wp-content\/uploads\/2020\/08\/56_Keilformation_4-1-300x300.jpg\" class=\"attachment-medium size-medium\" alt=\"\" loading=\"lazy\" aria-describedby=\"gallery-1-669\" srcset=\"https:\/\/konrad-vetter.ch\/dervetter\/wp-content\/uploads\/2020\/08\/56_Keilformation_4-1-300x300.jpg 300w, https:\/\/konrad-vetter.ch\/dervetter\/wp-content\/uploads\/2020\/08\/56_Keilformation_4-1-1024x1021.jpg 1024w, https:\/\/konrad-vetter.ch\/dervetter\/wp-content\/uploads\/2020\/08\/56_Keilformation_4-1-150x150.jpg 150w, https:\/\/konrad-vetter.ch\/dervetter\/wp-content\/uploads\/2020\/08\/56_Keilformation_4-1-768x765.jpg 768w, https:\/\/konrad-vetter.ch\/dervetter\/wp-content\/uploads\/2020\/08\/56_Keilformation_4-1-1536x1531.jpg 1536w, https:\/\/konrad-vetter.ch\/dervetter\/wp-content\/uploads\/2020\/08\/56_Keilformation_4-1-2048x2041.jpg 2048w\" sizes=\"(max-width: 300px) 100vw, 300px\" \/><\/a>\n\t\t\t<\/dt>\n\t\t\t\t<dd class='wp-caption-text gallery-caption' id='gallery-1-669'>\n\t\t\t\tKeilformation IV (f\u00fcr Glas)\n\n\t\t\t\t<\/dd><\/dl><br style=\"clear: both\" \/><dl class='gallery-item'>\n\t\t\t<dt class='gallery-icon portrait'>\n\t\t\t\t<a data-elementor-open-lightbox=\"yes\" data-elementor-lightbox-slideshow=\"91c5de3\" data-elementor-lightbox-title=\"Feh\" data-elementor-lightbox-description=\"Entwurf zu Glasscheibe\n\" e-action-hash=\"#elementor-action%3Aaction%3Dlightbox%26settings%3DeyJpZCI6NjU2LCJ1cmwiOiJodHRwczpcL1wva29ucmFkLXZldHRlci5jaFwvZGVydmV0dGVyXC93cC1jb250ZW50XC91cGxvYWRzXC8yMDIwXC8wOFwvMTI0X0dsYXNGZWguanBnIiwic2xpZGVzaG93IjoiOTFjNWRlMyJ9\" href='https:\/\/konrad-vetter.ch\/dervetter\/wp-content\/uploads\/2020\/08\/124_GlasFeh.jpg'><img width=\"187\" height=\"300\" src=\"https:\/\/konrad-vetter.ch\/dervetter\/wp-content\/uploads\/2020\/08\/124_GlasFeh-187x300.jpg\" class=\"attachment-medium size-medium\" alt=\"\" loading=\"lazy\" aria-describedby=\"gallery-1-656\" srcset=\"https:\/\/konrad-vetter.ch\/dervetter\/wp-content\/uploads\/2020\/08\/124_GlasFeh-187x300.jpg 187w, https:\/\/konrad-vetter.ch\/dervetter\/wp-content\/uploads\/2020\/08\/124_GlasFeh-639x1024.jpg 639w, https:\/\/konrad-vetter.ch\/dervetter\/wp-content\/uploads\/2020\/08\/124_GlasFeh-768x1231.jpg 768w, https:\/\/konrad-vetter.ch\/dervetter\/wp-content\/uploads\/2020\/08\/124_GlasFeh-958x1536.jpg 958w, https:\/\/konrad-vetter.ch\/dervetter\/wp-content\/uploads\/2020\/08\/124_GlasFeh.jpg 1127w\" sizes=\"(max-width: 187px) 100vw, 187px\" \/><\/a>\n\t\t\t<\/dt>\n\t\t\t\t<dd class='wp-caption-text gallery-caption' id='gallery-1-656'>\n\t\t\t\tFeh\n\t\t\t\t<\/dd><\/dl><dl class='gallery-item'>\n\t\t\t<dt class='gallery-icon landscape'>\n\t\t\t\t<a data-elementor-open-lightbox=\"yes\" data-elementor-lightbox-slideshow=\"91c5de3\" data-elementor-lightbox-title=\"Skizzenbl\u00e4tter\" data-elementor-lightbox-description=\"Entwurf zu Glasscheibe\n\" e-action-hash=\"#elementor-action%3Aaction%3Dlightbox%26settings%3DeyJpZCI6NjMyLCJ1cmwiOiJodHRwczpcL1wva29ucmFkLXZldHRlci5jaFwvZGVydmV0dGVyXC93cC1jb250ZW50XC91cGxvYWRzXC8yMDIwXC8wOFwvMDc4X1NraXp6ZW5ibGFldHRlci5qcGciLCJzbGlkZXNob3ciOiI5MWM1ZGUzIn0%3D\" href='https:\/\/konrad-vetter.ch\/dervetter\/wp-content\/uploads\/2020\/08\/078_Skizzenblaetter.jpg'><img width=\"300\" height=\"214\" src=\"https:\/\/konrad-vetter.ch\/dervetter\/wp-content\/uploads\/2020\/08\/078_Skizzenblaetter-300x214.jpg\" class=\"attachment-medium size-medium\" alt=\"\" loading=\"lazy\" aria-describedby=\"gallery-1-632\" srcset=\"https:\/\/konrad-vetter.ch\/dervetter\/wp-content\/uploads\/2020\/08\/078_Skizzenblaetter-300x214.jpg 300w, https:\/\/konrad-vetter.ch\/dervetter\/wp-content\/uploads\/2020\/08\/078_Skizzenblaetter-1024x731.jpg 1024w, https:\/\/konrad-vetter.ch\/dervetter\/wp-content\/uploads\/2020\/08\/078_Skizzenblaetter-768x548.jpg 768w, https:\/\/konrad-vetter.ch\/dervetter\/wp-content\/uploads\/2020\/08\/078_Skizzenblaetter-1536x1096.jpg 1536w, https:\/\/konrad-vetter.ch\/dervetter\/wp-content\/uploads\/2020\/08\/078_Skizzenblaetter-2048x1462.jpg 2048w\" sizes=\"(max-width: 300px) 100vw, 300px\" \/><\/a>\n\t\t\t<\/dt>\n\t\t\t\t<dd class='wp-caption-text gallery-caption' id='gallery-1-632'>\n\t\t\t\tSkizzenbl\u00e4tter\n\t\t\t\t<\/dd><\/dl><dl class='gallery-item'>\n\t\t\t<dt class='gallery-icon landscape'>\n\t\t\t\t<a data-elementor-open-lightbox=\"yes\" data-elementor-lightbox-slideshow=\"91c5de3\" data-elementor-lightbox-title=\"Skizzenbl\u00e4tter\" data-elementor-lightbox-description=\"Entwurf zu Glasscheibe\n\" e-action-hash=\"#elementor-action%3Aaction%3Dlightbox%26settings%3DeyJpZCI6NjM4LCJ1cmwiOiJodHRwczpcL1wva29ucmFkLXZldHRlci5jaFwvZGVydmV0dGVyXC93cC1jb250ZW50XC91cGxvYWRzXC8yMDIwXC8wOFwvMDg2X1NraXp6ZW5ibGFldHRlci5qcGciLCJzbGlkZXNob3ciOiI5MWM1ZGUzIn0%3D\" href='https:\/\/konrad-vetter.ch\/dervetter\/wp-content\/uploads\/2020\/08\/086_Skizzenblaetter.jpg'><img width=\"300\" height=\"216\" src=\"https:\/\/konrad-vetter.ch\/dervetter\/wp-content\/uploads\/2020\/08\/086_Skizzenblaetter-300x216.jpg\" class=\"attachment-medium size-medium\" alt=\"\" loading=\"lazy\" aria-describedby=\"gallery-1-638\" srcset=\"https:\/\/konrad-vetter.ch\/dervetter\/wp-content\/uploads\/2020\/08\/086_Skizzenblaetter-300x216.jpg 300w, https:\/\/konrad-vetter.ch\/dervetter\/wp-content\/uploads\/2020\/08\/086_Skizzenblaetter-1024x739.jpg 1024w, https:\/\/konrad-vetter.ch\/dervetter\/wp-content\/uploads\/2020\/08\/086_Skizzenblaetter-768x554.jpg 768w, https:\/\/konrad-vetter.ch\/dervetter\/wp-content\/uploads\/2020\/08\/086_Skizzenblaetter-1536x1108.jpg 1536w, https:\/\/konrad-vetter.ch\/dervetter\/wp-content\/uploads\/2020\/08\/086_Skizzenblaetter-2048x1478.jpg 2048w\" sizes=\"(max-width: 300px) 100vw, 300px\" \/><\/a>\n\t\t\t<\/dt>\n\t\t\t\t<dd class='wp-caption-text gallery-caption' id='gallery-1-638'>\n\t\t\t\tSkizzenbl\u00e4tter\n\t\t\t\t<\/dd><\/dl><br style=\"clear: both\" \/><dl class='gallery-item'>\n\t\t\t<dt class='gallery-icon landscape'>\n\t\t\t\t<a data-elementor-open-lightbox=\"yes\" data-elementor-lightbox-slideshow=\"91c5de3\" data-elementor-lightbox-title=\"Curvarum\" data-elementor-lightbox-description=\"Entwurf zu Glasscheibe\n\" e-action-hash=\"#elementor-action%3Aaction%3Dlightbox%26settings%3DeyJpZCI6NjM2LCJ1cmwiOiJodHRwczpcL1wva29ucmFkLXZldHRlci5jaFwvZGVydmV0dGVyXC93cC1jb250ZW50XC91cGxvYWRzXC8yMDIwXC8wOFwvMDg0X0N1cnZhcnVtLmpwZyIsInNsaWRlc2hvdyI6IjkxYzVkZTMifQ%3D%3D\" href='https:\/\/konrad-vetter.ch\/dervetter\/wp-content\/uploads\/2020\/08\/084_Curvarum.jpg'><img width=\"300\" height=\"217\" src=\"https:\/\/konrad-vetter.ch\/dervetter\/wp-content\/uploads\/2020\/08\/084_Curvarum-300x217.jpg\" class=\"attachment-medium size-medium\" alt=\"\" loading=\"lazy\" aria-describedby=\"gallery-1-636\" srcset=\"https:\/\/konrad-vetter.ch\/dervetter\/wp-content\/uploads\/2020\/08\/084_Curvarum-300x217.jpg 300w, https:\/\/konrad-vetter.ch\/dervetter\/wp-content\/uploads\/2020\/08\/084_Curvarum-1024x740.jpg 1024w, https:\/\/konrad-vetter.ch\/dervetter\/wp-content\/uploads\/2020\/08\/084_Curvarum-768x555.jpg 768w, https:\/\/konrad-vetter.ch\/dervetter\/wp-content\/uploads\/2020\/08\/084_Curvarum-1536x1110.jpg 1536w, https:\/\/konrad-vetter.ch\/dervetter\/wp-content\/uploads\/2020\/08\/084_Curvarum-2048x1480.jpg 2048w\" sizes=\"(max-width: 300px) 100vw, 300px\" \/><\/a>\n\t\t\t<\/dt>\n\t\t\t\t<dd class='wp-caption-text gallery-caption' id='gallery-1-636'>\n\t\t\t\tCurvarum\n\t\t\t\t<\/dd><\/dl><dl class='gallery-item'>\n\t\t\t<dt class='gallery-icon landscape'>\n\t\t\t\t<a data-elementor-open-lightbox=\"yes\" data-elementor-lightbox-slideshow=\"91c5de3\" data-elementor-lightbox-title=\"ohne Titel\" data-elementor-lightbox-description=\"Aquarell\" e-action-hash=\"#elementor-action%3Aaction%3Dlightbox%26settings%3DeyJpZCI6NjM5LCJ1cmwiOiJodHRwczpcL1wva29ucmFkLXZldHRlci5jaFwvZGVydmV0dGVyXC93cC1jb250ZW50XC91cGxvYWRzXC8yMDIwXC8wOFwvMTExX09obmVUaXRlbC5qcGciLCJzbGlkZXNob3ciOiI5MWM1ZGUzIn0%3D\" href='https:\/\/konrad-vetter.ch\/dervetter\/wp-content\/uploads\/2020\/08\/111_OhneTitel.jpg'><img width=\"300\" height=\"167\" src=\"https:\/\/konrad-vetter.ch\/dervetter\/wp-content\/uploads\/2020\/08\/111_OhneTitel-300x167.jpg\" class=\"attachment-medium size-medium\" alt=\"\" loading=\"lazy\" aria-describedby=\"gallery-1-639\" srcset=\"https:\/\/konrad-vetter.ch\/dervetter\/wp-content\/uploads\/2020\/08\/111_OhneTitel-300x167.jpg 300w, https:\/\/konrad-vetter.ch\/dervetter\/wp-content\/uploads\/2020\/08\/111_OhneTitel-1024x570.jpg 1024w, https:\/\/konrad-vetter.ch\/dervetter\/wp-content\/uploads\/2020\/08\/111_OhneTitel-768x427.jpg 768w, https:\/\/konrad-vetter.ch\/dervetter\/wp-content\/uploads\/2020\/08\/111_OhneTitel-1536x855.jpg 1536w, https:\/\/konrad-vetter.ch\/dervetter\/wp-content\/uploads\/2020\/08\/111_OhneTitel-2048x1140.jpg 2048w\" sizes=\"(max-width: 300px) 100vw, 300px\" \/><\/a>\n\t\t\t<\/dt>\n\t\t\t\t<dd class='wp-caption-text gallery-caption' id='gallery-1-639'>\n\t\t\t\tohne Titel\n\n\t\t\t\t<\/dd><\/dl><dl class='gallery-item'>\n\t\t\t<dt class='gallery-icon landscape'>\n\t\t\t\t<a data-elementor-open-lightbox=\"yes\" data-elementor-lightbox-slideshow=\"91c5de3\" data-elementor-lightbox-title=\"Bl\u00fctenzweig\" data-elementor-lightbox-description=\"Aquarell\" e-action-hash=\"#elementor-action%3Aaction%3Dlightbox%26settings%3DeyJpZCI6NjQ2LCJ1cmwiOiJodHRwczpcL1wva29ucmFkLXZldHRlci5jaFwvZGVydmV0dGVyXC93cC1jb250ZW50XC91cGxvYWRzXC8yMDIwXC8wOFwvMTE2X0JsdWV0ZW56d2VpZy5qcGciLCJzbGlkZXNob3ciOiI5MWM1ZGUzIn0%3D\" href='https:\/\/konrad-vetter.ch\/dervetter\/wp-content\/uploads\/2020\/08\/116_Bluetenzweig.jpg'><img width=\"300\" height=\"244\" src=\"https:\/\/konrad-vetter.ch\/dervetter\/wp-content\/uploads\/2020\/08\/116_Bluetenzweig-300x244.jpg\" class=\"attachment-medium size-medium\" alt=\"\" loading=\"lazy\" aria-describedby=\"gallery-1-646\" srcset=\"https:\/\/konrad-vetter.ch\/dervetter\/wp-content\/uploads\/2020\/08\/116_Bluetenzweig-300x244.jpg 300w, https:\/\/konrad-vetter.ch\/dervetter\/wp-content\/uploads\/2020\/08\/116_Bluetenzweig-1024x832.jpg 1024w, https:\/\/konrad-vetter.ch\/dervetter\/wp-content\/uploads\/2020\/08\/116_Bluetenzweig-768x624.jpg 768w, https:\/\/konrad-vetter.ch\/dervetter\/wp-content\/uploads\/2020\/08\/116_Bluetenzweig-1536x1248.jpg 1536w, https:\/\/konrad-vetter.ch\/dervetter\/wp-content\/uploads\/2020\/08\/116_Bluetenzweig.jpg 1821w\" sizes=\"(max-width: 300px) 100vw, 300px\" \/><\/a>\n\t\t\t<\/dt>\n\t\t\t\t<dd class='wp-caption-text gallery-caption' id='gallery-1-646'>\n\t\t\t\tBl\u00fctenzweig\n\t\t\t\t<\/dd><\/dl><br style=\"clear: both\" \/><dl class='gallery-item'>\n\t\t\t<dt class='gallery-icon landscape'>\n\t\t\t\t<a data-elementor-open-lightbox=\"yes\" data-elementor-lightbox-slideshow=\"91c5de3\" data-elementor-lightbox-title=\"magisches Kreuz\" data-elementor-lightbox-description=\"Aquarell\" e-action-hash=\"#elementor-action%3Aaction%3Dlightbox%26settings%3DeyJpZCI6NTU5LCJ1cmwiOiJodHRwczpcL1wva29ucmFkLXZldHRlci5jaFwvZGVydmV0dGVyXC93cC1jb250ZW50XC91cGxvYWRzXC8yMDIwXC8wOFwvMjZfTWFnaXNjaGVzS3JldXotMS5qcGciLCJzbGlkZXNob3ciOiI5MWM1ZGUzIn0%3D\" href='https:\/\/konrad-vetter.ch\/dervetter\/wp-content\/uploads\/2020\/08\/26_MagischesKreuz-1.jpg'><img width=\"300\" height=\"279\" src=\"https:\/\/konrad-vetter.ch\/dervetter\/wp-content\/uploads\/2020\/08\/26_MagischesKreuz-1-300x279.jpg\" class=\"attachment-medium size-medium\" alt=\"\" loading=\"lazy\" aria-describedby=\"gallery-1-559\" srcset=\"https:\/\/konrad-vetter.ch\/dervetter\/wp-content\/uploads\/2020\/08\/26_MagischesKreuz-1-300x279.jpg 300w, https:\/\/konrad-vetter.ch\/dervetter\/wp-content\/uploads\/2020\/08\/26_MagischesKreuz-1-768x713.jpg 768w, https:\/\/konrad-vetter.ch\/dervetter\/wp-content\/uploads\/2020\/08\/26_MagischesKreuz-1.jpg 881w\" sizes=\"(max-width: 300px) 100vw, 300px\" \/><\/a>\n\t\t\t<\/dt>\n\t\t\t\t<dd class='wp-caption-text gallery-caption' id='gallery-1-559'>\n\t\t\t\tmagisches Kreuz\n\n\t\t\t\t<\/dd><\/dl><dl class='gallery-item'>\n\t\t\t<dt class='gallery-icon portrait'>\n\t\t\t\t<a data-elementor-open-lightbox=\"yes\" data-elementor-lightbox-slideshow=\"91c5de3\" data-elementor-lightbox-title=\"Lux\" data-elementor-lightbox-description=\"Gouache\" e-action-hash=\"#elementor-action%3Aaction%3Dlightbox%26settings%3DeyJpZCI6NjcxLCJ1cmwiOiJodHRwczpcL1wva29ucmFkLXZldHRlci5jaFwvZGVydmV0dGVyXC93cC1jb250ZW50XC91cGxvYWRzXC8yMDIwXC8wOFwvTHV4X2dyb3NzLmpwZyIsInNsaWRlc2hvdyI6IjkxYzVkZTMifQ%3D%3D\" href='https:\/\/konrad-vetter.ch\/dervetter\/wp-content\/uploads\/2020\/08\/Lux_gross.jpg'><img width=\"272\" height=\"300\" src=\"https:\/\/konrad-vetter.ch\/dervetter\/wp-content\/uploads\/2020\/08\/Lux_gross-272x300.jpg\" class=\"attachment-medium size-medium\" alt=\"\" loading=\"lazy\" aria-describedby=\"gallery-1-671\" srcset=\"https:\/\/konrad-vetter.ch\/dervetter\/wp-content\/uploads\/2020\/08\/Lux_gross-272x300.jpg 272w, https:\/\/konrad-vetter.ch\/dervetter\/wp-content\/uploads\/2020\/08\/Lux_gross.jpg 544w\" sizes=\"(max-width: 272px) 100vw, 272px\" \/><\/a>\n\t\t\t<\/dt>\n\t\t\t\t<dd class='wp-caption-text gallery-caption' id='gallery-1-671'>\n\t\t\t\tLux\n\t\t\t\t<\/dd><\/dl><dl class='gallery-item'>\n\t\t\t<dt class='gallery-icon portrait'>\n\t\t\t\t<a data-elementor-open-lightbox=\"yes\" data-elementor-lightbox-slideshow=\"91c5de3\" data-elementor-lightbox-title=\"Dreiberg\" data-elementor-lightbox-description=\"Echtantikglas, Blei\" e-action-hash=\"#elementor-action%3Aaction%3Dlightbox%26settings%3DeyJpZCI6NjUzLCJ1cmwiOiJodHRwczpcL1wva29ucmFkLXZldHRlci5jaFwvZGVydmV0dGVyXC93cC1jb250ZW50XC91cGxvYWRzXC8yMDIwXC8wOFwvMjRfRHJlaUJlcmcuanBnIiwic2xpZGVzaG93IjoiOTFjNWRlMyJ9\" href='https:\/\/konrad-vetter.ch\/dervetter\/wp-content\/uploads\/2020\/08\/24_DreiBerg.jpg'><img width=\"250\" height=\"300\" src=\"https:\/\/konrad-vetter.ch\/dervetter\/wp-content\/uploads\/2020\/08\/24_DreiBerg-250x300.jpg\" class=\"attachment-medium size-medium\" alt=\"\" loading=\"lazy\" aria-describedby=\"gallery-1-653\" srcset=\"https:\/\/konrad-vetter.ch\/dervetter\/wp-content\/uploads\/2020\/08\/24_DreiBerg-250x300.jpg 250w, https:\/\/konrad-vetter.ch\/dervetter\/wp-content\/uploads\/2020\/08\/24_DreiBerg.jpg 424w\" sizes=\"(max-width: 250px) 100vw, 250px\" \/><\/a>\n\t\t\t<\/dt>\n\t\t\t\t<dd class='wp-caption-text gallery-caption' id='gallery-1-653'>\n\t\t\t\tDreiberg\n\t\t\t\t<\/dd><\/dl><br style=\"clear: both\" \/>\n\t\t<\/div>\n\t\t<\/div>\n\t\t\t\t<\/div>\n\t\t\t\t<\/div>\n\t\t\t\t\t\t<\/div>\n\t\t\t\t\t<\/div>\n\t\t<\/div>\n\t\t\t\t\t\t\t\t<\/div>\n\t\t\t\t\t<\/div>\n\t\t<\/section>\n\t\t\t\t\t\t\t\t\t<\/div>\n\t\t\t<\/div>\n\t\t\t\t\t<\/div>\n\t\t","protected":false},"excerpt":{"rendered":"<p>1960 Pfeilfeh kleiner Sonnengesang roter Pfeilfeh Variation auf ein persisches Thema tragendes Element Feh St. Georg Studie Paradies Studie Paradiesli Fensterentwurf Keilformation I (f\u00fcr Glas) Keilformation IV (f\u00fcr Glas) Feh Skizzenbl\u00e4tter Skizzenbl\u00e4tter Curvarum ohne Titel Bl\u00fctenzweig magisches Kreuz Lux Dreiberg<\/p>\n","protected":false},"author":1,"featured_media":0,"parent":0,"menu_order":21,"comment_status":"closed","ping_status":"closed","template":"elementor_header_footer","meta":[],"_links":{"self":[{"href":"https:\/\/konrad-vetter.ch\/dervetter\/wp-json\/wp\/v2\/pages\/593"}],"collection":[{"href":"https:\/\/konrad-vetter.ch\/dervetter\/wp-json\/wp\/v2\/pages"}],"about":[{"href":"https:\/\/konrad-vetter.ch\/dervetter\/wp-json\/wp\/v2\/types\/page"}],"author":[{"embeddable":true,"href":"https:\/\/konrad-vetter.ch\/dervetter\/wp-json\/wp\/v2\/users\/1"}],"replies":[{"embeddable":true,"href":"https:\/\/konrad-vetter.ch\/dervetter\/wp-json\/wp\/v2\/comments?post=593"}],"version-history":[{"count":6,"href":"https:\/\/konrad-vetter.ch\/dervetter\/wp-json\/wp\/v2\/pages\/593\/revisions"}],"predecessor-version":[{"id":2440,"href":"https:\/\/konrad-vetter.ch\/dervetter\/wp-json\/wp\/v2\/pages\/593\/revisions\/2440"}],"wp:attachment":[{"href":"https:\/\/konrad-vetter.ch\/dervetter\/wp-json\/wp\/v2\/media?parent=593"}],"curies":[{"name":"wp","href":"https:\/\/api.w.org\/{rel}","templated":true}]}}