{"id":922,"date":"2020-09-05T10:10:39","date_gmt":"2020-09-05T10:10:39","guid":{"rendered":"https:\/\/konrad-vetter.ch\/dervetter\/?page_id=922"},"modified":"2020-10-11T16:56:37","modified_gmt":"2020-10-11T16:56:37","slug":"1975-2","status":"publish","type":"page","link":"https:\/\/konrad-vetter.ch\/dervetter\/1975-2\/","title":{"rendered":"1975"},"content":{"rendered":"\t\t<div data-elementor-type=\"wp-page\" data-elementor-id=\"922\" class=\"elementor elementor-922\">\n\t\t\t\t\t\t<div class=\"elementor-inner\">\n\t\t\t\t<div class=\"elementor-section-wrap\">\n\t\t\t\t\t\t\t\t\t<section class=\"elementor-section elementor-top-section elementor-element elementor-element-6a232ae9 elementor-section-boxed elementor-section-height-default elementor-section-height-default\" data-id=\"6a232ae9\" data-element_type=\"section\">\n\t\t\t\t\t\t<div class=\"elementor-container elementor-column-gap-default\">\n\t\t\t\t\t\t\t<div class=\"elementor-row\">\n\t\t\t\t\t<div class=\"elementor-column elementor-col-100 elementor-top-column elementor-element elementor-element-395b8ec4\" data-id=\"395b8ec4\" data-element_type=\"column\">\n\t\t\t<div class=\"elementor-column-wrap elementor-element-populated\">\n\t\t\t\t\t\t\t<div class=\"elementor-widget-wrap\">\n\t\t\t\t\t\t<div class=\"elementor-element elementor-element-43bae92 elementor-widget elementor-widget-heading\" data-id=\"43bae92\" data-element_type=\"widget\" data-widget_type=\"heading.default\">\n\t\t\t\t<div class=\"elementor-widget-container\">\n\t\t\t<h2 class=\"elementor-heading-title elementor-size-default\">1975<\/h2>\t\t<\/div>\n\t\t\t\t<\/div>\n\t\t\t\t\t\t<\/div>\n\t\t\t\t\t<\/div>\n\t\t<\/div>\n\t\t\t\t\t\t\t\t<\/div>\n\t\t\t\t\t<\/div>\n\t\t<\/section>\n\t\t\t\t<section class=\"elementor-section elementor-top-section elementor-element elementor-element-1a402cc elementor-section-boxed elementor-section-height-default elementor-section-height-default\" data-id=\"1a402cc\" data-element_type=\"section\">\n\t\t\t\t\t\t<div class=\"elementor-container elementor-column-gap-default\">\n\t\t\t\t\t\t\t<div class=\"elementor-row\">\n\t\t\t\t\t<div class=\"elementor-column elementor-col-100 elementor-top-column elementor-element elementor-element-d2f05fa\" data-id=\"d2f05fa\" data-element_type=\"column\">\n\t\t\t<div class=\"elementor-column-wrap elementor-element-populated\">\n\t\t\t\t\t\t\t<div class=\"elementor-widget-wrap\">\n\t\t\t\t\t\t<div class=\"elementor-element elementor-element-6b26428 elementor-widget elementor-widget-image-gallery\" data-id=\"6b26428\" data-element_type=\"widget\" data-widget_type=\"image-gallery.default\">\n\t\t\t\t<div class=\"elementor-widget-container\">\n\t\t\t\t\t<div class=\"elementor-image-gallery\">\n\t\t\t\n\t\t<style type=\"text\/css\">\n\t\t\t#gallery-1 {\n\t\t\t\tmargin: auto;\n\t\t\t}\n\t\t\t#gallery-1 .gallery-item {\n\t\t\t\tfloat: left;\n\t\t\t\tmargin-top: 10px;\n\t\t\t\ttext-align: center;\n\t\t\t\twidth: 33%;\n\t\t\t}\n\t\t\t#gallery-1 img {\n\t\t\t\tborder: 2px solid #cfcfcf;\n\t\t\t}\n\t\t\t#gallery-1 .gallery-caption {\n\t\t\t\tmargin-left: 0;\n\t\t\t}\n\t\t\t\/* see gallery_shortcode() in wp-includes\/media.php *\/\n\t\t<\/style>\n\t\t<div id='gallery-1' class='gallery galleryid-922 gallery-columns-3 gallery-size-medium'><dl class='gallery-item'>\n\t\t\t<dt class='gallery-icon landscape'>\n\t\t\t\t<a data-elementor-open-lightbox=\"yes\" data-elementor-lightbox-slideshow=\"6b26428\" data-elementor-lightbox-title=\"ohne Titel\" data-elementor-lightbox-description=\"Wasserfarben\" e-action-hash=\"#elementor-action%3Aaction%3Dlightbox%26settings%3DeyJpZCI6ODU0LCJ1cmwiOiJodHRwczpcL1wva29ucmFkLXZldHRlci5jaFwvZGVydmV0dGVyXC93cC1jb250ZW50XC91cGxvYWRzXC8yMDIwXC8wOVwvMTE0X09obmVUaXRlbC5qcGciLCJzbGlkZXNob3ciOiI2YjI2NDI4In0%3D\" href='https:\/\/konrad-vetter.ch\/dervetter\/wp-content\/uploads\/2020\/09\/114_OhneTitel.jpg'><img width=\"300\" height=\"173\" src=\"https:\/\/konrad-vetter.ch\/dervetter\/wp-content\/uploads\/2020\/09\/114_OhneTitel-300x173.jpg\" class=\"attachment-medium size-medium\" alt=\"\" loading=\"lazy\" aria-describedby=\"gallery-1-854\" srcset=\"https:\/\/konrad-vetter.ch\/dervetter\/wp-content\/uploads\/2020\/09\/114_OhneTitel-300x173.jpg 300w, https:\/\/konrad-vetter.ch\/dervetter\/wp-content\/uploads\/2020\/09\/114_OhneTitel-1024x591.jpg 1024w, https:\/\/konrad-vetter.ch\/dervetter\/wp-content\/uploads\/2020\/09\/114_OhneTitel-768x443.jpg 768w, https:\/\/konrad-vetter.ch\/dervetter\/wp-content\/uploads\/2020\/09\/114_OhneTitel-1536x886.jpg 1536w, https:\/\/konrad-vetter.ch\/dervetter\/wp-content\/uploads\/2020\/09\/114_OhneTitel.jpg 2010w\" sizes=\"(max-width: 300px) 100vw, 300px\" \/><\/a>\n\t\t\t<\/dt>\n\t\t\t\t<dd class='wp-caption-text gallery-caption' id='gallery-1-854'>\n\t\t\t\tohne Titel\n\n\t\t\t\t<\/dd><\/dl><dl class='gallery-item'>\n\t\t\t<dt class='gallery-icon portrait'>\n\t\t\t\t<a data-elementor-open-lightbox=\"yes\" data-elementor-lightbox-slideshow=\"6b26428\" data-elementor-lightbox-title=\"Stella Maris\" data-elementor-lightbox-description=\"Echtantikglas, Blei\" e-action-hash=\"#elementor-action%3Aaction%3Dlightbox%26settings%3DeyJpZCI6ODM1LCJ1cmwiOiJodHRwczpcL1wva29ucmFkLXZldHRlci5jaFwvZGVydmV0dGVyXC93cC1jb250ZW50XC91cGxvYWRzXC8yMDIwXC8wOVwvMDRfU3RlbGxhTWFyaXMtc2NhbGVkLmpwZyIsInNsaWRlc2hvdyI6IjZiMjY0MjgifQ%3D%3D\" href='https:\/\/konrad-vetter.ch\/dervetter\/wp-content\/uploads\/2020\/09\/04_StellaMaris-scaled.jpg'><img width=\"182\" height=\"300\" src=\"https:\/\/konrad-vetter.ch\/dervetter\/wp-content\/uploads\/2020\/09\/04_StellaMaris-182x300.jpg\" class=\"attachment-medium size-medium\" alt=\"\" loading=\"lazy\" aria-describedby=\"gallery-1-835\" srcset=\"https:\/\/konrad-vetter.ch\/dervetter\/wp-content\/uploads\/2020\/09\/04_StellaMaris-182x300.jpg 182w, https:\/\/konrad-vetter.ch\/dervetter\/wp-content\/uploads\/2020\/09\/04_StellaMaris-620x1024.jpg 620w, https:\/\/konrad-vetter.ch\/dervetter\/wp-content\/uploads\/2020\/09\/04_StellaMaris-768x1268.jpg 768w, https:\/\/konrad-vetter.ch\/dervetter\/wp-content\/uploads\/2020\/09\/04_StellaMaris-930x1536.jpg 930w, https:\/\/konrad-vetter.ch\/dervetter\/wp-content\/uploads\/2020\/09\/04_StellaMaris-1241x2048.jpg 1241w, https:\/\/konrad-vetter.ch\/dervetter\/wp-content\/uploads\/2020\/09\/04_StellaMaris-scaled.jpg 1551w\" sizes=\"(max-width: 182px) 100vw, 182px\" \/><\/a>\n\t\t\t<\/dt>\n\t\t\t\t<dd class='wp-caption-text gallery-caption' id='gallery-1-835'>\n\t\t\t\tStella Maris\n\n\t\t\t\t<\/dd><\/dl><dl class='gallery-item'>\n\t\t\t<dt class='gallery-icon portrait'>\n\t\t\t\t<a data-elementor-open-lightbox=\"yes\" data-elementor-lightbox-slideshow=\"6b26428\" data-elementor-lightbox-title=\"Das Siebengestirn\" data-elementor-lightbox-description=\"Bleistift\" e-action-hash=\"#elementor-action%3Aaction%3Dlightbox%26settings%3DeyJpZCI6ODU2LCJ1cmwiOiJodHRwczpcL1wva29ucmFkLXZldHRlci5jaFwvZGVydmV0dGVyXC93cC1jb250ZW50XC91cGxvYWRzXC8yMDIwXC8wOVwvMDFfU2llYmVuZ2VzdGlybi5qcGciLCJzbGlkZXNob3ciOiI2YjI2NDI4In0%3D\" href='https:\/\/konrad-vetter.ch\/dervetter\/wp-content\/uploads\/2020\/09\/01_Siebengestirn.jpg'><img width=\"234\" height=\"300\" src=\"https:\/\/konrad-vetter.ch\/dervetter\/wp-content\/uploads\/2020\/09\/01_Siebengestirn-234x300.jpg\" class=\"attachment-medium size-medium\" alt=\"\" loading=\"lazy\" aria-describedby=\"gallery-1-856\" srcset=\"https:\/\/konrad-vetter.ch\/dervetter\/wp-content\/uploads\/2020\/09\/01_Siebengestirn-234x300.jpg 234w, https:\/\/konrad-vetter.ch\/dervetter\/wp-content\/uploads\/2020\/09\/01_Siebengestirn.jpg 468w\" sizes=\"(max-width: 234px) 100vw, 234px\" \/><\/a>\n\t\t\t<\/dt>\n\t\t\t\t<dd class='wp-caption-text gallery-caption' id='gallery-1-856'>\n\t\t\t\tDas Siebengestirn\n\n\t\t\t\t<\/dd><\/dl><br style=\"clear: both\" \/><dl class='gallery-item'>\n\t\t\t<dt class='gallery-icon landscape'>\n\t\t\t\t<a data-elementor-open-lightbox=\"yes\" data-elementor-lightbox-slideshow=\"6b26428\" data-elementor-lightbox-title=\"Ligni\u00e8res\" data-elementor-lightbox-description=\"Bleistift\" e-action-hash=\"#elementor-action%3Aaction%3Dlightbox%26settings%3DeyJpZCI6ODQ1LCJ1cmwiOiJodHRwczpcL1wva29ucmFkLXZldHRlci5jaFwvZGVydmV0dGVyXC93cC1jb250ZW50XC91cGxvYWRzXC8yMDIwXC8wOVwvMDQ5X0xpZ25pZXJlcy5qcGciLCJzbGlkZXNob3ciOiI2YjI2NDI4In0%3D\" href='https:\/\/konrad-vetter.ch\/dervetter\/wp-content\/uploads\/2020\/09\/049_Lignieres.jpg'><img width=\"300\" height=\"260\" src=\"https:\/\/konrad-vetter.ch\/dervetter\/wp-content\/uploads\/2020\/09\/049_Lignieres-300x260.jpg\" class=\"attachment-medium size-medium\" alt=\"\" loading=\"lazy\" aria-describedby=\"gallery-1-845\" srcset=\"https:\/\/konrad-vetter.ch\/dervetter\/wp-content\/uploads\/2020\/09\/049_Lignieres-300x260.jpg 300w, https:\/\/konrad-vetter.ch\/dervetter\/wp-content\/uploads\/2020\/09\/049_Lignieres-1024x886.jpg 1024w, https:\/\/konrad-vetter.ch\/dervetter\/wp-content\/uploads\/2020\/09\/049_Lignieres-768x665.jpg 768w, https:\/\/konrad-vetter.ch\/dervetter\/wp-content\/uploads\/2020\/09\/049_Lignieres-1536x1329.jpg 1536w, https:\/\/konrad-vetter.ch\/dervetter\/wp-content\/uploads\/2020\/09\/049_Lignieres-2048x1772.jpg 2048w\" sizes=\"(max-width: 300px) 100vw, 300px\" \/><\/a>\n\t\t\t<\/dt>\n\t\t\t\t<dd class='wp-caption-text gallery-caption' id='gallery-1-845'>\n\t\t\t\tLigni\u00e8res\n\t\t\t\t<\/dd><\/dl><dl class='gallery-item'>\n\t\t\t<dt class='gallery-icon portrait'>\n\t\t\t\t<a data-elementor-open-lightbox=\"yes\" data-elementor-lightbox-slideshow=\"6b26428\" data-elementor-lightbox-title=\"Ligni\u00e8res\" data-elementor-lightbox-description=\"Bleistift\" e-action-hash=\"#elementor-action%3Aaction%3Dlightbox%26settings%3DeyJpZCI6ODQxLCJ1cmwiOiJodHRwczpcL1wva29ucmFkLXZldHRlci5jaFwvZGVydmV0dGVyXC93cC1jb250ZW50XC91cGxvYWRzXC8yMDIwXC8wOVwvMDQzX0xpZ25pZXJlcy5qcGciLCJzbGlkZXNob3ciOiI2YjI2NDI4In0%3D\" href='https:\/\/konrad-vetter.ch\/dervetter\/wp-content\/uploads\/2020\/09\/043_Lignieres.jpg'><img width=\"248\" height=\"300\" src=\"https:\/\/konrad-vetter.ch\/dervetter\/wp-content\/uploads\/2020\/09\/043_Lignieres-248x300.jpg\" class=\"attachment-medium size-medium\" alt=\"\" loading=\"lazy\" aria-describedby=\"gallery-1-841\" srcset=\"https:\/\/konrad-vetter.ch\/dervetter\/wp-content\/uploads\/2020\/09\/043_Lignieres-248x300.jpg 248w, https:\/\/konrad-vetter.ch\/dervetter\/wp-content\/uploads\/2020\/09\/043_Lignieres-846x1024.jpg 846w, https:\/\/konrad-vetter.ch\/dervetter\/wp-content\/uploads\/2020\/09\/043_Lignieres-768x929.jpg 768w, https:\/\/konrad-vetter.ch\/dervetter\/wp-content\/uploads\/2020\/09\/043_Lignieres-1269x1536.jpg 1269w, https:\/\/konrad-vetter.ch\/dervetter\/wp-content\/uploads\/2020\/09\/043_Lignieres.jpg 1557w\" sizes=\"(max-width: 248px) 100vw, 248px\" \/><\/a>\n\t\t\t<\/dt>\n\t\t\t\t<dd class='wp-caption-text gallery-caption' id='gallery-1-841'>\n\t\t\t\tLigni\u00e8res\n\t\t\t\t<\/dd><\/dl><dl class='gallery-item'>\n\t\t\t<dt class='gallery-icon portrait'>\n\t\t\t\t<a data-elementor-open-lightbox=\"yes\" data-elementor-lightbox-slideshow=\"6b26428\" data-elementor-lightbox-title=\"Ligni\u00e8res\" data-elementor-lightbox-description=\"Bleistift\" e-action-hash=\"#elementor-action%3Aaction%3Dlightbox%26settings%3DeyJpZCI6ODQwLCJ1cmwiOiJodHRwczpcL1wva29ucmFkLXZldHRlci5jaFwvZGVydmV0dGVyXC93cC1jb250ZW50XC91cGxvYWRzXC8yMDIwXC8wOVwvMDQxX0xpZ25pZXJlcy5qcGciLCJzbGlkZXNob3ciOiI2YjI2NDI4In0%3D\" href='https:\/\/konrad-vetter.ch\/dervetter\/wp-content\/uploads\/2020\/09\/041_Lignieres.jpg'><img width=\"237\" height=\"300\" src=\"https:\/\/konrad-vetter.ch\/dervetter\/wp-content\/uploads\/2020\/09\/041_Lignieres-237x300.jpg\" class=\"attachment-medium size-medium\" alt=\"\" loading=\"lazy\" aria-describedby=\"gallery-1-840\" srcset=\"https:\/\/konrad-vetter.ch\/dervetter\/wp-content\/uploads\/2020\/09\/041_Lignieres-237x300.jpg 237w, https:\/\/konrad-vetter.ch\/dervetter\/wp-content\/uploads\/2020\/09\/041_Lignieres-808x1024.jpg 808w, https:\/\/konrad-vetter.ch\/dervetter\/wp-content\/uploads\/2020\/09\/041_Lignieres-768x973.jpg 768w, https:\/\/konrad-vetter.ch\/dervetter\/wp-content\/uploads\/2020\/09\/041_Lignieres-1212x1536.jpg 1212w, https:\/\/konrad-vetter.ch\/dervetter\/wp-content\/uploads\/2020\/09\/041_Lignieres.jpg 1482w\" sizes=\"(max-width: 237px) 100vw, 237px\" \/><\/a>\n\t\t\t<\/dt>\n\t\t\t\t<dd class='wp-caption-text gallery-caption' id='gallery-1-840'>\n\t\t\t\tLigni\u00e8res\n\t\t\t\t<\/dd><\/dl><br style=\"clear: both\" \/><dl class='gallery-item'>\n\t\t\t<dt class='gallery-icon portrait'>\n\t\t\t\t<a data-elementor-open-lightbox=\"yes\" data-elementor-lightbox-slideshow=\"6b26428\" data-elementor-lightbox-title=\"Ligni\u00e8res 5\" data-elementor-lightbox-description=\"Bleistift\" e-action-hash=\"#elementor-action%3Aaction%3Dlightbox%26settings%3DeyJpZCI6ODMzLCJ1cmwiOiJodHRwczpcL1wva29ucmFkLXZldHRlci5jaFwvZGVydmV0dGVyXC93cC1jb250ZW50XC91cGxvYWRzXC8yMDIwXC8wOVwvOTNfTGlnbmllcmVzXzUuanBnIiwic2xpZGVzaG93IjoiNmIyNjQyOCJ9\" href='https:\/\/konrad-vetter.ch\/dervetter\/wp-content\/uploads\/2020\/09\/93_Lignieres_5.jpg'><img width=\"224\" height=\"300\" src=\"https:\/\/konrad-vetter.ch\/dervetter\/wp-content\/uploads\/2020\/09\/93_Lignieres_5-224x300.jpg\" class=\"attachment-medium size-medium\" alt=\"\" loading=\"lazy\" aria-describedby=\"gallery-1-833\" srcset=\"https:\/\/konrad-vetter.ch\/dervetter\/wp-content\/uploads\/2020\/09\/93_Lignieres_5-224x300.jpg 224w, https:\/\/konrad-vetter.ch\/dervetter\/wp-content\/uploads\/2020\/09\/93_Lignieres_5-763x1024.jpg 763w, https:\/\/konrad-vetter.ch\/dervetter\/wp-content\/uploads\/2020\/09\/93_Lignieres_5-768x1030.jpg 768w, https:\/\/konrad-vetter.ch\/dervetter\/wp-content\/uploads\/2020\/09\/93_Lignieres_5-1145x1536.jpg 1145w, https:\/\/konrad-vetter.ch\/dervetter\/wp-content\/uploads\/2020\/09\/93_Lignieres_5-1526x2048.jpg 1526w, https:\/\/konrad-vetter.ch\/dervetter\/wp-content\/uploads\/2020\/09\/93_Lignieres_5.jpg 1817w\" sizes=\"(max-width: 224px) 100vw, 224px\" \/><\/a>\n\t\t\t<\/dt>\n\t\t\t\t<dd class='wp-caption-text gallery-caption' id='gallery-1-833'>\n\t\t\t\tLigni\u00e8res 5\n\n\t\t\t\t<\/dd><\/dl><dl class='gallery-item'>\n\t\t\t<dt class='gallery-icon portrait'>\n\t\t\t\t<a data-elementor-open-lightbox=\"yes\" data-elementor-lightbox-slideshow=\"6b26428\" data-elementor-lightbox-title=\"Ligni\u00e8res 4\" data-elementor-lightbox-description=\"Bleistift\" e-action-hash=\"#elementor-action%3Aaction%3Dlightbox%26settings%3DeyJpZCI6ODM0LCJ1cmwiOiJodHRwczpcL1wva29ucmFkLXZldHRlci5jaFwvZGVydmV0dGVyXC93cC1jb250ZW50XC91cGxvYWRzXC8yMDIwXC8wOVwvOTJfTGlnbmllcmVzXzQuanBnIiwic2xpZGVzaG93IjoiNmIyNjQyOCJ9\" href='https:\/\/konrad-vetter.ch\/dervetter\/wp-content\/uploads\/2020\/09\/92_Lignieres_4.jpg'><img width=\"209\" height=\"300\" src=\"https:\/\/konrad-vetter.ch\/dervetter\/wp-content\/uploads\/2020\/09\/92_Lignieres_4-209x300.jpg\" class=\"attachment-medium size-medium\" alt=\"\" loading=\"lazy\" aria-describedby=\"gallery-1-834\" srcset=\"https:\/\/konrad-vetter.ch\/dervetter\/wp-content\/uploads\/2020\/09\/92_Lignieres_4-209x300.jpg 209w, https:\/\/konrad-vetter.ch\/dervetter\/wp-content\/uploads\/2020\/09\/92_Lignieres_4-715x1024.jpg 715w, https:\/\/konrad-vetter.ch\/dervetter\/wp-content\/uploads\/2020\/09\/92_Lignieres_4-768x1100.jpg 768w, https:\/\/konrad-vetter.ch\/dervetter\/wp-content\/uploads\/2020\/09\/92_Lignieres_4-1073x1536.jpg 1073w, https:\/\/konrad-vetter.ch\/dervetter\/wp-content\/uploads\/2020\/09\/92_Lignieres_4-1430x2048.jpg 1430w, https:\/\/konrad-vetter.ch\/dervetter\/wp-content\/uploads\/2020\/09\/92_Lignieres_4.jpg 1710w\" sizes=\"(max-width: 209px) 100vw, 209px\" \/><\/a>\n\t\t\t<\/dt>\n\t\t\t\t<dd class='wp-caption-text gallery-caption' id='gallery-1-834'>\n\t\t\t\tLigni\u00e8res 4\n\n\t\t\t\t<\/dd><\/dl><dl class='gallery-item'>\n\t\t\t<dt class='gallery-icon portrait'>\n\t\t\t\t<a data-elementor-open-lightbox=\"yes\" data-elementor-lightbox-slideshow=\"6b26428\" data-elementor-lightbox-title=\"Ligni\u00e8res\" data-elementor-lightbox-description=\"Ligni\u00e8res\" e-action-hash=\"#elementor-action%3Aaction%3Dlightbox%26settings%3DeyJpZCI6ODM5LCJ1cmwiOiJodHRwczpcL1wva29ucmFkLXZldHRlci5jaFwvZGVydmV0dGVyXC93cC1jb250ZW50XC91cGxvYWRzXC8yMDIwXC8wOVwvMDM5X0xpZ25pZXJlcy5qcGciLCJzbGlkZXNob3ciOiI2YjI2NDI4In0%3D\" href='https:\/\/konrad-vetter.ch\/dervetter\/wp-content\/uploads\/2020\/09\/039_Lignieres.jpg'><img width=\"242\" height=\"300\" src=\"https:\/\/konrad-vetter.ch\/dervetter\/wp-content\/uploads\/2020\/09\/039_Lignieres-242x300.jpg\" class=\"attachment-medium size-medium\" alt=\"\" loading=\"lazy\" aria-describedby=\"gallery-1-839\" srcset=\"https:\/\/konrad-vetter.ch\/dervetter\/wp-content\/uploads\/2020\/09\/039_Lignieres-242x300.jpg 242w, https:\/\/konrad-vetter.ch\/dervetter\/wp-content\/uploads\/2020\/09\/039_Lignieres-825x1024.jpg 825w, https:\/\/konrad-vetter.ch\/dervetter\/wp-content\/uploads\/2020\/09\/039_Lignieres-768x954.jpg 768w, https:\/\/konrad-vetter.ch\/dervetter\/wp-content\/uploads\/2020\/09\/039_Lignieres-1237x1536.jpg 1237w, https:\/\/konrad-vetter.ch\/dervetter\/wp-content\/uploads\/2020\/09\/039_Lignieres.jpg 1527w\" sizes=\"(max-width: 242px) 100vw, 242px\" \/><\/a>\n\t\t\t<\/dt>\n\t\t\t\t<dd class='wp-caption-text gallery-caption' id='gallery-1-839'>\n\t\t\t\tLigni\u00e8res\n\t\t\t\t<\/dd><\/dl><br style=\"clear: both\" \/><dl class='gallery-item'>\n\t\t\t<dt class='gallery-icon portrait'>\n\t\t\t\t<a data-elementor-open-lightbox=\"yes\" data-elementor-lightbox-slideshow=\"6b26428\" data-elementor-lightbox-title=\"Ligni\u00e8res\" data-elementor-lightbox-description=\"Bleistift\" e-action-hash=\"#elementor-action%3Aaction%3Dlightbox%26settings%3DeyJpZCI6ODM3LCJ1cmwiOiJodHRwczpcL1wva29ucmFkLXZldHRlci5jaFwvZGVydmV0dGVyXC93cC1jb250ZW50XC91cGxvYWRzXC8yMDIwXC8wOVwvMDM3X0xpZ25pZXJlcy5qcGciLCJzbGlkZXNob3ciOiI2YjI2NDI4In0%3D\" href='https:\/\/konrad-vetter.ch\/dervetter\/wp-content\/uploads\/2020\/09\/037_Lignieres.jpg'><img width=\"245\" height=\"300\" src=\"https:\/\/konrad-vetter.ch\/dervetter\/wp-content\/uploads\/2020\/09\/037_Lignieres-245x300.jpg\" class=\"attachment-medium size-medium\" alt=\"\" loading=\"lazy\" aria-describedby=\"gallery-1-837\" srcset=\"https:\/\/konrad-vetter.ch\/dervetter\/wp-content\/uploads\/2020\/09\/037_Lignieres-245x300.jpg 245w, https:\/\/konrad-vetter.ch\/dervetter\/wp-content\/uploads\/2020\/09\/037_Lignieres-836x1024.jpg 836w, https:\/\/konrad-vetter.ch\/dervetter\/wp-content\/uploads\/2020\/09\/037_Lignieres-768x941.jpg 768w, https:\/\/konrad-vetter.ch\/dervetter\/wp-content\/uploads\/2020\/09\/037_Lignieres-1253x1536.jpg 1253w, https:\/\/konrad-vetter.ch\/dervetter\/wp-content\/uploads\/2020\/09\/037_Lignieres.jpg 1584w\" sizes=\"(max-width: 245px) 100vw, 245px\" \/><\/a>\n\t\t\t<\/dt>\n\t\t\t\t<dd class='wp-caption-text gallery-caption' id='gallery-1-837'>\n\t\t\t\tLigni\u00e8res\n\t\t\t\t<\/dd><\/dl><dl class='gallery-item'>\n\t\t\t<dt class='gallery-icon landscape'>\n\t\t\t\t<a data-elementor-open-lightbox=\"yes\" data-elementor-lightbox-slideshow=\"6b26428\" data-elementor-lightbox-title=\"Ligni\u00e8res\" data-elementor-lightbox-description=\"Bleistift, Filzstift\" e-action-hash=\"#elementor-action%3Aaction%3Dlightbox%26settings%3DeyJpZCI6ODQ4LCJ1cmwiOiJodHRwczpcL1wva29ucmFkLXZldHRlci5jaFwvZGVydmV0dGVyXC93cC1jb250ZW50XC91cGxvYWRzXC8yMDIwXC8wOVwvMDUzX2xpZ25pZXJlcy5qcGciLCJzbGlkZXNob3ciOiI2YjI2NDI4In0%3D\" href='https:\/\/konrad-vetter.ch\/dervetter\/wp-content\/uploads\/2020\/09\/053_lignieres.jpg'><img width=\"300\" height=\"211\" src=\"https:\/\/konrad-vetter.ch\/dervetter\/wp-content\/uploads\/2020\/09\/053_lignieres-300x211.jpg\" class=\"attachment-medium size-medium\" alt=\"\" loading=\"lazy\" aria-describedby=\"gallery-1-848\" srcset=\"https:\/\/konrad-vetter.ch\/dervetter\/wp-content\/uploads\/2020\/09\/053_lignieres-300x211.jpg 300w, https:\/\/konrad-vetter.ch\/dervetter\/wp-content\/uploads\/2020\/09\/053_lignieres-1024x721.jpg 1024w, https:\/\/konrad-vetter.ch\/dervetter\/wp-content\/uploads\/2020\/09\/053_lignieres-768x541.jpg 768w, https:\/\/konrad-vetter.ch\/dervetter\/wp-content\/uploads\/2020\/09\/053_lignieres-1536x1081.jpg 1536w, https:\/\/konrad-vetter.ch\/dervetter\/wp-content\/uploads\/2020\/09\/053_lignieres-2048x1442.jpg 2048w\" sizes=\"(max-width: 300px) 100vw, 300px\" \/><\/a>\n\t\t\t<\/dt>\n\t\t\t\t<dd class='wp-caption-text gallery-caption' id='gallery-1-848'>\n\t\t\t\tLigni\u00e8res\n\t\t\t\t<\/dd><\/dl><dl class='gallery-item'>\n\t\t\t<dt class='gallery-icon landscape'>\n\t\t\t\t<a data-elementor-open-lightbox=\"yes\" data-elementor-lightbox-slideshow=\"6b26428\" data-elementor-lightbox-title=\"Ligni\u00e8res\" data-elementor-lightbox-description=\"Bleistift, Filzstift\" e-action-hash=\"#elementor-action%3Aaction%3Dlightbox%26settings%3DeyJpZCI6ODQ2LCJ1cmwiOiJodHRwczpcL1wva29ucmFkLXZldHRlci5jaFwvZGVydmV0dGVyXC93cC1jb250ZW50XC91cGxvYWRzXC8yMDIwXC8wOVwvMDUxX0xpZ25pZXJlcy5qcGciLCJzbGlkZXNob3ciOiI2YjI2NDI4In0%3D\" href='https:\/\/konrad-vetter.ch\/dervetter\/wp-content\/uploads\/2020\/09\/051_Lignieres.jpg'><img width=\"300\" height=\"213\" src=\"https:\/\/konrad-vetter.ch\/dervetter\/wp-content\/uploads\/2020\/09\/051_Lignieres-300x213.jpg\" class=\"attachment-medium size-medium\" alt=\"\" loading=\"lazy\" aria-describedby=\"gallery-1-846\" srcset=\"https:\/\/konrad-vetter.ch\/dervetter\/wp-content\/uploads\/2020\/09\/051_Lignieres-300x213.jpg 300w, https:\/\/konrad-vetter.ch\/dervetter\/wp-content\/uploads\/2020\/09\/051_Lignieres-1024x728.jpg 1024w, https:\/\/konrad-vetter.ch\/dervetter\/wp-content\/uploads\/2020\/09\/051_Lignieres-768x546.jpg 768w, https:\/\/konrad-vetter.ch\/dervetter\/wp-content\/uploads\/2020\/09\/051_Lignieres-1536x1092.jpg 1536w, https:\/\/konrad-vetter.ch\/dervetter\/wp-content\/uploads\/2020\/09\/051_Lignieres-2048x1457.jpg 2048w\" sizes=\"(max-width: 300px) 100vw, 300px\" \/><\/a>\n\t\t\t<\/dt>\n\t\t\t\t<dd class='wp-caption-text gallery-caption' id='gallery-1-846'>\n\t\t\t\tLigni\u00e8res\n\t\t\t\t<\/dd><\/dl><br style=\"clear: both\" \/><dl class='gallery-item'>\n\t\t\t<dt class='gallery-icon landscape'>\n\t\t\t\t<a data-elementor-open-lightbox=\"yes\" data-elementor-lightbox-slideshow=\"6b26428\" data-elementor-lightbox-title=\"Zu: Omar Khayyam I\" data-elementor-lightbox-description=\"(aus dem Rubaiyat) Bleistift und Collage\" e-action-hash=\"#elementor-action%3Aaction%3Dlightbox%26settings%3DeyJpZCI6ODMxLCJ1cmwiOiJodHRwczpcL1wva29ucmFkLXZldHRlci5jaFwvZGVydmV0dGVyXC93cC1jb250ZW50XC91cGxvYWRzXC8yMDIwXC8wOVwvOTBfWnVPbWFyLmpwZyIsInNsaWRlc2hvdyI6IjZiMjY0MjgifQ%3D%3D\" href='https:\/\/konrad-vetter.ch\/dervetter\/wp-content\/uploads\/2020\/09\/90_ZuOmar.jpg'><img width=\"300\" height=\"215\" src=\"https:\/\/konrad-vetter.ch\/dervetter\/wp-content\/uploads\/2020\/09\/90_ZuOmar-300x215.jpg\" class=\"attachment-medium size-medium\" alt=\"\" loading=\"lazy\" aria-describedby=\"gallery-1-831\" srcset=\"https:\/\/konrad-vetter.ch\/dervetter\/wp-content\/uploads\/2020\/09\/90_ZuOmar-300x215.jpg 300w, https:\/\/konrad-vetter.ch\/dervetter\/wp-content\/uploads\/2020\/09\/90_ZuOmar-1024x735.jpg 1024w, https:\/\/konrad-vetter.ch\/dervetter\/wp-content\/uploads\/2020\/09\/90_ZuOmar-768x551.jpg 768w, https:\/\/konrad-vetter.ch\/dervetter\/wp-content\/uploads\/2020\/09\/90_ZuOmar-1536x1102.jpg 1536w, https:\/\/konrad-vetter.ch\/dervetter\/wp-content\/uploads\/2020\/09\/90_ZuOmar-2048x1469.jpg 2048w\" sizes=\"(max-width: 300px) 100vw, 300px\" \/><\/a>\n\t\t\t<\/dt>\n\t\t\t\t<dd class='wp-caption-text gallery-caption' id='gallery-1-831'>\n\t\t\t\tZu: Omar Khayyam I\n\t\t\t\t<\/dd><\/dl><dl class='gallery-item'>\n\t\t\t<dt class='gallery-icon landscape'>\n\t\t\t\t<a data-elementor-open-lightbox=\"yes\" data-elementor-lightbox-slideshow=\"6b26428\" data-elementor-lightbox-title=\"Zu: Omar Khayyam II\" data-elementor-lightbox-description=\"Bleistift Collage\" e-action-hash=\"#elementor-action%3Aaction%3Dlightbox%26settings%3DeyJpZCI6ODMyLCJ1cmwiOiJodHRwczpcL1wva29ucmFkLXZldHRlci5jaFwvZGVydmV0dGVyXC93cC1jb250ZW50XC91cGxvYWRzXC8yMDIwXC8wOVwvOTFfWnVPbWFyXzIuanBnIiwic2xpZGVzaG93IjoiNmIyNjQyOCJ9\" href='https:\/\/konrad-vetter.ch\/dervetter\/wp-content\/uploads\/2020\/09\/91_ZuOmar_2.jpg'><img width=\"300\" height=\"218\" src=\"https:\/\/konrad-vetter.ch\/dervetter\/wp-content\/uploads\/2020\/09\/91_ZuOmar_2-300x218.jpg\" class=\"attachment-medium size-medium\" alt=\"\" loading=\"lazy\" aria-describedby=\"gallery-1-832\" srcset=\"https:\/\/konrad-vetter.ch\/dervetter\/wp-content\/uploads\/2020\/09\/91_ZuOmar_2-300x218.jpg 300w, https:\/\/konrad-vetter.ch\/dervetter\/wp-content\/uploads\/2020\/09\/91_ZuOmar_2-1024x745.jpg 1024w, https:\/\/konrad-vetter.ch\/dervetter\/wp-content\/uploads\/2020\/09\/91_ZuOmar_2-768x559.jpg 768w, https:\/\/konrad-vetter.ch\/dervetter\/wp-content\/uploads\/2020\/09\/91_ZuOmar_2-1536x1117.jpg 1536w, https:\/\/konrad-vetter.ch\/dervetter\/wp-content\/uploads\/2020\/09\/91_ZuOmar_2-2048x1490.jpg 2048w\" sizes=\"(max-width: 300px) 100vw, 300px\" \/><\/a>\n\t\t\t<\/dt>\n\t\t\t\t<dd class='wp-caption-text gallery-caption' id='gallery-1-832'>\n\t\t\t\tZu: Omar Khayyam II\n\n\t\t\t\t<\/dd><\/dl><dl class='gallery-item'>\n\t\t\t<dt class='gallery-icon portrait'>\n\t\t\t\t<a data-elementor-open-lightbox=\"yes\" data-elementor-lightbox-slideshow=\"6b26428\" data-elementor-lightbox-title=\"Anatomie des Ornaments\" data-elementor-lightbox-description=\"Bleistift\" e-action-hash=\"#elementor-action%3Aaction%3Dlightbox%26settings%3DeyJpZCI6ODQyLCJ1cmwiOiJodHRwczpcL1wva29ucmFkLXZldHRlci5jaFwvZGVydmV0dGVyXC93cC1jb250ZW50XC91cGxvYWRzXC8yMDIwXC8wOVwvMDQ1X0FuYXRvbU9ybmFtZW50LmpwZyIsInNsaWRlc2hvdyI6IjZiMjY0MjgifQ%3D%3D\" href='https:\/\/konrad-vetter.ch\/dervetter\/wp-content\/uploads\/2020\/09\/045_AnatomOrnament.jpg'><img width=\"231\" height=\"300\" src=\"https:\/\/konrad-vetter.ch\/dervetter\/wp-content\/uploads\/2020\/09\/045_AnatomOrnament-231x300.jpg\" class=\"attachment-medium size-medium\" alt=\"\" loading=\"lazy\" aria-describedby=\"gallery-1-842\" srcset=\"https:\/\/konrad-vetter.ch\/dervetter\/wp-content\/uploads\/2020\/09\/045_AnatomOrnament-231x300.jpg 231w, https:\/\/konrad-vetter.ch\/dervetter\/wp-content\/uploads\/2020\/09\/045_AnatomOrnament-788x1024.jpg 788w, https:\/\/konrad-vetter.ch\/dervetter\/wp-content\/uploads\/2020\/09\/045_AnatomOrnament-768x998.jpg 768w, https:\/\/konrad-vetter.ch\/dervetter\/wp-content\/uploads\/2020\/09\/045_AnatomOrnament-1182x1536.jpg 1182w, https:\/\/konrad-vetter.ch\/dervetter\/wp-content\/uploads\/2020\/09\/045_AnatomOrnament.jpg 1352w\" sizes=\"(max-width: 231px) 100vw, 231px\" \/><\/a>\n\t\t\t<\/dt>\n\t\t\t\t<dd class='wp-caption-text gallery-caption' id='gallery-1-842'>\n\t\t\t\tAnatomie des Ornaments\n\n\t\t\t\t<\/dd><\/dl><br style=\"clear: both\" \/><dl class='gallery-item'>\n\t\t\t<dt class='gallery-icon portrait'>\n\t\t\t\t<a data-elementor-open-lightbox=\"yes\" data-elementor-lightbox-slideshow=\"6b26428\" data-elementor-lightbox-title=\"Sebastian - Entwurf zu einem Glasfenster\" data-elementor-lightbox-description=\"Bleistift\" e-action-hash=\"#elementor-action%3Aaction%3Dlightbox%26settings%3DeyJpZCI6ODQ5LCJ1cmwiOiJodHRwczpcL1wva29ucmFkLXZldHRlci5jaFwvZGVydmV0dGVyXC93cC1jb250ZW50XC91cGxvYWRzXC8yMDIwXC8wOVwvMDg3X0dhbHNTZWJhc3RpYW4uanBnIiwic2xpZGVzaG93IjoiNmIyNjQyOCJ9\" href='https:\/\/konrad-vetter.ch\/dervetter\/wp-content\/uploads\/2020\/09\/087_GalsSebastian.jpg'><img width=\"252\" height=\"300\" src=\"https:\/\/konrad-vetter.ch\/dervetter\/wp-content\/uploads\/2020\/09\/087_GalsSebastian-252x300.jpg\" class=\"attachment-medium size-medium\" alt=\"\" loading=\"lazy\" aria-describedby=\"gallery-1-849\" srcset=\"https:\/\/konrad-vetter.ch\/dervetter\/wp-content\/uploads\/2020\/09\/087_GalsSebastian-252x300.jpg 252w, https:\/\/konrad-vetter.ch\/dervetter\/wp-content\/uploads\/2020\/09\/087_GalsSebastian-859x1024.jpg 859w, https:\/\/konrad-vetter.ch\/dervetter\/wp-content\/uploads\/2020\/09\/087_GalsSebastian-768x915.jpg 768w, https:\/\/konrad-vetter.ch\/dervetter\/wp-content\/uploads\/2020\/09\/087_GalsSebastian.jpg 1204w\" sizes=\"(max-width: 252px) 100vw, 252px\" \/><\/a>\n\t\t\t<\/dt>\n\t\t\t\t<dd class='wp-caption-text gallery-caption' id='gallery-1-849'>\n\t\t\t\tSebastian &#8211; Entwurf zu einem Glasfenster\n\t\t\t\t<\/dd><\/dl>\n\t\t\t<br style='clear: both' \/>\n\t\t<\/div>\n\t\t<\/div>\n\t\t\t\t<\/div>\n\t\t\t\t<\/div>\n\t\t\t\t\t\t<\/div>\n\t\t\t\t\t<\/div>\n\t\t<\/div>\n\t\t\t\t\t\t\t\t<\/div>\n\t\t\t\t\t<\/div>\n\t\t<\/section>\n\t\t\t\t\t\t\t\t\t<\/div>\n\t\t\t<\/div>\n\t\t\t\t\t<\/div>\n\t\t","protected":false},"excerpt":{"rendered":"<p>1975 ohne Titel Stella Maris Das Siebengestirn Ligni\u00e8res Ligni\u00e8res Ligni\u00e8res Ligni\u00e8res 5 Ligni\u00e8res 4 Ligni\u00e8res Ligni\u00e8res Ligni\u00e8res Ligni\u00e8res Zu: Omar Khayyam I Zu: Omar Khayyam II Anatomie des Ornaments Sebastian &#8211; Entwurf zu einem Glasfenster<\/p>\n","protected":false},"author":1,"featured_media":0,"parent":0,"menu_order":34,"comment_status":"closed","ping_status":"closed","template":"elementor_header_footer","meta":[],"_links":{"self":[{"href":"https:\/\/konrad-vetter.ch\/dervetter\/wp-json\/wp\/v2\/pages\/922"}],"collection":[{"href":"https:\/\/konrad-vetter.ch\/dervetter\/wp-json\/wp\/v2\/pages"}],"about":[{"href":"https:\/\/konrad-vetter.ch\/dervetter\/wp-json\/wp\/v2\/types\/page"}],"author":[{"embeddable":true,"href":"https:\/\/konrad-vetter.ch\/dervetter\/wp-json\/wp\/v2\/users\/1"}],"replies":[{"embeddable":true,"href":"https:\/\/konrad-vetter.ch\/dervetter\/wp-json\/wp\/v2\/comments?post=922"}],"version-history":[{"count":5,"href":"https:\/\/konrad-vetter.ch\/dervetter\/wp-json\/wp\/v2\/pages\/922\/revisions"}],"predecessor-version":[{"id":2451,"href":"https:\/\/konrad-vetter.ch\/dervetter\/wp-json\/wp\/v2\/pages\/922\/revisions\/2451"}],"wp:attachment":[{"href":"https:\/\/konrad-vetter.ch\/dervetter\/wp-json\/wp\/v2\/media?parent=922"}],"curies":[{"name":"wp","href":"https:\/\/api.w.org\/{rel}","templated":true}]}}