{"id":929,"date":"2020-09-05T10:20:50","date_gmt":"2020-09-05T10:20:50","guid":{"rendered":"https:\/\/konrad-vetter.ch\/dervetter\/?page_id=929"},"modified":"2020-10-11T16:57:37","modified_gmt":"2020-10-11T16:57:37","slug":"1977-2","status":"publish","type":"page","link":"https:\/\/konrad-vetter.ch\/dervetter\/1977-2\/","title":{"rendered":"1976"},"content":{"rendered":"\t\t<div data-elementor-type=\"wp-page\" data-elementor-id=\"929\" class=\"elementor elementor-929\">\n\t\t\t\t\t\t<div class=\"elementor-inner\">\n\t\t\t\t<div class=\"elementor-section-wrap\">\n\t\t\t\t\t\t\t\t\t<section class=\"elementor-section elementor-top-section elementor-element elementor-element-7519fe6d elementor-section-boxed elementor-section-height-default elementor-section-height-default\" data-id=\"7519fe6d\" data-element_type=\"section\">\n\t\t\t\t\t\t<div class=\"elementor-container elementor-column-gap-default\">\n\t\t\t\t\t\t\t<div class=\"elementor-row\">\n\t\t\t\t\t<div class=\"elementor-column elementor-col-100 elementor-top-column elementor-element elementor-element-7922b392\" data-id=\"7922b392\" data-element_type=\"column\">\n\t\t\t<div class=\"elementor-column-wrap elementor-element-populated\">\n\t\t\t\t\t\t\t<div class=\"elementor-widget-wrap\">\n\t\t\t\t\t\t<div class=\"elementor-element elementor-element-7fc04fde elementor-widget elementor-widget-heading\" data-id=\"7fc04fde\" data-element_type=\"widget\" data-widget_type=\"heading.default\">\n\t\t\t\t<div class=\"elementor-widget-container\">\n\t\t\t<h2 class=\"elementor-heading-title elementor-size-default\">1976<\/h2>\t\t<\/div>\n\t\t\t\t<\/div>\n\t\t\t\t\t\t<\/div>\n\t\t\t\t\t<\/div>\n\t\t<\/div>\n\t\t\t\t\t\t\t\t<\/div>\n\t\t\t\t\t<\/div>\n\t\t<\/section>\n\t\t\t\t<section class=\"elementor-section elementor-top-section elementor-element elementor-element-8c3d711 elementor-section-boxed elementor-section-height-default elementor-section-height-default\" data-id=\"8c3d711\" data-element_type=\"section\">\n\t\t\t\t\t\t<div class=\"elementor-container elementor-column-gap-default\">\n\t\t\t\t\t\t\t<div class=\"elementor-row\">\n\t\t\t\t\t<div class=\"elementor-column elementor-col-100 elementor-top-column elementor-element elementor-element-8987e2e\" data-id=\"8987e2e\" data-element_type=\"column\">\n\t\t\t<div class=\"elementor-column-wrap elementor-element-populated\">\n\t\t\t\t\t\t\t<div class=\"elementor-widget-wrap\">\n\t\t\t\t\t\t<div class=\"elementor-element elementor-element-72b8054 elementor-widget elementor-widget-image-gallery\" data-id=\"72b8054\" data-element_type=\"widget\" data-widget_type=\"image-gallery.default\">\n\t\t\t\t<div class=\"elementor-widget-container\">\n\t\t\t\t\t<div class=\"elementor-image-gallery\">\n\t\t\t\n\t\t<style type=\"text\/css\">\n\t\t\t#gallery-1 {\n\t\t\t\tmargin: auto;\n\t\t\t}\n\t\t\t#gallery-1 .gallery-item {\n\t\t\t\tfloat: left;\n\t\t\t\tmargin-top: 10px;\n\t\t\t\ttext-align: center;\n\t\t\t\twidth: 33%;\n\t\t\t}\n\t\t\t#gallery-1 img {\n\t\t\t\tborder: 2px solid #cfcfcf;\n\t\t\t}\n\t\t\t#gallery-1 .gallery-caption {\n\t\t\t\tmargin-left: 0;\n\t\t\t}\n\t\t\t\/* see gallery_shortcode() in wp-includes\/media.php *\/\n\t\t<\/style>\n\t\t<div id='gallery-1' class='gallery galleryid-929 gallery-columns-3 gallery-size-medium'><dl class='gallery-item'>\n\t\t\t<dt class='gallery-icon portrait'>\n\t\t\t\t<a data-elementor-open-lightbox=\"yes\" data-elementor-lightbox-slideshow=\"72b8054\" data-elementor-lightbox-title=\"Seminarien Biel\" data-elementor-lightbox-description=\"Baum\" e-action-hash=\"#elementor-action%3Aaction%3Dlightbox%26settings%3DeyJpZCI6ODcwLCJ1cmwiOiJodHRwczpcL1wva29ucmFkLXZldHRlci5jaFwvZGVydmV0dGVyXC93cC1jb250ZW50XC91cGxvYWRzXC8yMDIwXC8wOVwvMDVfQmllbC5qcGciLCJzbGlkZXNob3ciOiI3MmI4MDU0In0%3D\" href='https:\/\/konrad-vetter.ch\/dervetter\/wp-content\/uploads\/2020\/09\/05_Biel.jpg'><img width=\"296\" height=\"300\" src=\"https:\/\/konrad-vetter.ch\/dervetter\/wp-content\/uploads\/2020\/09\/05_Biel-296x300.jpg\" class=\"attachment-medium size-medium\" alt=\"\" loading=\"lazy\" aria-describedby=\"gallery-1-870\" srcset=\"https:\/\/konrad-vetter.ch\/dervetter\/wp-content\/uploads\/2020\/09\/05_Biel-296x300.jpg 296w, https:\/\/konrad-vetter.ch\/dervetter\/wp-content\/uploads\/2020\/09\/05_Biel-1011x1024.jpg 1011w, https:\/\/konrad-vetter.ch\/dervetter\/wp-content\/uploads\/2020\/09\/05_Biel-768x778.jpg 768w, https:\/\/konrad-vetter.ch\/dervetter\/wp-content\/uploads\/2020\/09\/05_Biel-1516x1536.jpg 1516w, https:\/\/konrad-vetter.ch\/dervetter\/wp-content\/uploads\/2020\/09\/05_Biel-2022x2048.jpg 2022w\" sizes=\"(max-width: 296px) 100vw, 296px\" \/><\/a>\n\t\t\t<\/dt>\n\t\t\t\t<dd class='wp-caption-text gallery-caption' id='gallery-1-870'>\n\t\t\t\tSeminarien Biel\n\n\t\t\t\t<\/dd><\/dl><dl class='gallery-item'>\n\t\t\t<dt class='gallery-icon landscape'>\n\t\t\t\t<a data-elementor-open-lightbox=\"yes\" data-elementor-lightbox-slideshow=\"72b8054\" data-elementor-lightbox-title=\"Seminarien Biel\" data-elementor-lightbox-description=\"im Bau \" e-action-hash=\"#elementor-action%3Aaction%3Dlightbox%26settings%3DeyJpZCI6ODY4LCJ1cmwiOiJodHRwczpcL1wva29ucmFkLXZldHRlci5jaFwvZGVydmV0dGVyXC93cC1jb250ZW50XC91cGxvYWRzXC8yMDIwXC8wOVwvMDZfQmllbC1zY2FsZWQuanBnIiwic2xpZGVzaG93IjoiNzJiODA1NCJ9\" href='https:\/\/konrad-vetter.ch\/dervetter\/wp-content\/uploads\/2020\/09\/06_Biel-scaled.jpg'><img width=\"300\" height=\"259\" src=\"https:\/\/konrad-vetter.ch\/dervetter\/wp-content\/uploads\/2020\/09\/06_Biel-300x259.jpg\" class=\"attachment-medium size-medium\" alt=\"\" loading=\"lazy\" aria-describedby=\"gallery-1-868\" srcset=\"https:\/\/konrad-vetter.ch\/dervetter\/wp-content\/uploads\/2020\/09\/06_Biel-300x259.jpg 300w, https:\/\/konrad-vetter.ch\/dervetter\/wp-content\/uploads\/2020\/09\/06_Biel-1024x884.jpg 1024w, https:\/\/konrad-vetter.ch\/dervetter\/wp-content\/uploads\/2020\/09\/06_Biel-768x663.jpg 768w, https:\/\/konrad-vetter.ch\/dervetter\/wp-content\/uploads\/2020\/09\/06_Biel-1536x1327.jpg 1536w, https:\/\/konrad-vetter.ch\/dervetter\/wp-content\/uploads\/2020\/09\/06_Biel-2048x1769.jpg 2048w\" sizes=\"(max-width: 300px) 100vw, 300px\" \/><\/a>\n\t\t\t<\/dt>\n\t\t\t\t<dd class='wp-caption-text gallery-caption' id='gallery-1-868'>\n\t\t\t\tSeminarien Biel\n\n\t\t\t\t<\/dd><\/dl><dl class='gallery-item'>\n\t\t\t<dt class='gallery-icon landscape'>\n\t\t\t\t<a data-elementor-open-lightbox=\"yes\" data-elementor-lightbox-slideshow=\"72b8054\" data-elementor-lightbox-title=\"Seminarien Biel\" data-elementor-lightbox-description=\"Wandverkleidung\" e-action-hash=\"#elementor-action%3Aaction%3Dlightbox%26settings%3DeyJpZCI6ODY5LCJ1cmwiOiJodHRwczpcL1wva29ucmFkLXZldHRlci5jaFwvZGVydmV0dGVyXC93cC1jb250ZW50XC91cGxvYWRzXC8yMDIwXC8wOVwvMDdfQmllbC1zY2FsZWQuanBnIiwic2xpZGVzaG93IjoiNzJiODA1NCJ9\" href='https:\/\/konrad-vetter.ch\/dervetter\/wp-content\/uploads\/2020\/09\/07_Biel-scaled.jpg'><img width=\"300\" height=\"263\" src=\"https:\/\/konrad-vetter.ch\/dervetter\/wp-content\/uploads\/2020\/09\/07_Biel-300x263.jpg\" class=\"attachment-medium size-medium\" alt=\"\" loading=\"lazy\" aria-describedby=\"gallery-1-869\" srcset=\"https:\/\/konrad-vetter.ch\/dervetter\/wp-content\/uploads\/2020\/09\/07_Biel-300x263.jpg 300w, https:\/\/konrad-vetter.ch\/dervetter\/wp-content\/uploads\/2020\/09\/07_Biel-1024x899.jpg 1024w, https:\/\/konrad-vetter.ch\/dervetter\/wp-content\/uploads\/2020\/09\/07_Biel-768x674.jpg 768w, https:\/\/konrad-vetter.ch\/dervetter\/wp-content\/uploads\/2020\/09\/07_Biel-1536x1349.jpg 1536w, https:\/\/konrad-vetter.ch\/dervetter\/wp-content\/uploads\/2020\/09\/07_Biel-2048x1798.jpg 2048w\" sizes=\"(max-width: 300px) 100vw, 300px\" \/><\/a>\n\t\t\t<\/dt>\n\t\t\t\t<dd class='wp-caption-text gallery-caption' id='gallery-1-869'>\n\t\t\t\tSeminarien Biel\n\t\t\t\t<\/dd><\/dl><br style=\"clear: both\" \/><dl class='gallery-item'>\n\t\t\t<dt class='gallery-icon portrait'>\n\t\t\t\t<a data-elementor-open-lightbox=\"yes\" data-elementor-lightbox-slideshow=\"72b8054\" data-elementor-lightbox-title=\"Seminarien Biel\" data-elementor-lightbox-description=\"Aufbau des Baumes\" e-action-hash=\"#elementor-action%3Aaction%3Dlightbox%26settings%3DeyJpZCI6ODY0LCJ1cmwiOiJodHRwczpcL1wva29ucmFkLXZldHRlci5jaFwvZGVydmV0dGVyXC93cC1jb250ZW50XC91cGxvYWRzXC8yMDIwXC8wOVwvMDJfQmllbC1zY2FsZWQuanBnIiwic2xpZGVzaG93IjoiNzJiODA1NCJ9\" href='https:\/\/konrad-vetter.ch\/dervetter\/wp-content\/uploads\/2020\/09\/02_Biel-scaled.jpg'><img width=\"215\" height=\"300\" src=\"https:\/\/konrad-vetter.ch\/dervetter\/wp-content\/uploads\/2020\/09\/02_Biel-215x300.jpg\" class=\"attachment-medium size-medium\" alt=\"\" loading=\"lazy\" aria-describedby=\"gallery-1-864\" srcset=\"https:\/\/konrad-vetter.ch\/dervetter\/wp-content\/uploads\/2020\/09\/02_Biel-215x300.jpg 215w, https:\/\/konrad-vetter.ch\/dervetter\/wp-content\/uploads\/2020\/09\/02_Biel-735x1024.jpg 735w, https:\/\/konrad-vetter.ch\/dervetter\/wp-content\/uploads\/2020\/09\/02_Biel-768x1070.jpg 768w, https:\/\/konrad-vetter.ch\/dervetter\/wp-content\/uploads\/2020\/09\/02_Biel-1102x1536.jpg 1102w, https:\/\/konrad-vetter.ch\/dervetter\/wp-content\/uploads\/2020\/09\/02_Biel-1469x2048.jpg 1469w, https:\/\/konrad-vetter.ch\/dervetter\/wp-content\/uploads\/2020\/09\/02_Biel-scaled.jpg 1837w\" sizes=\"(max-width: 215px) 100vw, 215px\" \/><\/a>\n\t\t\t<\/dt>\n\t\t\t\t<dd class='wp-caption-text gallery-caption' id='gallery-1-864'>\n\t\t\t\tSeminarien Biel\n\t\t\t\t<\/dd><\/dl><dl class='gallery-item'>\n\t\t\t<dt class='gallery-icon portrait'>\n\t\t\t\t<a data-elementor-open-lightbox=\"yes\" data-elementor-lightbox-slideshow=\"72b8054\" data-elementor-lightbox-title=\"Seminarien Biel\" data-elementor-lightbox-description=\"Aufbau des Baumes\n\" e-action-hash=\"#elementor-action%3Aaction%3Dlightbox%26settings%3DeyJpZCI6ODY3LCJ1cmwiOiJodHRwczpcL1wva29ucmFkLXZldHRlci5jaFwvZGVydmV0dGVyXC93cC1jb250ZW50XC91cGxvYWRzXC8yMDIwXC8wOVwvMDNfQmllbC1zY2FsZWQuanBnIiwic2xpZGVzaG93IjoiNzJiODA1NCJ9\" href='https:\/\/konrad-vetter.ch\/dervetter\/wp-content\/uploads\/2020\/09\/03_Biel-scaled.jpg'><img width=\"210\" height=\"300\" src=\"https:\/\/konrad-vetter.ch\/dervetter\/wp-content\/uploads\/2020\/09\/03_Biel-210x300.jpg\" class=\"attachment-medium size-medium\" alt=\"\" loading=\"lazy\" aria-describedby=\"gallery-1-867\" srcset=\"https:\/\/konrad-vetter.ch\/dervetter\/wp-content\/uploads\/2020\/09\/03_Biel-210x300.jpg 210w, https:\/\/konrad-vetter.ch\/dervetter\/wp-content\/uploads\/2020\/09\/03_Biel-716x1024.jpg 716w, https:\/\/konrad-vetter.ch\/dervetter\/wp-content\/uploads\/2020\/09\/03_Biel-768x1098.jpg 768w, https:\/\/konrad-vetter.ch\/dervetter\/wp-content\/uploads\/2020\/09\/03_Biel-1074x1536.jpg 1074w, https:\/\/konrad-vetter.ch\/dervetter\/wp-content\/uploads\/2020\/09\/03_Biel-1432x2048.jpg 1432w, https:\/\/konrad-vetter.ch\/dervetter\/wp-content\/uploads\/2020\/09\/03_Biel-scaled.jpg 1790w\" sizes=\"(max-width: 210px) 100vw, 210px\" \/><\/a>\n\t\t\t<\/dt>\n\t\t\t\t<dd class='wp-caption-text gallery-caption' id='gallery-1-867'>\n\t\t\t\tSeminarien Biel\n\n\t\t\t\t<\/dd><\/dl><dl class='gallery-item'>\n\t\t\t<dt class='gallery-icon landscape'>\n\t\t\t\t<a data-elementor-open-lightbox=\"yes\" data-elementor-lightbox-slideshow=\"72b8054\" data-elementor-lightbox-title=\"Seminarien Biel\" data-elementor-lightbox-description=\"Modell\" e-action-hash=\"#elementor-action%3Aaction%3Dlightbox%26settings%3DeyJpZCI6ODY1LCJ1cmwiOiJodHRwczpcL1wva29ucmFkLXZldHRlci5jaFwvZGVydmV0dGVyXC93cC1jb250ZW50XC91cGxvYWRzXC8yMDIwXC8wOVwvMDFfQmllbC5qcGciLCJzbGlkZXNob3ciOiI3MmI4MDU0In0%3D\" href='https:\/\/konrad-vetter.ch\/dervetter\/wp-content\/uploads\/2020\/09\/01_Biel.jpg'><img width=\"300\" height=\"204\" src=\"https:\/\/konrad-vetter.ch\/dervetter\/wp-content\/uploads\/2020\/09\/01_Biel-300x204.jpg\" class=\"attachment-medium size-medium\" alt=\"\" loading=\"lazy\" aria-describedby=\"gallery-1-865\" srcset=\"https:\/\/konrad-vetter.ch\/dervetter\/wp-content\/uploads\/2020\/09\/01_Biel-300x204.jpg 300w, https:\/\/konrad-vetter.ch\/dervetter\/wp-content\/uploads\/2020\/09\/01_Biel-1024x695.jpg 1024w, https:\/\/konrad-vetter.ch\/dervetter\/wp-content\/uploads\/2020\/09\/01_Biel-768x521.jpg 768w, https:\/\/konrad-vetter.ch\/dervetter\/wp-content\/uploads\/2020\/09\/01_Biel-1536x1042.jpg 1536w, https:\/\/konrad-vetter.ch\/dervetter\/wp-content\/uploads\/2020\/09\/01_Biel-2048x1390.jpg 2048w\" sizes=\"(max-width: 300px) 100vw, 300px\" \/><\/a>\n\t\t\t<\/dt>\n\t\t\t\t<dd class='wp-caption-text gallery-caption' id='gallery-1-865'>\n\t\t\t\tSeminarien Biel\n\n\t\t\t\t<\/dd><\/dl><br style=\"clear: both\" \/><dl class='gallery-item'>\n\t\t\t<dt class='gallery-icon portrait'>\n\t\t\t\t<a data-elementor-open-lightbox=\"yes\" data-elementor-lightbox-slideshow=\"72b8054\" data-elementor-lightbox-title=\"Seminarien Biel\" data-elementor-lightbox-description=\"Modell\" e-action-hash=\"#elementor-action%3Aaction%3Dlightbox%26settings%3DeyJpZCI6ODY2LCJ1cmwiOiJodHRwczpcL1wva29ucmFkLXZldHRlci5jaFwvZGVydmV0dGVyXC93cC1jb250ZW50XC91cGxvYWRzXC8yMDIwXC8wOVwvMDRfQmllbC5qcGciLCJzbGlkZXNob3ciOiI3MmI4MDU0In0%3D\" href='https:\/\/konrad-vetter.ch\/dervetter\/wp-content\/uploads\/2020\/09\/04_Biel.jpg'><img width=\"295\" height=\"300\" src=\"https:\/\/konrad-vetter.ch\/dervetter\/wp-content\/uploads\/2020\/09\/04_Biel-295x300.jpg\" class=\"attachment-medium size-medium\" alt=\"\" loading=\"lazy\" aria-describedby=\"gallery-1-866\" srcset=\"https:\/\/konrad-vetter.ch\/dervetter\/wp-content\/uploads\/2020\/09\/04_Biel-295x300.jpg 295w, https:\/\/konrad-vetter.ch\/dervetter\/wp-content\/uploads\/2020\/09\/04_Biel-1008x1024.jpg 1008w, https:\/\/konrad-vetter.ch\/dervetter\/wp-content\/uploads\/2020\/09\/04_Biel-768x780.jpg 768w, https:\/\/konrad-vetter.ch\/dervetter\/wp-content\/uploads\/2020\/09\/04_Biel-1512x1536.jpg 1512w, https:\/\/konrad-vetter.ch\/dervetter\/wp-content\/uploads\/2020\/09\/04_Biel-2016x2048.jpg 2016w\" sizes=\"(max-width: 295px) 100vw, 295px\" \/><\/a>\n\t\t\t<\/dt>\n\t\t\t\t<dd class='wp-caption-text gallery-caption' id='gallery-1-866'>\n\t\t\t\tSeminarien Biel\n\n\t\t\t\t<\/dd><\/dl><dl class='gallery-item'>\n\t\t\t<dt class='gallery-icon portrait'>\n\t\t\t\t<a data-elementor-open-lightbox=\"yes\" data-elementor-lightbox-slideshow=\"72b8054\" data-elementor-lightbox-title=\"Ligni\u00e8res 5\" data-elementor-lightbox-description=\"Bleistift\" e-action-hash=\"#elementor-action%3Aaction%3Dlightbox%26settings%3DeyJpZCI6ODYwLCJ1cmwiOiJodHRwczpcL1wva29ucmFkLXZldHRlci5jaFwvZGVydmV0dGVyXC93cC1jb250ZW50XC91cGxvYWRzXC8yMDIwXC8wOVwvOTVfTGlnbmllcmVzXzUuanBnIiwic2xpZGVzaG93IjoiNzJiODA1NCJ9\" href='https:\/\/konrad-vetter.ch\/dervetter\/wp-content\/uploads\/2020\/09\/95_Lignieres_5.jpg'><img width=\"233\" height=\"300\" src=\"https:\/\/konrad-vetter.ch\/dervetter\/wp-content\/uploads\/2020\/09\/95_Lignieres_5-233x300.jpg\" class=\"attachment-medium size-medium\" alt=\"\" loading=\"lazy\" aria-describedby=\"gallery-1-860\" srcset=\"https:\/\/konrad-vetter.ch\/dervetter\/wp-content\/uploads\/2020\/09\/95_Lignieres_5-233x300.jpg 233w, https:\/\/konrad-vetter.ch\/dervetter\/wp-content\/uploads\/2020\/09\/95_Lignieres_5-796x1024.jpg 796w, https:\/\/konrad-vetter.ch\/dervetter\/wp-content\/uploads\/2020\/09\/95_Lignieres_5-768x988.jpg 768w, https:\/\/konrad-vetter.ch\/dervetter\/wp-content\/uploads\/2020\/09\/95_Lignieres_5-1194x1536.jpg 1194w, https:\/\/konrad-vetter.ch\/dervetter\/wp-content\/uploads\/2020\/09\/95_Lignieres_5-1592x2048.jpg 1592w, https:\/\/konrad-vetter.ch\/dervetter\/wp-content\/uploads\/2020\/09\/95_Lignieres_5.jpg 1889w\" sizes=\"(max-width: 233px) 100vw, 233px\" \/><\/a>\n\t\t\t<\/dt>\n\t\t\t\t<dd class='wp-caption-text gallery-caption' id='gallery-1-860'>\n\t\t\t\tLigni\u00e8res 5\n\n\t\t\t\t<\/dd><\/dl><dl class='gallery-item'>\n\t\t\t<dt class='gallery-icon portrait'>\n\t\t\t\t<a data-elementor-open-lightbox=\"yes\" data-elementor-lightbox-slideshow=\"72b8054\" data-elementor-lightbox-title=\"Ligni\u00e8res 7\" data-elementor-lightbox-description=\"Bleistift\" e-action-hash=\"#elementor-action%3Aaction%3Dlightbox%26settings%3DeyJpZCI6ODYzLCJ1cmwiOiJodHRwczpcL1wva29ucmFkLXZldHRlci5jaFwvZGVydmV0dGVyXC93cC1jb250ZW50XC91cGxvYWRzXC8yMDIwXC8wOVwvOTZfTGlnbmllcmVzXzcuanBnIiwic2xpZGVzaG93IjoiNzJiODA1NCJ9\" href='https:\/\/konrad-vetter.ch\/dervetter\/wp-content\/uploads\/2020\/09\/96_Lignieres_7.jpg'><img width=\"233\" height=\"300\" src=\"https:\/\/konrad-vetter.ch\/dervetter\/wp-content\/uploads\/2020\/09\/96_Lignieres_7-233x300.jpg\" class=\"attachment-medium size-medium\" alt=\"\" loading=\"lazy\" aria-describedby=\"gallery-1-863\" srcset=\"https:\/\/konrad-vetter.ch\/dervetter\/wp-content\/uploads\/2020\/09\/96_Lignieres_7-233x300.jpg 233w, https:\/\/konrad-vetter.ch\/dervetter\/wp-content\/uploads\/2020\/09\/96_Lignieres_7-797x1024.jpg 797w, https:\/\/konrad-vetter.ch\/dervetter\/wp-content\/uploads\/2020\/09\/96_Lignieres_7-768x987.jpg 768w, https:\/\/konrad-vetter.ch\/dervetter\/wp-content\/uploads\/2020\/09\/96_Lignieres_7-1195x1536.jpg 1195w, https:\/\/konrad-vetter.ch\/dervetter\/wp-content\/uploads\/2020\/09\/96_Lignieres_7-1594x2048.jpg 1594w, https:\/\/konrad-vetter.ch\/dervetter\/wp-content\/uploads\/2020\/09\/96_Lignieres_7.jpg 1888w\" sizes=\"(max-width: 233px) 100vw, 233px\" \/><\/a>\n\t\t\t<\/dt>\n\t\t\t\t<dd class='wp-caption-text gallery-caption' id='gallery-1-863'>\n\t\t\t\tLigni\u00e8res 7\n\n\t\t\t\t<\/dd><\/dl><br style=\"clear: both\" \/><dl class='gallery-item'>\n\t\t\t<dt class='gallery-icon portrait'>\n\t\t\t\t<a data-elementor-open-lightbox=\"yes\" data-elementor-lightbox-slideshow=\"72b8054\" data-elementor-lightbox-title=\"Ligni\u00e8res 9\" data-elementor-lightbox-description=\"Bleistift\" e-action-hash=\"#elementor-action%3Aaction%3Dlightbox%26settings%3DeyJpZCI6ODYxLCJ1cmwiOiJodHRwczpcL1wva29ucmFkLXZldHRlci5jaFwvZGVydmV0dGVyXC93cC1jb250ZW50XC91cGxvYWRzXC8yMDIwXC8wOVwvOTdfTGlnbmllcmVzXzkuanBnIiwic2xpZGVzaG93IjoiNzJiODA1NCJ9\" href='https:\/\/konrad-vetter.ch\/dervetter\/wp-content\/uploads\/2020\/09\/97_Lignieres_9.jpg'><img width=\"233\" height=\"300\" src=\"https:\/\/konrad-vetter.ch\/dervetter\/wp-content\/uploads\/2020\/09\/97_Lignieres_9-233x300.jpg\" class=\"attachment-medium size-medium\" alt=\"\" loading=\"lazy\" aria-describedby=\"gallery-1-861\" srcset=\"https:\/\/konrad-vetter.ch\/dervetter\/wp-content\/uploads\/2020\/09\/97_Lignieres_9-233x300.jpg 233w, https:\/\/konrad-vetter.ch\/dervetter\/wp-content\/uploads\/2020\/09\/97_Lignieres_9-796x1024.jpg 796w, https:\/\/konrad-vetter.ch\/dervetter\/wp-content\/uploads\/2020\/09\/97_Lignieres_9-768x988.jpg 768w, https:\/\/konrad-vetter.ch\/dervetter\/wp-content\/uploads\/2020\/09\/97_Lignieres_9-1194x1536.jpg 1194w, https:\/\/konrad-vetter.ch\/dervetter\/wp-content\/uploads\/2020\/09\/97_Lignieres_9-1593x2048.jpg 1593w, https:\/\/konrad-vetter.ch\/dervetter\/wp-content\/uploads\/2020\/09\/97_Lignieres_9.jpg 1888w\" sizes=\"(max-width: 233px) 100vw, 233px\" \/><\/a>\n\t\t\t<\/dt>\n\t\t\t\t<dd class='wp-caption-text gallery-caption' id='gallery-1-861'>\n\t\t\t\tLigni\u00e8res 9\n\n\t\t\t\t<\/dd><\/dl><dl class='gallery-item'>\n\t\t\t<dt class='gallery-icon portrait'>\n\t\t\t\t<a data-elementor-open-lightbox=\"yes\" data-elementor-lightbox-slideshow=\"72b8054\" data-elementor-lightbox-title=\"Ligni\u00e8res 11\" data-elementor-lightbox-description=\"Bleistift\" e-action-hash=\"#elementor-action%3Aaction%3Dlightbox%26settings%3DeyJpZCI6ODYyLCJ1cmwiOiJodHRwczpcL1wva29ucmFkLXZldHRlci5jaFwvZGVydmV0dGVyXC93cC1jb250ZW50XC91cGxvYWRzXC8yMDIwXC8wOVwvOThfTGlnbmllcmVzXzExLmpwZyIsInNsaWRlc2hvdyI6IjcyYjgwNTQifQ%3D%3D\" href='https:\/\/konrad-vetter.ch\/dervetter\/wp-content\/uploads\/2020\/09\/98_Lignieres_11.jpg'><img width=\"233\" height=\"300\" src=\"https:\/\/konrad-vetter.ch\/dervetter\/wp-content\/uploads\/2020\/09\/98_Lignieres_11-233x300.jpg\" class=\"attachment-medium size-medium\" alt=\"\" loading=\"lazy\" aria-describedby=\"gallery-1-862\" srcset=\"https:\/\/konrad-vetter.ch\/dervetter\/wp-content\/uploads\/2020\/09\/98_Lignieres_11-233x300.jpg 233w, https:\/\/konrad-vetter.ch\/dervetter\/wp-content\/uploads\/2020\/09\/98_Lignieres_11-794x1024.jpg 794w, https:\/\/konrad-vetter.ch\/dervetter\/wp-content\/uploads\/2020\/09\/98_Lignieres_11-768x991.jpg 768w, https:\/\/konrad-vetter.ch\/dervetter\/wp-content\/uploads\/2020\/09\/98_Lignieres_11-1191x1536.jpg 1191w, https:\/\/konrad-vetter.ch\/dervetter\/wp-content\/uploads\/2020\/09\/98_Lignieres_11-1588x2048.jpg 1588w, https:\/\/konrad-vetter.ch\/dervetter\/wp-content\/uploads\/2020\/09\/98_Lignieres_11.jpg 1888w\" sizes=\"(max-width: 233px) 100vw, 233px\" \/><\/a>\n\t\t\t<\/dt>\n\t\t\t\t<dd class='wp-caption-text gallery-caption' id='gallery-1-862'>\n\t\t\t\tLigni\u00e8res 11\n\n\t\t\t\t<\/dd><\/dl>\n\t\t\t<br style='clear: both' \/>\n\t\t<\/div>\n\t\t<\/div>\n\t\t\t\t<\/div>\n\t\t\t\t<\/div>\n\t\t\t\t\t\t<\/div>\n\t\t\t\t\t<\/div>\n\t\t<\/div>\n\t\t\t\t\t\t\t\t<\/div>\n\t\t\t\t\t<\/div>\n\t\t<\/section>\n\t\t\t\t\t\t\t\t\t<\/div>\n\t\t\t<\/div>\n\t\t\t\t\t<\/div>\n\t\t","protected":false},"excerpt":{"rendered":"<p>1976 Seminarien Biel Seminarien Biel Seminarien Biel Seminarien Biel Seminarien Biel Seminarien Biel Seminarien Biel Ligni\u00e8res 5 Ligni\u00e8res 7 Ligni\u00e8res 9 Ligni\u00e8res 11<\/p>\n","protected":false},"author":1,"featured_media":0,"parent":0,"menu_order":35,"comment_status":"closed","ping_status":"closed","template":"elementor_header_footer","meta":[],"_links":{"self":[{"href":"https:\/\/konrad-vetter.ch\/dervetter\/wp-json\/wp\/v2\/pages\/929"}],"collection":[{"href":"https:\/\/konrad-vetter.ch\/dervetter\/wp-json\/wp\/v2\/pages"}],"about":[{"href":"https:\/\/konrad-vetter.ch\/dervetter\/wp-json\/wp\/v2\/types\/page"}],"author":[{"embeddable":true,"href":"https:\/\/konrad-vetter.ch\/dervetter\/wp-json\/wp\/v2\/users\/1"}],"replies":[{"embeddable":true,"href":"https:\/\/konrad-vetter.ch\/dervetter\/wp-json\/wp\/v2\/comments?post=929"}],"version-history":[{"count":7,"href":"https:\/\/konrad-vetter.ch\/dervetter\/wp-json\/wp\/v2\/pages\/929\/revisions"}],"predecessor-version":[{"id":2452,"href":"https:\/\/konrad-vetter.ch\/dervetter\/wp-json\/wp\/v2\/pages\/929\/revisions\/2452"}],"wp:attachment":[{"href":"https:\/\/konrad-vetter.ch\/dervetter\/wp-json\/wp\/v2\/media?parent=929"}],"curies":[{"name":"wp","href":"https:\/\/api.w.org\/{rel}","templated":true}]}}